{"id":2858,"date":"2024-06-10T18:04:42","date_gmt":"2024-06-10T16:04:42","guid":{"rendered":"https:\/\/handicapcar-occasion.fr\/?post_type=equipement&#038;p=2858"},"modified":"2025-06-30T19:17:56","modified_gmt":"2025-06-30T17:17:56","slug":"marche-pieds-manuel-norme-transport-public-particulier","status":"publish","type":"equipement","link":"https:\/\/handicapcar-occasion.com\/pt\/equipement\/marche-pieds-manuel-norme-transport-public-particulier\/","title":{"rendered":"MARCHE PIEDS MANUEL &#8211; PMR &#8211;    Norme transport public\/ particulier"},"content":{"rendered":"<p>Un marche pieds de soubassement permet de r\u00e9duire la diff\u00e9rence de hauteur entre le sol et le plancher du v\u00e9hicule afin de<span class=\"Apple-converted-space\">\u00a0 <\/span>faciliter l\u2019acc\u00e8s \u00e0 bord du v\u00e9hicule.<\/p>\n<p>Le marche pied manuel antid\u00e9rapant se compose en deux parties.<span class=\"Apple-converted-space\">\u00a0<\/span><\/p>\n<p>\u2022La premi\u00e8re partie est le support du marche pieds, qui est fix\u00e9 sous le v\u00e9hicule.<span class=\"Apple-converted-space\">\u00a0<\/span><\/p>\n<p>\u2022La seconde partie est le marche pieds.<span class=\"Apple-converted-space\">\u00a0<\/span><\/p>\n<p>L\u2019utilisation est tr\u00e8s simple et se r\u00e9alise en quelques secondes.<span class=\"Apple-converted-space\">\u00a0<\/span><\/p>\n<p>Avant<span class=\"Apple-converted-space\">\u00a0 <\/span>que le passager monte dans le v\u00e9hicule il suffira d\u2019ins\u00e9rer le marche pied dans son support.<span class=\"Apple-converted-space\">\u00a0<\/span><\/p>\n<p>Puis, lorsque le passager est install\u00e9, il suffira de retirer le marche pieds de son support,<\/p>\n<p>&#8212;&#8212;&#8212;&#8212;&#8212;&#8212;&#8212;&#8212;<\/p>\n<p>IMPORTANT :<span class=\"Apple-converted-space\">\u00a0<\/span><\/p>\n<p>Arr\u00eat\u00e9 du 29 d\u00e9cembre 2020 modifiant l&rsquo;arr\u00eat\u00e9 du 23 ao\u00fbt 2013, les v\u00e9hicules professionnels affect\u00e9s au transport de personnes, sont soumis \u00e0 de nouveaux am\u00e9nagements en termes d&rsquo;accessibilit\u00e9.<\/p>\n<p>Pour respecter cette r\u00e9glementation il est faut donc ajouter les \u00e9quipements suppl\u00e9mentaires au v\u00e9hicule tel que :<\/p>\n<p>-Un marche pieds (<span class=\"Apple-converted-space\">\u00a0 <\/span>prendre connaissance du r\u00e9f\u00e9r\u00e9 du 29\/12\/2020). <span class=\"Apple-converted-space\">\u00a0<\/span><\/p>\n<p>-Une poign\u00e9e d\u2019aide \u00e0 la mont\u00e9e d\u00e9port\u00e9e<span class=\"Apple-converted-space\">\u00a0<\/span><\/p>\n<p>&#8212;&#8212;&#8212;&#8212;&#8212;&#8212;&#8212;-<\/p>","protected":false},"featured_media":2861,"template":"","meta":{"_acf_changed":false,"site-sidebar-layout":"default","site-content-layout":"","ast-site-content-layout":"default","site-content-style":"default","site-sidebar-style":"default","ast-global-header-display":"","ast-banner-title-visibility":"","ast-main-header-display":"","ast-hfb-above-header-display":"","ast-hfb-below-header-display":"","ast-hfb-mobile-header-display":"","site-post-title":"","ast-breadcrumbs-content":"","ast-featured-img":"","footer-sml-layout":"","ast-disable-related-posts":"","theme-transparent-header-meta":"default","adv-header-id-meta":"","stick-header-meta":"","header-above-stick-meta":"","header-main-stick-meta":"","header-below-stick-meta":"","astra-migrate-meta-layouts":"set","ast-page-background-enabled":"default","ast-page-background-meta":{"desktop":{"background-color":"var(--ast-global-color-5)","background-image":"","background-repeat":"repeat","background-position":"center center","background-size":"auto","background-attachment":"scroll","background-type":"","background-media":"","overlay-type":"","overlay-color":"","overlay-opacity":"","overlay-gradient":""},"tablet":{"background-color":"","background-image":"","background-repeat":"repeat","background-position":"center center","background-size":"auto","background-attachment":"scroll","background-type":"","background-media":"","overlay-type":"","overlay-color":"","overlay-opacity":"","overlay-gradient":""},"mobile":{"background-color":"","background-image":"","background-repeat":"repeat","background-position":"center center","background-size":"auto","background-attachment":"scroll","background-type":"","background-media":"","overlay-type":"","overlay-color":"","overlay-opacity":"","overlay-gradient":""}},"ast-content-background-meta":{"desktop":{"background-color":"var(--ast-global-color-4)","background-image":"","background-repeat":"repeat","background-position":"center center","background-size":"auto","background-attachment":"scroll","background-type":"","background-media":"","overlay-type":"","overlay-color":"","overlay-opacity":"","overlay-gradient":""},"tablet":{"background-color":"var(--ast-global-color-4)","background-image":"","background-repeat":"repeat","background-position":"center center","background-size":"auto","background-attachment":"scroll","background-type":"","background-media":"","overlay-type":"","overlay-color":"","overlay-opacity":"","overlay-gradient":""},"mobile":{"background-color":"var(--ast-global-color-4)","background-image":"","background-repeat":"repeat","background-position":"center center","background-size":"auto","background-attachment":"scroll","background-type":"","background-media":"","overlay-type":"","overlay-color":"","overlay-opacity":"","overlay-gradient":""}}},"tags":[15],"class_list":["post-2858","equipement","type-equipement","status-publish","has-post-thumbnail","hentry","tag-neuf"],"acf":{"photo_gallery":{"photos_equipement":[[{"id":2861,"title":"Photoroom_20240610_180257 2","caption":"","full_image_url":"https:\/\/handicapcar-occasion.com\/wp-content\/uploads\/2024\/06\/Photoroom_20240610_180257-2.jpg","thumbnail_image_url":"https:\/\/handicapcar-occasion.com\/wp-content\/uploads\/2024\/06\/Photoroom_20240610_180257-2-150x150.jpg","large_srcset":"https:\/\/handicapcar-occasion.com\/wp-content\/uploads\/2024\/06\/Photoroom_20240610_180257-2.jpg 666w, https:\/\/handicapcar-occasion.com\/wp-content\/uploads\/2024\/06\/Photoroom_20240610_180257-2-480x270.jpg 480w","medium_srcset":"https:\/\/handicapcar-occasion.com\/wp-content\/uploads\/2024\/06\/Photoroom_20240610_180257-2-480x270.jpg 480w, https:\/\/handicapcar-occasion.com\/wp-content\/uploads\/2024\/06\/Photoroom_20240610_180257-2.jpg 666w","media_details":{"width":666,"height":375,"sizes":{"medium":{"file":"Photoroom_20240610_180257-2-480x270.jpg","width":480,"height":270,"mime-type":"image\/jpeg","filesize":6781,"source_url":"https:\/\/handicapcar-occasion.com\/wp-content\/uploads\/2024\/06\/Photoroom_20240610_180257-2-480x270.jpg"},"thumbnail":{"file":"Photoroom_20240610_180257-2-150x150.jpg","width":150,"height":150,"mime-type":"image\/jpeg","filesize":2934,"source_url":"https:\/\/handicapcar-occasion.com\/wp-content\/uploads\/2024\/06\/Photoroom_20240610_180257-2-150x150.jpg"}}},"alt_text":"","url":"","target":""}]]}},"yoast_head":"<!-- This site is optimized with the Yoast SEO plugin v27.5 - https:\/\/yoast.com\/product\/yoast-seo-wordpress\/ -->\n<title>MARCHE PIEDS MANUEL - PMR -  Norme transport public\/ particulier - HandicapCar Occasion<\/title>\n<meta name=\"description\" content=\"Un marche pieds de soubassement permet de r\u00e9duire la diff\u00e9rence de hauteur entre le sol et le plancher du v\u00e9hicule afin de\u00a0 faciliter l\u2019acc\u00e8s \u00e0 bord du v\u00e9hicule L\u2019utilisation est tr\u00e8s simple et se r\u00e9alise en quelques secondes. Avant\u00a0 que le passager monte dans le v\u00e9hicule il suffira d\u2019ins\u00e9rer le marche pied dans son support. Puis, lorsque le passager est install\u00e9, il suffira de retirer le marche pieds de son support.\" \/>\n<meta name=\"robots\" content=\"index, follow, max-snippet:-1, max-image-preview:large, max-video-preview:-1\" \/>\n<link rel=\"canonical\" href=\"https:\/\/handicapcar-occasion.com\/pt\/equipement\/marche-pieds-manuel-norme-transport-public-particulier\/\" \/>\n<meta property=\"og:locale\" content=\"pt_PT\" \/>\n<meta property=\"og:type\" content=\"article\" \/>\n<meta property=\"og:title\" content=\"MARCHE PIEDS MANUEL - PMR -  Norme transport public\/ particulier - HandicapCar Occasion\" \/>\n<meta property=\"og:description\" content=\"Un marche pieds de soubassement permet de r\u00e9duire la diff\u00e9rence de hauteur entre le sol et le plancher du v\u00e9hicule afin de\u00a0 faciliter l\u2019acc\u00e8s \u00e0 bord du v\u00e9hicule L\u2019utilisation est tr\u00e8s simple et se r\u00e9alise en quelques secondes. Avant\u00a0 que le passager monte dans le v\u00e9hicule il suffira d\u2019ins\u00e9rer le marche pied dans son support. Puis, lorsque le passager est install\u00e9, il suffira de retirer le marche pieds de son support.\" \/>\n<meta property=\"og:url\" content=\"https:\/\/handicapcar-occasion.com\/pt\/equipement\/marche-pieds-manuel-norme-transport-public-particulier\/\" \/>\n<meta property=\"og:site_name\" content=\"HandicapCar Occasion\" \/>\n<meta property=\"article:publisher\" content=\"https:\/\/www.facebook.com\/handicapcar.occasion\" \/>\n<meta property=\"article:modified_time\" content=\"2025-06-30T17:17:56+00:00\" \/>\n<meta property=\"og:image\" content=\"https:\/\/handicapcar-occasion.com\/wp-content\/uploads\/2024\/06\/Photoroom_20240610_180257-2.jpg\" \/>\n\t<meta property=\"og:image:width\" content=\"666\" \/>\n\t<meta property=\"og:image:height\" content=\"375\" \/>\n\t<meta property=\"og:image:type\" content=\"image\/jpeg\" \/>\n<meta name=\"twitter:card\" content=\"summary_large_image\" \/>\n<meta name=\"twitter:label1\" content=\"Tempo estimado de leitura\" \/>\n\t<meta name=\"twitter:data1\" content=\"1 minuto\" \/>\n<script type=\"application\/ld+json\" class=\"yoast-schema-graph\">{\"@context\":\"https:\\\/\\\/schema.org\",\"@graph\":[{\"@type\":\"WebPage\",\"@id\":\"https:\\\/\\\/handicapcar-occasion.com\\\/equipement\\\/marche-pieds-manuel-norme-transport-public-particulier\\\/\",\"url\":\"https:\\\/\\\/handicapcar-occasion.com\\\/equipement\\\/marche-pieds-manuel-norme-transport-public-particulier\\\/\",\"name\":\"MARCHE PIEDS MANUEL - PMR - Norme transport public\\\/ particulier - HandicapCar Occasion\",\"isPartOf\":{\"@id\":\"https:\\\/\\\/handicapcar-occasion.com\\\/#website\"},\"primaryImageOfPage\":{\"@id\":\"https:\\\/\\\/handicapcar-occasion.com\\\/equipement\\\/marche-pieds-manuel-norme-transport-public-particulier\\\/#primaryimage\"},\"image\":{\"@id\":\"https:\\\/\\\/handicapcar-occasion.com\\\/equipement\\\/marche-pieds-manuel-norme-transport-public-particulier\\\/#primaryimage\"},\"thumbnailUrl\":\"https:\\\/\\\/handicapcar-occasion.com\\\/wp-content\\\/uploads\\\/2024\\\/06\\\/Photoroom_20240610_180257-2.jpg\",\"datePublished\":\"2024-06-10T16:04:42+00:00\",\"dateModified\":\"2025-06-30T17:17:56+00:00\",\"description\":\"Un marche pieds de soubassement permet de r\u00e9duire la diff\u00e9rence de hauteur entre le sol et le plancher du v\u00e9hicule afin de\u00a0 faciliter l\u2019acc\u00e8s \u00e0 bord du v\u00e9hicule L\u2019utilisation est tr\u00e8s simple et se r\u00e9alise en quelques secondes. Avant\u00a0 que le passager monte dans le v\u00e9hicule il suffira d\u2019ins\u00e9rer le marche pied dans son support. Puis, lorsque le passager est install\u00e9, il suffira de retirer le marche pieds de son support.\",\"breadcrumb\":{\"@id\":\"https:\\\/\\\/handicapcar-occasion.com\\\/equipement\\\/marche-pieds-manuel-norme-transport-public-particulier\\\/#breadcrumb\"},\"inLanguage\":\"pt-PT\",\"potentialAction\":[{\"@type\":\"ReadAction\",\"target\":[\"https:\\\/\\\/handicapcar-occasion.com\\\/equipement\\\/marche-pieds-manuel-norme-transport-public-particulier\\\/\"]}]},{\"@type\":\"ImageObject\",\"inLanguage\":\"pt-PT\",\"@id\":\"https:\\\/\\\/handicapcar-occasion.com\\\/equipement\\\/marche-pieds-manuel-norme-transport-public-particulier\\\/#primaryimage\",\"url\":\"https:\\\/\\\/handicapcar-occasion.com\\\/wp-content\\\/uploads\\\/2024\\\/06\\\/Photoroom_20240610_180257-2.jpg\",\"contentUrl\":\"https:\\\/\\\/handicapcar-occasion.com\\\/wp-content\\\/uploads\\\/2024\\\/06\\\/Photoroom_20240610_180257-2.jpg\",\"width\":666,\"height\":375},{\"@type\":\"BreadcrumbList\",\"@id\":\"https:\\\/\\\/handicapcar-occasion.com\\\/equipement\\\/marche-pieds-manuel-norme-transport-public-particulier\\\/#breadcrumb\",\"itemListElement\":[{\"@type\":\"ListItem\",\"position\":1,\"name\":\"Accueil\",\"item\":\"https:\\\/\\\/handicapcar-occasion.com\\\/\"},{\"@type\":\"ListItem\",\"position\":2,\"name\":\"\u00c9quipements\",\"item\":\"https:\\\/\\\/handicapcar-occasion.com\\\/equipement\\\/\"},{\"@type\":\"ListItem\",\"position\":3,\"name\":\"MARCHE PIEDS MANUEL &#8211; PMR &#8211; Norme transport public\\\/ particulier\"}]},{\"@type\":\"WebSite\",\"@id\":\"https:\\\/\\\/handicapcar-occasion.com\\\/#website\",\"url\":\"https:\\\/\\\/handicapcar-occasion.com\\\/\",\"name\":\"HandicapCar Occasion\",\"description\":\"Achat Vente Location TPMR\",\"publisher\":{\"@id\":\"https:\\\/\\\/handicapcar-occasion.com\\\/#organization\"},\"potentialAction\":[{\"@type\":\"SearchAction\",\"target\":{\"@type\":\"EntryPoint\",\"urlTemplate\":\"https:\\\/\\\/handicapcar-occasion.com\\\/?s={search_term_string}\"},\"query-input\":{\"@type\":\"PropertyValueSpecification\",\"valueRequired\":true,\"valueName\":\"search_term_string\"}}],\"inLanguage\":\"pt-PT\"},{\"@type\":\"Organization\",\"@id\":\"https:\\\/\\\/handicapcar-occasion.com\\\/#organization\",\"name\":\"HandicapCar Occasion\",\"url\":\"https:\\\/\\\/handicapcar-occasion.com\\\/\",\"logo\":{\"@type\":\"ImageObject\",\"inLanguage\":\"pt-PT\",\"@id\":\"https:\\\/\\\/handicapcar-occasion.com\\\/#\\\/schema\\\/logo\\\/image\\\/\",\"url\":\"https:\\\/\\\/handicapcar-occasion.com\\\/wp-content\\\/uploads\\\/2020\\\/07\\\/Logo-Handicapcar-Occasion-web.png\",\"contentUrl\":\"https:\\\/\\\/handicapcar-occasion.com\\\/wp-content\\\/uploads\\\/2020\\\/07\\\/Logo-Handicapcar-Occasion-web.png\",\"width\":512,\"height\":158,\"caption\":\"HandicapCar Occasion\"},\"image\":{\"@id\":\"https:\\\/\\\/handicapcar-occasion.com\\\/#\\\/schema\\\/logo\\\/image\\\/\"},\"sameAs\":[\"https:\\\/\\\/www.facebook.com\\\/handicapcar.occasion\"]}]}<\/script>\n<!-- \/ Yoast SEO plugin. -->","yoast_head_json":{"title":"MARCHE PIEDS MANUEL - PMR -  Norme transport public\/ particulier - HandicapCar Occasion","description":"Un marche pieds de soubassement permet de r\u00e9duire la diff\u00e9rence de hauteur entre le sol et le plancher du v\u00e9hicule afin de\u00a0 faciliter l\u2019acc\u00e8s \u00e0 bord du v\u00e9hicule L\u2019utilisation est tr\u00e8s simple et se r\u00e9alise en quelques secondes. Avant\u00a0 que le passager monte dans le v\u00e9hicule il suffira d\u2019ins\u00e9rer le marche pied dans son support. Puis, lorsque le passager est install\u00e9, il suffira de retirer le marche pieds de son support.","robots":{"index":"index","follow":"follow","max-snippet":"max-snippet:-1","max-image-preview":"max-image-preview:large","max-video-preview":"max-video-preview:-1"},"canonical":"https:\/\/handicapcar-occasion.com\/pt\/equipement\/marche-pieds-manuel-norme-transport-public-particulier\/","og_locale":"pt_PT","og_type":"article","og_title":"MARCHE PIEDS MANUEL - PMR -  Norme transport public\/ particulier - HandicapCar Occasion","og_description":"Un marche pieds de soubassement permet de r\u00e9duire la diff\u00e9rence de hauteur entre le sol et le plancher du v\u00e9hicule afin de\u00a0 faciliter l\u2019acc\u00e8s \u00e0 bord du v\u00e9hicule L\u2019utilisation est tr\u00e8s simple et se r\u00e9alise en quelques secondes. Avant\u00a0 que le passager monte dans le v\u00e9hicule il suffira d\u2019ins\u00e9rer le marche pied dans son support. Puis, lorsque le passager est install\u00e9, il suffira de retirer le marche pieds de son support.","og_url":"https:\/\/handicapcar-occasion.com\/pt\/equipement\/marche-pieds-manuel-norme-transport-public-particulier\/","og_site_name":"HandicapCar Occasion","article_publisher":"https:\/\/www.facebook.com\/handicapcar.occasion","article_modified_time":"2025-06-30T17:17:56+00:00","og_image":[{"width":666,"height":375,"url":"https:\/\/handicapcar-occasion.com\/wp-content\/uploads\/2024\/06\/Photoroom_20240610_180257-2.jpg","type":"image\/jpeg"}],"twitter_card":"summary_large_image","twitter_misc":{"Tempo estimado de leitura":"1 minuto"},"schema":{"@context":"https:\/\/schema.org","@graph":[{"@type":"WebPage","@id":"https:\/\/handicapcar-occasion.com\/equipement\/marche-pieds-manuel-norme-transport-public-particulier\/","url":"https:\/\/handicapcar-occasion.com\/equipement\/marche-pieds-manuel-norme-transport-public-particulier\/","name":"MARCHE PIEDS MANUEL - PMR - Norme transport public\/ particulier - HandicapCar Occasion","isPartOf":{"@id":"https:\/\/handicapcar-occasion.com\/#website"},"primaryImageOfPage":{"@id":"https:\/\/handicapcar-occasion.com\/equipement\/marche-pieds-manuel-norme-transport-public-particulier\/#primaryimage"},"image":{"@id":"https:\/\/handicapcar-occasion.com\/equipement\/marche-pieds-manuel-norme-transport-public-particulier\/#primaryimage"},"thumbnailUrl":"https:\/\/handicapcar-occasion.com\/wp-content\/uploads\/2024\/06\/Photoroom_20240610_180257-2.jpg","datePublished":"2024-06-10T16:04:42+00:00","dateModified":"2025-06-30T17:17:56+00:00","description":"Un marche pieds de soubassement permet de r\u00e9duire la diff\u00e9rence de hauteur entre le sol et le plancher du v\u00e9hicule afin de\u00a0 faciliter l\u2019acc\u00e8s \u00e0 bord du v\u00e9hicule L\u2019utilisation est tr\u00e8s simple et se r\u00e9alise en quelques secondes. Avant\u00a0 que le passager monte dans le v\u00e9hicule il suffira d\u2019ins\u00e9rer le marche pied dans son support. Puis, lorsque le passager est install\u00e9, il suffira de retirer le marche pieds de son support.","breadcrumb":{"@id":"https:\/\/handicapcar-occasion.com\/equipement\/marche-pieds-manuel-norme-transport-public-particulier\/#breadcrumb"},"inLanguage":"pt-PT","potentialAction":[{"@type":"ReadAction","target":["https:\/\/handicapcar-occasion.com\/equipement\/marche-pieds-manuel-norme-transport-public-particulier\/"]}]},{"@type":"ImageObject","inLanguage":"pt-PT","@id":"https:\/\/handicapcar-occasion.com\/equipement\/marche-pieds-manuel-norme-transport-public-particulier\/#primaryimage","url":"https:\/\/handicapcar-occasion.com\/wp-content\/uploads\/2024\/06\/Photoroom_20240610_180257-2.jpg","contentUrl":"https:\/\/handicapcar-occasion.com\/wp-content\/uploads\/2024\/06\/Photoroom_20240610_180257-2.jpg","width":666,"height":375},{"@type":"BreadcrumbList","@id":"https:\/\/handicapcar-occasion.com\/equipement\/marche-pieds-manuel-norme-transport-public-particulier\/#breadcrumb","itemListElement":[{"@type":"ListItem","position":1,"name":"Accueil","item":"https:\/\/handicapcar-occasion.com\/"},{"@type":"ListItem","position":2,"name":"\u00c9quipements","item":"https:\/\/handicapcar-occasion.com\/equipement\/"},{"@type":"ListItem","position":3,"name":"MARCHE PIEDS MANUEL &#8211; PMR &#8211; Norme transport public\/ particulier"}]},{"@type":"WebSite","@id":"https:\/\/handicapcar-occasion.com\/#website","url":"https:\/\/handicapcar-occasion.com\/","name":"HandicapCar Occasion","description":"Achat Vente Location TPMR","publisher":{"@id":"https:\/\/handicapcar-occasion.com\/#organization"},"potentialAction":[{"@type":"SearchAction","target":{"@type":"EntryPoint","urlTemplate":"https:\/\/handicapcar-occasion.com\/?s={search_term_string}"},"query-input":{"@type":"PropertyValueSpecification","valueRequired":true,"valueName":"search_term_string"}}],"inLanguage":"pt-PT"},{"@type":"Organization","@id":"https:\/\/handicapcar-occasion.com\/#organization","name":"HandicapCar Occasion","url":"https:\/\/handicapcar-occasion.com\/","logo":{"@type":"ImageObject","inLanguage":"pt-PT","@id":"https:\/\/handicapcar-occasion.com\/#\/schema\/logo\/image\/","url":"https:\/\/handicapcar-occasion.com\/wp-content\/uploads\/2020\/07\/Logo-Handicapcar-Occasion-web.png","contentUrl":"https:\/\/handicapcar-occasion.com\/wp-content\/uploads\/2020\/07\/Logo-Handicapcar-Occasion-web.png","width":512,"height":158,"caption":"HandicapCar Occasion"},"image":{"@id":"https:\/\/handicapcar-occasion.com\/#\/schema\/logo\/image\/"},"sameAs":["https:\/\/www.facebook.com\/handicapcar.occasion"]}]}},"_links":{"self":[{"href":"https:\/\/handicapcar-occasion.com\/pt\/wp-json\/wp\/v2\/equipement\/2858","targetHints":{"allow":["GET"]}}],"collection":[{"href":"https:\/\/handicapcar-occasion.com\/pt\/wp-json\/wp\/v2\/equipement"}],"about":[{"href":"https:\/\/handicapcar-occasion.com\/pt\/wp-json\/wp\/v2\/types\/equipement"}],"wp:featuredmedia":[{"embeddable":true,"href":"https:\/\/handicapcar-occasion.com\/pt\/wp-json\/wp\/v2\/media\/2861"}],"wp:attachment":[{"href":"https:\/\/handicapcar-occasion.com\/pt\/wp-json\/wp\/v2\/media?parent=2858"}],"wp:term":[{"taxonomy":"post_tag","embeddable":true,"href":"https:\/\/handicapcar-occasion.com\/pt\/wp-json\/wp\/v2\/tags?post=2858"}],"curies":[{"name":"wp","href":"https:\/\/api.w.org\/{rel}","templated":true}]}}