{"id":2877,"date":"2024-06-10T19:10:29","date_gmt":"2024-06-10T17:10:29","guid":{"rendered":"https:\/\/handicapcar-occasion.fr\/?post_type=equipement&#038;p=2877"},"modified":"2025-07-03T15:01:03","modified_gmt":"2025-07-03T13:01:03","slug":"rampes-dacces-pmr-150-cm-de-longueur","status":"publish","type":"equipement","link":"https:\/\/handicapcar-occasion.com\/pt\/equipement\/rampes-dacces-pmr-150-cm-de-longueur\/","title":{"rendered":"Rampes d&rsquo;acc\u00e8s PMR  &#8211; 150 cm de longueur"},"content":{"rendered":"<p>As rampas s\u00e3o ideais para o carregamento de uma cadeira de rodas el\u00e9trica vazia e de uma scooter el\u00e9trica na traseira de um carro ou de outro ve\u00edculo.<\/p>\n<p>Rampas em alum\u00ednio, leves e antiderrapantes.<\/p>\n<p>Dobram-se para uma arruma\u00e7\u00e3o f\u00e1cil na bagageira.<\/p>\n<p>Com rebordos para uma passagem com total seguran\u00e7a.<\/p>\n<p>&nbsp;<\/p>\n<p>2 rampes d&rsquo;acc\u00e8s<\/p>\n<p>Longueur d\u00e9pli\u00e9e 150cm<\/p>\n<p>Largeur int\u00e9rieure: 21cm<\/p>\n<p>Poids maximum: 300 kg<span class=\"Apple-converted-space\">\u00a0<\/span><\/p>","protected":false},"featured_media":2879,"template":"","meta":{"_acf_changed":false,"site-sidebar-layout":"default","site-content-layout":"","ast-site-content-layout":"default","site-content-style":"default","site-sidebar-style":"default","ast-global-header-display":"","ast-banner-title-visibility":"","ast-main-header-display":"","ast-hfb-above-header-display":"","ast-hfb-below-header-display":"","ast-hfb-mobile-header-display":"","site-post-title":"","ast-breadcrumbs-content":"","ast-featured-img":"","footer-sml-layout":"","ast-disable-related-posts":"","theme-transparent-header-meta":"default","adv-header-id-meta":"","stick-header-meta":"","header-above-stick-meta":"","header-main-stick-meta":"","header-below-stick-meta":"","astra-migrate-meta-layouts":"set","ast-page-background-enabled":"default","ast-page-background-meta":{"desktop":{"background-color":"var(--ast-global-color-5)","background-image":"","background-repeat":"repeat","background-position":"center center","background-size":"auto","background-attachment":"scroll","background-type":"","background-media":"","overlay-type":"","overlay-color":"","overlay-opacity":"","overlay-gradient":""},"tablet":{"background-color":"","background-image":"","background-repeat":"repeat","background-position":"center center","background-size":"auto","background-attachment":"scroll","background-type":"","background-media":"","overlay-type":"","overlay-color":"","overlay-opacity":"","overlay-gradient":""},"mobile":{"background-color":"","background-image":"","background-repeat":"repeat","background-position":"center center","background-size":"auto","background-attachment":"scroll","background-type":"","background-media":"","overlay-type":"","overlay-color":"","overlay-opacity":"","overlay-gradient":""}},"ast-content-background-meta":{"desktop":{"background-color":"var(--ast-global-color-4)","background-image":"","background-repeat":"repeat","background-position":"center center","background-size":"auto","background-attachment":"scroll","background-type":"","background-media":"","overlay-type":"","overlay-color":"","overlay-opacity":"","overlay-gradient":""},"tablet":{"background-color":"var(--ast-global-color-4)","background-image":"","background-repeat":"repeat","background-position":"center center","background-size":"auto","background-attachment":"scroll","background-type":"","background-media":"","overlay-type":"","overlay-color":"","overlay-opacity":"","overlay-gradient":""},"mobile":{"background-color":"var(--ast-global-color-4)","background-image":"","background-repeat":"repeat","background-position":"center center","background-size":"auto","background-attachment":"scroll","background-type":"","background-media":"","overlay-type":"","overlay-color":"","overlay-opacity":"","overlay-gradient":""}}},"tags":[16],"class_list":["post-2877","equipement","type-equipement","status-publish","has-post-thumbnail","hentry","tag-occasion"],"acf":{"photo_gallery":{"photos_equipement":[[{"id":2878,"title":"Photoroom_20240610_185254","caption":"","full_image_url":"https:\/\/handicapcar-occasion.com\/wp-content\/uploads\/2024\/06\/Photoroom_20240610_185254.jpg","thumbnail_image_url":"https:\/\/handicapcar-occasion.com\/wp-content\/uploads\/2024\/06\/Photoroom_20240610_185254-150x150.jpg","large_srcset":"https:\/\/handicapcar-occasion.com\/wp-content\/uploads\/2024\/06\/Photoroom_20240610_185254.jpg 900w, https:\/\/handicapcar-occasion.com\/wp-content\/uploads\/2024\/06\/Photoroom_20240610_185254-480x640.jpg 480w, https:\/\/handicapcar-occasion.com\/wp-content\/uploads\/2024\/06\/Photoroom_20240610_185254-768x1024.jpg 768w","medium_srcset":"https:\/\/handicapcar-occasion.com\/wp-content\/uploads\/2024\/06\/Photoroom_20240610_185254-480x640.jpg 480w, https:\/\/handicapcar-occasion.com\/wp-content\/uploads\/2024\/06\/Photoroom_20240610_185254-768x1024.jpg 768w, https:\/\/handicapcar-occasion.com\/wp-content\/uploads\/2024\/06\/Photoroom_20240610_185254.jpg 900w","media_details":{"width":900,"height":1200,"sizes":{"medium":{"file":"Photoroom_20240610_185254-480x640.jpg","width":480,"height":640,"mime-type":"image\/jpeg","filesize":9558,"source_url":"https:\/\/handicapcar-occasion.com\/wp-content\/uploads\/2024\/06\/Photoroom_20240610_185254-480x640.jpg"},"thumbnail":{"file":"Photoroom_20240610_185254-150x150.jpg","width":150,"height":150,"mime-type":"image\/jpeg","filesize":1748,"source_url":"https:\/\/handicapcar-occasion.com\/wp-content\/uploads\/2024\/06\/Photoroom_20240610_185254-150x150.jpg"},"medium_large":{"file":"Photoroom_20240610_185254-768x1024.jpg","width":768,"height":1024,"mime-type":"image\/jpeg","filesize":19279,"source_url":"https:\/\/handicapcar-occasion.com\/wp-content\/uploads\/2024\/06\/Photoroom_20240610_185254-768x1024.jpg"}}},"alt_text":"","url":"","target":""},{"id":2879,"title":"Photoroom_20240610_185316","caption":"","full_image_url":"https:\/\/handicapcar-occasion.com\/wp-content\/uploads\/2024\/06\/Photoroom_20240610_185316.jpg","thumbnail_image_url":"https:\/\/handicapcar-occasion.com\/wp-content\/uploads\/2024\/06\/Photoroom_20240610_185316-150x150.jpg","large_srcset":"https:\/\/handicapcar-occasion.com\/wp-content\/uploads\/2024\/06\/Photoroom_20240610_185316.jpg 899w, https:\/\/handicapcar-occasion.com\/wp-content\/uploads\/2024\/06\/Photoroom_20240610_185316-480x641.jpg 480w, https:\/\/handicapcar-occasion.com\/wp-content\/uploads\/2024\/06\/Photoroom_20240610_185316-768x1025.jpg 768w","medium_srcset":"https:\/\/handicapcar-occasion.com\/wp-content\/uploads\/2024\/06\/Photoroom_20240610_185316-480x641.jpg 480w, https:\/\/handicapcar-occasion.com\/wp-content\/uploads\/2024\/06\/Photoroom_20240610_185316-768x1025.jpg 768w, https:\/\/handicapcar-occasion.com\/wp-content\/uploads\/2024\/06\/Photoroom_20240610_185316.jpg 899w","media_details":{"width":899,"height":1200,"sizes":{"medium":{"file":"Photoroom_20240610_185316-480x641.jpg","width":480,"height":641,"mime-type":"image\/jpeg","filesize":14508,"source_url":"https:\/\/handicapcar-occasion.com\/wp-content\/uploads\/2024\/06\/Photoroom_20240610_185316-480x641.jpg"},"thumbnail":{"file":"Photoroom_20240610_185316-150x150.jpg","width":150,"height":150,"mime-type":"image\/jpeg","filesize":2576,"source_url":"https:\/\/handicapcar-occasion.com\/wp-content\/uploads\/2024\/06\/Photoroom_20240610_185316-150x150.jpg"},"medium_large":{"file":"Photoroom_20240610_185316-768x1025.jpg","width":768,"height":1025,"mime-type":"image\/jpeg","filesize":29656,"source_url":"https:\/\/handicapcar-occasion.com\/wp-content\/uploads\/2024\/06\/Photoroom_20240610_185316-768x1025.jpg"}}},"alt_text":"","url":"","target":""},{"id":2880,"title":"Photoroom_20240610_185338","caption":"","full_image_url":"https:\/\/handicapcar-occasion.com\/wp-content\/uploads\/2024\/06\/Photoroom_20240610_185338.jpg","thumbnail_image_url":"https:\/\/handicapcar-occasion.com\/wp-content\/uploads\/2024\/06\/Photoroom_20240610_185338-150x150.jpg","large_srcset":"https:\/\/handicapcar-occasion.com\/wp-content\/uploads\/2024\/06\/Photoroom_20240610_185338-1024x1126.jpg 1024w, https:\/\/handicapcar-occasion.com\/wp-content\/uploads\/2024\/06\/Photoroom_20240610_185338-480x528.jpg 480w, https:\/\/handicapcar-occasion.com\/wp-content\/uploads\/2024\/06\/Photoroom_20240610_185338-768x845.jpg 768w, https:\/\/handicapcar-occasion.com\/wp-content\/uploads\/2024\/06\/Photoroom_20240610_185338.jpg 1091w","medium_srcset":"https:\/\/handicapcar-occasion.com\/wp-content\/uploads\/2024\/06\/Photoroom_20240610_185338-480x528.jpg 480w, https:\/\/handicapcar-occasion.com\/wp-content\/uploads\/2024\/06\/Photoroom_20240610_185338-1024x1126.jpg 1024w, https:\/\/handicapcar-occasion.com\/wp-content\/uploads\/2024\/06\/Photoroom_20240610_185338-768x845.jpg 768w, https:\/\/handicapcar-occasion.com\/wp-content\/uploads\/2024\/06\/Photoroom_20240610_185338.jpg 1091w","media_details":{"width":1091,"height":1200,"sizes":{"medium":{"file":"Photoroom_20240610_185338-480x528.jpg","width":480,"height":528,"mime-type":"image\/jpeg","filesize":18376,"source_url":"https:\/\/handicapcar-occasion.com\/wp-content\/uploads\/2024\/06\/Photoroom_20240610_185338-480x528.jpg"},"large":{"file":"Photoroom_20240610_185338-1024x1126.jpg","width":1024,"height":1126,"mime-type":"image\/jpeg","filesize":72102,"source_url":"https:\/\/handicapcar-occasion.com\/wp-content\/uploads\/2024\/06\/Photoroom_20240610_185338-1024x1126.jpg"},"thumbnail":{"file":"Photoroom_20240610_185338-150x150.jpg","width":150,"height":150,"mime-type":"image\/jpeg","filesize":2694,"source_url":"https:\/\/handicapcar-occasion.com\/wp-content\/uploads\/2024\/06\/Photoroom_20240610_185338-150x150.jpg"},"medium_large":{"file":"Photoroom_20240610_185338-768x845.jpg","width":768,"height":845,"mime-type":"image\/jpeg","filesize":43614,"source_url":"https:\/\/handicapcar-occasion.com\/wp-content\/uploads\/2024\/06\/Photoroom_20240610_185338-768x845.jpg"}}},"alt_text":"","url":"","target":""},{"id":2881,"title":"Photoroom_20240610_185402","caption":"","full_image_url":"https:\/\/handicapcar-occasion.com\/wp-content\/uploads\/2024\/06\/Photoroom_20240610_185402.jpg","thumbnail_image_url":"https:\/\/handicapcar-occasion.com\/wp-content\/uploads\/2024\/06\/Photoroom_20240610_185402-150x150.jpg","large_srcset":"https:\/\/handicapcar-occasion.com\/wp-content\/uploads\/2024\/06\/Photoroom_20240610_185402-1024x767.jpg 1024w, https:\/\/handicapcar-occasion.com\/wp-content\/uploads\/2024\/06\/Photoroom_20240610_185402-480x360.jpg 480w, https:\/\/handicapcar-occasion.com\/wp-content\/uploads\/2024\/06\/Photoroom_20240610_185402-768x575.jpg 768w, https:\/\/handicapcar-occasion.com\/wp-content\/uploads\/2024\/06\/Photoroom_20240610_185402.jpg 1200w","medium_srcset":"https:\/\/handicapcar-occasion.com\/wp-content\/uploads\/2024\/06\/Photoroom_20240610_185402-480x360.jpg 480w, https:\/\/handicapcar-occasion.com\/wp-content\/uploads\/2024\/06\/Photoroom_20240610_185402-1024x767.jpg 1024w, https:\/\/handicapcar-occasion.com\/wp-content\/uploads\/2024\/06\/Photoroom_20240610_185402-768x575.jpg 768w, https:\/\/handicapcar-occasion.com\/wp-content\/uploads\/2024\/06\/Photoroom_20240610_185402.jpg 1200w","media_details":{"width":1200,"height":899,"sizes":{"medium":{"file":"Photoroom_20240610_185402-480x360.jpg","width":480,"height":360,"mime-type":"image\/jpeg","filesize":9593,"source_url":"https:\/\/handicapcar-occasion.com\/wp-content\/uploads\/2024\/06\/Photoroom_20240610_185402-480x360.jpg"},"large":{"file":"Photoroom_20240610_185402-1024x767.jpg","width":1024,"height":767,"mime-type":"image\/jpeg","filesize":33671,"source_url":"https:\/\/handicapcar-occasion.com\/wp-content\/uploads\/2024\/06\/Photoroom_20240610_185402-1024x767.jpg"},"thumbnail":{"file":"Photoroom_20240610_185402-150x150.jpg","width":150,"height":150,"mime-type":"image\/jpeg","filesize":2180,"source_url":"https:\/\/handicapcar-occasion.com\/wp-content\/uploads\/2024\/06\/Photoroom_20240610_185402-150x150.jpg"},"medium_large":{"file":"Photoroom_20240610_185402-768x575.jpg","width":768,"height":575,"mime-type":"image\/jpeg","filesize":20199,"source_url":"https:\/\/handicapcar-occasion.com\/wp-content\/uploads\/2024\/06\/Photoroom_20240610_185402-768x575.jpg"}}},"alt_text":"","url":"","target":""}]]}},"yoast_head":"<!-- This site is optimized with the Yoast SEO plugin v27.5 - https:\/\/yoast.com\/product\/yoast-seo-wordpress\/ -->\n<title>Rampes d&#039;acc\u00e8s PMR - 150 cm de longueur - HandicapCar Occasion<\/title>\n<meta name=\"description\" content=\"Les rampes sont id\u00e9ales pour le chargement d\u2019un fauteuil roulant \u00e9lectrique vide et d\u2019un scooter \u00e9lectrique \u00e0 l\u2019arri\u00e8re d\u2019une voiture ou d\u2019un autre v\u00e9hicule. Rampes en aluminium, l\u00e9g\u00e8res et antid\u00e9rapantes. Se replient pour un rangement facile dans le coffre. Avec rebords pour un passage en toute s\u00e9curit\u00e9. &nbsp;\" \/>\n<meta name=\"robots\" content=\"index, follow, max-snippet:-1, max-image-preview:large, max-video-preview:-1\" \/>\n<link rel=\"canonical\" href=\"https:\/\/handicapcar-occasion.com\/pt\/equipement\/rampes-dacces-pmr-150-cm-de-longueur\/\" \/>\n<meta property=\"og:locale\" content=\"pt_PT\" \/>\n<meta property=\"og:type\" content=\"article\" \/>\n<meta property=\"og:title\" content=\"Rampes d&#039;acc\u00e8s PMR - 150 cm de longueur - HandicapCar Occasion\" \/>\n<meta property=\"og:description\" content=\"Les rampes sont id\u00e9ales pour le chargement d\u2019un fauteuil roulant \u00e9lectrique vide et d\u2019un scooter \u00e9lectrique \u00e0 l\u2019arri\u00e8re d\u2019une voiture ou d\u2019un autre v\u00e9hicule. Rampes en aluminium, l\u00e9g\u00e8res et antid\u00e9rapantes. Se replient pour un rangement facile dans le coffre. Avec rebords pour un passage en toute s\u00e9curit\u00e9. &nbsp;\" \/>\n<meta property=\"og:url\" content=\"https:\/\/handicapcar-occasion.com\/pt\/equipement\/rampes-dacces-pmr-150-cm-de-longueur\/\" \/>\n<meta property=\"og:site_name\" content=\"HandicapCar Occasion\" \/>\n<meta property=\"article:publisher\" content=\"https:\/\/www.facebook.com\/handicapcar.occasion\" \/>\n<meta property=\"article:modified_time\" content=\"2025-07-03T13:01:03+00:00\" \/>\n<meta property=\"og:image\" content=\"https:\/\/handicapcar-occasion.com\/wp-content\/uploads\/2024\/06\/Photoroom_20240610_185316.jpg\" \/>\n\t<meta property=\"og:image:width\" content=\"899\" \/>\n\t<meta property=\"og:image:height\" content=\"1200\" \/>\n\t<meta property=\"og:image:type\" content=\"image\/jpeg\" \/>\n<meta name=\"twitter:card\" content=\"summary_large_image\" \/>\n<meta name=\"twitter:label1\" content=\"Tempo estimado de leitura\" \/>\n\t<meta name=\"twitter:data1\" content=\"1 minuto\" \/>\n<script type=\"application\/ld+json\" class=\"yoast-schema-graph\">{\"@context\":\"https:\\\/\\\/schema.org\",\"@graph\":[{\"@type\":\"WebPage\",\"@id\":\"https:\\\/\\\/handicapcar-occasion.com\\\/equipement\\\/rampes-dacces-pmr-150-cm-de-longueur\\\/\",\"url\":\"https:\\\/\\\/handicapcar-occasion.com\\\/equipement\\\/rampes-dacces-pmr-150-cm-de-longueur\\\/\",\"name\":\"Rampes d'acc\u00e8s PMR - 150 cm de longueur - HandicapCar Occasion\",\"isPartOf\":{\"@id\":\"https:\\\/\\\/handicapcar-occasion.com\\\/#website\"},\"primaryImageOfPage\":{\"@id\":\"https:\\\/\\\/handicapcar-occasion.com\\\/equipement\\\/rampes-dacces-pmr-150-cm-de-longueur\\\/#primaryimage\"},\"image\":{\"@id\":\"https:\\\/\\\/handicapcar-occasion.com\\\/equipement\\\/rampes-dacces-pmr-150-cm-de-longueur\\\/#primaryimage\"},\"thumbnailUrl\":\"https:\\\/\\\/handicapcar-occasion.com\\\/wp-content\\\/uploads\\\/2024\\\/06\\\/Photoroom_20240610_185316.jpg\",\"datePublished\":\"2024-06-10T17:10:29+00:00\",\"dateModified\":\"2025-07-03T13:01:03+00:00\",\"description\":\"Les rampes sont id\u00e9ales pour le chargement d\u2019un fauteuil roulant \u00e9lectrique vide et d\u2019un scooter \u00e9lectrique \u00e0 l\u2019arri\u00e8re d\u2019une voiture ou d\u2019un autre v\u00e9hicule. Rampes en aluminium, l\u00e9g\u00e8res et antid\u00e9rapantes. Se replient pour un rangement facile dans le coffre. Avec rebords pour un passage en toute s\u00e9curit\u00e9. &nbsp;\",\"breadcrumb\":{\"@id\":\"https:\\\/\\\/handicapcar-occasion.com\\\/equipement\\\/rampes-dacces-pmr-150-cm-de-longueur\\\/#breadcrumb\"},\"inLanguage\":\"pt-PT\",\"potentialAction\":[{\"@type\":\"ReadAction\",\"target\":[\"https:\\\/\\\/handicapcar-occasion.com\\\/equipement\\\/rampes-dacces-pmr-150-cm-de-longueur\\\/\"]}]},{\"@type\":\"ImageObject\",\"inLanguage\":\"pt-PT\",\"@id\":\"https:\\\/\\\/handicapcar-occasion.com\\\/equipement\\\/rampes-dacces-pmr-150-cm-de-longueur\\\/#primaryimage\",\"url\":\"https:\\\/\\\/handicapcar-occasion.com\\\/wp-content\\\/uploads\\\/2024\\\/06\\\/Photoroom_20240610_185316.jpg\",\"contentUrl\":\"https:\\\/\\\/handicapcar-occasion.com\\\/wp-content\\\/uploads\\\/2024\\\/06\\\/Photoroom_20240610_185316.jpg\",\"width\":899,\"height\":1200},{\"@type\":\"BreadcrumbList\",\"@id\":\"https:\\\/\\\/handicapcar-occasion.com\\\/equipement\\\/rampes-dacces-pmr-150-cm-de-longueur\\\/#breadcrumb\",\"itemListElement\":[{\"@type\":\"ListItem\",\"position\":1,\"name\":\"Accueil\",\"item\":\"https:\\\/\\\/handicapcar-occasion.com\\\/\"},{\"@type\":\"ListItem\",\"position\":2,\"name\":\"\u00c9quipements\",\"item\":\"https:\\\/\\\/handicapcar-occasion.com\\\/equipement\\\/\"},{\"@type\":\"ListItem\",\"position\":3,\"name\":\"Rampes d&rsquo;acc\u00e8s PMR &#8211; 150 cm de longueur\"}]},{\"@type\":\"WebSite\",\"@id\":\"https:\\\/\\\/handicapcar-occasion.com\\\/#website\",\"url\":\"https:\\\/\\\/handicapcar-occasion.com\\\/\",\"name\":\"HandicapCar Occasion\",\"description\":\"Achat Vente Location TPMR\",\"publisher\":{\"@id\":\"https:\\\/\\\/handicapcar-occasion.com\\\/#organization\"},\"potentialAction\":[{\"@type\":\"SearchAction\",\"target\":{\"@type\":\"EntryPoint\",\"urlTemplate\":\"https:\\\/\\\/handicapcar-occasion.com\\\/?s={search_term_string}\"},\"query-input\":{\"@type\":\"PropertyValueSpecification\",\"valueRequired\":true,\"valueName\":\"search_term_string\"}}],\"inLanguage\":\"pt-PT\"},{\"@type\":\"Organization\",\"@id\":\"https:\\\/\\\/handicapcar-occasion.com\\\/#organization\",\"name\":\"HandicapCar Occasion\",\"url\":\"https:\\\/\\\/handicapcar-occasion.com\\\/\",\"logo\":{\"@type\":\"ImageObject\",\"inLanguage\":\"pt-PT\",\"@id\":\"https:\\\/\\\/handicapcar-occasion.com\\\/#\\\/schema\\\/logo\\\/image\\\/\",\"url\":\"https:\\\/\\\/handicapcar-occasion.com\\\/wp-content\\\/uploads\\\/2020\\\/07\\\/Logo-Handicapcar-Occasion-web.png\",\"contentUrl\":\"https:\\\/\\\/handicapcar-occasion.com\\\/wp-content\\\/uploads\\\/2020\\\/07\\\/Logo-Handicapcar-Occasion-web.png\",\"width\":512,\"height\":158,\"caption\":\"HandicapCar Occasion\"},\"image\":{\"@id\":\"https:\\\/\\\/handicapcar-occasion.com\\\/#\\\/schema\\\/logo\\\/image\\\/\"},\"sameAs\":[\"https:\\\/\\\/www.facebook.com\\\/handicapcar.occasion\"]}]}<\/script>\n<!-- \/ Yoast SEO plugin. -->","yoast_head_json":{"title":"Rampes d'acc\u00e8s PMR - 150 cm de longueur - HandicapCar Occasion","description":"Les rampes sont id\u00e9ales pour le chargement d\u2019un fauteuil roulant \u00e9lectrique vide et d\u2019un scooter \u00e9lectrique \u00e0 l\u2019arri\u00e8re d\u2019une voiture ou d\u2019un autre v\u00e9hicule. Rampes en aluminium, l\u00e9g\u00e8res et antid\u00e9rapantes. Se replient pour un rangement facile dans le coffre. Avec rebords pour un passage en toute s\u00e9curit\u00e9. &nbsp;","robots":{"index":"index","follow":"follow","max-snippet":"max-snippet:-1","max-image-preview":"max-image-preview:large","max-video-preview":"max-video-preview:-1"},"canonical":"https:\/\/handicapcar-occasion.com\/pt\/equipement\/rampes-dacces-pmr-150-cm-de-longueur\/","og_locale":"pt_PT","og_type":"article","og_title":"Rampes d'acc\u00e8s PMR - 150 cm de longueur - HandicapCar Occasion","og_description":"Les rampes sont id\u00e9ales pour le chargement d\u2019un fauteuil roulant \u00e9lectrique vide et d\u2019un scooter \u00e9lectrique \u00e0 l\u2019arri\u00e8re d\u2019une voiture ou d\u2019un autre v\u00e9hicule. Rampes en aluminium, l\u00e9g\u00e8res et antid\u00e9rapantes. Se replient pour un rangement facile dans le coffre. Avec rebords pour un passage en toute s\u00e9curit\u00e9. &nbsp;","og_url":"https:\/\/handicapcar-occasion.com\/pt\/equipement\/rampes-dacces-pmr-150-cm-de-longueur\/","og_site_name":"HandicapCar Occasion","article_publisher":"https:\/\/www.facebook.com\/handicapcar.occasion","article_modified_time":"2025-07-03T13:01:03+00:00","og_image":[{"width":899,"height":1200,"url":"https:\/\/handicapcar-occasion.com\/wp-content\/uploads\/2024\/06\/Photoroom_20240610_185316.jpg","type":"image\/jpeg"}],"twitter_card":"summary_large_image","twitter_misc":{"Tempo estimado de leitura":"1 minuto"},"schema":{"@context":"https:\/\/schema.org","@graph":[{"@type":"WebPage","@id":"https:\/\/handicapcar-occasion.com\/equipement\/rampes-dacces-pmr-150-cm-de-longueur\/","url":"https:\/\/handicapcar-occasion.com\/equipement\/rampes-dacces-pmr-150-cm-de-longueur\/","name":"Rampes d'acc\u00e8s PMR - 150 cm de longueur - HandicapCar Occasion","isPartOf":{"@id":"https:\/\/handicapcar-occasion.com\/#website"},"primaryImageOfPage":{"@id":"https:\/\/handicapcar-occasion.com\/equipement\/rampes-dacces-pmr-150-cm-de-longueur\/#primaryimage"},"image":{"@id":"https:\/\/handicapcar-occasion.com\/equipement\/rampes-dacces-pmr-150-cm-de-longueur\/#primaryimage"},"thumbnailUrl":"https:\/\/handicapcar-occasion.com\/wp-content\/uploads\/2024\/06\/Photoroom_20240610_185316.jpg","datePublished":"2024-06-10T17:10:29+00:00","dateModified":"2025-07-03T13:01:03+00:00","description":"Les rampes sont id\u00e9ales pour le chargement d\u2019un fauteuil roulant \u00e9lectrique vide et d\u2019un scooter \u00e9lectrique \u00e0 l\u2019arri\u00e8re d\u2019une voiture ou d\u2019un autre v\u00e9hicule. Rampes en aluminium, l\u00e9g\u00e8res et antid\u00e9rapantes. Se replient pour un rangement facile dans le coffre. Avec rebords pour un passage en toute s\u00e9curit\u00e9. &nbsp;","breadcrumb":{"@id":"https:\/\/handicapcar-occasion.com\/equipement\/rampes-dacces-pmr-150-cm-de-longueur\/#breadcrumb"},"inLanguage":"pt-PT","potentialAction":[{"@type":"ReadAction","target":["https:\/\/handicapcar-occasion.com\/equipement\/rampes-dacces-pmr-150-cm-de-longueur\/"]}]},{"@type":"ImageObject","inLanguage":"pt-PT","@id":"https:\/\/handicapcar-occasion.com\/equipement\/rampes-dacces-pmr-150-cm-de-longueur\/#primaryimage","url":"https:\/\/handicapcar-occasion.com\/wp-content\/uploads\/2024\/06\/Photoroom_20240610_185316.jpg","contentUrl":"https:\/\/handicapcar-occasion.com\/wp-content\/uploads\/2024\/06\/Photoroom_20240610_185316.jpg","width":899,"height":1200},{"@type":"BreadcrumbList","@id":"https:\/\/handicapcar-occasion.com\/equipement\/rampes-dacces-pmr-150-cm-de-longueur\/#breadcrumb","itemListElement":[{"@type":"ListItem","position":1,"name":"Accueil","item":"https:\/\/handicapcar-occasion.com\/"},{"@type":"ListItem","position":2,"name":"\u00c9quipements","item":"https:\/\/handicapcar-occasion.com\/equipement\/"},{"@type":"ListItem","position":3,"name":"Rampes d&rsquo;acc\u00e8s PMR &#8211; 150 cm de longueur"}]},{"@type":"WebSite","@id":"https:\/\/handicapcar-occasion.com\/#website","url":"https:\/\/handicapcar-occasion.com\/","name":"HandicapCar Occasion","description":"Achat Vente Location TPMR","publisher":{"@id":"https:\/\/handicapcar-occasion.com\/#organization"},"potentialAction":[{"@type":"SearchAction","target":{"@type":"EntryPoint","urlTemplate":"https:\/\/handicapcar-occasion.com\/?s={search_term_string}"},"query-input":{"@type":"PropertyValueSpecification","valueRequired":true,"valueName":"search_term_string"}}],"inLanguage":"pt-PT"},{"@type":"Organization","@id":"https:\/\/handicapcar-occasion.com\/#organization","name":"HandicapCar Occasion","url":"https:\/\/handicapcar-occasion.com\/","logo":{"@type":"ImageObject","inLanguage":"pt-PT","@id":"https:\/\/handicapcar-occasion.com\/#\/schema\/logo\/image\/","url":"https:\/\/handicapcar-occasion.com\/wp-content\/uploads\/2020\/07\/Logo-Handicapcar-Occasion-web.png","contentUrl":"https:\/\/handicapcar-occasion.com\/wp-content\/uploads\/2020\/07\/Logo-Handicapcar-Occasion-web.png","width":512,"height":158,"caption":"HandicapCar Occasion"},"image":{"@id":"https:\/\/handicapcar-occasion.com\/#\/schema\/logo\/image\/"},"sameAs":["https:\/\/www.facebook.com\/handicapcar.occasion"]}]}},"_links":{"self":[{"href":"https:\/\/handicapcar-occasion.com\/pt\/wp-json\/wp\/v2\/equipement\/2877","targetHints":{"allow":["GET"]}}],"collection":[{"href":"https:\/\/handicapcar-occasion.com\/pt\/wp-json\/wp\/v2\/equipement"}],"about":[{"href":"https:\/\/handicapcar-occasion.com\/pt\/wp-json\/wp\/v2\/types\/equipement"}],"wp:featuredmedia":[{"embeddable":true,"href":"https:\/\/handicapcar-occasion.com\/pt\/wp-json\/wp\/v2\/media\/2879"}],"wp:attachment":[{"href":"https:\/\/handicapcar-occasion.com\/pt\/wp-json\/wp\/v2\/media?parent=2877"}],"wp:term":[{"taxonomy":"post_tag","embeddable":true,"href":"https:\/\/handicapcar-occasion.com\/pt\/wp-json\/wp\/v2\/tags?post=2877"}],"curies":[{"name":"wp","href":"https:\/\/api.w.org\/{rel}","templated":true}]}}