{"id":355,"date":"2024-02-09T21:48:17","date_gmt":"2024-02-09T20:48:17","guid":{"rendered":"https:\/\/handicapcar-occasion.fr\/?page_id=355"},"modified":"2024-07-05T14:01:01","modified_gmt":"2024-07-05T12:01:01","slug":"definition-vehicule-tpmr","status":"publish","type":"page","link":"https:\/\/handicapcar-occasion.com\/pt\/definition-vehicule-tpmr\/","title":{"rendered":"Qu&rsquo;est-ce qu&rsquo;un v\u00e9hicule TPMR ?"},"content":{"rendered":"<div data-elementor-type=\"wp-page\" data-elementor-id=\"355\" class=\"elementor elementor-355\" wpc-filter-elementor-widget=\"1\" data-elementor-post-type=\"page\">\n\t\t\t\t\t\t<section class=\"has_ae_slider elementor-section elementor-top-section elementor-element elementor-element-08490b4 elementor-section-height-min-height elementor-section-boxed elementor-section-height-default elementor-section-items-middle ae-bg-gallery-type-default\" data-id=\"08490b4\" data-element_type=\"section\" data-e-type=\"section\" data-settings=\"{&quot;background_background&quot;:&quot;classic&quot;}\">\n\t\t\t\t\t\t<div class=\"elementor-container elementor-column-gap-default\">\n\t\t\t\t\t<div class=\"has_ae_slider elementor-column elementor-col-100 elementor-top-column elementor-element elementor-element-11c1f07 ae-bg-gallery-type-default\" data-id=\"11c1f07\" data-element_type=\"column\" data-e-type=\"column\">\n\t\t\t<div class=\"elementor-widget-wrap\">\n\t\t\t\t\t\t\t<\/div>\n\t\t<\/div>\n\t\t\t\t\t<\/div>\n\t\t<\/section>\n\t\t\t\t<section class=\"has_ae_slider elementor-section elementor-top-section elementor-element elementor-element-907b142 elementor-section-boxed elementor-section-height-default elementor-section-height-default ae-bg-gallery-type-default\" data-id=\"907b142\" data-element_type=\"section\" data-e-type=\"section\">\n\t\t\t\t\t\t<div class=\"elementor-container elementor-column-gap-default\">\n\t\t\t\t\t<div class=\"has_ae_slider elementor-column elementor-col-100 elementor-top-column elementor-element elementor-element-f6c2f33 ae-bg-gallery-type-default\" data-id=\"f6c2f33\" data-element_type=\"column\" data-e-type=\"column\">\n\t\t\t<div class=\"elementor-widget-wrap elementor-element-populated\">\n\t\t\t\t\t\t<div class=\"elementor-element elementor-element-fd44745 elementor-widget elementor-widget-heading\" data-id=\"fd44745\" data-element_type=\"widget\" data-e-type=\"widget\" data-widget_type=\"heading.default\">\n\t\t\t\t\t<h2 class=\"elementor-heading-title elementor-size-default\">ACC\u00c8S AU V\u00c9HICULE<\/h2>\t\t\t\t<\/div>\n\t\t\t\t<section class=\"has_ae_slider elementor-section elementor-inner-section elementor-element elementor-element-44b5c45 elementor-section-boxed elementor-section-height-default elementor-section-height-default ae-bg-gallery-type-default\" data-id=\"44b5c45\" data-element_type=\"section\" data-e-type=\"section\">\n\t\t\t\t\t\t<div class=\"elementor-container elementor-column-gap-wide\">\n\t\t\t\t\t<div class=\"has_ae_slider elementor-column elementor-col-33 elementor-inner-column elementor-element elementor-element-a3a5a88 ae-bg-gallery-type-default\" data-id=\"a3a5a88\" data-element_type=\"column\" data-e-type=\"column\">\n\t\t\t<div class=\"elementor-widget-wrap elementor-element-populated\">\n\t\t\t\t\t\t<div class=\"elementor-element elementor-element-9c81edb elementor-widget elementor-widget-text-editor\" data-id=\"9c81edb\" data-element_type=\"widget\" data-e-type=\"widget\" data-widget_type=\"text-editor.default\">\n\t\t\t\t\t\t\t\t\t<p style=\"text-align: left;\"><strong><span style=\"text-decoration: underline;\"><span style=\"color: #517390; text-decoration: underline;\">Un hayon \u00e9l\u00e9vateur<\/span><\/span><\/strong> est automatique, il se d\u00e9ploie \u00e0 l\u2019aide d\u2019une t\u00e9l\u00e9commande et assure la mont\u00e9e et descente de la personne \u00e0 mobilit\u00e9 r\u00e9duite sans l&rsquo;aide d\u2019une tierce personne.<\/p>\t\t\t\t\t\t\t\t<\/div>\n\t\t\t\t<div class=\"elementor-element elementor-element-7f461d6 elementor-widget elementor-widget-image\" data-id=\"7f461d6\" data-element_type=\"widget\" data-e-type=\"widget\" data-widget_type=\"image.default\">\n\t\t\t\t\t\t\t\t\t\t\t\t\t\t\t<img fetchpriority=\"high\" decoding=\"async\" width=\"420\" height=\"593\" src=\"https:\/\/handicapcar-occasion.com\/wp-content\/uploads\/2023\/05\/Handicapcar-Occasion-hayon-elevateur.jpg\" class=\"attachment-large size-large wp-image-362\" alt=\"\" \/>\t\t\t\t\t\t\t\t\t\t\t\t\t\t\t<\/div>\n\t\t\t\t\t<\/div>\n\t\t<\/div>\n\t\t\t\t<div class=\"has_ae_slider elementor-column elementor-col-33 elementor-inner-column elementor-element elementor-element-62ee191 ae-bg-gallery-type-default\" data-id=\"62ee191\" data-element_type=\"column\" data-e-type=\"column\">\n\t\t\t<div class=\"elementor-widget-wrap elementor-element-populated\">\n\t\t\t\t\t\t<div class=\"elementor-element elementor-element-8b03028 elementor-widget elementor-widget-text-editor\" data-id=\"8b03028\" data-element_type=\"widget\" data-e-type=\"widget\" data-widget_type=\"text-editor.default\">\n\t\t\t\t\t\t\t\t\t<p style=\"text-align: left;\"><strong><span style=\"text-decoration: underline;\"><span style=\"color: #517390; text-decoration: underline;\">La rampe manuelle<\/span><\/span><\/strong> est en aluminium, et elle peut se replier en 1,2 ou 3 volets.\u2028<\/p><p style=\"text-align: left;\">Gr\u00e2ce \u00e0 son faible poids et ses v\u00e9rins \u00e0 gaz, son utilisation est tr\u00e8s simple.<\/p>\t\t\t\t\t\t\t\t<\/div>\n\t\t\t\t<div class=\"elementor-element elementor-element-14ca3ce elementor-widget elementor-widget-image\" data-id=\"14ca3ce\" data-element_type=\"widget\" data-e-type=\"widget\" data-widget_type=\"image.default\">\n\t\t\t\t\t\t\t\t\t\t\t\t\t\t\t<img decoding=\"async\" width=\"412\" height=\"425\" src=\"https:\/\/handicapcar-occasion.com\/wp-content\/uploads\/2023\/05\/Handicapcar-Occasion-rampe-manuelle-e1683794352871.jpg\" class=\"attachment-large size-large wp-image-365\" alt=\"\" \/>\t\t\t\t\t\t\t\t\t\t\t\t\t\t\t<\/div>\n\t\t\t\t\t<\/div>\n\t\t<\/div>\n\t\t\t\t<div class=\"has_ae_slider elementor-column elementor-col-33 elementor-inner-column elementor-element elementor-element-75dfbef ae-bg-gallery-type-default\" data-id=\"75dfbef\" data-element_type=\"column\" data-e-type=\"column\">\n\t\t\t<div class=\"elementor-widget-wrap elementor-element-populated\">\n\t\t\t\t\t\t<div class=\"elementor-element elementor-element-036413d elementor-widget elementor-widget-text-editor\" data-id=\"036413d\" data-element_type=\"widget\" data-e-type=\"widget\" data-widget_type=\"text-editor.default\">\n\t\t\t\t\t\t\t\t\t<p style=\"text-align: left;\"><strong><span style=\"text-decoration: underline;\"><span style=\"color: #517390; text-decoration: underline;\">La rampe automatique<\/span><\/span><\/strong> s\u2019abaisse et se monte \u00e0 l\u2019aide d\u2019une t\u00e9l\u00e9commande ou des boutons de contr\u00f4le.<\/p>\t\t\t\t\t\t\t\t<\/div>\n\t\t\t\t<div class=\"elementor-element elementor-element-8c29e9b elementor-widget elementor-widget-image\" data-id=\"8c29e9b\" data-element_type=\"widget\" data-e-type=\"widget\" data-widget_type=\"image.default\">\n\t\t\t\t\t\t\t\t\t\t\t\t\t\t\t<img decoding=\"async\" width=\"612\" height=\"408\" src=\"https:\/\/handicapcar-occasion.com\/wp-content\/uploads\/2023\/05\/Handicapcar-Occasion-rampe-automatique.jpg\" class=\"attachment-large size-large wp-image-364\" alt=\"\" srcset=\"https:\/\/handicapcar-occasion.com\/wp-content\/uploads\/2023\/05\/Handicapcar-Occasion-rampe-automatique.jpg 612w, https:\/\/handicapcar-occasion.com\/wp-content\/uploads\/2023\/05\/Handicapcar-Occasion-rampe-automatique-480x320.jpg 480w\" sizes=\"(max-width: 612px) 100vw, 612px\" \/>\t\t\t\t\t\t\t\t\t\t\t\t\t\t\t<\/div>\n\t\t\t\t\t<\/div>\n\t\t<\/div>\n\t\t\t\t\t<\/div>\n\t\t<\/section>\n\t\t\t\t\t<\/div>\n\t\t<\/div>\n\t\t\t\t\t<\/div>\n\t\t<\/section>\n\t\t\t\t<section class=\"has_ae_slider elementor-section elementor-top-section elementor-element elementor-element-f8fbc3e elementor-section-boxed elementor-section-height-default elementor-section-height-default ae-bg-gallery-type-default\" data-id=\"f8fbc3e\" data-element_type=\"section\" data-e-type=\"section\">\n\t\t\t\t\t\t<div class=\"elementor-container elementor-column-gap-default\">\n\t\t\t\t\t<div class=\"has_ae_slider elementor-column elementor-col-100 elementor-top-column elementor-element elementor-element-0660229 ae-bg-gallery-type-default\" data-id=\"0660229\" data-element_type=\"column\" data-e-type=\"column\">\n\t\t\t<div class=\"elementor-widget-wrap elementor-element-populated\">\n\t\t\t\t\t\t<div class=\"elementor-element elementor-element-f94b5c4 elementor-widget elementor-widget-heading\" data-id=\"f94b5c4\" data-element_type=\"widget\" data-e-type=\"widget\" data-widget_type=\"heading.default\">\n\t\t\t\t\t<h2 class=\"elementor-heading-title elementor-size-default\">ACCESSIBILIT\u00c9<\/h2>\t\t\t\t<\/div>\n\t\t\t\t<section class=\"has_ae_slider elementor-section elementor-inner-section elementor-element elementor-element-0c43d3d elementor-section-boxed elementor-section-height-default elementor-section-height-default ae-bg-gallery-type-default\" data-id=\"0c43d3d\" data-element_type=\"section\" data-e-type=\"section\">\n\t\t\t\t\t\t<div class=\"elementor-container elementor-column-gap-wide\">\n\t\t\t\t\t<div class=\"has_ae_slider elementor-column elementor-col-33 elementor-inner-column elementor-element elementor-element-5195113 ae-bg-gallery-type-default\" data-id=\"5195113\" data-element_type=\"column\" data-e-type=\"column\">\n\t\t\t<div class=\"elementor-widget-wrap elementor-element-populated\">\n\t\t\t\t\t\t<div class=\"elementor-element elementor-element-f227dc0 elementor-widget elementor-widget-text-editor\" data-id=\"f227dc0\" data-element_type=\"widget\" data-e-type=\"widget\" data-widget_type=\"text-editor.default\">\n\t\t\t\t\t\t\t\t\t<p style=\"text-align: left;\"><strong><span style=\"text-decoration: underline;\"><span style=\"color: #517390; text-decoration: underline;\">Le d\u00e9caissement total du plancher<\/span><\/span><\/strong> offre la particularit\u00e9 de pouvoir installer une personne en fauteuil en tant que passager avant droit comme en conducteur.<\/p><p>Les v\u00e9hicules qui b\u00e9n\u00e9ficient le plus souvent de cette am\u00e9nagement sont principalement Kia Soul, Chrysler Voyager,&#8230;<\/p>\t\t\t\t\t\t\t\t<\/div>\n\t\t\t\t<div class=\"elementor-element elementor-element-295ebc0 elementor-widget elementor-widget-image\" data-id=\"295ebc0\" data-element_type=\"widget\" data-e-type=\"widget\" data-widget_type=\"image.default\">\n\t\t\t\t\t\t\t\t\t\t\t\t\t\t\t<img loading=\"lazy\" decoding=\"async\" width=\"408\" height=\"611\" src=\"https:\/\/handicapcar-occasion.com\/wp-content\/uploads\/2023\/05\/Handicapcar-Occasion-decaissement-total-plancher.jpg\" class=\"attachment-large size-large wp-image-361\" alt=\"\" \/>\t\t\t\t\t\t\t\t\t\t\t\t\t\t\t<\/div>\n\t\t\t\t\t<\/div>\n\t\t<\/div>\n\t\t\t\t<div class=\"has_ae_slider elementor-column elementor-col-33 elementor-inner-column elementor-element elementor-element-3ba7944 ae-bg-gallery-type-default\" data-id=\"3ba7944\" data-element_type=\"column\" data-e-type=\"column\">\n\t\t\t<div class=\"elementor-widget-wrap elementor-element-populated\">\n\t\t\t\t\t\t<div class=\"elementor-element elementor-element-b8213f2 elementor-widget elementor-widget-text-editor\" data-id=\"b8213f2\" data-element_type=\"widget\" data-e-type=\"widget\" data-widget_type=\"text-editor.default\">\n\t\t\t\t\t\t\t\t\t<p style=\"text-align: left;\"><strong><span style=\"text-decoration: underline;\"><span style=\"color: #517390; text-decoration: underline;\">Le d\u00e9caissement du plancher arri\u00e8re<\/span><\/span><\/strong> augmente la hauteur de passage pour une meilleure accessibilit\u00e9 \u00e0 l\u2019int\u00e9rieur du v\u00e9hicule.<\/p><p style=\"text-align: left;\">Les v\u00e9hicules d\u00e9caiss\u00e9s \u00e0 l\u2019arri\u00e8re sont principalement Kangoo, Berlingo, Partner, Caddy&#8230;<\/p>\t\t\t\t\t\t\t\t<\/div>\n\t\t\t\t<div class=\"elementor-element elementor-element-12b6c5e elementor-widget elementor-widget-image\" data-id=\"12b6c5e\" data-element_type=\"widget\" data-e-type=\"widget\" data-widget_type=\"image.default\">\n\t\t\t\t\t\t\t\t\t\t\t\t\t\t\t<img loading=\"lazy\" decoding=\"async\" width=\"300\" height=\"300\" src=\"https:\/\/handicapcar-occasion.com\/wp-content\/uploads\/2023\/05\/Handicapcar-Occasion-decaissement-plancher-arriere-vehicule-tpmr.jpeg\" class=\"attachment-large size-large wp-image-360\" alt=\"\" srcset=\"https:\/\/handicapcar-occasion.com\/wp-content\/uploads\/2023\/05\/Handicapcar-Occasion-decaissement-plancher-arriere-vehicule-tpmr.jpeg 300w, https:\/\/handicapcar-occasion.com\/wp-content\/uploads\/2023\/05\/Handicapcar-Occasion-decaissement-plancher-arriere-vehicule-tpmr-150x150.jpeg 150w\" sizes=\"(max-width: 300px) 100vw, 300px\" \/>\t\t\t\t\t\t\t\t\t\t\t\t\t\t\t<\/div>\n\t\t\t\t\t<\/div>\n\t\t<\/div>\n\t\t\t\t<div class=\"has_ae_slider elementor-column elementor-col-33 elementor-inner-column elementor-element elementor-element-d902f3d ae-bg-gallery-type-default\" data-id=\"d902f3d\" data-element_type=\"column\" data-e-type=\"column\">\n\t\t\t<div class=\"elementor-widget-wrap elementor-element-populated\">\n\t\t\t\t\t\t<div class=\"elementor-element elementor-element-d22ca55 elementor-widget elementor-widget-text-editor\" data-id=\"d22ca55\" data-element_type=\"widget\" data-e-type=\"widget\" data-widget_type=\"text-editor.default\">\n\t\t\t\t\t\t\t\t\t<p style=\"text-align: left;\"><strong><span style=\"text-decoration: underline;\"><span style=\"color: #517390; text-decoration: underline;\">Plancher plat<\/span><\/span><\/strong>\u00a0 : avec ce type d\u2019am\u00e9nagement, certains v\u00e9hicules peuvent accueillir jusqu\u2019\u00e0 5 fauteuils roulants. Sur certains v\u00e9hicules en version L1H1 ( Trafic, T5.. ) il faudra faire attention \u00e0 la hauteur int\u00e9rieure qui est souvent probl\u00e9matique, car elle est r\u00e9duite par rapport \u00e0 celle d\u2019un v\u00e9hicule d\u00e9caiss\u00e9.<\/p>\t\t\t\t\t\t\t\t<\/div>\n\t\t\t\t<div class=\"elementor-element elementor-element-8e5ce79 elementor-widget elementor-widget-image\" data-id=\"8e5ce79\" data-element_type=\"widget\" data-e-type=\"widget\" data-widget_type=\"image.default\">\n\t\t\t\t\t\t\t\t\t\t\t\t\t\t\t<img loading=\"lazy\" decoding=\"async\" width=\"750\" height=\"500\" src=\"https:\/\/handicapcar-occasion.com\/wp-content\/uploads\/2023\/05\/Handicapcar-Occasion-plancher-plat-vehicule-tpmr.jpg\" class=\"attachment-large size-large wp-image-363\" alt=\"\" srcset=\"https:\/\/handicapcar-occasion.com\/wp-content\/uploads\/2023\/05\/Handicapcar-Occasion-plancher-plat-vehicule-tpmr.jpg 750w, https:\/\/handicapcar-occasion.com\/wp-content\/uploads\/2023\/05\/Handicapcar-Occasion-plancher-plat-vehicule-tpmr-480x320.jpg 480w\" sizes=\"(max-width: 750px) 100vw, 750px\" \/>\t\t\t\t\t\t\t\t\t\t\t\t\t\t\t<\/div>\n\t\t\t\t\t<\/div>\n\t\t<\/div>\n\t\t\t\t\t<\/div>\n\t\t<\/section>\n\t\t\t\t<div class=\"elementor-element elementor-element-592661c elementor-widget elementor-widget-text-editor\" data-id=\"592661c\" data-element_type=\"widget\" data-e-type=\"widget\" data-widget_type=\"text-editor.default\">\n\t\t\t\t\t\t\t\t\t<p style=\"text-align: left;\"><strong><span style=\"text-decoration: underline;\"><span style=\"color: #517390; text-decoration: underline;\">Les suspensions pneumatiques<\/span><\/span><\/strong> permettent l\u2019abaissement arri\u00e8re du v\u00e9hicule qui facilite l\u2019acc\u00e8s du fauteuil roulant. La rampe d\u2019acc\u00e8s est ainsi plus courte et profite d\u2019une pente plus douce.<\/p>\t\t\t\t\t\t\t\t<\/div>\n\t\t\t\t<section class=\"has_ae_slider elementor-section elementor-inner-section elementor-element elementor-element-488c5d3 elementor-section-boxed elementor-section-height-default elementor-section-height-default ae-bg-gallery-type-default\" data-id=\"488c5d3\" data-element_type=\"section\" data-e-type=\"section\">\n\t\t\t\t\t\t<div class=\"elementor-container elementor-column-gap-default\">\n\t\t\t\t\t<div class=\"has_ae_slider elementor-column elementor-col-50 elementor-inner-column elementor-element elementor-element-29c91fc ae-bg-gallery-type-default\" data-id=\"29c91fc\" data-element_type=\"column\" data-e-type=\"column\">\n\t\t\t<div class=\"elementor-widget-wrap elementor-element-populated\">\n\t\t\t\t\t\t<div class=\"elementor-element elementor-element-b3ae29d elementor-widget elementor-widget-image\" data-id=\"b3ae29d\" data-element_type=\"widget\" data-e-type=\"widget\" data-widget_type=\"image.default\">\n\t\t\t\t\t\t\t\t\t\t\t\t\t\t\t<img loading=\"lazy\" decoding=\"async\" width=\"469\" height=\"357\" src=\"https:\/\/handicapcar-occasion.com\/wp-content\/uploads\/2023\/05\/Handicapcar-Occasion-suspension-pneumatique-1-e1683626671605.jpg\" class=\"attachment-large size-large wp-image-366\" alt=\"\" \/>\t\t\t\t\t\t\t\t\t\t\t\t\t\t\t<\/div>\n\t\t\t\t\t<\/div>\n\t\t<\/div>\n\t\t\t\t<div class=\"has_ae_slider elementor-column elementor-col-50 elementor-inner-column elementor-element elementor-element-8a5df3f ae-bg-gallery-type-default\" data-id=\"8a5df3f\" data-element_type=\"column\" data-e-type=\"column\">\n\t\t\t<div class=\"elementor-widget-wrap elementor-element-populated\">\n\t\t\t\t\t\t<div class=\"elementor-element elementor-element-b91d586 elementor-widget elementor-widget-image\" data-id=\"b91d586\" data-element_type=\"widget\" data-e-type=\"widget\" data-widget_type=\"image.default\">\n\t\t\t\t\t\t\t\t\t\t\t\t\t\t\t<img loading=\"lazy\" decoding=\"async\" width=\"528\" height=\"472\" src=\"https:\/\/handicapcar-occasion.com\/wp-content\/uploads\/2023\/05\/Handicapcar-Occasion-suspension-pneumatique-2.jpg\" class=\"attachment-large size-large wp-image-367\" alt=\"\" srcset=\"https:\/\/handicapcar-occasion.com\/wp-content\/uploads\/2023\/05\/Handicapcar-Occasion-suspension-pneumatique-2.jpg 528w, https:\/\/handicapcar-occasion.com\/wp-content\/uploads\/2023\/05\/Handicapcar-Occasion-suspension-pneumatique-2-480x429.jpg 480w\" sizes=\"(max-width: 528px) 100vw, 528px\" \/>\t\t\t\t\t\t\t\t\t\t\t\t\t\t\t<\/div>\n\t\t\t\t\t<\/div>\n\t\t<\/div>\n\t\t\t\t\t<\/div>\n\t\t<\/section>\n\t\t\t\t\t<\/div>\n\t\t<\/div>\n\t\t\t\t\t<\/div>\n\t\t<\/section>\n\t\t\t\t<section class=\"has_ae_slider elementor-section elementor-top-section elementor-element elementor-element-d13ffcd elementor-section-boxed elementor-section-height-default elementor-section-height-default ae-bg-gallery-type-default\" data-id=\"d13ffcd\" data-element_type=\"section\" data-e-type=\"section\">\n\t\t\t\t\t\t<div class=\"elementor-container elementor-column-gap-default\">\n\t\t\t\t\t<div class=\"has_ae_slider elementor-column elementor-col-100 elementor-top-column elementor-element elementor-element-4f60732 ae-bg-gallery-type-default\" data-id=\"4f60732\" data-element_type=\"column\" data-e-type=\"column\">\n\t\t\t<div class=\"elementor-widget-wrap elementor-element-populated\">\n\t\t\t\t\t\t<div class=\"elementor-element elementor-element-2428422 elementor-widget elementor-widget-heading\" data-id=\"2428422\" data-element_type=\"widget\" data-e-type=\"widget\" data-widget_type=\"heading.default\">\n\t\t\t\t\t<h2 class=\"elementor-heading-title elementor-size-default\">S\u00c9CURIT\u00c9<\/h2>\t\t\t\t<\/div>\n\t\t\t\t<section class=\"has_ae_slider elementor-section elementor-inner-section elementor-element elementor-element-1967e03 elementor-section-boxed elementor-section-height-default elementor-section-height-default ae-bg-gallery-type-default\" data-id=\"1967e03\" data-element_type=\"section\" data-e-type=\"section\">\n\t\t\t\t\t\t<div class=\"elementor-container elementor-column-gap-default\">\n\t\t\t\t\t<div class=\"has_ae_slider elementor-column elementor-col-50 elementor-inner-column elementor-element elementor-element-bfc4e96 ae-bg-gallery-type-default\" data-id=\"bfc4e96\" data-element_type=\"column\" data-e-type=\"column\">\n\t\t\t<div class=\"elementor-widget-wrap elementor-element-populated\">\n\t\t\t\t\t\t<div class=\"elementor-element elementor-element-d8d91ad elementor-vertical-align-top elementor-widget elementor-widget-image-box\" data-id=\"d8d91ad\" data-element_type=\"widget\" data-e-type=\"widget\" data-widget_type=\"image-box.default\">\n\t\t\t\t\t<div class=\"elementor-image-box-wrapper\"><div class=\"elementor-image-box-content\"><p class=\"elementor-image-box-description\"><span style=\"color: #517390\"><strong>Les syst\u00e8mes d\u2019ancrage <\/strong><\/span>pr\u00e9vus dans les v\u00e9hicules con\u00e7us pour transporter un ou plusieurs fauteuils sont des syst\u00e8mes \u00e0 4 points de fixations.\n<\/p><\/div><\/div>\t\t\t\t<\/div>\n\t\t\t\t<div class=\"elementor-element elementor-element-8bc9c9a elementor-widget elementor-widget-text-editor\" data-id=\"8bc9c9a\" data-element_type=\"widget\" data-e-type=\"widget\" data-widget_type=\"text-editor.default\">\n\t\t\t\t\t\t\t\t\t<p><i>Il existe diff\u00e9rentes solutions:<\/i><\/p>\t\t\t\t\t\t\t\t<\/div>\n\t\t\t\t<div class=\"elementor-element elementor-element-57ec24f elementor-position-left elementor-vertical-align-top elementor-widget elementor-widget-image-box\" data-id=\"57ec24f\" data-element_type=\"widget\" data-e-type=\"widget\" data-widget_type=\"image-box.default\">\n\t\t\t\t\t<div class=\"elementor-image-box-wrapper\"><figure class=\"elementor-image-box-img\"><img loading=\"lazy\" decoding=\"async\" width=\"100\" height=\"100\" src=\"https:\/\/handicapcar-occasion.com\/wp-content\/uploads\/2023\/05\/1.png\" class=\"attachment-full size-full wp-image-380\" alt=\"\" \/><\/figure><div class=\"elementor-image-box-content\"><p class=\"elementor-image-box-description\">Enrouleurs int\u00e9gr\u00e9s au plancher du v\u00e9hicule<\/p><\/div><\/div>\t\t\t\t<\/div>\n\t\t\t\t<div class=\"elementor-element elementor-element-b1f909b elementor-position-left elementor-vertical-align-top elementor-widget elementor-widget-image-box\" data-id=\"b1f909b\" data-element_type=\"widget\" data-e-type=\"widget\" data-widget_type=\"image-box.default\">\n\t\t\t\t\t<div class=\"elementor-image-box-wrapper\"><figure class=\"elementor-image-box-img\"><img loading=\"lazy\" decoding=\"async\" width=\"100\" height=\"100\" src=\"https:\/\/handicapcar-occasion.com\/wp-content\/uploads\/2023\/05\/2.png\" class=\"attachment-full size-full wp-image-381\" alt=\"\" \/><\/figure><div class=\"elementor-image-box-content\"><p class=\"elementor-image-box-description\">Points d\u2019ancrage fixes<\/p><\/div><\/div>\t\t\t\t<\/div>\n\t\t\t\t<div class=\"elementor-element elementor-element-1f1b59d elementor-position-left elementor-vertical-align-top elementor-widget elementor-widget-image-box\" data-id=\"1f1b59d\" data-element_type=\"widget\" data-e-type=\"widget\" data-widget_type=\"image-box.default\">\n\t\t\t\t\t<div class=\"elementor-image-box-wrapper\"><figure class=\"elementor-image-box-img\"><img loading=\"lazy\" decoding=\"async\" width=\"100\" height=\"100\" src=\"https:\/\/handicapcar-occasion.com\/wp-content\/uploads\/2023\/05\/3.png\" class=\"attachment-full size-full wp-image-382\" alt=\"\" \/><\/figure><div class=\"elementor-image-box-content\"><p class=\"elementor-image-box-description\">Enrouleurs manuels<\/p><\/div><\/div>\t\t\t\t<\/div>\n\t\t\t\t<div class=\"elementor-element elementor-element-967f5c7 elementor-position-left elementor-vertical-align-top elementor-widget elementor-widget-image-box\" data-id=\"967f5c7\" data-element_type=\"widget\" data-e-type=\"widget\" data-widget_type=\"image-box.default\">\n\t\t\t\t\t<div class=\"elementor-image-box-wrapper\"><figure class=\"elementor-image-box-img\"><img loading=\"lazy\" decoding=\"async\" width=\"100\" height=\"100\" src=\"https:\/\/handicapcar-occasion.com\/wp-content\/uploads\/2023\/05\/4.png\" class=\"attachment-full size-full wp-image-383\" alt=\"\" \/><\/figure><div class=\"elementor-image-box-content\"><p class=\"elementor-image-box-description\">Rails d'ancrage<\/p><\/div><\/div>\t\t\t\t<\/div>\n\t\t\t\t<div class=\"elementor-element elementor-element-ddee81c elementor-widget elementor-widget-image\" data-id=\"ddee81c\" data-element_type=\"widget\" data-e-type=\"widget\" data-widget_type=\"image.default\">\n\t\t\t\t\t\t\t\t\t\t\t\t\t\t\t<img decoding=\"async\" src=\"https:\/\/handicapcar-occasion.com\/wp-content\/uploads\/2023\/05\/Securite-TPMR-2.jpg\" title=\"\" alt=\"\" loading=\"lazy\" \/>\t\t\t\t\t\t\t\t\t\t\t\t\t\t\t<\/div>\n\t\t\t\t\t<\/div>\n\t\t<\/div>\n\t\t\t\t<div class=\"has_ae_slider elementor-column elementor-col-50 elementor-inner-column elementor-element elementor-element-703e1d0 ae-bg-gallery-type-default\" data-id=\"703e1d0\" data-element_type=\"column\" data-e-type=\"column\">\n\t\t\t<div class=\"elementor-widget-wrap elementor-element-populated\">\n\t\t\t\t\t\t<div class=\"elementor-element elementor-element-c89b089 elementor-position-left elementor-vertical-align-top elementor-widget elementor-widget-image-box\" data-id=\"c89b089\" data-element_type=\"widget\" data-e-type=\"widget\" data-widget_type=\"image-box.default\">\n\t\t\t\t\t<div class=\"elementor-image-box-wrapper\"><figure class=\"elementor-image-box-img\"><img loading=\"lazy\" decoding=\"async\" width=\"100\" height=\"100\" src=\"https:\/\/handicapcar-occasion.com\/wp-content\/uploads\/2023\/05\/5.png\" class=\"attachment-full size-full wp-image-384\" alt=\"\" \/><\/figure><div class=\"elementor-image-box-content\"><p class=\"elementor-image-box-description\"><span style=\"color: #517390\"><strong>La ceinture ventrale <\/strong><\/span> se fixe sur le syst\u00e8me d\u2019enrouleur et permet en cas de choc de retenir le bassin de la personne au fond du fauteuil. La ceinture ventrale constitue un syst\u00e8me de retenue 2 points<\/p><\/div><\/div>\t\t\t\t<\/div>\n\t\t\t\t<div class=\"elementor-element elementor-element-c9c4262 elementor-position-left elementor-vertical-align-top elementor-widget elementor-widget-image-box\" data-id=\"c9c4262\" data-element_type=\"widget\" data-e-type=\"widget\" data-widget_type=\"image-box.default\">\n\t\t\t\t\t<div class=\"elementor-image-box-wrapper\"><figure class=\"elementor-image-box-img\"><img loading=\"lazy\" decoding=\"async\" width=\"100\" height=\"100\" src=\"https:\/\/handicapcar-occasion.com\/wp-content\/uploads\/2023\/05\/6.png\" class=\"attachment-full size-full wp-image-385\" alt=\"\" \/><\/figure><div class=\"elementor-image-box-content\"><p class=\"elementor-image-box-description\"><span style=\"color: #517390\"><strong>La ceinture \u00e9pauli\u00e8re <\/strong><\/span> est fix\u00e9e \u00e0 un point d\u2019ancrage sur le carrosserie du v\u00e9hicule afin de retenir la partie haute du corps.<\/p><\/div><\/div>\t\t\t\t<\/div>\n\t\t\t\t<div class=\"elementor-element elementor-element-fc92218 elementor-widget elementor-widget-image\" data-id=\"fc92218\" data-element_type=\"widget\" data-e-type=\"widget\" data-widget_type=\"image.default\">\n\t\t\t\t\t\t\t\t\t\t\t\t\t\t\t<img loading=\"lazy\" decoding=\"async\" width=\"560\" height=\"400\" src=\"https:\/\/handicapcar-occasion.com\/wp-content\/uploads\/2023\/05\/Securite-TPMR-2-1.jpg\" class=\"attachment-large size-large wp-image-529\" alt=\"\" srcset=\"https:\/\/handicapcar-occasion.com\/wp-content\/uploads\/2023\/05\/Securite-TPMR-2-1.jpg 560w, https:\/\/handicapcar-occasion.com\/wp-content\/uploads\/2023\/05\/Securite-TPMR-2-1-480x343.jpg 480w\" sizes=\"(max-width: 560px) 100vw, 560px\" \/>\t\t\t\t\t\t\t\t\t\t\t\t\t\t\t<\/div>\n\t\t\t\t\t<\/div>\n\t\t<\/div>\n\t\t\t\t\t<\/div>\n\t\t<\/section>\n\t\t\t\t\t<\/div>\n\t\t<\/div>\n\t\t\t\t\t<\/div>\n\t\t<\/section>\n\t\t\t\t<section class=\"has_ae_slider elementor-section elementor-top-section elementor-element elementor-element-1e163be elementor-section-boxed elementor-section-height-default elementor-section-height-default ae-bg-gallery-type-default\" data-id=\"1e163be\" data-element_type=\"section\" data-e-type=\"section\">\n\t\t\t\t\t\t<div class=\"elementor-container elementor-column-gap-default\">\n\t\t\t\t\t<div class=\"has_ae_slider elementor-column elementor-col-100 elementor-top-column elementor-element elementor-element-840d96f ae-bg-gallery-type-default\" data-id=\"840d96f\" data-element_type=\"column\" data-e-type=\"column\">\n\t\t\t<div class=\"elementor-widget-wrap elementor-element-populated\">\n\t\t\t\t\t\t<div class=\"elementor-element elementor-element-7608b6b elementor-widget elementor-widget-heading\" data-id=\"7608b6b\" data-element_type=\"widget\" data-e-type=\"widget\" data-widget_type=\"heading.default\">\n\t\t\t\t\t<h2 class=\"elementor-heading-title elementor-size-default\">AIDES AU FINANCEMENT D\u2019UN V\u00c9HICULE TPMR D\u2019OCCASION<\/h2>\t\t\t\t<\/div>\n\t\t\t\t<div class=\"elementor-element elementor-element-9b108ac elementor-widget elementor-widget-text-editor\" data-id=\"9b108ac\" data-element_type=\"widget\" data-e-type=\"widget\" data-widget_type=\"text-editor.default\">\n\t\t\t\t\t\t\t\t\t<p><span style=\"color: #517390;\"><strong>M.D.P.H<\/strong><\/span><\/p><ul><li>Les Maisons D\u00e9partementales pour les Personnes Handicap\u00e9es<\/li><\/ul><ul><li>La prestation de compensation du handicap (PCH)<\/li><\/ul><p>\u00a0<\/p><p><strong><span style=\"color: #517390;\">A.G.E.F.I.P.H<\/span><\/strong><\/p><ul><li>L\u2019Association de Gestion du Fonds pour l\u2019Insertion Professionnelle des Personnes Handicap\u00e9es<\/li><\/ul><p>\u00a0<\/p><p><strong><span style=\"color: #517390;\">F.I.P.H.F.P<\/span><\/strong><\/p><ul><li>Le\u00a0Fonds pour l\u2019Insertion des Personnes Handicap\u00e9es dans la Fonction Publique.<\/li><\/ul><p>\u00a0<\/p><p><strong><span style=\"color: #517390;\">LES AIDES INDIVIDUELLES :<\/span><\/strong><\/p><ul><li>Caisses de retraite<\/li><li>S\u00e9curit\u00e9 sociale<\/li><li>Mutuelles<\/li><li>CAF<\/li><li>Comit\u00e9s d\u2019entreprise<\/li><li>Fondations \/ associations<\/li><li>Services sociaux<\/li><\/ul>\t\t\t\t\t\t\t\t<\/div>\n\t\t\t\t\t<\/div>\n\t\t<\/div>\n\t\t\t\t\t<\/div>\n\t\t<\/section>\n\t\t\t\t<section class=\"has_ae_slider elementor-section elementor-top-section elementor-element elementor-element-a7d75f9 elementor-section-boxed elementor-section-height-default elementor-section-height-default ae-bg-gallery-type-default\" data-id=\"a7d75f9\" data-element_type=\"section\" data-e-type=\"section\">\n\t\t\t\t\t\t<div class=\"elementor-container elementor-column-gap-default\">\n\t\t\t\t\t<div class=\"has_ae_slider elementor-column elementor-col-100 elementor-top-column elementor-element elementor-element-021a0e9 ae-bg-gallery-type-default\" data-id=\"021a0e9\" data-element_type=\"column\" data-e-type=\"column\">\n\t\t\t<div class=\"elementor-widget-wrap elementor-element-populated\">\n\t\t\t\t\t\t<section class=\"has_ae_slider elementor-section elementor-inner-section elementor-element elementor-element-c2523cb elementor-section-boxed elementor-section-height-default elementor-section-height-default ae-bg-gallery-type-default\" data-id=\"c2523cb\" data-element_type=\"section\" data-e-type=\"section\">\n\t\t\t\t\t\t<div class=\"elementor-container elementor-column-gap-wide\">\n\t\t\t\t\t<div class=\"has_ae_slider elementor-column elementor-col-50 elementor-inner-column elementor-element elementor-element-d6c2ad2 ae-bg-gallery-type-default\" data-id=\"d6c2ad2\" data-element_type=\"column\" data-e-type=\"column\">\n\t\t\t<div class=\"elementor-widget-wrap elementor-element-populated\">\n\t\t\t\t\t\t<div class=\"elementor-element elementor-element-e702f8b elementor-widget elementor-widget-text-editor\" data-id=\"e702f8b\" data-element_type=\"widget\" data-e-type=\"widget\" data-widget_type=\"text-editor.default\">\n\t\t\t\t\t\t\t\t\t<p><span style=\"color: #517390;\"><strong>Vignette Crit\u2019Air <\/strong><\/span><\/p><p>Lorsque la personne handicap\u00e9e est <strong>\u00e0 bord du v\u00e9hicule<\/strong> (qu\u2019elle soit conducteur ou passager) et que sa <strong>carte de stationnement handicap est visible<\/strong>, le v\u00e9hicule b\u00e9n\u00e9ficie d\u2019une d\u00e9rogation pour circuler dans la zone \u00e0 circulation restreinte. Mais cela n\u2019exempte pas le propri\u00e9taire du v\u00e9hicule de l\u2019obligation d\u2019apposer le certificat sur son pare-brise.\u00a0<\/p>\t\t\t\t\t\t\t\t<\/div>\n\t\t\t\t<div class=\"elementor-element elementor-element-d77f17d elementor-widget elementor-widget-image\" data-id=\"d77f17d\" data-element_type=\"widget\" data-e-type=\"widget\" data-widget_type=\"image.default\">\n\t\t\t\t\t\t\t\t\t\t\t\t\t\t\t<img loading=\"lazy\" decoding=\"async\" width=\"600\" height=\"427\" src=\"https:\/\/handicapcar-occasion.com\/wp-content\/uploads\/2023\/05\/Vignette-CritAir.jpg\" class=\"attachment-large size-large wp-image-393\" alt=\"\" srcset=\"https:\/\/handicapcar-occasion.com\/wp-content\/uploads\/2023\/05\/Vignette-CritAir.jpg 600w, https:\/\/handicapcar-occasion.com\/wp-content\/uploads\/2023\/05\/Vignette-CritAir-480x342.jpg 480w\" sizes=\"(max-width: 600px) 100vw, 600px\" \/>\t\t\t\t\t\t\t\t\t\t\t\t\t\t\t<\/div>\n\t\t\t\t<div class=\"elementor-element elementor-element-5df4cdf elementor-widget elementor-widget-image\" data-id=\"5df4cdf\" data-element_type=\"widget\" data-e-type=\"widget\" data-widget_type=\"image.default\">\n\t\t\t\t\t\t\t\t\t\t\t\t\t\t\t<img loading=\"lazy\" decoding=\"async\" width=\"500\" height=\"333\" src=\"https:\/\/handicapcar-occasion.com\/wp-content\/uploads\/2023\/05\/carte_stationnement_handicap.jpeg\" class=\"attachment-large size-large wp-image-358\" alt=\"\" srcset=\"https:\/\/handicapcar-occasion.com\/wp-content\/uploads\/2023\/05\/carte_stationnement_handicap.jpeg 500w, https:\/\/handicapcar-occasion.com\/wp-content\/uploads\/2023\/05\/carte_stationnement_handicap-480x320.jpeg 480w\" sizes=\"(max-width: 500px) 100vw, 500px\" \/>\t\t\t\t\t\t\t\t\t\t\t\t\t\t\t<\/div>\n\t\t\t\t\t<\/div>\n\t\t<\/div>\n\t\t\t\t<div class=\"has_ae_slider elementor-column elementor-col-50 elementor-inner-column elementor-element elementor-element-333055e ae-bg-gallery-type-default\" data-id=\"333055e\" data-element_type=\"column\" data-e-type=\"column\">\n\t\t\t<div class=\"elementor-widget-wrap elementor-element-populated\">\n\t\t\t\t\t\t<div class=\"elementor-element elementor-element-7e567ee elementor-widget elementor-widget-text-editor\" data-id=\"7e567ee\" data-element_type=\"widget\" data-e-type=\"widget\" data-widget_type=\"text-editor.default\">\n\t\t\t\t\t\t\t\t\t<p><span style=\"color: #517390;\"><strong>P\u00e9age autoroute<\/strong><\/span><\/p><p>Si votre v\u00e9hicule \u00e0 <strong>une hauteur<\/strong> de plus de <strong>2 m\u00e8tres<\/strong> et moins de <strong>3 m\u00e8tres<\/strong> vous serez consid\u00e9r\u00e9\u00a0comme v\u00e9hicule\u00a0de classe 2.<br \/>Lors de votre passage, et \u00e0 votre demande, votre v\u00e9hicule de classe 2 am\u00e9nag\u00e9 pour le transport des personnes handicap\u00e9es <strong>b\u00e9n\u00e9ficiera du tarif de classe 1<\/strong> si la carte grise du v\u00e9hicule porte la mention \u00ab\u00a0Handicap\u00a0\u00bb\u00a0et si le macaron \u00ab\u00a0PMR\u00a0\u00bb est bien pr\u00e9sent sur le pare-brise de votre v\u00e9hicule.<br \/><strong>Pour b\u00e9n\u00e9ficier du tarif de classe 1<\/strong>, lors de votre passage au p\u00e9age au moment de payer, appuyer sur le bouton \u00ab\u00a0Assistance\u00a0\u00bb, l\u2018op\u00e9rateur \u00e0 distance v\u00e9rifiera la pr\u00e9sence du macaron \u00ab\u00a0PMR\u00a0\u00bb sur votre v\u00e9hicule et <strong>vous d\u00e9classera en classe 1<\/strong>.<\/p>\t\t\t\t\t\t\t\t<\/div>\n\t\t\t\t<div class=\"elementor-element elementor-element-38fecfe elementor-widget elementor-widget-image\" data-id=\"38fecfe\" data-element_type=\"widget\" data-e-type=\"widget\" data-widget_type=\"image.default\">\n\t\t\t\t\t\t\t\t\t\t\t\t\t\t\t<img loading=\"lazy\" decoding=\"async\" width=\"500\" height=\"375\" src=\"https:\/\/handicapcar-occasion.com\/wp-content\/uploads\/2023\/05\/peage_autoroute_france_handicap.jpg\" class=\"attachment-large size-large wp-image-392\" alt=\"\" srcset=\"https:\/\/handicapcar-occasion.com\/wp-content\/uploads\/2023\/05\/peage_autoroute_france_handicap.jpg 500w, https:\/\/handicapcar-occasion.com\/wp-content\/uploads\/2023\/05\/peage_autoroute_france_handicap-480x360.jpg 480w\" sizes=\"(max-width: 500px) 100vw, 500px\" \/>\t\t\t\t\t\t\t\t\t\t\t\t\t\t\t<\/div>\n\t\t\t\t\t<\/div>\n\t\t<\/div>\n\t\t\t\t\t<\/div>\n\t\t<\/section>\n\t\t\t\t\t<\/div>\n\t\t<\/div>\n\t\t\t\t\t<\/div>\n\t\t<\/section>\n\t\t<div class=\"has_ae_slider elementor-element elementor-element-acbeb59 e-flex e-con-boxed ae-bg-gallery-type-default e-con e-parent\" data-id=\"acbeb59\" data-element_type=\"container\" data-e-type=\"container\">\n\t\t\t\t\t<div class=\"e-con-inner\">\n\t\t\t\t\t<\/div>\n\t\t\t\t<\/div>\n\t\t\t\t<\/div>","protected":false},"excerpt":{"rendered":"<p>ACC\u00c8S AU V\u00c9HICULE Un hayon \u00e9l\u00e9vateur est automatique, il se d\u00e9ploie \u00e0 l\u2019aide d\u2019une t\u00e9l\u00e9commande et assure la mont\u00e9e et [&hellip;]<\/p>\n","protected":false},"author":1,"featured_media":0,"parent":0,"menu_order":0,"comment_status":"closed","ping_status":"closed","template":"elementor_header_footer","meta":{"_acf_changed":false,"site-sidebar-layout":"default","site-content-layout":"","ast-site-content-layout":"default","site-content-style":"default","site-sidebar-style":"default","ast-global-header-display":"","ast-banner-title-visibility":"","ast-main-header-display":"","ast-hfb-above-header-display":"","ast-hfb-below-header-display":"","ast-hfb-mobile-header-display":"","site-post-title":"","ast-breadcrumbs-content":"","ast-featured-img":"","footer-sml-layout":"","ast-disable-related-posts":"","theme-transparent-header-meta":"","adv-header-id-meta":"","stick-header-meta":"","header-above-stick-meta":"","header-main-stick-meta":"","header-below-stick-meta":"","astra-migrate-meta-layouts":"default","ast-page-background-enabled":"default","ast-page-background-meta":{"desktop":{"background-color":"var(--ast-global-color-5)","background-image":"","background-repeat":"repeat","background-position":"center center","background-size":"auto","background-attachment":"scroll","background-type":"","background-media":"","overlay-type":"","overlay-color":"","overlay-opacity":"","overlay-gradient":""},"tablet":{"background-color":"","background-image":"","background-repeat":"repeat","background-position":"center center","background-size":"auto","background-attachment":"scroll","background-type":"","background-media":"","overlay-type":"","overlay-color":"","overlay-opacity":"","overlay-gradient":""},"mobile":{"background-color":"","background-image":"","background-repeat":"repeat","background-position":"center center","background-size":"auto","background-attachment":"scroll","background-type":"","background-media":"","overlay-type":"","overlay-color":"","overlay-opacity":"","overlay-gradient":""}},"ast-content-background-meta":{"desktop":{"background-color":"var(--ast-global-color-4)","background-image":"","background-repeat":"repeat","background-position":"center center","background-size":"auto","background-attachment":"scroll","background-type":"","background-media":"","overlay-type":"","overlay-color":"","overlay-opacity":"","overlay-gradient":""},"tablet":{"background-color":"var(--ast-global-color-4)","background-image":"","background-repeat":"repeat","background-position":"center center","background-size":"auto","background-attachment":"scroll","background-type":"","background-media":"","overlay-type":"","overlay-color":"","overlay-opacity":"","overlay-gradient":""},"mobile":{"background-color":"var(--ast-global-color-4)","background-image":"","background-repeat":"repeat","background-position":"center center","background-size":"auto","background-attachment":"scroll","background-type":"","background-media":"","overlay-type":"","overlay-color":"","overlay-opacity":"","overlay-gradient":""}},"footnotes":""},"class_list":["post-355","page","type-page","status-publish","hentry"],"acf":[],"yoast_head":"<!-- This site is optimized with the Yoast SEO plugin v27.5 - https:\/\/yoast.com\/product\/yoast-seo-wordpress\/ -->\n<title>Qu&#039;est-ce qu&#039;un v\u00e9hicule TPMR ? - HandicapCar Occasion<\/title>\n<meta name=\"robots\" content=\"index, follow, max-snippet:-1, max-image-preview:large, max-video-preview:-1\" \/>\n<link rel=\"canonical\" href=\"https:\/\/handicapcar-occasion.com\/pt\/definition-vehicule-tpmr\/\" \/>\n<meta property=\"og:locale\" content=\"pt_PT\" \/>\n<meta property=\"og:type\" content=\"article\" \/>\n<meta property=\"og:title\" content=\"Qu&#039;est-ce qu&#039;un v\u00e9hicule TPMR ? - HandicapCar Occasion\" \/>\n<meta property=\"og:description\" content=\"ACC\u00c8S AU V\u00c9HICULE Un hayon \u00e9l\u00e9vateur est automatique, il se d\u00e9ploie \u00e0 l\u2019aide d\u2019une t\u00e9l\u00e9commande et assure la mont\u00e9e et [&hellip;]\" \/>\n<meta property=\"og:url\" content=\"https:\/\/handicapcar-occasion.com\/pt\/definition-vehicule-tpmr\/\" \/>\n<meta property=\"og:site_name\" content=\"HandicapCar Occasion\" \/>\n<meta property=\"article:publisher\" content=\"https:\/\/www.facebook.com\/handicapcar.occasion\" \/>\n<meta property=\"article:modified_time\" content=\"2024-07-05T12:01:01+00:00\" \/>\n<meta property=\"og:image\" content=\"https:\/\/handicapcar-occasion.com\/wp-content\/uploads\/2023\/05\/Handicapcar-Occasion-hayon-elevateur.jpg\" \/>\n<meta name=\"twitter:card\" content=\"summary_large_image\" \/>\n<meta name=\"twitter:label1\" content=\"Tempo estimado de leitura\" \/>\n\t<meta name=\"twitter:data1\" content=\"3 minutos\" \/>\n<script type=\"application\/ld+json\" class=\"yoast-schema-graph\">{\"@context\":\"https:\\\/\\\/schema.org\",\"@graph\":[{\"@type\":\"WebPage\",\"@id\":\"https:\\\/\\\/handicapcar-occasion.com\\\/definition-vehicule-tpmr\\\/\",\"url\":\"https:\\\/\\\/handicapcar-occasion.com\\\/definition-vehicule-tpmr\\\/\",\"name\":\"Qu'est-ce qu'un v\u00e9hicule TPMR ? - HandicapCar Occasion\",\"isPartOf\":{\"@id\":\"https:\\\/\\\/handicapcar-occasion.com\\\/#website\"},\"primaryImageOfPage\":{\"@id\":\"https:\\\/\\\/handicapcar-occasion.com\\\/definition-vehicule-tpmr\\\/#primaryimage\"},\"image\":{\"@id\":\"https:\\\/\\\/handicapcar-occasion.com\\\/definition-vehicule-tpmr\\\/#primaryimage\"},\"thumbnailUrl\":\"https:\\\/\\\/handicapcar-occasion.com\\\/wp-content\\\/uploads\\\/2023\\\/05\\\/Handicapcar-Occasion-hayon-elevateur.jpg\",\"datePublished\":\"2024-02-09T20:48:17+00:00\",\"dateModified\":\"2024-07-05T12:01:01+00:00\",\"breadcrumb\":{\"@id\":\"https:\\\/\\\/handicapcar-occasion.com\\\/definition-vehicule-tpmr\\\/#breadcrumb\"},\"inLanguage\":\"pt-PT\",\"potentialAction\":[{\"@type\":\"ReadAction\",\"target\":[\"https:\\\/\\\/handicapcar-occasion.com\\\/definition-vehicule-tpmr\\\/\"]}]},{\"@type\":\"ImageObject\",\"inLanguage\":\"pt-PT\",\"@id\":\"https:\\\/\\\/handicapcar-occasion.com\\\/definition-vehicule-tpmr\\\/#primaryimage\",\"url\":\"https:\\\/\\\/handicapcar-occasion.com\\\/wp-content\\\/uploads\\\/2023\\\/05\\\/Handicapcar-Occasion-hayon-elevateur.jpg\",\"contentUrl\":\"https:\\\/\\\/handicapcar-occasion.com\\\/wp-content\\\/uploads\\\/2023\\\/05\\\/Handicapcar-Occasion-hayon-elevateur.jpg\"},{\"@type\":\"BreadcrumbList\",\"@id\":\"https:\\\/\\\/handicapcar-occasion.com\\\/definition-vehicule-tpmr\\\/#breadcrumb\",\"itemListElement\":[{\"@type\":\"ListItem\",\"position\":1,\"name\":\"Accueil\",\"item\":\"https:\\\/\\\/handicapcar-occasion.com\\\/\"},{\"@type\":\"ListItem\",\"position\":2,\"name\":\"Qu&rsquo;est-ce qu&rsquo;un v\u00e9hicule TPMR ?\"}]},{\"@type\":\"WebSite\",\"@id\":\"https:\\\/\\\/handicapcar-occasion.com\\\/#website\",\"url\":\"https:\\\/\\\/handicapcar-occasion.com\\\/\",\"name\":\"HandicapCar Occasion\",\"description\":\"Achat Vente Location TPMR\",\"publisher\":{\"@id\":\"https:\\\/\\\/handicapcar-occasion.com\\\/#organization\"},\"potentialAction\":[{\"@type\":\"SearchAction\",\"target\":{\"@type\":\"EntryPoint\",\"urlTemplate\":\"https:\\\/\\\/handicapcar-occasion.com\\\/?s={search_term_string}\"},\"query-input\":{\"@type\":\"PropertyValueSpecification\",\"valueRequired\":true,\"valueName\":\"search_term_string\"}}],\"inLanguage\":\"pt-PT\"},{\"@type\":\"Organization\",\"@id\":\"https:\\\/\\\/handicapcar-occasion.com\\\/#organization\",\"name\":\"HandicapCar Occasion\",\"url\":\"https:\\\/\\\/handicapcar-occasion.com\\\/\",\"logo\":{\"@type\":\"ImageObject\",\"inLanguage\":\"pt-PT\",\"@id\":\"https:\\\/\\\/handicapcar-occasion.com\\\/#\\\/schema\\\/logo\\\/image\\\/\",\"url\":\"https:\\\/\\\/handicapcar-occasion.com\\\/wp-content\\\/uploads\\\/2020\\\/07\\\/Logo-Handicapcar-Occasion-web.png\",\"contentUrl\":\"https:\\\/\\\/handicapcar-occasion.com\\\/wp-content\\\/uploads\\\/2020\\\/07\\\/Logo-Handicapcar-Occasion-web.png\",\"width\":512,\"height\":158,\"caption\":\"HandicapCar Occasion\"},\"image\":{\"@id\":\"https:\\\/\\\/handicapcar-occasion.com\\\/#\\\/schema\\\/logo\\\/image\\\/\"},\"sameAs\":[\"https:\\\/\\\/www.facebook.com\\\/handicapcar.occasion\"]}]}<\/script>\n<!-- \/ Yoast SEO plugin. -->","yoast_head_json":{"title":"Qu'est-ce qu'un v\u00e9hicule TPMR ? - HandicapCar Occasion","robots":{"index":"index","follow":"follow","max-snippet":"max-snippet:-1","max-image-preview":"max-image-preview:large","max-video-preview":"max-video-preview:-1"},"canonical":"https:\/\/handicapcar-occasion.com\/pt\/definition-vehicule-tpmr\/","og_locale":"pt_PT","og_type":"article","og_title":"Qu'est-ce qu'un v\u00e9hicule TPMR ? - HandicapCar Occasion","og_description":"ACC\u00c8S AU V\u00c9HICULE Un hayon \u00e9l\u00e9vateur est automatique, il se d\u00e9ploie \u00e0 l\u2019aide d\u2019une t\u00e9l\u00e9commande et assure la mont\u00e9e et [&hellip;]","og_url":"https:\/\/handicapcar-occasion.com\/pt\/definition-vehicule-tpmr\/","og_site_name":"HandicapCar Occasion","article_publisher":"https:\/\/www.facebook.com\/handicapcar.occasion","article_modified_time":"2024-07-05T12:01:01+00:00","og_image":[{"url":"https:\/\/handicapcar-occasion.com\/wp-content\/uploads\/2023\/05\/Handicapcar-Occasion-hayon-elevateur.jpg","type":"","width":"","height":""}],"twitter_card":"summary_large_image","twitter_misc":{"Tempo estimado de leitura":"3 minutos"},"schema":{"@context":"https:\/\/schema.org","@graph":[{"@type":"WebPage","@id":"https:\/\/handicapcar-occasion.com\/definition-vehicule-tpmr\/","url":"https:\/\/handicapcar-occasion.com\/definition-vehicule-tpmr\/","name":"Qu'est-ce qu'un v\u00e9hicule TPMR ? - HandicapCar Occasion","isPartOf":{"@id":"https:\/\/handicapcar-occasion.com\/#website"},"primaryImageOfPage":{"@id":"https:\/\/handicapcar-occasion.com\/definition-vehicule-tpmr\/#primaryimage"},"image":{"@id":"https:\/\/handicapcar-occasion.com\/definition-vehicule-tpmr\/#primaryimage"},"thumbnailUrl":"https:\/\/handicapcar-occasion.com\/wp-content\/uploads\/2023\/05\/Handicapcar-Occasion-hayon-elevateur.jpg","datePublished":"2024-02-09T20:48:17+00:00","dateModified":"2024-07-05T12:01:01+00:00","breadcrumb":{"@id":"https:\/\/handicapcar-occasion.com\/definition-vehicule-tpmr\/#breadcrumb"},"inLanguage":"pt-PT","potentialAction":[{"@type":"ReadAction","target":["https:\/\/handicapcar-occasion.com\/definition-vehicule-tpmr\/"]}]},{"@type":"ImageObject","inLanguage":"pt-PT","@id":"https:\/\/handicapcar-occasion.com\/definition-vehicule-tpmr\/#primaryimage","url":"https:\/\/handicapcar-occasion.com\/wp-content\/uploads\/2023\/05\/Handicapcar-Occasion-hayon-elevateur.jpg","contentUrl":"https:\/\/handicapcar-occasion.com\/wp-content\/uploads\/2023\/05\/Handicapcar-Occasion-hayon-elevateur.jpg"},{"@type":"BreadcrumbList","@id":"https:\/\/handicapcar-occasion.com\/definition-vehicule-tpmr\/#breadcrumb","itemListElement":[{"@type":"ListItem","position":1,"name":"Accueil","item":"https:\/\/handicapcar-occasion.com\/"},{"@type":"ListItem","position":2,"name":"Qu&rsquo;est-ce qu&rsquo;un v\u00e9hicule TPMR ?"}]},{"@type":"WebSite","@id":"https:\/\/handicapcar-occasion.com\/#website","url":"https:\/\/handicapcar-occasion.com\/","name":"HandicapCar Occasion","description":"Achat Vente Location TPMR","publisher":{"@id":"https:\/\/handicapcar-occasion.com\/#organization"},"potentialAction":[{"@type":"SearchAction","target":{"@type":"EntryPoint","urlTemplate":"https:\/\/handicapcar-occasion.com\/?s={search_term_string}"},"query-input":{"@type":"PropertyValueSpecification","valueRequired":true,"valueName":"search_term_string"}}],"inLanguage":"pt-PT"},{"@type":"Organization","@id":"https:\/\/handicapcar-occasion.com\/#organization","name":"HandicapCar Occasion","url":"https:\/\/handicapcar-occasion.com\/","logo":{"@type":"ImageObject","inLanguage":"pt-PT","@id":"https:\/\/handicapcar-occasion.com\/#\/schema\/logo\/image\/","url":"https:\/\/handicapcar-occasion.com\/wp-content\/uploads\/2020\/07\/Logo-Handicapcar-Occasion-web.png","contentUrl":"https:\/\/handicapcar-occasion.com\/wp-content\/uploads\/2020\/07\/Logo-Handicapcar-Occasion-web.png","width":512,"height":158,"caption":"HandicapCar Occasion"},"image":{"@id":"https:\/\/handicapcar-occasion.com\/#\/schema\/logo\/image\/"},"sameAs":["https:\/\/www.facebook.com\/handicapcar.occasion"]}]}},"_links":{"self":[{"href":"https:\/\/handicapcar-occasion.com\/pt\/wp-json\/wp\/v2\/pages\/355","targetHints":{"allow":["GET"]}}],"collection":[{"href":"https:\/\/handicapcar-occasion.com\/pt\/wp-json\/wp\/v2\/pages"}],"about":[{"href":"https:\/\/handicapcar-occasion.com\/pt\/wp-json\/wp\/v2\/types\/page"}],"author":[{"embeddable":true,"href":"https:\/\/handicapcar-occasion.com\/pt\/wp-json\/wp\/v2\/users\/1"}],"replies":[{"embeddable":true,"href":"https:\/\/handicapcar-occasion.com\/pt\/wp-json\/wp\/v2\/comments?post=355"}],"version-history":[{"count":0,"href":"https:\/\/handicapcar-occasion.com\/pt\/wp-json\/wp\/v2\/pages\/355\/revisions"}],"wp:attachment":[{"href":"https:\/\/handicapcar-occasion.com\/pt\/wp-json\/wp\/v2\/media?parent=355"}],"curies":[{"name":"wp","href":"https:\/\/api.w.org\/{rel}","templated":true}]}}