{"id":5004,"date":"2025-06-23T13:33:20","date_gmt":"2025-06-23T11:33:20","guid":{"rendered":"https:\/\/handicapcar-occasion.fr\/?post_type=vehicule-tpmr-neuf&#038;p=5004"},"modified":"2025-06-26T19:21:19","modified_gmt":"2025-06-26T17:21:19","slug":"tpmr-toyota-proace-city-verso-neuf","status":"publish","type":"vehicule-tpmr-neuf","link":"https:\/\/handicapcar-occasion.com\/pt\/vehicule-tpmr-neuf\/tpmr-toyota-proace-city-verso-neuf\/","title":{"rendered":"TPMR \u2013 TOYOTA PROACE CITY VERSO \u2013 NOVO 2025"},"excerpt":{"rendered":"<p>Parce que vous avez besoin d\u2019une voiture qui vous simplifie la<br \/>\nvie au quotidien, sans compromis sur le design, la praticit\u00e9 ou<br \/>\nla tranquillit\u00e9 d\u2019esprit. Toyota, c\u2019est la fiabilit\u00e9 reconnue,<br \/>\nl\u2019\u00e9conomie \u00e0 l\u2019usage et une technologie rassurante. Avec sa configuration TPMR astucieuse et son format compact,<br \/>\nce v\u00e9hicule adapt\u00e9 est votre alli\u00e9 id\u00e9al pour les rendez-vous,<br \/>\nles courses, les balades\u2026 tout devient plus fluide.<\/p>","protected":false},"featured_media":5019,"template":"","meta":{"_acf_changed":false,"site-sidebar-layout":"default","site-content-layout":"","ast-site-content-layout":"default","site-content-style":"default","site-sidebar-style":"default","ast-global-header-display":"","ast-banner-title-visibility":"","ast-main-header-display":"","ast-hfb-above-header-display":"","ast-hfb-below-header-display":"","ast-hfb-mobile-header-display":"","site-post-title":"","ast-breadcrumbs-content":"","ast-featured-img":"","footer-sml-layout":"","ast-disable-related-posts":"","theme-transparent-header-meta":"default","adv-header-id-meta":"","stick-header-meta":"","header-above-stick-meta":"","header-main-stick-meta":"","header-below-stick-meta":"","astra-migrate-meta-layouts":"set","ast-page-background-enabled":"default","ast-page-background-meta":{"desktop":{"background-color":"var(--ast-global-color-5)","background-image":"","background-repeat":"repeat","background-position":"center center","background-size":"auto","background-attachment":"scroll","background-type":"","background-media":"","overlay-type":"","overlay-color":"","overlay-opacity":"","overlay-gradient":""},"tablet":{"background-color":"","background-image":"","background-repeat":"repeat","background-position":"center center","background-size":"auto","background-attachment":"scroll","background-type":"","background-media":"","overlay-type":"","overlay-color":"","overlay-opacity":"","overlay-gradient":""},"mobile":{"background-color":"","background-image":"","background-repeat":"repeat","background-position":"center center","background-size":"auto","background-attachment":"scroll","background-type":"","background-media":"","overlay-type":"","overlay-color":"","overlay-opacity":"","overlay-gradient":""}},"ast-content-background-meta":{"desktop":{"background-color":"var(--ast-global-color-4)","background-image":"","background-repeat":"repeat","background-position":"center center","background-size":"auto","background-attachment":"scroll","background-type":"","background-media":"","overlay-type":"","overlay-color":"","overlay-opacity":"","overlay-gradient":""},"tablet":{"background-color":"var(--ast-global-color-4)","background-image":"","background-repeat":"repeat","background-position":"center center","background-size":"auto","background-attachment":"scroll","background-type":"","background-media":"","overlay-type":"","overlay-color":"","overlay-opacity":"","overlay-gradient":""},"mobile":{"background-color":"var(--ast-global-color-4)","background-image":"","background-repeat":"repeat","background-position":"center center","background-size":"auto","background-attachment":"scroll","background-type":"","background-media":"","overlay-type":"","overlay-color":"","overlay-opacity":"","overlay-gradient":""}}},"categories":[],"class_list":["post-5004","vehicule-tpmr-neuf","type-vehicule-tpmr-neuf","status-publish","has-post-thumbnail","hentry"],"acf":{"photo_gallery":{"photos_du_vehicule":[[{"id":5025,"title":"Photoroom_20250513_021420","caption":"","full_image_url":"https:\/\/handicapcar-occasion.com\/wp-content\/uploads\/2025\/06\/Photoroom_20250513_021420-1.jpeg","thumbnail_image_url":"https:\/\/handicapcar-occasion.com\/wp-content\/uploads\/2025\/06\/Photoroom_20250513_021420-1-150x150.jpeg","large_srcset":"https:\/\/handicapcar-occasion.com\/wp-content\/uploads\/2025\/06\/Photoroom_20250513_021420-1.jpeg 512w, https:\/\/handicapcar-occasion.com\/wp-content\/uploads\/2025\/06\/Photoroom_20250513_021420-1-480x480.jpeg 480w, https:\/\/handicapcar-occasion.com\/wp-content\/uploads\/2025\/06\/Photoroom_20250513_021420-1-150x150.jpeg 150w","medium_srcset":"https:\/\/handicapcar-occasion.com\/wp-content\/uploads\/2025\/06\/Photoroom_20250513_021420-1-480x480.jpeg 480w, https:\/\/handicapcar-occasion.com\/wp-content\/uploads\/2025\/06\/Photoroom_20250513_021420-1-150x150.jpeg 150w, https:\/\/handicapcar-occasion.com\/wp-content\/uploads\/2025\/06\/Photoroom_20250513_021420-1.jpeg 512w","media_details":{"width":512,"height":512,"sizes":{"medium":{"file":"Photoroom_20250513_021420-1-480x480.jpeg","width":480,"height":480,"mime-type":"image\/jpeg","filesize":26344,"source_url":"https:\/\/handicapcar-occasion.com\/wp-content\/uploads\/2025\/06\/Photoroom_20250513_021420-1-480x480.jpeg"},"thumbnail":{"file":"Photoroom_20250513_021420-1-150x150.jpeg","width":150,"height":150,"mime-type":"image\/jpeg","filesize":4212,"source_url":"https:\/\/handicapcar-occasion.com\/wp-content\/uploads\/2025\/06\/Photoroom_20250513_021420-1-150x150.jpeg"}}},"alt_text":"","url":"","target":""},{"id":5024,"title":"Photoroom_20250513_021256","caption":"","full_image_url":"https:\/\/handicapcar-occasion.com\/wp-content\/uploads\/2025\/06\/Photoroom_20250513_021256-1.jpeg","thumbnail_image_url":"https:\/\/handicapcar-occasion.com\/wp-content\/uploads\/2025\/06\/Photoroom_20250513_021256-1-150x150.jpeg","large_srcset":"https:\/\/handicapcar-occasion.com\/wp-content\/uploads\/2025\/06\/Photoroom_20250513_021256-1.jpeg 512w, https:\/\/handicapcar-occasion.com\/wp-content\/uploads\/2025\/06\/Photoroom_20250513_021256-1-480x480.jpeg 480w, https:\/\/handicapcar-occasion.com\/wp-content\/uploads\/2025\/06\/Photoroom_20250513_021256-1-150x150.jpeg 150w","medium_srcset":"https:\/\/handicapcar-occasion.com\/wp-content\/uploads\/2025\/06\/Photoroom_20250513_021256-1-480x480.jpeg 480w, https:\/\/handicapcar-occasion.com\/wp-content\/uploads\/2025\/06\/Photoroom_20250513_021256-1-150x150.jpeg 150w, https:\/\/handicapcar-occasion.com\/wp-content\/uploads\/2025\/06\/Photoroom_20250513_021256-1.jpeg 512w","media_details":{"width":512,"height":512,"sizes":{"medium":{"file":"Photoroom_20250513_021256-1-480x480.jpeg","width":480,"height":480,"mime-type":"image\/jpeg","filesize":27405,"source_url":"https:\/\/handicapcar-occasion.com\/wp-content\/uploads\/2025\/06\/Photoroom_20250513_021256-1-480x480.jpeg"},"thumbnail":{"file":"Photoroom_20250513_021256-1-150x150.jpeg","width":150,"height":150,"mime-type":"image\/jpeg","filesize":4673,"source_url":"https:\/\/handicapcar-occasion.com\/wp-content\/uploads\/2025\/06\/Photoroom_20250513_021256-1-150x150.jpeg"}}},"alt_text":"","url":"","target":""},{"id":5022,"title":"Photoroom_20250513_015651","caption":"","full_image_url":"https:\/\/handicapcar-occasion.com\/wp-content\/uploads\/2025\/06\/Photoroom_20250513_015651-1.jpeg","thumbnail_image_url":"https:\/\/handicapcar-occasion.com\/wp-content\/uploads\/2025\/06\/Photoroom_20250513_015651-1-150x150.jpeg","large_srcset":"https:\/\/handicapcar-occasion.com\/wp-content\/uploads\/2025\/06\/Photoroom_20250513_015651-1.jpeg 896w, https:\/\/handicapcar-occasion.com\/wp-content\/uploads\/2025\/06\/Photoroom_20250513_015651-1-480x480.jpeg 480w, https:\/\/handicapcar-occasion.com\/wp-content\/uploads\/2025\/06\/Photoroom_20250513_015651-1-150x150.jpeg 150w, https:\/\/handicapcar-occasion.com\/wp-content\/uploads\/2025\/06\/Photoroom_20250513_015651-1-768x768.jpeg 768w","medium_srcset":"https:\/\/handicapcar-occasion.com\/wp-content\/uploads\/2025\/06\/Photoroom_20250513_015651-1-480x480.jpeg 480w, https:\/\/handicapcar-occasion.com\/wp-content\/uploads\/2025\/06\/Photoroom_20250513_015651-1-150x150.jpeg 150w, https:\/\/handicapcar-occasion.com\/wp-content\/uploads\/2025\/06\/Photoroom_20250513_015651-1-768x768.jpeg 768w, https:\/\/handicapcar-occasion.com\/wp-content\/uploads\/2025\/06\/Photoroom_20250513_015651-1.jpeg 896w","media_details":{"width":896,"height":896,"sizes":{"medium":{"file":"Photoroom_20250513_015651-1-480x480.jpeg","width":480,"height":480,"mime-type":"image\/jpeg","filesize":26799,"source_url":"https:\/\/handicapcar-occasion.com\/wp-content\/uploads\/2025\/06\/Photoroom_20250513_015651-1-480x480.jpeg"},"thumbnail":{"file":"Photoroom_20250513_015651-1-150x150.jpeg","width":150,"height":150,"mime-type":"image\/jpeg","filesize":4376,"source_url":"https:\/\/handicapcar-occasion.com\/wp-content\/uploads\/2025\/06\/Photoroom_20250513_015651-1-150x150.jpeg"},"medium_large":{"file":"Photoroom_20250513_015651-1-768x768.jpeg","width":768,"height":768,"mime-type":"image\/jpeg","filesize":57938,"source_url":"https:\/\/handicapcar-occasion.com\/wp-content\/uploads\/2025\/06\/Photoroom_20250513_015651-1-768x768.jpeg"}}},"alt_text":"","url":"","target":""},{"id":5023,"title":"Photoroom_20250513_021157","caption":"","full_image_url":"https:\/\/handicapcar-occasion.com\/wp-content\/uploads\/2025\/06\/Photoroom_20250513_021157-1.jpeg","thumbnail_image_url":"https:\/\/handicapcar-occasion.com\/wp-content\/uploads\/2025\/06\/Photoroom_20250513_021157-1-150x150.jpeg","large_srcset":"https:\/\/handicapcar-occasion.com\/wp-content\/uploads\/2025\/06\/Photoroom_20250513_021157-1.jpeg 512w, https:\/\/handicapcar-occasion.com\/wp-content\/uploads\/2025\/06\/Photoroom_20250513_021157-1-480x480.jpeg 480w, https:\/\/handicapcar-occasion.com\/wp-content\/uploads\/2025\/06\/Photoroom_20250513_021157-1-150x150.jpeg 150w","medium_srcset":"https:\/\/handicapcar-occasion.com\/wp-content\/uploads\/2025\/06\/Photoroom_20250513_021157-1-480x480.jpeg 480w, https:\/\/handicapcar-occasion.com\/wp-content\/uploads\/2025\/06\/Photoroom_20250513_021157-1-150x150.jpeg 150w, https:\/\/handicapcar-occasion.com\/wp-content\/uploads\/2025\/06\/Photoroom_20250513_021157-1.jpeg 512w","media_details":{"width":512,"height":512,"sizes":{"medium":{"file":"Photoroom_20250513_021157-1-480x480.jpeg","width":480,"height":480,"mime-type":"image\/jpeg","filesize":24815,"source_url":"https:\/\/handicapcar-occasion.com\/wp-content\/uploads\/2025\/06\/Photoroom_20250513_021157-1-480x480.jpeg"},"thumbnail":{"file":"Photoroom_20250513_021157-1-150x150.jpeg","width":150,"height":150,"mime-type":"image\/jpeg","filesize":4114,"source_url":"https:\/\/handicapcar-occasion.com\/wp-content\/uploads\/2025\/06\/Photoroom_20250513_021157-1-150x150.jpeg"}}},"alt_text":"","url":"","target":""},{"id":5020,"title":"interieur toyota siege avant","caption":"","full_image_url":"https:\/\/handicapcar-occasion.com\/wp-content\/uploads\/2025\/06\/interieur-toyota-siege-avant-1.jpg","thumbnail_image_url":"https:\/\/handicapcar-occasion.com\/wp-content\/uploads\/2025\/06\/interieur-toyota-siege-avant-1-150x150.jpg","large_srcset":"https:\/\/handicapcar-occasion.com\/wp-content\/uploads\/2025\/06\/interieur-toyota-siege-avant-1.jpg 800w, https:\/\/handicapcar-occasion.com\/wp-content\/uploads\/2025\/06\/interieur-toyota-siege-avant-1-480x360.jpg 480w, https:\/\/handicapcar-occasion.com\/wp-content\/uploads\/2025\/06\/interieur-toyota-siege-avant-1-768x576.jpg 768w","medium_srcset":"https:\/\/handicapcar-occasion.com\/wp-content\/uploads\/2025\/06\/interieur-toyota-siege-avant-1-480x360.jpg 480w, https:\/\/handicapcar-occasion.com\/wp-content\/uploads\/2025\/06\/interieur-toyota-siege-avant-1-768x576.jpg 768w, https:\/\/handicapcar-occasion.com\/wp-content\/uploads\/2025\/06\/interieur-toyota-siege-avant-1.jpg 800w","media_details":{"width":800,"height":600,"sizes":{"medium":{"file":"interieur-toyota-siege-avant-1-480x360.jpg","width":480,"height":360,"mime-type":"image\/jpeg","filesize":22648,"source_url":"https:\/\/handicapcar-occasion.com\/wp-content\/uploads\/2025\/06\/interieur-toyota-siege-avant-1-480x360.jpg"},"thumbnail":{"file":"interieur-toyota-siege-avant-1-150x150.jpg","width":150,"height":150,"mime-type":"image\/jpeg","filesize":4244,"source_url":"https:\/\/handicapcar-occasion.com\/wp-content\/uploads\/2025\/06\/interieur-toyota-siege-avant-1-150x150.jpg"},"medium_large":{"file":"interieur-toyota-siege-avant-1-768x576.jpg","width":768,"height":576,"mime-type":"image\/jpeg","filesize":54930,"source_url":"https:\/\/handicapcar-occasion.com\/wp-content\/uploads\/2025\/06\/interieur-toyota-siege-avant-1-768x576.jpg"}}},"alt_text":"","url":"","target":""},{"id":5021,"title":"PCV19-1-Medium-Landscape","caption":"","full_image_url":"https:\/\/handicapcar-occasion.com\/wp-content\/uploads\/2025\/06\/PCV19-1-Medium-Landscape-1.webp","thumbnail_image_url":"https:\/\/handicapcar-occasion.com\/wp-content\/uploads\/2025\/06\/PCV19-1-Medium-Landscape-1-150x150.webp","large_srcset":"https:\/\/handicapcar-occasion.com\/wp-content\/uploads\/2025\/06\/PCV19-1-Medium-Landscape-1-1024x768.webp 1024w, https:\/\/handicapcar-occasion.com\/wp-content\/uploads\/2025\/06\/PCV19-1-Medium-Landscape-1-480x360.webp 480w, https:\/\/handicapcar-occasion.com\/wp-content\/uploads\/2025\/06\/PCV19-1-Medium-Landscape-1-768x576.webp 768w, https:\/\/handicapcar-occasion.com\/wp-content\/uploads\/2025\/06\/PCV19-1-Medium-Landscape-1.webp 1200w","medium_srcset":"https:\/\/handicapcar-occasion.com\/wp-content\/uploads\/2025\/06\/PCV19-1-Medium-Landscape-1-480x360.webp 480w, https:\/\/handicapcar-occasion.com\/wp-content\/uploads\/2025\/06\/PCV19-1-Medium-Landscape-1-1024x768.webp 1024w, https:\/\/handicapcar-occasion.com\/wp-content\/uploads\/2025\/06\/PCV19-1-Medium-Landscape-1-768x576.webp 768w, https:\/\/handicapcar-occasion.com\/wp-content\/uploads\/2025\/06\/PCV19-1-Medium-Landscape-1.webp 1200w","media_details":{"width":1200,"height":900,"sizes":{"medium":{"file":"PCV19-1-Medium-Landscape-1-480x360.webp","width":480,"height":360,"mime-type":"image\/webp","filesize":19526,"source_url":"https:\/\/handicapcar-occasion.com\/wp-content\/uploads\/2025\/06\/PCV19-1-Medium-Landscape-1-480x360.webp"},"large":{"file":"PCV19-1-Medium-Landscape-1-1024x768.webp","width":1024,"height":768,"mime-type":"image\/webp","filesize":60214,"source_url":"https:\/\/handicapcar-occasion.com\/wp-content\/uploads\/2025\/06\/PCV19-1-Medium-Landscape-1-1024x768.webp"},"thumbnail":{"file":"PCV19-1-Medium-Landscape-1-150x150.webp","width":150,"height":150,"mime-type":"image\/webp","filesize":4448,"source_url":"https:\/\/handicapcar-occasion.com\/wp-content\/uploads\/2025\/06\/PCV19-1-Medium-Landscape-1-150x150.webp"},"medium_large":{"file":"PCV19-1-Medium-Landscape-1-768x576.webp","width":768,"height":576,"mime-type":"image\/webp","filesize":39200,"source_url":"https:\/\/handicapcar-occasion.com\/wp-content\/uploads\/2025\/06\/PCV19-1-Medium-Landscape-1-768x576.webp"}}},"alt_text":"","url":"","target":""},{"id":5026,"title":"Toyota ext\u00e9rieur rampe ouverte","caption":"","full_image_url":"https:\/\/handicapcar-occasion.com\/wp-content\/uploads\/2025\/06\/Toyota-exterieur-rampe-ouverte-1.jpg","thumbnail_image_url":"https:\/\/handicapcar-occasion.com\/wp-content\/uploads\/2025\/06\/Toyota-exterieur-rampe-ouverte-1-150x150.jpg","large_srcset":"https:\/\/handicapcar-occasion.com\/wp-content\/uploads\/2025\/06\/Toyota-exterieur-rampe-ouverte-1-1024x684.jpg 1024w, https:\/\/handicapcar-occasion.com\/wp-content\/uploads\/2025\/06\/Toyota-exterieur-rampe-ouverte-1-480x321.jpg 480w, https:\/\/handicapcar-occasion.com\/wp-content\/uploads\/2025\/06\/Toyota-exterieur-rampe-ouverte-1-768x513.jpg 768w, https:\/\/handicapcar-occasion.com\/wp-content\/uploads\/2025\/06\/Toyota-exterieur-rampe-ouverte-1.jpg 1200w","medium_srcset":"https:\/\/handicapcar-occasion.com\/wp-content\/uploads\/2025\/06\/Toyota-exterieur-rampe-ouverte-1-480x321.jpg 480w, https:\/\/handicapcar-occasion.com\/wp-content\/uploads\/2025\/06\/Toyota-exterieur-rampe-ouverte-1-1024x684.jpg 1024w, https:\/\/handicapcar-occasion.com\/wp-content\/uploads\/2025\/06\/Toyota-exterieur-rampe-ouverte-1-768x513.jpg 768w, https:\/\/handicapcar-occasion.com\/wp-content\/uploads\/2025\/06\/Toyota-exterieur-rampe-ouverte-1.jpg 1200w","media_details":{"width":1200,"height":802,"sizes":{"medium":{"file":"Toyota-exterieur-rampe-ouverte-1-480x321.jpg","width":480,"height":321,"mime-type":"image\/jpeg","filesize":27000,"source_url":"https:\/\/handicapcar-occasion.com\/wp-content\/uploads\/2025\/06\/Toyota-exterieur-rampe-ouverte-1-480x321.jpg"},"large":{"file":"Toyota-exterieur-rampe-ouverte-1-1024x684.jpg","width":1024,"height":684,"mime-type":"image\/jpeg","filesize":108321,"source_url":"https:\/\/handicapcar-occasion.com\/wp-content\/uploads\/2025\/06\/Toyota-exterieur-rampe-ouverte-1-1024x684.jpg"},"thumbnail":{"file":"Toyota-exterieur-rampe-ouverte-1-150x150.jpg","width":150,"height":150,"mime-type":"image\/jpeg","filesize":5252,"source_url":"https:\/\/handicapcar-occasion.com\/wp-content\/uploads\/2025\/06\/Toyota-exterieur-rampe-ouverte-1-150x150.jpg"},"medium_large":{"file":"Toyota-exterieur-rampe-ouverte-1-768x513.jpg","width":768,"height":513,"mime-type":"image\/jpeg","filesize":64127,"source_url":"https:\/\/handicapcar-occasion.com\/wp-content\/uploads\/2025\/06\/Toyota-exterieur-rampe-ouverte-1-768x513.jpg"}}},"alt_text":"","url":"","target":""}]],"photos_supplementaires":[[{"id":5025,"title":"Photoroom_20250513_021420","caption":"","full_image_url":"https:\/\/handicapcar-occasion.com\/wp-content\/uploads\/2025\/06\/Photoroom_20250513_021420-1.jpeg","thumbnail_image_url":"https:\/\/handicapcar-occasion.com\/wp-content\/uploads\/2025\/06\/Photoroom_20250513_021420-1-150x150.jpeg","large_srcset":"https:\/\/handicapcar-occasion.com\/wp-content\/uploads\/2025\/06\/Photoroom_20250513_021420-1.jpeg 512w, https:\/\/handicapcar-occasion.com\/wp-content\/uploads\/2025\/06\/Photoroom_20250513_021420-1-480x480.jpeg 480w, https:\/\/handicapcar-occasion.com\/wp-content\/uploads\/2025\/06\/Photoroom_20250513_021420-1-150x150.jpeg 150w","medium_srcset":"https:\/\/handicapcar-occasion.com\/wp-content\/uploads\/2025\/06\/Photoroom_20250513_021420-1-480x480.jpeg 480w, https:\/\/handicapcar-occasion.com\/wp-content\/uploads\/2025\/06\/Photoroom_20250513_021420-1-150x150.jpeg 150w, https:\/\/handicapcar-occasion.com\/wp-content\/uploads\/2025\/06\/Photoroom_20250513_021420-1.jpeg 512w","media_details":{"width":512,"height":512,"sizes":{"medium":{"file":"Photoroom_20250513_021420-1-480x480.jpeg","width":480,"height":480,"mime-type":"image\/jpeg","filesize":26344,"source_url":"https:\/\/handicapcar-occasion.com\/wp-content\/uploads\/2025\/06\/Photoroom_20250513_021420-1-480x480.jpeg"},"thumbnail":{"file":"Photoroom_20250513_021420-1-150x150.jpeg","width":150,"height":150,"mime-type":"image\/jpeg","filesize":4212,"source_url":"https:\/\/handicapcar-occasion.com\/wp-content\/uploads\/2025\/06\/Photoroom_20250513_021420-1-150x150.jpeg"}}},"alt_text":"","url":"","target":""},{"id":5024,"title":"Photoroom_20250513_021256","caption":"","full_image_url":"https:\/\/handicapcar-occasion.com\/wp-content\/uploads\/2025\/06\/Photoroom_20250513_021256-1.jpeg","thumbnail_image_url":"https:\/\/handicapcar-occasion.com\/wp-content\/uploads\/2025\/06\/Photoroom_20250513_021256-1-150x150.jpeg","large_srcset":"https:\/\/handicapcar-occasion.com\/wp-content\/uploads\/2025\/06\/Photoroom_20250513_021256-1.jpeg 512w, https:\/\/handicapcar-occasion.com\/wp-content\/uploads\/2025\/06\/Photoroom_20250513_021256-1-480x480.jpeg 480w, https:\/\/handicapcar-occasion.com\/wp-content\/uploads\/2025\/06\/Photoroom_20250513_021256-1-150x150.jpeg 150w","medium_srcset":"https:\/\/handicapcar-occasion.com\/wp-content\/uploads\/2025\/06\/Photoroom_20250513_021256-1-480x480.jpeg 480w, https:\/\/handicapcar-occasion.com\/wp-content\/uploads\/2025\/06\/Photoroom_20250513_021256-1-150x150.jpeg 150w, https:\/\/handicapcar-occasion.com\/wp-content\/uploads\/2025\/06\/Photoroom_20250513_021256-1.jpeg 512w","media_details":{"width":512,"height":512,"sizes":{"medium":{"file":"Photoroom_20250513_021256-1-480x480.jpeg","width":480,"height":480,"mime-type":"image\/jpeg","filesize":27405,"source_url":"https:\/\/handicapcar-occasion.com\/wp-content\/uploads\/2025\/06\/Photoroom_20250513_021256-1-480x480.jpeg"},"thumbnail":{"file":"Photoroom_20250513_021256-1-150x150.jpeg","width":150,"height":150,"mime-type":"image\/jpeg","filesize":4673,"source_url":"https:\/\/handicapcar-occasion.com\/wp-content\/uploads\/2025\/06\/Photoroom_20250513_021256-1-150x150.jpeg"}}},"alt_text":"","url":"","target":""},{"id":5022,"title":"Photoroom_20250513_015651","caption":"","full_image_url":"https:\/\/handicapcar-occasion.com\/wp-content\/uploads\/2025\/06\/Photoroom_20250513_015651-1.jpeg","thumbnail_image_url":"https:\/\/handicapcar-occasion.com\/wp-content\/uploads\/2025\/06\/Photoroom_20250513_015651-1-150x150.jpeg","large_srcset":"https:\/\/handicapcar-occasion.com\/wp-content\/uploads\/2025\/06\/Photoroom_20250513_015651-1.jpeg 896w, https:\/\/handicapcar-occasion.com\/wp-content\/uploads\/2025\/06\/Photoroom_20250513_015651-1-480x480.jpeg 480w, https:\/\/handicapcar-occasion.com\/wp-content\/uploads\/2025\/06\/Photoroom_20250513_015651-1-150x150.jpeg 150w, https:\/\/handicapcar-occasion.com\/wp-content\/uploads\/2025\/06\/Photoroom_20250513_015651-1-768x768.jpeg 768w","medium_srcset":"https:\/\/handicapcar-occasion.com\/wp-content\/uploads\/2025\/06\/Photoroom_20250513_015651-1-480x480.jpeg 480w, https:\/\/handicapcar-occasion.com\/wp-content\/uploads\/2025\/06\/Photoroom_20250513_015651-1-150x150.jpeg 150w, https:\/\/handicapcar-occasion.com\/wp-content\/uploads\/2025\/06\/Photoroom_20250513_015651-1-768x768.jpeg 768w, https:\/\/handicapcar-occasion.com\/wp-content\/uploads\/2025\/06\/Photoroom_20250513_015651-1.jpeg 896w","media_details":{"width":896,"height":896,"sizes":{"medium":{"file":"Photoroom_20250513_015651-1-480x480.jpeg","width":480,"height":480,"mime-type":"image\/jpeg","filesize":26799,"source_url":"https:\/\/handicapcar-occasion.com\/wp-content\/uploads\/2025\/06\/Photoroom_20250513_015651-1-480x480.jpeg"},"thumbnail":{"file":"Photoroom_20250513_015651-1-150x150.jpeg","width":150,"height":150,"mime-type":"image\/jpeg","filesize":4376,"source_url":"https:\/\/handicapcar-occasion.com\/wp-content\/uploads\/2025\/06\/Photoroom_20250513_015651-1-150x150.jpeg"},"medium_large":{"file":"Photoroom_20250513_015651-1-768x768.jpeg","width":768,"height":768,"mime-type":"image\/jpeg","filesize":57938,"source_url":"https:\/\/handicapcar-occasion.com\/wp-content\/uploads\/2025\/06\/Photoroom_20250513_015651-1-768x768.jpeg"}}},"alt_text":"","url":"","target":""},{"id":5023,"title":"Photoroom_20250513_021157","caption":"","full_image_url":"https:\/\/handicapcar-occasion.com\/wp-content\/uploads\/2025\/06\/Photoroom_20250513_021157-1.jpeg","thumbnail_image_url":"https:\/\/handicapcar-occasion.com\/wp-content\/uploads\/2025\/06\/Photoroom_20250513_021157-1-150x150.jpeg","large_srcset":"https:\/\/handicapcar-occasion.com\/wp-content\/uploads\/2025\/06\/Photoroom_20250513_021157-1.jpeg 512w, https:\/\/handicapcar-occasion.com\/wp-content\/uploads\/2025\/06\/Photoroom_20250513_021157-1-480x480.jpeg 480w, https:\/\/handicapcar-occasion.com\/wp-content\/uploads\/2025\/06\/Photoroom_20250513_021157-1-150x150.jpeg 150w","medium_srcset":"https:\/\/handicapcar-occasion.com\/wp-content\/uploads\/2025\/06\/Photoroom_20250513_021157-1-480x480.jpeg 480w, https:\/\/handicapcar-occasion.com\/wp-content\/uploads\/2025\/06\/Photoroom_20250513_021157-1-150x150.jpeg 150w, https:\/\/handicapcar-occasion.com\/wp-content\/uploads\/2025\/06\/Photoroom_20250513_021157-1.jpeg 512w","media_details":{"width":512,"height":512,"sizes":{"medium":{"file":"Photoroom_20250513_021157-1-480x480.jpeg","width":480,"height":480,"mime-type":"image\/jpeg","filesize":24815,"source_url":"https:\/\/handicapcar-occasion.com\/wp-content\/uploads\/2025\/06\/Photoroom_20250513_021157-1-480x480.jpeg"},"thumbnail":{"file":"Photoroom_20250513_021157-1-150x150.jpeg","width":150,"height":150,"mime-type":"image\/jpeg","filesize":4114,"source_url":"https:\/\/handicapcar-occasion.com\/wp-content\/uploads\/2025\/06\/Photoroom_20250513_021157-1-150x150.jpeg"}}},"alt_text":"","url":"","target":""},{"id":5020,"title":"interieur toyota siege avant","caption":"","full_image_url":"https:\/\/handicapcar-occasion.com\/wp-content\/uploads\/2025\/06\/interieur-toyota-siege-avant-1.jpg","thumbnail_image_url":"https:\/\/handicapcar-occasion.com\/wp-content\/uploads\/2025\/06\/interieur-toyota-siege-avant-1-150x150.jpg","large_srcset":"https:\/\/handicapcar-occasion.com\/wp-content\/uploads\/2025\/06\/interieur-toyota-siege-avant-1.jpg 800w, https:\/\/handicapcar-occasion.com\/wp-content\/uploads\/2025\/06\/interieur-toyota-siege-avant-1-480x360.jpg 480w, https:\/\/handicapcar-occasion.com\/wp-content\/uploads\/2025\/06\/interieur-toyota-siege-avant-1-768x576.jpg 768w","medium_srcset":"https:\/\/handicapcar-occasion.com\/wp-content\/uploads\/2025\/06\/interieur-toyota-siege-avant-1-480x360.jpg 480w, https:\/\/handicapcar-occasion.com\/wp-content\/uploads\/2025\/06\/interieur-toyota-siege-avant-1-768x576.jpg 768w, https:\/\/handicapcar-occasion.com\/wp-content\/uploads\/2025\/06\/interieur-toyota-siege-avant-1.jpg 800w","media_details":{"width":800,"height":600,"sizes":{"medium":{"file":"interieur-toyota-siege-avant-1-480x360.jpg","width":480,"height":360,"mime-type":"image\/jpeg","filesize":22648,"source_url":"https:\/\/handicapcar-occasion.com\/wp-content\/uploads\/2025\/06\/interieur-toyota-siege-avant-1-480x360.jpg"},"thumbnail":{"file":"interieur-toyota-siege-avant-1-150x150.jpg","width":150,"height":150,"mime-type":"image\/jpeg","filesize":4244,"source_url":"https:\/\/handicapcar-occasion.com\/wp-content\/uploads\/2025\/06\/interieur-toyota-siege-avant-1-150x150.jpg"},"medium_large":{"file":"interieur-toyota-siege-avant-1-768x576.jpg","width":768,"height":576,"mime-type":"image\/jpeg","filesize":54930,"source_url":"https:\/\/handicapcar-occasion.com\/wp-content\/uploads\/2025\/06\/interieur-toyota-siege-avant-1-768x576.jpg"}}},"alt_text":"","url":"","target":""},{"id":5021,"title":"PCV19-1-Medium-Landscape","caption":"","full_image_url":"https:\/\/handicapcar-occasion.com\/wp-content\/uploads\/2025\/06\/PCV19-1-Medium-Landscape-1.webp","thumbnail_image_url":"https:\/\/handicapcar-occasion.com\/wp-content\/uploads\/2025\/06\/PCV19-1-Medium-Landscape-1-150x150.webp","large_srcset":"https:\/\/handicapcar-occasion.com\/wp-content\/uploads\/2025\/06\/PCV19-1-Medium-Landscape-1-1024x768.webp 1024w, https:\/\/handicapcar-occasion.com\/wp-content\/uploads\/2025\/06\/PCV19-1-Medium-Landscape-1-480x360.webp 480w, https:\/\/handicapcar-occasion.com\/wp-content\/uploads\/2025\/06\/PCV19-1-Medium-Landscape-1-768x576.webp 768w, https:\/\/handicapcar-occasion.com\/wp-content\/uploads\/2025\/06\/PCV19-1-Medium-Landscape-1.webp 1200w","medium_srcset":"https:\/\/handicapcar-occasion.com\/wp-content\/uploads\/2025\/06\/PCV19-1-Medium-Landscape-1-480x360.webp 480w, https:\/\/handicapcar-occasion.com\/wp-content\/uploads\/2025\/06\/PCV19-1-Medium-Landscape-1-1024x768.webp 1024w, https:\/\/handicapcar-occasion.com\/wp-content\/uploads\/2025\/06\/PCV19-1-Medium-Landscape-1-768x576.webp 768w, https:\/\/handicapcar-occasion.com\/wp-content\/uploads\/2025\/06\/PCV19-1-Medium-Landscape-1.webp 1200w","media_details":{"width":1200,"height":900,"sizes":{"medium":{"file":"PCV19-1-Medium-Landscape-1-480x360.webp","width":480,"height":360,"mime-type":"image\/webp","filesize":19526,"source_url":"https:\/\/handicapcar-occasion.com\/wp-content\/uploads\/2025\/06\/PCV19-1-Medium-Landscape-1-480x360.webp"},"large":{"file":"PCV19-1-Medium-Landscape-1-1024x768.webp","width":1024,"height":768,"mime-type":"image\/webp","filesize":60214,"source_url":"https:\/\/handicapcar-occasion.com\/wp-content\/uploads\/2025\/06\/PCV19-1-Medium-Landscape-1-1024x768.webp"},"thumbnail":{"file":"PCV19-1-Medium-Landscape-1-150x150.webp","width":150,"height":150,"mime-type":"image\/webp","filesize":4448,"source_url":"https:\/\/handicapcar-occasion.com\/wp-content\/uploads\/2025\/06\/PCV19-1-Medium-Landscape-1-150x150.webp"},"medium_large":{"file":"PCV19-1-Medium-Landscape-1-768x576.webp","width":768,"height":576,"mime-type":"image\/webp","filesize":39200,"source_url":"https:\/\/handicapcar-occasion.com\/wp-content\/uploads\/2025\/06\/PCV19-1-Medium-Landscape-1-768x576.webp"}}},"alt_text":"","url":"","target":""},{"id":5026,"title":"Toyota ext\u00e9rieur rampe ouverte","caption":"","full_image_url":"https:\/\/handicapcar-occasion.com\/wp-content\/uploads\/2025\/06\/Toyota-exterieur-rampe-ouverte-1.jpg","thumbnail_image_url":"https:\/\/handicapcar-occasion.com\/wp-content\/uploads\/2025\/06\/Toyota-exterieur-rampe-ouverte-1-150x150.jpg","large_srcset":"https:\/\/handicapcar-occasion.com\/wp-content\/uploads\/2025\/06\/Toyota-exterieur-rampe-ouverte-1-1024x684.jpg 1024w, https:\/\/handicapcar-occasion.com\/wp-content\/uploads\/2025\/06\/Toyota-exterieur-rampe-ouverte-1-480x321.jpg 480w, https:\/\/handicapcar-occasion.com\/wp-content\/uploads\/2025\/06\/Toyota-exterieur-rampe-ouverte-1-768x513.jpg 768w, https:\/\/handicapcar-occasion.com\/wp-content\/uploads\/2025\/06\/Toyota-exterieur-rampe-ouverte-1.jpg 1200w","medium_srcset":"https:\/\/handicapcar-occasion.com\/wp-content\/uploads\/2025\/06\/Toyota-exterieur-rampe-ouverte-1-480x321.jpg 480w, https:\/\/handicapcar-occasion.com\/wp-content\/uploads\/2025\/06\/Toyota-exterieur-rampe-ouverte-1-1024x684.jpg 1024w, https:\/\/handicapcar-occasion.com\/wp-content\/uploads\/2025\/06\/Toyota-exterieur-rampe-ouverte-1-768x513.jpg 768w, https:\/\/handicapcar-occasion.com\/wp-content\/uploads\/2025\/06\/Toyota-exterieur-rampe-ouverte-1.jpg 1200w","media_details":{"width":1200,"height":802,"sizes":{"medium":{"file":"Toyota-exterieur-rampe-ouverte-1-480x321.jpg","width":480,"height":321,"mime-type":"image\/jpeg","filesize":27000,"source_url":"https:\/\/handicapcar-occasion.com\/wp-content\/uploads\/2025\/06\/Toyota-exterieur-rampe-ouverte-1-480x321.jpg"},"large":{"file":"Toyota-exterieur-rampe-ouverte-1-1024x684.jpg","width":1024,"height":684,"mime-type":"image\/jpeg","filesize":108321,"source_url":"https:\/\/handicapcar-occasion.com\/wp-content\/uploads\/2025\/06\/Toyota-exterieur-rampe-ouverte-1-1024x684.jpg"},"thumbnail":{"file":"Toyota-exterieur-rampe-ouverte-1-150x150.jpg","width":150,"height":150,"mime-type":"image\/jpeg","filesize":5252,"source_url":"https:\/\/handicapcar-occasion.com\/wp-content\/uploads\/2025\/06\/Toyota-exterieur-rampe-ouverte-1-150x150.jpg"},"medium_large":{"file":"Toyota-exterieur-rampe-ouverte-1-768x513.jpg","width":768,"height":513,"mime-type":"image\/jpeg","filesize":64127,"source_url":"https:\/\/handicapcar-occasion.com\/wp-content\/uploads\/2025\/06\/Toyota-exterieur-rampe-ouverte-1-768x513.jpg"}}},"alt_text":"","url":"","target":""}],[{"id":5020,"title":"interieur toyota siege avant","caption":"","full_image_url":"https:\/\/handicapcar-occasion.com\/wp-content\/uploads\/2025\/06\/interieur-toyota-siege-avant-1.jpg","thumbnail_image_url":"https:\/\/handicapcar-occasion.com\/wp-content\/uploads\/2025\/06\/interieur-toyota-siege-avant-1-150x150.jpg","large_srcset":"https:\/\/handicapcar-occasion.com\/wp-content\/uploads\/2025\/06\/interieur-toyota-siege-avant-1.jpg 800w, https:\/\/handicapcar-occasion.com\/wp-content\/uploads\/2025\/06\/interieur-toyota-siege-avant-1-480x360.jpg 480w, https:\/\/handicapcar-occasion.com\/wp-content\/uploads\/2025\/06\/interieur-toyota-siege-avant-1-768x576.jpg 768w","medium_srcset":"https:\/\/handicapcar-occasion.com\/wp-content\/uploads\/2025\/06\/interieur-toyota-siege-avant-1-480x360.jpg 480w, https:\/\/handicapcar-occasion.com\/wp-content\/uploads\/2025\/06\/interieur-toyota-siege-avant-1-768x576.jpg 768w, https:\/\/handicapcar-occasion.com\/wp-content\/uploads\/2025\/06\/interieur-toyota-siege-avant-1.jpg 800w","media_details":{"width":800,"height":600,"sizes":{"medium":{"file":"interieur-toyota-siege-avant-1-480x360.jpg","width":480,"height":360,"mime-type":"image\/jpeg","filesize":22648,"source_url":"https:\/\/handicapcar-occasion.com\/wp-content\/uploads\/2025\/06\/interieur-toyota-siege-avant-1-480x360.jpg"},"thumbnail":{"file":"interieur-toyota-siege-avant-1-150x150.jpg","width":150,"height":150,"mime-type":"image\/jpeg","filesize":4244,"source_url":"https:\/\/handicapcar-occasion.com\/wp-content\/uploads\/2025\/06\/interieur-toyota-siege-avant-1-150x150.jpg"},"medium_large":{"file":"interieur-toyota-siege-avant-1-768x576.jpg","width":768,"height":576,"mime-type":"image\/jpeg","filesize":54930,"source_url":"https:\/\/handicapcar-occasion.com\/wp-content\/uploads\/2025\/06\/interieur-toyota-siege-avant-1-768x576.jpg"}}},"alt_text":"","url":"","target":""},{"id":5021,"title":"PCV19-1-Medium-Landscape","caption":"","full_image_url":"https:\/\/handicapcar-occasion.com\/wp-content\/uploads\/2025\/06\/PCV19-1-Medium-Landscape-1.webp","thumbnail_image_url":"https:\/\/handicapcar-occasion.com\/wp-content\/uploads\/2025\/06\/PCV19-1-Medium-Landscape-1-150x150.webp","large_srcset":"https:\/\/handicapcar-occasion.com\/wp-content\/uploads\/2025\/06\/PCV19-1-Medium-Landscape-1-1024x768.webp 1024w, https:\/\/handicapcar-occasion.com\/wp-content\/uploads\/2025\/06\/PCV19-1-Medium-Landscape-1-480x360.webp 480w, https:\/\/handicapcar-occasion.com\/wp-content\/uploads\/2025\/06\/PCV19-1-Medium-Landscape-1-768x576.webp 768w, https:\/\/handicapcar-occasion.com\/wp-content\/uploads\/2025\/06\/PCV19-1-Medium-Landscape-1.webp 1200w","medium_srcset":"https:\/\/handicapcar-occasion.com\/wp-content\/uploads\/2025\/06\/PCV19-1-Medium-Landscape-1-480x360.webp 480w, https:\/\/handicapcar-occasion.com\/wp-content\/uploads\/2025\/06\/PCV19-1-Medium-Landscape-1-1024x768.webp 1024w, https:\/\/handicapcar-occasion.com\/wp-content\/uploads\/2025\/06\/PCV19-1-Medium-Landscape-1-768x576.webp 768w, https:\/\/handicapcar-occasion.com\/wp-content\/uploads\/2025\/06\/PCV19-1-Medium-Landscape-1.webp 1200w","media_details":{"width":1200,"height":900,"sizes":{"medium":{"file":"PCV19-1-Medium-Landscape-1-480x360.webp","width":480,"height":360,"mime-type":"image\/webp","filesize":19526,"source_url":"https:\/\/handicapcar-occasion.com\/wp-content\/uploads\/2025\/06\/PCV19-1-Medium-Landscape-1-480x360.webp"},"large":{"file":"PCV19-1-Medium-Landscape-1-1024x768.webp","width":1024,"height":768,"mime-type":"image\/webp","filesize":60214,"source_url":"https:\/\/handicapcar-occasion.com\/wp-content\/uploads\/2025\/06\/PCV19-1-Medium-Landscape-1-1024x768.webp"},"thumbnail":{"file":"PCV19-1-Medium-Landscape-1-150x150.webp","width":150,"height":150,"mime-type":"image\/webp","filesize":4448,"source_url":"https:\/\/handicapcar-occasion.com\/wp-content\/uploads\/2025\/06\/PCV19-1-Medium-Landscape-1-150x150.webp"},"medium_large":{"file":"PCV19-1-Medium-Landscape-1-768x576.webp","width":768,"height":576,"mime-type":"image\/webp","filesize":39200,"source_url":"https:\/\/handicapcar-occasion.com\/wp-content\/uploads\/2025\/06\/PCV19-1-Medium-Landscape-1-768x576.webp"}}},"alt_text":"","url":"","target":""}]]}},"yoast_head":"<!-- This site is optimized with the Yoast SEO plugin v27.5 - https:\/\/yoast.com\/product\/yoast-seo-wordpress\/ -->\n<title>TPMR - TOYOTA PROACE CITY VERSO - NEUF 2025 - HandicapCar Occasion<\/title>\n<meta name=\"description\" content=\"V\u00e9hicule adapt\u00e9 neuf TPMR - TOYOTA PROACE CITY VERSO - NEUF 2025 1.5L \/ D-4D Diesel 130 CH. Nous contacter pour plus d&#039;informations\" \/>\n<meta name=\"robots\" content=\"index, follow, max-snippet:-1, max-image-preview:large, max-video-preview:-1\" \/>\n<link rel=\"canonical\" href=\"https:\/\/handicapcar-occasion.com\/pt\/vehicule-tpmr-neuf\/tpmr-toyota-proace-city-verso-neuf\/\" \/>\n<meta property=\"og:locale\" content=\"pt_PT\" \/>\n<meta property=\"og:type\" content=\"article\" \/>\n<meta property=\"og:title\" content=\"TPMR - TOYOTA PROACE CITY VERSO - NEUF 2025 - HandicapCar Occasion\" \/>\n<meta property=\"og:description\" content=\"V\u00e9hicule adapt\u00e9 neuf TPMR - TOYOTA PROACE CITY VERSO - NEUF 2025 1.5L \/ D-4D Diesel 130 CH. Nous contacter pour plus d&#039;informations\" \/>\n<meta property=\"og:url\" content=\"https:\/\/handicapcar-occasion.com\/pt\/vehicule-tpmr-neuf\/tpmr-toyota-proace-city-verso-neuf\/\" \/>\n<meta property=\"og:site_name\" content=\"HandicapCar Occasion\" \/>\n<meta property=\"article:publisher\" content=\"https:\/\/www.facebook.com\/handicapcar.occasion\" \/>\n<meta property=\"article:modified_time\" content=\"2025-06-26T17:21:19+00:00\" \/>\n<meta property=\"og:image\" content=\"https:\/\/handicapcar-occasion.com\/wp-content\/uploads\/2025\/06\/IMG_0592-1.jpg\" \/>\n\t<meta property=\"og:image:width\" content=\"1200\" \/>\n\t<meta property=\"og:image:height\" content=\"800\" \/>\n\t<meta property=\"og:image:type\" content=\"image\/jpeg\" \/>\n<meta name=\"twitter:card\" content=\"summary_large_image\" \/>\n<script type=\"application\/ld+json\" class=\"yoast-schema-graph\">{\"@context\":\"https:\\\/\\\/schema.org\",\"@graph\":[{\"@type\":\"WebPage\",\"@id\":\"https:\\\/\\\/handicapcar-occasion.com\\\/vehicule-tpmr-neuf\\\/tpmr-toyota-proace-city-verso-neuf\\\/\",\"url\":\"https:\\\/\\\/handicapcar-occasion.com\\\/vehicule-tpmr-neuf\\\/tpmr-toyota-proace-city-verso-neuf\\\/\",\"name\":\"TPMR - TOYOTA PROACE CITY VERSO - NEUF 2025 - HandicapCar Occasion\",\"isPartOf\":{\"@id\":\"https:\\\/\\\/handicapcar-occasion.com\\\/#website\"},\"primaryImageOfPage\":{\"@id\":\"https:\\\/\\\/handicapcar-occasion.com\\\/vehicule-tpmr-neuf\\\/tpmr-toyota-proace-city-verso-neuf\\\/#primaryimage\"},\"image\":{\"@id\":\"https:\\\/\\\/handicapcar-occasion.com\\\/vehicule-tpmr-neuf\\\/tpmr-toyota-proace-city-verso-neuf\\\/#primaryimage\"},\"thumbnailUrl\":\"https:\\\/\\\/handicapcar-occasion.com\\\/wp-content\\\/uploads\\\/2025\\\/06\\\/IMG_0592-1.jpg\",\"datePublished\":\"2025-06-23T11:33:20+00:00\",\"dateModified\":\"2025-06-26T17:21:19+00:00\",\"description\":\"V\u00e9hicule adapt\u00e9 neuf TPMR - TOYOTA PROACE CITY VERSO - NEUF 2025 1.5L \\\/ D-4D Diesel 130 CH. Nous contacter pour plus d'informations\",\"breadcrumb\":{\"@id\":\"https:\\\/\\\/handicapcar-occasion.com\\\/vehicule-tpmr-neuf\\\/tpmr-toyota-proace-city-verso-neuf\\\/#breadcrumb\"},\"inLanguage\":\"pt-PT\",\"potentialAction\":[{\"@type\":\"ReadAction\",\"target\":[\"https:\\\/\\\/handicapcar-occasion.com\\\/vehicule-tpmr-neuf\\\/tpmr-toyota-proace-city-verso-neuf\\\/\"]}]},{\"@type\":\"ImageObject\",\"inLanguage\":\"pt-PT\",\"@id\":\"https:\\\/\\\/handicapcar-occasion.com\\\/vehicule-tpmr-neuf\\\/tpmr-toyota-proace-city-verso-neuf\\\/#primaryimage\",\"url\":\"https:\\\/\\\/handicapcar-occasion.com\\\/wp-content\\\/uploads\\\/2025\\\/06\\\/IMG_0592-1.jpg\",\"contentUrl\":\"https:\\\/\\\/handicapcar-occasion.com\\\/wp-content\\\/uploads\\\/2025\\\/06\\\/IMG_0592-1.jpg\",\"width\":1200,\"height\":800},{\"@type\":\"BreadcrumbList\",\"@id\":\"https:\\\/\\\/handicapcar-occasion.com\\\/vehicule-tpmr-neuf\\\/tpmr-toyota-proace-city-verso-neuf\\\/#breadcrumb\",\"itemListElement\":[{\"@type\":\"ListItem\",\"position\":1,\"name\":\"Accueil\",\"item\":\"https:\\\/\\\/handicapcar-occasion.com\\\/\"},{\"@type\":\"ListItem\",\"position\":2,\"name\":\"V\u00e9hicules neufs\",\"item\":\"https:\\\/\\\/handicapcar-occasion.com\\\/vehicule-tpmr-neuf\\\/\"},{\"@type\":\"ListItem\",\"position\":3,\"name\":\"TPMR &#8211; TOYOTA PROACE CITY VERSO &#8211; NEUF 2025\"}]},{\"@type\":\"WebSite\",\"@id\":\"https:\\\/\\\/handicapcar-occasion.com\\\/#website\",\"url\":\"https:\\\/\\\/handicapcar-occasion.com\\\/\",\"name\":\"HandicapCar Occasion\",\"description\":\"Achat Vente Location TPMR\",\"publisher\":{\"@id\":\"https:\\\/\\\/handicapcar-occasion.com\\\/#organization\"},\"potentialAction\":[{\"@type\":\"SearchAction\",\"target\":{\"@type\":\"EntryPoint\",\"urlTemplate\":\"https:\\\/\\\/handicapcar-occasion.com\\\/?s={search_term_string}\"},\"query-input\":{\"@type\":\"PropertyValueSpecification\",\"valueRequired\":true,\"valueName\":\"search_term_string\"}}],\"inLanguage\":\"pt-PT\"},{\"@type\":\"Organization\",\"@id\":\"https:\\\/\\\/handicapcar-occasion.com\\\/#organization\",\"name\":\"HandicapCar Occasion\",\"url\":\"https:\\\/\\\/handicapcar-occasion.com\\\/\",\"logo\":{\"@type\":\"ImageObject\",\"inLanguage\":\"pt-PT\",\"@id\":\"https:\\\/\\\/handicapcar-occasion.com\\\/#\\\/schema\\\/logo\\\/image\\\/\",\"url\":\"https:\\\/\\\/handicapcar-occasion.com\\\/wp-content\\\/uploads\\\/2020\\\/07\\\/Logo-Handicapcar-Occasion-web.png\",\"contentUrl\":\"https:\\\/\\\/handicapcar-occasion.com\\\/wp-content\\\/uploads\\\/2020\\\/07\\\/Logo-Handicapcar-Occasion-web.png\",\"width\":512,\"height\":158,\"caption\":\"HandicapCar Occasion\"},\"image\":{\"@id\":\"https:\\\/\\\/handicapcar-occasion.com\\\/#\\\/schema\\\/logo\\\/image\\\/\"},\"sameAs\":[\"https:\\\/\\\/www.facebook.com\\\/handicapcar.occasion\"]}]}<\/script>\n<!-- \/ Yoast SEO plugin. -->","yoast_head_json":{"title":"TPMR - TOYOTA PROACE CITY VERSO - NEUF 2025 - HandicapCar Occasion","description":"V\u00e9hicule adapt\u00e9 neuf TPMR - TOYOTA PROACE CITY VERSO - NEUF 2025 1.5L \/ D-4D Diesel 130 CH. Nous contacter pour plus d'informations","robots":{"index":"index","follow":"follow","max-snippet":"max-snippet:-1","max-image-preview":"max-image-preview:large","max-video-preview":"max-video-preview:-1"},"canonical":"https:\/\/handicapcar-occasion.com\/pt\/vehicule-tpmr-neuf\/tpmr-toyota-proace-city-verso-neuf\/","og_locale":"pt_PT","og_type":"article","og_title":"TPMR - TOYOTA PROACE CITY VERSO - NEUF 2025 - HandicapCar Occasion","og_description":"V\u00e9hicule adapt\u00e9 neuf TPMR - TOYOTA PROACE CITY VERSO - NEUF 2025 1.5L \/ D-4D Diesel 130 CH. Nous contacter pour plus d'informations","og_url":"https:\/\/handicapcar-occasion.com\/pt\/vehicule-tpmr-neuf\/tpmr-toyota-proace-city-verso-neuf\/","og_site_name":"HandicapCar Occasion","article_publisher":"https:\/\/www.facebook.com\/handicapcar.occasion","article_modified_time":"2025-06-26T17:21:19+00:00","og_image":[{"width":1200,"height":800,"url":"https:\/\/handicapcar-occasion.com\/wp-content\/uploads\/2025\/06\/IMG_0592-1.jpg","type":"image\/jpeg"}],"twitter_card":"summary_large_image","schema":{"@context":"https:\/\/schema.org","@graph":[{"@type":"WebPage","@id":"https:\/\/handicapcar-occasion.com\/vehicule-tpmr-neuf\/tpmr-toyota-proace-city-verso-neuf\/","url":"https:\/\/handicapcar-occasion.com\/vehicule-tpmr-neuf\/tpmr-toyota-proace-city-verso-neuf\/","name":"TPMR - TOYOTA PROACE CITY VERSO - NEUF 2025 - HandicapCar Occasion","isPartOf":{"@id":"https:\/\/handicapcar-occasion.com\/#website"},"primaryImageOfPage":{"@id":"https:\/\/handicapcar-occasion.com\/vehicule-tpmr-neuf\/tpmr-toyota-proace-city-verso-neuf\/#primaryimage"},"image":{"@id":"https:\/\/handicapcar-occasion.com\/vehicule-tpmr-neuf\/tpmr-toyota-proace-city-verso-neuf\/#primaryimage"},"thumbnailUrl":"https:\/\/handicapcar-occasion.com\/wp-content\/uploads\/2025\/06\/IMG_0592-1.jpg","datePublished":"2025-06-23T11:33:20+00:00","dateModified":"2025-06-26T17:21:19+00:00","description":"V\u00e9hicule adapt\u00e9 neuf TPMR - TOYOTA PROACE CITY VERSO - NEUF 2025 1.5L \/ D-4D Diesel 130 CH. Nous contacter pour plus d'informations","breadcrumb":{"@id":"https:\/\/handicapcar-occasion.com\/vehicule-tpmr-neuf\/tpmr-toyota-proace-city-verso-neuf\/#breadcrumb"},"inLanguage":"pt-PT","potentialAction":[{"@type":"ReadAction","target":["https:\/\/handicapcar-occasion.com\/vehicule-tpmr-neuf\/tpmr-toyota-proace-city-verso-neuf\/"]}]},{"@type":"ImageObject","inLanguage":"pt-PT","@id":"https:\/\/handicapcar-occasion.com\/vehicule-tpmr-neuf\/tpmr-toyota-proace-city-verso-neuf\/#primaryimage","url":"https:\/\/handicapcar-occasion.com\/wp-content\/uploads\/2025\/06\/IMG_0592-1.jpg","contentUrl":"https:\/\/handicapcar-occasion.com\/wp-content\/uploads\/2025\/06\/IMG_0592-1.jpg","width":1200,"height":800},{"@type":"BreadcrumbList","@id":"https:\/\/handicapcar-occasion.com\/vehicule-tpmr-neuf\/tpmr-toyota-proace-city-verso-neuf\/#breadcrumb","itemListElement":[{"@type":"ListItem","position":1,"name":"Accueil","item":"https:\/\/handicapcar-occasion.com\/"},{"@type":"ListItem","position":2,"name":"V\u00e9hicules neufs","item":"https:\/\/handicapcar-occasion.com\/vehicule-tpmr-neuf\/"},{"@type":"ListItem","position":3,"name":"TPMR &#8211; TOYOTA PROACE CITY VERSO &#8211; NEUF 2025"}]},{"@type":"WebSite","@id":"https:\/\/handicapcar-occasion.com\/#website","url":"https:\/\/handicapcar-occasion.com\/","name":"HandicapCar Occasion","description":"Achat Vente Location TPMR","publisher":{"@id":"https:\/\/handicapcar-occasion.com\/#organization"},"potentialAction":[{"@type":"SearchAction","target":{"@type":"EntryPoint","urlTemplate":"https:\/\/handicapcar-occasion.com\/?s={search_term_string}"},"query-input":{"@type":"PropertyValueSpecification","valueRequired":true,"valueName":"search_term_string"}}],"inLanguage":"pt-PT"},{"@type":"Organization","@id":"https:\/\/handicapcar-occasion.com\/#organization","name":"HandicapCar Occasion","url":"https:\/\/handicapcar-occasion.com\/","logo":{"@type":"ImageObject","inLanguage":"pt-PT","@id":"https:\/\/handicapcar-occasion.com\/#\/schema\/logo\/image\/","url":"https:\/\/handicapcar-occasion.com\/wp-content\/uploads\/2020\/07\/Logo-Handicapcar-Occasion-web.png","contentUrl":"https:\/\/handicapcar-occasion.com\/wp-content\/uploads\/2020\/07\/Logo-Handicapcar-Occasion-web.png","width":512,"height":158,"caption":"HandicapCar Occasion"},"image":{"@id":"https:\/\/handicapcar-occasion.com\/#\/schema\/logo\/image\/"},"sameAs":["https:\/\/www.facebook.com\/handicapcar.occasion"]}]}},"_links":{"self":[{"href":"https:\/\/handicapcar-occasion.com\/pt\/wp-json\/wp\/v2\/vehicule-tpmr-neuf\/5004","targetHints":{"allow":["GET"]}}],"collection":[{"href":"https:\/\/handicapcar-occasion.com\/pt\/wp-json\/wp\/v2\/vehicule-tpmr-neuf"}],"about":[{"href":"https:\/\/handicapcar-occasion.com\/pt\/wp-json\/wp\/v2\/types\/vehicule-tpmr-neuf"}],"wp:featuredmedia":[{"embeddable":true,"href":"https:\/\/handicapcar-occasion.com\/pt\/wp-json\/wp\/v2\/media\/5019"}],"wp:attachment":[{"href":"https:\/\/handicapcar-occasion.com\/pt\/wp-json\/wp\/v2\/media?parent=5004"}],"wp:term":[{"taxonomy":"category","embeddable":true,"href":"https:\/\/handicapcar-occasion.com\/pt\/wp-json\/wp\/v2\/categories?post=5004"}],"curies":[{"name":"wp","href":"https:\/\/api.w.org\/{rel}","templated":true}]}}