{"id":5295,"date":"2025-06-26T15:06:09","date_gmt":"2025-06-26T13:06:09","guid":{"rendered":"https:\/\/handicapcar-occasion.fr\/?post_type=vehicule-tpmr-neuf&#038;p=5295"},"modified":"2025-06-26T19:23:18","modified_gmt":"2025-06-26T17:23:18","slug":"tpmr-ford-grand-tourneo-connect-neuf-2025","status":"publish","type":"vehicule-tpmr-neuf","link":"https:\/\/handicapcar-occasion.com\/pt\/vehicule-tpmr-neuf\/tpmr-ford-grand-tourneo-connect-neuf-2025\/","title":{"rendered":"TPMR \u2013 FORD GRAND TOURNEO CONNECT \u2013 NOVO 2025"},"excerpt":{"rendered":"<p>Parfait pour les taxis qui veulent \u00e9largir leur activit\u00e9 de transport, ce Ford Grand Tourneo Connect TPMR  am\u00e9nag\u00e9 pour recevoir 1 fauteuil roulant ainsi que ses 7 places assises, vous permet d\u2019assurer aussi bien les courses traditionnelles que le transport de personnes \u00e0 mobilit\u00e9 r\u00e9duite, sans changer de v\u00e9hicule.<br \/>\n\u2022 Grace \u00e0 sa configuration modulable, vous r\u00e9pondez aux besoins des h\u00f4pitaux, maisons de retraites, familles, groupes.. tout en b\u00e9n\u00e9ficiant d\u2019un moteur diesel \u00e9conomique fiable et adapt\u00e9 \u00e0 un usage intensif.<\/p>","protected":false},"featured_media":5291,"template":"","meta":{"_acf_changed":false,"site-sidebar-layout":"default","site-content-layout":"","ast-site-content-layout":"default","site-content-style":"default","site-sidebar-style":"default","ast-global-header-display":"","ast-banner-title-visibility":"","ast-main-header-display":"","ast-hfb-above-header-display":"","ast-hfb-below-header-display":"","ast-hfb-mobile-header-display":"","site-post-title":"","ast-breadcrumbs-content":"","ast-featured-img":"","footer-sml-layout":"","ast-disable-related-posts":"","theme-transparent-header-meta":"default","adv-header-id-meta":"","stick-header-meta":"","header-above-stick-meta":"","header-main-stick-meta":"","header-below-stick-meta":"","astra-migrate-meta-layouts":"set","ast-page-background-enabled":"default","ast-page-background-meta":{"desktop":{"background-color":"var(--ast-global-color-5)","background-image":"","background-repeat":"repeat","background-position":"center center","background-size":"auto","background-attachment":"scroll","background-type":"","background-media":"","overlay-type":"","overlay-color":"","overlay-opacity":"","overlay-gradient":""},"tablet":{"background-color":"","background-image":"","background-repeat":"repeat","background-position":"center center","background-size":"auto","background-attachment":"scroll","background-type":"","background-media":"","overlay-type":"","overlay-color":"","overlay-opacity":"","overlay-gradient":""},"mobile":{"background-color":"","background-image":"","background-repeat":"repeat","background-position":"center center","background-size":"auto","background-attachment":"scroll","background-type":"","background-media":"","overlay-type":"","overlay-color":"","overlay-opacity":"","overlay-gradient":""}},"ast-content-background-meta":{"desktop":{"background-color":"var(--ast-global-color-4)","background-image":"","background-repeat":"repeat","background-position":"center center","background-size":"auto","background-attachment":"scroll","background-type":"","background-media":"","overlay-type":"","overlay-color":"","overlay-opacity":"","overlay-gradient":""},"tablet":{"background-color":"var(--ast-global-color-4)","background-image":"","background-repeat":"repeat","background-position":"center center","background-size":"auto","background-attachment":"scroll","background-type":"","background-media":"","overlay-type":"","overlay-color":"","overlay-opacity":"","overlay-gradient":""},"mobile":{"background-color":"var(--ast-global-color-4)","background-image":"","background-repeat":"repeat","background-position":"center center","background-size":"auto","background-attachment":"scroll","background-type":"","background-media":"","overlay-type":"","overlay-color":"","overlay-opacity":"","overlay-gradient":""}}},"categories":[],"class_list":["post-5295","vehicule-tpmr-neuf","type-vehicule-tpmr-neuf","status-publish","has-post-thumbnail","hentry"],"acf":{"photo_gallery":{"photos_du_vehicule":[[{"id":5279,"title":"0820CD4F-55C6-4F67-9D01-EBFA79522CB7","caption":"","full_image_url":"https:\/\/handicapcar-occasion.com\/wp-content\/uploads\/2025\/06\/0820CD4F-55C6-4F67-9D01-EBFA79522CB7.jpg","thumbnail_image_url":"https:\/\/handicapcar-occasion.com\/wp-content\/uploads\/2025\/06\/0820CD4F-55C6-4F67-9D01-EBFA79522CB7-150x150.jpg","large_srcset":"https:\/\/handicapcar-occasion.com\/wp-content\/uploads\/2025\/06\/0820CD4F-55C6-4F67-9D01-EBFA79522CB7-1024x683.jpg 1024w, https:\/\/handicapcar-occasion.com\/wp-content\/uploads\/2025\/06\/0820CD4F-55C6-4F67-9D01-EBFA79522CB7-480x320.jpg 480w, https:\/\/handicapcar-occasion.com\/wp-content\/uploads\/2025\/06\/0820CD4F-55C6-4F67-9D01-EBFA79522CB7-768x512.jpg 768w, https:\/\/handicapcar-occasion.com\/wp-content\/uploads\/2025\/06\/0820CD4F-55C6-4F67-9D01-EBFA79522CB7.jpg 1200w","medium_srcset":"https:\/\/handicapcar-occasion.com\/wp-content\/uploads\/2025\/06\/0820CD4F-55C6-4F67-9D01-EBFA79522CB7-480x320.jpg 480w, https:\/\/handicapcar-occasion.com\/wp-content\/uploads\/2025\/06\/0820CD4F-55C6-4F67-9D01-EBFA79522CB7-1024x683.jpg 1024w, https:\/\/handicapcar-occasion.com\/wp-content\/uploads\/2025\/06\/0820CD4F-55C6-4F67-9D01-EBFA79522CB7-768x512.jpg 768w, https:\/\/handicapcar-occasion.com\/wp-content\/uploads\/2025\/06\/0820CD4F-55C6-4F67-9D01-EBFA79522CB7.jpg 1200w","media_details":{"width":1200,"height":800,"sizes":{"medium":{"file":"0820CD4F-55C6-4F67-9D01-EBFA79522CB7-480x320.jpg","width":480,"height":320,"mime-type":"image\/jpeg","filesize":20497,"source_url":"https:\/\/handicapcar-occasion.com\/wp-content\/uploads\/2025\/06\/0820CD4F-55C6-4F67-9D01-EBFA79522CB7-480x320.jpg"},"large":{"file":"0820CD4F-55C6-4F67-9D01-EBFA79522CB7-1024x683.jpg","width":1024,"height":683,"mime-type":"image\/jpeg","filesize":73885,"source_url":"https:\/\/handicapcar-occasion.com\/wp-content\/uploads\/2025\/06\/0820CD4F-55C6-4F67-9D01-EBFA79522CB7-1024x683.jpg"},"thumbnail":{"file":"0820CD4F-55C6-4F67-9D01-EBFA79522CB7-150x150.jpg","width":150,"height":150,"mime-type":"image\/jpeg","filesize":4382,"source_url":"https:\/\/handicapcar-occasion.com\/wp-content\/uploads\/2025\/06\/0820CD4F-55C6-4F67-9D01-EBFA79522CB7-150x150.jpg"},"medium_large":{"file":"0820CD4F-55C6-4F67-9D01-EBFA79522CB7-768x512.jpg","width":768,"height":512,"mime-type":"image\/jpeg","filesize":45266,"source_url":"https:\/\/handicapcar-occasion.com\/wp-content\/uploads\/2025\/06\/0820CD4F-55C6-4F67-9D01-EBFA79522CB7-768x512.jpg"}}},"alt_text":"","url":"","target":""},{"id":5281,"title":"BB62CD65-67FE-4737-BEF3-0295231B4C9B","caption":"","full_image_url":"https:\/\/handicapcar-occasion.com\/wp-content\/uploads\/2025\/06\/BB62CD65-67FE-4737-BEF3-0295231B4C9B.jpg","thumbnail_image_url":"https:\/\/handicapcar-occasion.com\/wp-content\/uploads\/2025\/06\/BB62CD65-67FE-4737-BEF3-0295231B4C9B-150x150.jpg","large_srcset":"https:\/\/handicapcar-occasion.com\/wp-content\/uploads\/2025\/06\/BB62CD65-67FE-4737-BEF3-0295231B4C9B.jpg 1024w, https:\/\/handicapcar-occasion.com\/wp-content\/uploads\/2025\/06\/BB62CD65-67FE-4737-BEF3-0295231B4C9B-480x480.jpg 480w, https:\/\/handicapcar-occasion.com\/wp-content\/uploads\/2025\/06\/BB62CD65-67FE-4737-BEF3-0295231B4C9B-150x150.jpg 150w, https:\/\/handicapcar-occasion.com\/wp-content\/uploads\/2025\/06\/BB62CD65-67FE-4737-BEF3-0295231B4C9B-768x768.jpg 768w","medium_srcset":"https:\/\/handicapcar-occasion.com\/wp-content\/uploads\/2025\/06\/BB62CD65-67FE-4737-BEF3-0295231B4C9B-480x480.jpg 480w, https:\/\/handicapcar-occasion.com\/wp-content\/uploads\/2025\/06\/BB62CD65-67FE-4737-BEF3-0295231B4C9B-150x150.jpg 150w, https:\/\/handicapcar-occasion.com\/wp-content\/uploads\/2025\/06\/BB62CD65-67FE-4737-BEF3-0295231B4C9B-768x768.jpg 768w, https:\/\/handicapcar-occasion.com\/wp-content\/uploads\/2025\/06\/BB62CD65-67FE-4737-BEF3-0295231B4C9B.jpg 1024w","media_details":{"width":1024,"height":1024,"sizes":{"medium":{"file":"BB62CD65-67FE-4737-BEF3-0295231B4C9B-480x480.jpg","width":480,"height":480,"mime-type":"image\/jpeg","filesize":24883,"source_url":"https:\/\/handicapcar-occasion.com\/wp-content\/uploads\/2025\/06\/BB62CD65-67FE-4737-BEF3-0295231B4C9B-480x480.jpg"},"thumbnail":{"file":"BB62CD65-67FE-4737-BEF3-0295231B4C9B-150x150.jpg","width":150,"height":150,"mime-type":"image\/jpeg","filesize":4361,"source_url":"https:\/\/handicapcar-occasion.com\/wp-content\/uploads\/2025\/06\/BB62CD65-67FE-4737-BEF3-0295231B4C9B-150x150.jpg"},"medium_large":{"file":"BB62CD65-67FE-4737-BEF3-0295231B4C9B-768x768.jpg","width":768,"height":768,"mime-type":"image\/jpeg","filesize":57124,"source_url":"https:\/\/handicapcar-occasion.com\/wp-content\/uploads\/2025\/06\/BB62CD65-67FE-4737-BEF3-0295231B4C9B-768x768.jpg"}}},"alt_text":"","url":"","target":""},{"id":5280,"title":"B4E075A4-8BA4-457B-A8DF-83226F9C0504","caption":"","full_image_url":"https:\/\/handicapcar-occasion.com\/wp-content\/uploads\/2025\/06\/B4E075A4-8BA4-457B-A8DF-83226F9C0504.jpg","thumbnail_image_url":"https:\/\/handicapcar-occasion.com\/wp-content\/uploads\/2025\/06\/B4E075A4-8BA4-457B-A8DF-83226F9C0504-150x150.jpg","large_srcset":"https:\/\/handicapcar-occasion.com\/wp-content\/uploads\/2025\/06\/B4E075A4-8BA4-457B-A8DF-83226F9C0504-1024x683.jpg 1024w, https:\/\/handicapcar-occasion.com\/wp-content\/uploads\/2025\/06\/B4E075A4-8BA4-457B-A8DF-83226F9C0504-480x320.jpg 480w, https:\/\/handicapcar-occasion.com\/wp-content\/uploads\/2025\/06\/B4E075A4-8BA4-457B-A8DF-83226F9C0504-768x512.jpg 768w, https:\/\/handicapcar-occasion.com\/wp-content\/uploads\/2025\/06\/B4E075A4-8BA4-457B-A8DF-83226F9C0504.jpg 1200w","medium_srcset":"https:\/\/handicapcar-occasion.com\/wp-content\/uploads\/2025\/06\/B4E075A4-8BA4-457B-A8DF-83226F9C0504-480x320.jpg 480w, https:\/\/handicapcar-occasion.com\/wp-content\/uploads\/2025\/06\/B4E075A4-8BA4-457B-A8DF-83226F9C0504-1024x683.jpg 1024w, https:\/\/handicapcar-occasion.com\/wp-content\/uploads\/2025\/06\/B4E075A4-8BA4-457B-A8DF-83226F9C0504-768x512.jpg 768w, https:\/\/handicapcar-occasion.com\/wp-content\/uploads\/2025\/06\/B4E075A4-8BA4-457B-A8DF-83226F9C0504.jpg 1200w","media_details":{"width":1200,"height":800,"sizes":{"medium":{"file":"B4E075A4-8BA4-457B-A8DF-83226F9C0504-480x320.jpg","width":480,"height":320,"mime-type":"image\/jpeg","filesize":16575,"source_url":"https:\/\/handicapcar-occasion.com\/wp-content\/uploads\/2025\/06\/B4E075A4-8BA4-457B-A8DF-83226F9C0504-480x320.jpg"},"large":{"file":"B4E075A4-8BA4-457B-A8DF-83226F9C0504-1024x683.jpg","width":1024,"height":683,"mime-type":"image\/jpeg","filesize":58932,"source_url":"https:\/\/handicapcar-occasion.com\/wp-content\/uploads\/2025\/06\/B4E075A4-8BA4-457B-A8DF-83226F9C0504-1024x683.jpg"},"thumbnail":{"file":"B4E075A4-8BA4-457B-A8DF-83226F9C0504-150x150.jpg","width":150,"height":150,"mime-type":"image\/jpeg","filesize":3578,"source_url":"https:\/\/handicapcar-occasion.com\/wp-content\/uploads\/2025\/06\/B4E075A4-8BA4-457B-A8DF-83226F9C0504-150x150.jpg"},"medium_large":{"file":"B4E075A4-8BA4-457B-A8DF-83226F9C0504-768x512.jpg","width":768,"height":512,"mime-type":"image\/jpeg","filesize":36320,"source_url":"https:\/\/handicapcar-occasion.com\/wp-content\/uploads\/2025\/06\/B4E075A4-8BA4-457B-A8DF-83226F9C0504-768x512.jpg"}}},"alt_text":"","url":"","target":""},{"id":5276,"title":"0D0AF5E1-EE06-4D9A-A530-8812C609C813","caption":"","full_image_url":"https:\/\/handicapcar-occasion.com\/wp-content\/uploads\/2025\/06\/0D0AF5E1-EE06-4D9A-A530-8812C609C813.jpg","thumbnail_image_url":"https:\/\/handicapcar-occasion.com\/wp-content\/uploads\/2025\/06\/0D0AF5E1-EE06-4D9A-A530-8812C609C813-150x150.jpg","large_srcset":"https:\/\/handicapcar-occasion.com\/wp-content\/uploads\/2025\/06\/0D0AF5E1-EE06-4D9A-A530-8812C609C813-1024x683.jpg 1024w, https:\/\/handicapcar-occasion.com\/wp-content\/uploads\/2025\/06\/0D0AF5E1-EE06-4D9A-A530-8812C609C813-480x320.jpg 480w, https:\/\/handicapcar-occasion.com\/wp-content\/uploads\/2025\/06\/0D0AF5E1-EE06-4D9A-A530-8812C609C813-768x512.jpg 768w, https:\/\/handicapcar-occasion.com\/wp-content\/uploads\/2025\/06\/0D0AF5E1-EE06-4D9A-A530-8812C609C813.jpg 1200w","medium_srcset":"https:\/\/handicapcar-occasion.com\/wp-content\/uploads\/2025\/06\/0D0AF5E1-EE06-4D9A-A530-8812C609C813-480x320.jpg 480w, https:\/\/handicapcar-occasion.com\/wp-content\/uploads\/2025\/06\/0D0AF5E1-EE06-4D9A-A530-8812C609C813-1024x683.jpg 1024w, https:\/\/handicapcar-occasion.com\/wp-content\/uploads\/2025\/06\/0D0AF5E1-EE06-4D9A-A530-8812C609C813-768x512.jpg 768w, https:\/\/handicapcar-occasion.com\/wp-content\/uploads\/2025\/06\/0D0AF5E1-EE06-4D9A-A530-8812C609C813.jpg 1200w","media_details":{"width":1200,"height":800,"sizes":{"medium":{"file":"0D0AF5E1-EE06-4D9A-A530-8812C609C813-480x320.jpg","width":480,"height":320,"mime-type":"image\/jpeg","filesize":14493,"source_url":"https:\/\/handicapcar-occasion.com\/wp-content\/uploads\/2025\/06\/0D0AF5E1-EE06-4D9A-A530-8812C609C813-480x320.jpg"},"large":{"file":"0D0AF5E1-EE06-4D9A-A530-8812C609C813-1024x683.jpg","width":1024,"height":683,"mime-type":"image\/jpeg","filesize":51908,"source_url":"https:\/\/handicapcar-occasion.com\/wp-content\/uploads\/2025\/06\/0D0AF5E1-EE06-4D9A-A530-8812C609C813-1024x683.jpg"},"thumbnail":{"file":"0D0AF5E1-EE06-4D9A-A530-8812C609C813-150x150.jpg","width":150,"height":150,"mime-type":"image\/jpeg","filesize":3411,"source_url":"https:\/\/handicapcar-occasion.com\/wp-content\/uploads\/2025\/06\/0D0AF5E1-EE06-4D9A-A530-8812C609C813-150x150.jpg"},"medium_large":{"file":"0D0AF5E1-EE06-4D9A-A530-8812C609C813-768x512.jpg","width":768,"height":512,"mime-type":"image\/jpeg","filesize":31376,"source_url":"https:\/\/handicapcar-occasion.com\/wp-content\/uploads\/2025\/06\/0D0AF5E1-EE06-4D9A-A530-8812C609C813-768x512.jpg"}}},"alt_text":"","url":"","target":""},{"id":5277,"title":"45DB6E2B-E6D6-4E2A-90E7-B503D4962697","caption":"","full_image_url":"https:\/\/handicapcar-occasion.com\/wp-content\/uploads\/2025\/06\/45DB6E2B-E6D6-4E2A-90E7-B503D4962697.jpg","thumbnail_image_url":"https:\/\/handicapcar-occasion.com\/wp-content\/uploads\/2025\/06\/45DB6E2B-E6D6-4E2A-90E7-B503D4962697-150x150.jpg","large_srcset":"https:\/\/handicapcar-occasion.com\/wp-content\/uploads\/2025\/06\/45DB6E2B-E6D6-4E2A-90E7-B503D4962697.jpg 1024w, https:\/\/handicapcar-occasion.com\/wp-content\/uploads\/2025\/06\/45DB6E2B-E6D6-4E2A-90E7-B503D4962697-480x480.jpg 480w, https:\/\/handicapcar-occasion.com\/wp-content\/uploads\/2025\/06\/45DB6E2B-E6D6-4E2A-90E7-B503D4962697-150x150.jpg 150w, https:\/\/handicapcar-occasion.com\/wp-content\/uploads\/2025\/06\/45DB6E2B-E6D6-4E2A-90E7-B503D4962697-768x768.jpg 768w","medium_srcset":"https:\/\/handicapcar-occasion.com\/wp-content\/uploads\/2025\/06\/45DB6E2B-E6D6-4E2A-90E7-B503D4962697-480x480.jpg 480w, https:\/\/handicapcar-occasion.com\/wp-content\/uploads\/2025\/06\/45DB6E2B-E6D6-4E2A-90E7-B503D4962697-150x150.jpg 150w, https:\/\/handicapcar-occasion.com\/wp-content\/uploads\/2025\/06\/45DB6E2B-E6D6-4E2A-90E7-B503D4962697-768x768.jpg 768w, https:\/\/handicapcar-occasion.com\/wp-content\/uploads\/2025\/06\/45DB6E2B-E6D6-4E2A-90E7-B503D4962697.jpg 1024w","media_details":{"width":1024,"height":1024,"sizes":{"medium":{"file":"45DB6E2B-E6D6-4E2A-90E7-B503D4962697-480x480.jpg","width":480,"height":480,"mime-type":"image\/jpeg","filesize":29718,"source_url":"https:\/\/handicapcar-occasion.com\/wp-content\/uploads\/2025\/06\/45DB6E2B-E6D6-4E2A-90E7-B503D4962697-480x480.jpg"},"thumbnail":{"file":"45DB6E2B-E6D6-4E2A-90E7-B503D4962697-150x150.jpg","width":150,"height":150,"mime-type":"image\/jpeg","filesize":4858,"source_url":"https:\/\/handicapcar-occasion.com\/wp-content\/uploads\/2025\/06\/45DB6E2B-E6D6-4E2A-90E7-B503D4962697-150x150.jpg"},"medium_large":{"file":"45DB6E2B-E6D6-4E2A-90E7-B503D4962697-768x768.jpg","width":768,"height":768,"mime-type":"image\/jpeg","filesize":67575,"source_url":"https:\/\/handicapcar-occasion.com\/wp-content\/uploads\/2025\/06\/45DB6E2B-E6D6-4E2A-90E7-B503D4962697-768x768.jpg"}}},"alt_text":"","url":"","target":""},{"id":5282,"title":"D5F5F4D2-C072-4C86-88EA-702E78C1A451","caption":"","full_image_url":"https:\/\/handicapcar-occasion.com\/wp-content\/uploads\/2025\/06\/D5F5F4D2-C072-4C86-88EA-702E78C1A451.jpg","thumbnail_image_url":"https:\/\/handicapcar-occasion.com\/wp-content\/uploads\/2025\/06\/D5F5F4D2-C072-4C86-88EA-702E78C1A451-150x150.jpg","large_srcset":"https:\/\/handicapcar-occasion.com\/wp-content\/uploads\/2025\/06\/D5F5F4D2-C072-4C86-88EA-702E78C1A451.jpg 1024w, https:\/\/handicapcar-occasion.com\/wp-content\/uploads\/2025\/06\/D5F5F4D2-C072-4C86-88EA-702E78C1A451-480x480.jpg 480w, https:\/\/handicapcar-occasion.com\/wp-content\/uploads\/2025\/06\/D5F5F4D2-C072-4C86-88EA-702E78C1A451-150x150.jpg 150w, https:\/\/handicapcar-occasion.com\/wp-content\/uploads\/2025\/06\/D5F5F4D2-C072-4C86-88EA-702E78C1A451-768x768.jpg 768w","medium_srcset":"https:\/\/handicapcar-occasion.com\/wp-content\/uploads\/2025\/06\/D5F5F4D2-C072-4C86-88EA-702E78C1A451-480x480.jpg 480w, https:\/\/handicapcar-occasion.com\/wp-content\/uploads\/2025\/06\/D5F5F4D2-C072-4C86-88EA-702E78C1A451-150x150.jpg 150w, https:\/\/handicapcar-occasion.com\/wp-content\/uploads\/2025\/06\/D5F5F4D2-C072-4C86-88EA-702E78C1A451-768x768.jpg 768w, https:\/\/handicapcar-occasion.com\/wp-content\/uploads\/2025\/06\/D5F5F4D2-C072-4C86-88EA-702E78C1A451.jpg 1024w","media_details":{"width":1024,"height":1024,"sizes":{"medium":{"file":"D5F5F4D2-C072-4C86-88EA-702E78C1A451-480x480.jpg","width":480,"height":480,"mime-type":"image\/jpeg","filesize":30064,"source_url":"https:\/\/handicapcar-occasion.com\/wp-content\/uploads\/2025\/06\/D5F5F4D2-C072-4C86-88EA-702E78C1A451-480x480.jpg"},"thumbnail":{"file":"D5F5F4D2-C072-4C86-88EA-702E78C1A451-150x150.jpg","width":150,"height":150,"mime-type":"image\/jpeg","filesize":4941,"source_url":"https:\/\/handicapcar-occasion.com\/wp-content\/uploads\/2025\/06\/D5F5F4D2-C072-4C86-88EA-702E78C1A451-150x150.jpg"},"medium_large":{"file":"D5F5F4D2-C072-4C86-88EA-702E78C1A451-768x768.jpg","width":768,"height":768,"mime-type":"image\/jpeg","filesize":69952,"source_url":"https:\/\/handicapcar-occasion.com\/wp-content\/uploads\/2025\/06\/D5F5F4D2-C072-4C86-88EA-702E78C1A451-768x768.jpg"}}},"alt_text":"","url":"","target":""},{"id":5278,"title":"Ford grand tourneo connect 2025 TPMR 7 places + 1 fauteuil roulant","caption":"Ford grand tourneo connect diesel 122 ch 2025 7 places + 1 fauteuil roulant ","full_image_url":"https:\/\/handicapcar-occasion.com\/wp-content\/uploads\/2025\/06\/659ACF81-58E4-428B-B620-E79721D5682E.jpg","thumbnail_image_url":"https:\/\/handicapcar-occasion.com\/wp-content\/uploads\/2025\/06\/659ACF81-58E4-428B-B620-E79721D5682E-150x150.jpg","large_srcset":"https:\/\/handicapcar-occasion.com\/wp-content\/uploads\/2025\/06\/659ACF81-58E4-428B-B620-E79721D5682E-1024x683.jpg 1024w, https:\/\/handicapcar-occasion.com\/wp-content\/uploads\/2025\/06\/659ACF81-58E4-428B-B620-E79721D5682E-480x320.jpg 480w, https:\/\/handicapcar-occasion.com\/wp-content\/uploads\/2025\/06\/659ACF81-58E4-428B-B620-E79721D5682E-768x512.jpg 768w, https:\/\/handicapcar-occasion.com\/wp-content\/uploads\/2025\/06\/659ACF81-58E4-428B-B620-E79721D5682E.jpg 1200w","medium_srcset":"https:\/\/handicapcar-occasion.com\/wp-content\/uploads\/2025\/06\/659ACF81-58E4-428B-B620-E79721D5682E-480x320.jpg 480w, https:\/\/handicapcar-occasion.com\/wp-content\/uploads\/2025\/06\/659ACF81-58E4-428B-B620-E79721D5682E-1024x683.jpg 1024w, https:\/\/handicapcar-occasion.com\/wp-content\/uploads\/2025\/06\/659ACF81-58E4-428B-B620-E79721D5682E-768x512.jpg 768w, https:\/\/handicapcar-occasion.com\/wp-content\/uploads\/2025\/06\/659ACF81-58E4-428B-B620-E79721D5682E.jpg 1200w","media_details":{"width":1200,"height":800,"sizes":{"medium":{"file":"659ACF81-58E4-428B-B620-E79721D5682E-480x320.jpg","width":480,"height":320,"mime-type":"image\/jpeg","filesize":14075,"source_url":"https:\/\/handicapcar-occasion.com\/wp-content\/uploads\/2025\/06\/659ACF81-58E4-428B-B620-E79721D5682E-480x320.jpg"},"large":{"file":"659ACF81-58E4-428B-B620-E79721D5682E-1024x683.jpg","width":1024,"height":683,"mime-type":"image\/jpeg","filesize":50674,"source_url":"https:\/\/handicapcar-occasion.com\/wp-content\/uploads\/2025\/06\/659ACF81-58E4-428B-B620-E79721D5682E-1024x683.jpg"},"thumbnail":{"file":"659ACF81-58E4-428B-B620-E79721D5682E-150x150.jpg","width":150,"height":150,"mime-type":"image\/jpeg","filesize":3640,"source_url":"https:\/\/handicapcar-occasion.com\/wp-content\/uploads\/2025\/06\/659ACF81-58E4-428B-B620-E79721D5682E-150x150.jpg"},"medium_large":{"file":"659ACF81-58E4-428B-B620-E79721D5682E-768x512.jpg","width":768,"height":512,"mime-type":"image\/jpeg","filesize":30670,"source_url":"https:\/\/handicapcar-occasion.com\/wp-content\/uploads\/2025\/06\/659ACF81-58E4-428B-B620-E79721D5682E-768x512.jpg"}}},"alt_text":"Ford grand tourneo connect diesel 122 ch 2025 7 places + 1 fauteuil roulant","url":"","target":""},{"id":5287,"title":"ford-tourneo-eu-09_V761_Tourneo_Con_Int_Fr_Cockpit_1_wheel-16x9-2160x1215.jpg.renditions.original.png","caption":"","full_image_url":"https:\/\/handicapcar-occasion.com\/wp-content\/uploads\/2025\/06\/ford-tourneo-eu-09_V761_Tourneo_Con_Int_Fr_Cockpit_1_wheel-16x9-2160x1215.jpg.renditions.original.png.jpeg","thumbnail_image_url":"https:\/\/handicapcar-occasion.com\/wp-content\/uploads\/2025\/06\/ford-tourneo-eu-09_V761_Tourneo_Con_Int_Fr_Cockpit_1_wheel-16x9-2160x1215.jpg.renditions.original.png-150x150.jpeg","large_srcset":"https:\/\/handicapcar-occasion.com\/wp-content\/uploads\/2025\/06\/ford-tourneo-eu-09_V761_Tourneo_Con_Int_Fr_Cockpit_1_wheel-16x9-2160x1215.jpg.renditions.original.png-1024x576.jpeg 1024w, https:\/\/handicapcar-occasion.com\/wp-content\/uploads\/2025\/06\/ford-tourneo-eu-09_V761_Tourneo_Con_Int_Fr_Cockpit_1_wheel-16x9-2160x1215.jpg.renditions.original.png-480x270.jpeg 480w, https:\/\/handicapcar-occasion.com\/wp-content\/uploads\/2025\/06\/ford-tourneo-eu-09_V761_Tourneo_Con_Int_Fr_Cockpit_1_wheel-16x9-2160x1215.jpg.renditions.original.png-768x432.jpeg 768w, https:\/\/handicapcar-occasion.com\/wp-content\/uploads\/2025\/06\/ford-tourneo-eu-09_V761_Tourneo_Con_Int_Fr_Cockpit_1_wheel-16x9-2160x1215.jpg.renditions.original.png.jpeg 1200w","medium_srcset":"https:\/\/handicapcar-occasion.com\/wp-content\/uploads\/2025\/06\/ford-tourneo-eu-09_V761_Tourneo_Con_Int_Fr_Cockpit_1_wheel-16x9-2160x1215.jpg.renditions.original.png-480x270.jpeg 480w, https:\/\/handicapcar-occasion.com\/wp-content\/uploads\/2025\/06\/ford-tourneo-eu-09_V761_Tourneo_Con_Int_Fr_Cockpit_1_wheel-16x9-2160x1215.jpg.renditions.original.png-1024x576.jpeg 1024w, https:\/\/handicapcar-occasion.com\/wp-content\/uploads\/2025\/06\/ford-tourneo-eu-09_V761_Tourneo_Con_Int_Fr_Cockpit_1_wheel-16x9-2160x1215.jpg.renditions.original.png-768x432.jpeg 768w, https:\/\/handicapcar-occasion.com\/wp-content\/uploads\/2025\/06\/ford-tourneo-eu-09_V761_Tourneo_Con_Int_Fr_Cockpit_1_wheel-16x9-2160x1215.jpg.renditions.original.png.jpeg 1200w","media_details":{"width":1200,"height":675,"sizes":{"medium":{"file":"ford-tourneo-eu-09_V761_Tourneo_Con_Int_Fr_Cockpit_1_wheel-16x9-2160x1215.jpg.renditions.original.png-480x270.jpeg","width":480,"height":270,"mime-type":"image\/jpeg","filesize":20051,"source_url":"https:\/\/handicapcar-occasion.com\/wp-content\/uploads\/2025\/06\/ford-tourneo-eu-09_V761_Tourneo_Con_Int_Fr_Cockpit_1_wheel-16x9-2160x1215.jpg.renditions.original.png-480x270.jpeg"},"large":{"file":"ford-tourneo-eu-09_V761_Tourneo_Con_Int_Fr_Cockpit_1_wheel-16x9-2160x1215.jpg.renditions.original.png-1024x576.jpeg","width":1024,"height":576,"mime-type":"image\/jpeg","filesize":67802,"source_url":"https:\/\/handicapcar-occasion.com\/wp-content\/uploads\/2025\/06\/ford-tourneo-eu-09_V761_Tourneo_Con_Int_Fr_Cockpit_1_wheel-16x9-2160x1215.jpg.renditions.original.png-1024x576.jpeg"},"thumbnail":{"file":"ford-tourneo-eu-09_V761_Tourneo_Con_Int_Fr_Cockpit_1_wheel-16x9-2160x1215.jpg.renditions.original.png-150x150.jpeg","width":150,"height":150,"mime-type":"image\/jpeg","filesize":4738,"source_url":"https:\/\/handicapcar-occasion.com\/wp-content\/uploads\/2025\/06\/ford-tourneo-eu-09_V761_Tourneo_Con_Int_Fr_Cockpit_1_wheel-16x9-2160x1215.jpg.renditions.original.png-150x150.jpeg"},"medium_large":{"file":"ford-tourneo-eu-09_V761_Tourneo_Con_Int_Fr_Cockpit_1_wheel-16x9-2160x1215.jpg.renditions.original.png-768x432.jpeg","width":768,"height":432,"mime-type":"image\/jpeg","filesize":42893,"source_url":"https:\/\/handicapcar-occasion.com\/wp-content\/uploads\/2025\/06\/ford-tourneo-eu-09_V761_Tourneo_Con_Int_Fr_Cockpit_1_wheel-16x9-2160x1215.jpg.renditions.original.png-768x432.jpeg"}}},"alt_text":"","url":"","target":""},{"id":5292,"title":"interieur ford tourn\u00e9eo connect central","caption":"","full_image_url":"https:\/\/handicapcar-occasion.com\/wp-content\/uploads\/2025\/06\/interieur-ford-tourneeo-connect-central.jpg","thumbnail_image_url":"https:\/\/handicapcar-occasion.com\/wp-content\/uploads\/2025\/06\/interieur-ford-tourneeo-connect-central-150x150.jpg","large_srcset":"https:\/\/handicapcar-occasion.com\/wp-content\/uploads\/2025\/06\/interieur-ford-tourneeo-connect-central.jpg 767w, https:\/\/handicapcar-occasion.com\/wp-content\/uploads\/2025\/06\/interieur-ford-tourneeo-connect-central-480x426.jpg 480w","medium_srcset":"https:\/\/handicapcar-occasion.com\/wp-content\/uploads\/2025\/06\/interieur-ford-tourneeo-connect-central-480x426.jpg 480w, https:\/\/handicapcar-occasion.com\/wp-content\/uploads\/2025\/06\/interieur-ford-tourneeo-connect-central.jpg 767w","media_details":{"width":767,"height":681,"sizes":{"medium":{"file":"interieur-ford-tourneeo-connect-central-480x426.jpg","width":480,"height":426,"mime-type":"image\/jpeg","filesize":24458,"source_url":"https:\/\/handicapcar-occasion.com\/wp-content\/uploads\/2025\/06\/interieur-ford-tourneeo-connect-central-480x426.jpg"},"thumbnail":{"file":"interieur-ford-tourneeo-connect-central-150x150.jpg","width":150,"height":150,"mime-type":"image\/jpeg","filesize":4105,"source_url":"https:\/\/handicapcar-occasion.com\/wp-content\/uploads\/2025\/06\/interieur-ford-tourneeo-connect-central-150x150.jpg"}}},"alt_text":"","url":"","target":""},{"id":5283,"title":"interieur ford tourn\u00e9eo connect","caption":"options int\u00e9rieur ford grand tourneo connect tpmr 2025 ","full_image_url":"https:\/\/handicapcar-occasion.com\/wp-content\/uploads\/2025\/06\/ecran-interieur-ford-tourneeo-connect.jpeg","thumbnail_image_url":"https:\/\/handicapcar-occasion.com\/wp-content\/uploads\/2025\/06\/ecran-interieur-ford-tourneeo-connect-150x150.jpeg","large_srcset":"https:\/\/handicapcar-occasion.com\/wp-content\/uploads\/2025\/06\/ecran-interieur-ford-tourneeo-connect-1024x576.jpeg 1024w, https:\/\/handicapcar-occasion.com\/wp-content\/uploads\/2025\/06\/ecran-interieur-ford-tourneeo-connect-480x270.jpeg 480w, https:\/\/handicapcar-occasion.com\/wp-content\/uploads\/2025\/06\/ecran-interieur-ford-tourneeo-connect-768x432.jpeg 768w, https:\/\/handicapcar-occasion.com\/wp-content\/uploads\/2025\/06\/ecran-interieur-ford-tourneeo-connect.jpeg 1200w","medium_srcset":"https:\/\/handicapcar-occasion.com\/wp-content\/uploads\/2025\/06\/ecran-interieur-ford-tourneeo-connect-480x270.jpeg 480w, https:\/\/handicapcar-occasion.com\/wp-content\/uploads\/2025\/06\/ecran-interieur-ford-tourneeo-connect-1024x576.jpeg 1024w, https:\/\/handicapcar-occasion.com\/wp-content\/uploads\/2025\/06\/ecran-interieur-ford-tourneeo-connect-768x432.jpeg 768w, https:\/\/handicapcar-occasion.com\/wp-content\/uploads\/2025\/06\/ecran-interieur-ford-tourneeo-connect.jpeg 1200w","media_details":{"width":1200,"height":675,"sizes":{"medium":{"file":"ecran-interieur-ford-tourneeo-connect-480x270.jpeg","width":480,"height":270,"mime-type":"image\/jpeg","filesize":22834,"source_url":"https:\/\/handicapcar-occasion.com\/wp-content\/uploads\/2025\/06\/ecran-interieur-ford-tourneeo-connect-480x270.jpeg"},"large":{"file":"ecran-interieur-ford-tourneeo-connect-1024x576.jpeg","width":1024,"height":576,"mime-type":"image\/jpeg","filesize":79522,"source_url":"https:\/\/handicapcar-occasion.com\/wp-content\/uploads\/2025\/06\/ecran-interieur-ford-tourneeo-connect-1024x576.jpeg"},"thumbnail":{"file":"ecran-interieur-ford-tourneeo-connect-150x150.jpeg","width":150,"height":150,"mime-type":"image\/jpeg","filesize":6296,"source_url":"https:\/\/handicapcar-occasion.com\/wp-content\/uploads\/2025\/06\/ecran-interieur-ford-tourneeo-connect-150x150.jpeg"},"medium_large":{"file":"ecran-interieur-ford-tourneeo-connect-768x432.jpeg","width":768,"height":432,"mime-type":"image\/jpeg","filesize":49085,"source_url":"https:\/\/handicapcar-occasion.com\/wp-content\/uploads\/2025\/06\/ecran-interieur-ford-tourneeo-connect-768x432.jpeg"}}},"alt_text":"options ford grand tourneo connect tpmr 2025","url":"","target":""},{"id":5288,"title":"ford-tourneo-eu-citivan-phone_charging-16x9-2160x1215.png.renditions.small.png","caption":"","full_image_url":"https:\/\/handicapcar-occasion.com\/wp-content\/uploads\/2025\/06\/ford-tourneo-eu-citivan-phone_charging-16x9-2160x1215.png.renditions.small_.png.jpeg","thumbnail_image_url":"https:\/\/handicapcar-occasion.com\/wp-content\/uploads\/2025\/06\/ford-tourneo-eu-citivan-phone_charging-16x9-2160x1215.png.renditions.small_.png-150x150.jpeg","large_srcset":"https:\/\/handicapcar-occasion.com\/wp-content\/uploads\/2025\/06\/ford-tourneo-eu-citivan-phone_charging-16x9-2160x1215.png.renditions.small_.png.jpeg 767w, https:\/\/handicapcar-occasion.com\/wp-content\/uploads\/2025\/06\/ford-tourneo-eu-citivan-phone_charging-16x9-2160x1215.png.renditions.small_.png-480x270.jpeg 480w","medium_srcset":"https:\/\/handicapcar-occasion.com\/wp-content\/uploads\/2025\/06\/ford-tourneo-eu-citivan-phone_charging-16x9-2160x1215.png.renditions.small_.png-480x270.jpeg 480w, https:\/\/handicapcar-occasion.com\/wp-content\/uploads\/2025\/06\/ford-tourneo-eu-citivan-phone_charging-16x9-2160x1215.png.renditions.small_.png.jpeg 767w","media_details":{"width":767,"height":431,"sizes":{"medium":{"file":"ford-tourneo-eu-citivan-phone_charging-16x9-2160x1215.png.renditions.small_.png-480x270.jpeg","width":480,"height":270,"mime-type":"image\/jpeg","filesize":9050,"source_url":"https:\/\/handicapcar-occasion.com\/wp-content\/uploads\/2025\/06\/ford-tourneo-eu-citivan-phone_charging-16x9-2160x1215.png.renditions.small_.png-480x270.jpeg"},"thumbnail":{"file":"ford-tourneo-eu-citivan-phone_charging-16x9-2160x1215.png.renditions.small_.png-150x150.jpeg","width":150,"height":150,"mime-type":"image\/jpeg","filesize":3330,"source_url":"https:\/\/handicapcar-occasion.com\/wp-content\/uploads\/2025\/06\/ford-tourneo-eu-citivan-phone_charging-16x9-2160x1215.png.renditions.small_.png-150x150.jpeg"}}},"alt_text":"","url":"","target":""},{"id":5285,"title":"2 si\u00e8ges arri\u00e8re strapontin","caption":"2 si\u00e8ges arri\u00e8re strapontin Ford grand tourneo 7 places diesel id\u00e9al taxi pour le transport de personne \u00e0 mobilit\u00e9 r\u00e9duite ","full_image_url":"https:\/\/handicapcar-occasion.com\/wp-content\/uploads\/2025\/06\/F06B8B63-127F-4465-B483-1DA50B755FdAD.jpg","thumbnail_image_url":"https:\/\/handicapcar-occasion.com\/wp-content\/uploads\/2025\/06\/F06B8B63-127F-4465-B483-1DA50B755FdAD-150x150.jpg","large_srcset":"https:\/\/handicapcar-occasion.com\/wp-content\/uploads\/2025\/06\/F06B8B63-127F-4465-B483-1DA50B755FdAD-1024x683.jpg 1024w, https:\/\/handicapcar-occasion.com\/wp-content\/uploads\/2025\/06\/F06B8B63-127F-4465-B483-1DA50B755FdAD-480x320.jpg 480w, https:\/\/handicapcar-occasion.com\/wp-content\/uploads\/2025\/06\/F06B8B63-127F-4465-B483-1DA50B755FdAD-768x512.jpg 768w, https:\/\/handicapcar-occasion.com\/wp-content\/uploads\/2025\/06\/F06B8B63-127F-4465-B483-1DA50B755FdAD.jpg 1200w","medium_srcset":"https:\/\/handicapcar-occasion.com\/wp-content\/uploads\/2025\/06\/F06B8B63-127F-4465-B483-1DA50B755FdAD-480x320.jpg 480w, https:\/\/handicapcar-occasion.com\/wp-content\/uploads\/2025\/06\/F06B8B63-127F-4465-B483-1DA50B755FdAD-1024x683.jpg 1024w, https:\/\/handicapcar-occasion.com\/wp-content\/uploads\/2025\/06\/F06B8B63-127F-4465-B483-1DA50B755FdAD-768x512.jpg 768w, https:\/\/handicapcar-occasion.com\/wp-content\/uploads\/2025\/06\/F06B8B63-127F-4465-B483-1DA50B755FdAD.jpg 1200w","media_details":{"width":1200,"height":800,"sizes":{"medium":{"file":"F06B8B63-127F-4465-B483-1DA50B755FdAD-480x320.jpg","width":480,"height":320,"mime-type":"image\/jpeg","filesize":21316,"source_url":"https:\/\/handicapcar-occasion.com\/wp-content\/uploads\/2025\/06\/F06B8B63-127F-4465-B483-1DA50B755FdAD-480x320.jpg"},"large":{"file":"F06B8B63-127F-4465-B483-1DA50B755FdAD-1024x683.jpg","width":1024,"height":683,"mime-type":"image\/jpeg","filesize":79303,"source_url":"https:\/\/handicapcar-occasion.com\/wp-content\/uploads\/2025\/06\/F06B8B63-127F-4465-B483-1DA50B755FdAD-1024x683.jpg"},"thumbnail":{"file":"F06B8B63-127F-4465-B483-1DA50B755FdAD-150x150.jpg","width":150,"height":150,"mime-type":"image\/jpeg","filesize":4186,"source_url":"https:\/\/handicapcar-occasion.com\/wp-content\/uploads\/2025\/06\/F06B8B63-127F-4465-B483-1DA50B755FdAD-150x150.jpg"},"medium_large":{"file":"F06B8B63-127F-4465-B483-1DA50B755FdAD-768x512.jpg","width":768,"height":512,"mime-type":"image\/jpeg","filesize":46720,"source_url":"https:\/\/handicapcar-occasion.com\/wp-content\/uploads\/2025\/06\/F06B8B63-127F-4465-B483-1DA50B755FdAD-768x512.jpg"}}},"alt_text":"2 si\u00e8ges arri\u00e8re strapontin Ford grand tourneo 7 places diesel id\u00e9al taxi pour le transport de personne \u00e0 mobilit\u00e9 r\u00e9duite","url":"","target":""},{"id":5286,"title":"F424D143-3C14-4B0B-91FD-F460F6DA2869","caption":"","full_image_url":"https:\/\/handicapcar-occasion.com\/wp-content\/uploads\/2025\/06\/F424D143-3C14-4B0B-91FD-F460F6DA2869.jpg","thumbnail_image_url":"https:\/\/handicapcar-occasion.com\/wp-content\/uploads\/2025\/06\/F424D143-3C14-4B0B-91FD-F460F6DA2869-150x150.jpg","large_srcset":"https:\/\/handicapcar-occasion.com\/wp-content\/uploads\/2025\/06\/F424D143-3C14-4B0B-91FD-F460F6DA2869-1024x621.jpg 1024w, https:\/\/handicapcar-occasion.com\/wp-content\/uploads\/2025\/06\/F424D143-3C14-4B0B-91FD-F460F6DA2869-480x291.jpg 480w, https:\/\/handicapcar-occasion.com\/wp-content\/uploads\/2025\/06\/F424D143-3C14-4B0B-91FD-F460F6DA2869-768x466.jpg 768w, https:\/\/handicapcar-occasion.com\/wp-content\/uploads\/2025\/06\/F424D143-3C14-4B0B-91FD-F460F6DA2869.jpg 1200w","medium_srcset":"https:\/\/handicapcar-occasion.com\/wp-content\/uploads\/2025\/06\/F424D143-3C14-4B0B-91FD-F460F6DA2869-480x291.jpg 480w, https:\/\/handicapcar-occasion.com\/wp-content\/uploads\/2025\/06\/F424D143-3C14-4B0B-91FD-F460F6DA2869-1024x621.jpg 1024w, https:\/\/handicapcar-occasion.com\/wp-content\/uploads\/2025\/06\/F424D143-3C14-4B0B-91FD-F460F6DA2869-768x466.jpg 768w, https:\/\/handicapcar-occasion.com\/wp-content\/uploads\/2025\/06\/F424D143-3C14-4B0B-91FD-F460F6DA2869.jpg 1200w","media_details":{"width":1200,"height":728,"sizes":{"medium":{"file":"F424D143-3C14-4B0B-91FD-F460F6DA2869-480x291.jpg","width":480,"height":291,"mime-type":"image\/jpeg","filesize":20213,"source_url":"https:\/\/handicapcar-occasion.com\/wp-content\/uploads\/2025\/06\/F424D143-3C14-4B0B-91FD-F460F6DA2869-480x291.jpg"},"large":{"file":"F424D143-3C14-4B0B-91FD-F460F6DA2869-1024x621.jpg","width":1024,"height":621,"mime-type":"image\/jpeg","filesize":67816,"source_url":"https:\/\/handicapcar-occasion.com\/wp-content\/uploads\/2025\/06\/F424D143-3C14-4B0B-91FD-F460F6DA2869-1024x621.jpg"},"thumbnail":{"file":"F424D143-3C14-4B0B-91FD-F460F6DA2869-150x150.jpg","width":150,"height":150,"mime-type":"image\/jpeg","filesize":4144,"source_url":"https:\/\/handicapcar-occasion.com\/wp-content\/uploads\/2025\/06\/F424D143-3C14-4B0B-91FD-F460F6DA2869-150x150.jpg"},"medium_large":{"file":"F424D143-3C14-4B0B-91FD-F460F6DA2869-768x466.jpg","width":768,"height":466,"mime-type":"image\/jpeg","filesize":42603,"source_url":"https:\/\/handicapcar-occasion.com\/wp-content\/uploads\/2025\/06\/F424D143-3C14-4B0B-91FD-F460F6DA2869-768x466.jpg"}}},"alt_text":"","url":"","target":""}]],"photos_supplementaires":[[{"id":5279,"title":"0820CD4F-55C6-4F67-9D01-EBFA79522CB7","caption":"","full_image_url":"https:\/\/handicapcar-occasion.com\/wp-content\/uploads\/2025\/06\/0820CD4F-55C6-4F67-9D01-EBFA79522CB7.jpg","thumbnail_image_url":"https:\/\/handicapcar-occasion.com\/wp-content\/uploads\/2025\/06\/0820CD4F-55C6-4F67-9D01-EBFA79522CB7-150x150.jpg","large_srcset":"https:\/\/handicapcar-occasion.com\/wp-content\/uploads\/2025\/06\/0820CD4F-55C6-4F67-9D01-EBFA79522CB7-1024x683.jpg 1024w, https:\/\/handicapcar-occasion.com\/wp-content\/uploads\/2025\/06\/0820CD4F-55C6-4F67-9D01-EBFA79522CB7-480x320.jpg 480w, https:\/\/handicapcar-occasion.com\/wp-content\/uploads\/2025\/06\/0820CD4F-55C6-4F67-9D01-EBFA79522CB7-768x512.jpg 768w, https:\/\/handicapcar-occasion.com\/wp-content\/uploads\/2025\/06\/0820CD4F-55C6-4F67-9D01-EBFA79522CB7.jpg 1200w","medium_srcset":"https:\/\/handicapcar-occasion.com\/wp-content\/uploads\/2025\/06\/0820CD4F-55C6-4F67-9D01-EBFA79522CB7-480x320.jpg 480w, https:\/\/handicapcar-occasion.com\/wp-content\/uploads\/2025\/06\/0820CD4F-55C6-4F67-9D01-EBFA79522CB7-1024x683.jpg 1024w, https:\/\/handicapcar-occasion.com\/wp-content\/uploads\/2025\/06\/0820CD4F-55C6-4F67-9D01-EBFA79522CB7-768x512.jpg 768w, https:\/\/handicapcar-occasion.com\/wp-content\/uploads\/2025\/06\/0820CD4F-55C6-4F67-9D01-EBFA79522CB7.jpg 1200w","media_details":{"width":1200,"height":800,"sizes":{"medium":{"file":"0820CD4F-55C6-4F67-9D01-EBFA79522CB7-480x320.jpg","width":480,"height":320,"mime-type":"image\/jpeg","filesize":20497,"source_url":"https:\/\/handicapcar-occasion.com\/wp-content\/uploads\/2025\/06\/0820CD4F-55C6-4F67-9D01-EBFA79522CB7-480x320.jpg"},"large":{"file":"0820CD4F-55C6-4F67-9D01-EBFA79522CB7-1024x683.jpg","width":1024,"height":683,"mime-type":"image\/jpeg","filesize":73885,"source_url":"https:\/\/handicapcar-occasion.com\/wp-content\/uploads\/2025\/06\/0820CD4F-55C6-4F67-9D01-EBFA79522CB7-1024x683.jpg"},"thumbnail":{"file":"0820CD4F-55C6-4F67-9D01-EBFA79522CB7-150x150.jpg","width":150,"height":150,"mime-type":"image\/jpeg","filesize":4382,"source_url":"https:\/\/handicapcar-occasion.com\/wp-content\/uploads\/2025\/06\/0820CD4F-55C6-4F67-9D01-EBFA79522CB7-150x150.jpg"},"medium_large":{"file":"0820CD4F-55C6-4F67-9D01-EBFA79522CB7-768x512.jpg","width":768,"height":512,"mime-type":"image\/jpeg","filesize":45266,"source_url":"https:\/\/handicapcar-occasion.com\/wp-content\/uploads\/2025\/06\/0820CD4F-55C6-4F67-9D01-EBFA79522CB7-768x512.jpg"}}},"alt_text":"","url":"","target":""},{"id":5281,"title":"BB62CD65-67FE-4737-BEF3-0295231B4C9B","caption":"","full_image_url":"https:\/\/handicapcar-occasion.com\/wp-content\/uploads\/2025\/06\/BB62CD65-67FE-4737-BEF3-0295231B4C9B.jpg","thumbnail_image_url":"https:\/\/handicapcar-occasion.com\/wp-content\/uploads\/2025\/06\/BB62CD65-67FE-4737-BEF3-0295231B4C9B-150x150.jpg","large_srcset":"https:\/\/handicapcar-occasion.com\/wp-content\/uploads\/2025\/06\/BB62CD65-67FE-4737-BEF3-0295231B4C9B.jpg 1024w, https:\/\/handicapcar-occasion.com\/wp-content\/uploads\/2025\/06\/BB62CD65-67FE-4737-BEF3-0295231B4C9B-480x480.jpg 480w, https:\/\/handicapcar-occasion.com\/wp-content\/uploads\/2025\/06\/BB62CD65-67FE-4737-BEF3-0295231B4C9B-150x150.jpg 150w, https:\/\/handicapcar-occasion.com\/wp-content\/uploads\/2025\/06\/BB62CD65-67FE-4737-BEF3-0295231B4C9B-768x768.jpg 768w","medium_srcset":"https:\/\/handicapcar-occasion.com\/wp-content\/uploads\/2025\/06\/BB62CD65-67FE-4737-BEF3-0295231B4C9B-480x480.jpg 480w, https:\/\/handicapcar-occasion.com\/wp-content\/uploads\/2025\/06\/BB62CD65-67FE-4737-BEF3-0295231B4C9B-150x150.jpg 150w, https:\/\/handicapcar-occasion.com\/wp-content\/uploads\/2025\/06\/BB62CD65-67FE-4737-BEF3-0295231B4C9B-768x768.jpg 768w, https:\/\/handicapcar-occasion.com\/wp-content\/uploads\/2025\/06\/BB62CD65-67FE-4737-BEF3-0295231B4C9B.jpg 1024w","media_details":{"width":1024,"height":1024,"sizes":{"medium":{"file":"BB62CD65-67FE-4737-BEF3-0295231B4C9B-480x480.jpg","width":480,"height":480,"mime-type":"image\/jpeg","filesize":24883,"source_url":"https:\/\/handicapcar-occasion.com\/wp-content\/uploads\/2025\/06\/BB62CD65-67FE-4737-BEF3-0295231B4C9B-480x480.jpg"},"thumbnail":{"file":"BB62CD65-67FE-4737-BEF3-0295231B4C9B-150x150.jpg","width":150,"height":150,"mime-type":"image\/jpeg","filesize":4361,"source_url":"https:\/\/handicapcar-occasion.com\/wp-content\/uploads\/2025\/06\/BB62CD65-67FE-4737-BEF3-0295231B4C9B-150x150.jpg"},"medium_large":{"file":"BB62CD65-67FE-4737-BEF3-0295231B4C9B-768x768.jpg","width":768,"height":768,"mime-type":"image\/jpeg","filesize":57124,"source_url":"https:\/\/handicapcar-occasion.com\/wp-content\/uploads\/2025\/06\/BB62CD65-67FE-4737-BEF3-0295231B4C9B-768x768.jpg"}}},"alt_text":"","url":"","target":""},{"id":5280,"title":"B4E075A4-8BA4-457B-A8DF-83226F9C0504","caption":"","full_image_url":"https:\/\/handicapcar-occasion.com\/wp-content\/uploads\/2025\/06\/B4E075A4-8BA4-457B-A8DF-83226F9C0504.jpg","thumbnail_image_url":"https:\/\/handicapcar-occasion.com\/wp-content\/uploads\/2025\/06\/B4E075A4-8BA4-457B-A8DF-83226F9C0504-150x150.jpg","large_srcset":"https:\/\/handicapcar-occasion.com\/wp-content\/uploads\/2025\/06\/B4E075A4-8BA4-457B-A8DF-83226F9C0504-1024x683.jpg 1024w, https:\/\/handicapcar-occasion.com\/wp-content\/uploads\/2025\/06\/B4E075A4-8BA4-457B-A8DF-83226F9C0504-480x320.jpg 480w, https:\/\/handicapcar-occasion.com\/wp-content\/uploads\/2025\/06\/B4E075A4-8BA4-457B-A8DF-83226F9C0504-768x512.jpg 768w, https:\/\/handicapcar-occasion.com\/wp-content\/uploads\/2025\/06\/B4E075A4-8BA4-457B-A8DF-83226F9C0504.jpg 1200w","medium_srcset":"https:\/\/handicapcar-occasion.com\/wp-content\/uploads\/2025\/06\/B4E075A4-8BA4-457B-A8DF-83226F9C0504-480x320.jpg 480w, https:\/\/handicapcar-occasion.com\/wp-content\/uploads\/2025\/06\/B4E075A4-8BA4-457B-A8DF-83226F9C0504-1024x683.jpg 1024w, https:\/\/handicapcar-occasion.com\/wp-content\/uploads\/2025\/06\/B4E075A4-8BA4-457B-A8DF-83226F9C0504-768x512.jpg 768w, https:\/\/handicapcar-occasion.com\/wp-content\/uploads\/2025\/06\/B4E075A4-8BA4-457B-A8DF-83226F9C0504.jpg 1200w","media_details":{"width":1200,"height":800,"sizes":{"medium":{"file":"B4E075A4-8BA4-457B-A8DF-83226F9C0504-480x320.jpg","width":480,"height":320,"mime-type":"image\/jpeg","filesize":16575,"source_url":"https:\/\/handicapcar-occasion.com\/wp-content\/uploads\/2025\/06\/B4E075A4-8BA4-457B-A8DF-83226F9C0504-480x320.jpg"},"large":{"file":"B4E075A4-8BA4-457B-A8DF-83226F9C0504-1024x683.jpg","width":1024,"height":683,"mime-type":"image\/jpeg","filesize":58932,"source_url":"https:\/\/handicapcar-occasion.com\/wp-content\/uploads\/2025\/06\/B4E075A4-8BA4-457B-A8DF-83226F9C0504-1024x683.jpg"},"thumbnail":{"file":"B4E075A4-8BA4-457B-A8DF-83226F9C0504-150x150.jpg","width":150,"height":150,"mime-type":"image\/jpeg","filesize":3578,"source_url":"https:\/\/handicapcar-occasion.com\/wp-content\/uploads\/2025\/06\/B4E075A4-8BA4-457B-A8DF-83226F9C0504-150x150.jpg"},"medium_large":{"file":"B4E075A4-8BA4-457B-A8DF-83226F9C0504-768x512.jpg","width":768,"height":512,"mime-type":"image\/jpeg","filesize":36320,"source_url":"https:\/\/handicapcar-occasion.com\/wp-content\/uploads\/2025\/06\/B4E075A4-8BA4-457B-A8DF-83226F9C0504-768x512.jpg"}}},"alt_text":"","url":"","target":""},{"id":5276,"title":"0D0AF5E1-EE06-4D9A-A530-8812C609C813","caption":"","full_image_url":"https:\/\/handicapcar-occasion.com\/wp-content\/uploads\/2025\/06\/0D0AF5E1-EE06-4D9A-A530-8812C609C813.jpg","thumbnail_image_url":"https:\/\/handicapcar-occasion.com\/wp-content\/uploads\/2025\/06\/0D0AF5E1-EE06-4D9A-A530-8812C609C813-150x150.jpg","large_srcset":"https:\/\/handicapcar-occasion.com\/wp-content\/uploads\/2025\/06\/0D0AF5E1-EE06-4D9A-A530-8812C609C813-1024x683.jpg 1024w, https:\/\/handicapcar-occasion.com\/wp-content\/uploads\/2025\/06\/0D0AF5E1-EE06-4D9A-A530-8812C609C813-480x320.jpg 480w, https:\/\/handicapcar-occasion.com\/wp-content\/uploads\/2025\/06\/0D0AF5E1-EE06-4D9A-A530-8812C609C813-768x512.jpg 768w, https:\/\/handicapcar-occasion.com\/wp-content\/uploads\/2025\/06\/0D0AF5E1-EE06-4D9A-A530-8812C609C813.jpg 1200w","medium_srcset":"https:\/\/handicapcar-occasion.com\/wp-content\/uploads\/2025\/06\/0D0AF5E1-EE06-4D9A-A530-8812C609C813-480x320.jpg 480w, https:\/\/handicapcar-occasion.com\/wp-content\/uploads\/2025\/06\/0D0AF5E1-EE06-4D9A-A530-8812C609C813-1024x683.jpg 1024w, https:\/\/handicapcar-occasion.com\/wp-content\/uploads\/2025\/06\/0D0AF5E1-EE06-4D9A-A530-8812C609C813-768x512.jpg 768w, https:\/\/handicapcar-occasion.com\/wp-content\/uploads\/2025\/06\/0D0AF5E1-EE06-4D9A-A530-8812C609C813.jpg 1200w","media_details":{"width":1200,"height":800,"sizes":{"medium":{"file":"0D0AF5E1-EE06-4D9A-A530-8812C609C813-480x320.jpg","width":480,"height":320,"mime-type":"image\/jpeg","filesize":14493,"source_url":"https:\/\/handicapcar-occasion.com\/wp-content\/uploads\/2025\/06\/0D0AF5E1-EE06-4D9A-A530-8812C609C813-480x320.jpg"},"large":{"file":"0D0AF5E1-EE06-4D9A-A530-8812C609C813-1024x683.jpg","width":1024,"height":683,"mime-type":"image\/jpeg","filesize":51908,"source_url":"https:\/\/handicapcar-occasion.com\/wp-content\/uploads\/2025\/06\/0D0AF5E1-EE06-4D9A-A530-8812C609C813-1024x683.jpg"},"thumbnail":{"file":"0D0AF5E1-EE06-4D9A-A530-8812C609C813-150x150.jpg","width":150,"height":150,"mime-type":"image\/jpeg","filesize":3411,"source_url":"https:\/\/handicapcar-occasion.com\/wp-content\/uploads\/2025\/06\/0D0AF5E1-EE06-4D9A-A530-8812C609C813-150x150.jpg"},"medium_large":{"file":"0D0AF5E1-EE06-4D9A-A530-8812C609C813-768x512.jpg","width":768,"height":512,"mime-type":"image\/jpeg","filesize":31376,"source_url":"https:\/\/handicapcar-occasion.com\/wp-content\/uploads\/2025\/06\/0D0AF5E1-EE06-4D9A-A530-8812C609C813-768x512.jpg"}}},"alt_text":"","url":"","target":""},{"id":5277,"title":"45DB6E2B-E6D6-4E2A-90E7-B503D4962697","caption":"","full_image_url":"https:\/\/handicapcar-occasion.com\/wp-content\/uploads\/2025\/06\/45DB6E2B-E6D6-4E2A-90E7-B503D4962697.jpg","thumbnail_image_url":"https:\/\/handicapcar-occasion.com\/wp-content\/uploads\/2025\/06\/45DB6E2B-E6D6-4E2A-90E7-B503D4962697-150x150.jpg","large_srcset":"https:\/\/handicapcar-occasion.com\/wp-content\/uploads\/2025\/06\/45DB6E2B-E6D6-4E2A-90E7-B503D4962697.jpg 1024w, https:\/\/handicapcar-occasion.com\/wp-content\/uploads\/2025\/06\/45DB6E2B-E6D6-4E2A-90E7-B503D4962697-480x480.jpg 480w, https:\/\/handicapcar-occasion.com\/wp-content\/uploads\/2025\/06\/45DB6E2B-E6D6-4E2A-90E7-B503D4962697-150x150.jpg 150w, https:\/\/handicapcar-occasion.com\/wp-content\/uploads\/2025\/06\/45DB6E2B-E6D6-4E2A-90E7-B503D4962697-768x768.jpg 768w","medium_srcset":"https:\/\/handicapcar-occasion.com\/wp-content\/uploads\/2025\/06\/45DB6E2B-E6D6-4E2A-90E7-B503D4962697-480x480.jpg 480w, https:\/\/handicapcar-occasion.com\/wp-content\/uploads\/2025\/06\/45DB6E2B-E6D6-4E2A-90E7-B503D4962697-150x150.jpg 150w, https:\/\/handicapcar-occasion.com\/wp-content\/uploads\/2025\/06\/45DB6E2B-E6D6-4E2A-90E7-B503D4962697-768x768.jpg 768w, https:\/\/handicapcar-occasion.com\/wp-content\/uploads\/2025\/06\/45DB6E2B-E6D6-4E2A-90E7-B503D4962697.jpg 1024w","media_details":{"width":1024,"height":1024,"sizes":{"medium":{"file":"45DB6E2B-E6D6-4E2A-90E7-B503D4962697-480x480.jpg","width":480,"height":480,"mime-type":"image\/jpeg","filesize":29718,"source_url":"https:\/\/handicapcar-occasion.com\/wp-content\/uploads\/2025\/06\/45DB6E2B-E6D6-4E2A-90E7-B503D4962697-480x480.jpg"},"thumbnail":{"file":"45DB6E2B-E6D6-4E2A-90E7-B503D4962697-150x150.jpg","width":150,"height":150,"mime-type":"image\/jpeg","filesize":4858,"source_url":"https:\/\/handicapcar-occasion.com\/wp-content\/uploads\/2025\/06\/45DB6E2B-E6D6-4E2A-90E7-B503D4962697-150x150.jpg"},"medium_large":{"file":"45DB6E2B-E6D6-4E2A-90E7-B503D4962697-768x768.jpg","width":768,"height":768,"mime-type":"image\/jpeg","filesize":67575,"source_url":"https:\/\/handicapcar-occasion.com\/wp-content\/uploads\/2025\/06\/45DB6E2B-E6D6-4E2A-90E7-B503D4962697-768x768.jpg"}}},"alt_text":"","url":"","target":""},{"id":5282,"title":"D5F5F4D2-C072-4C86-88EA-702E78C1A451","caption":"","full_image_url":"https:\/\/handicapcar-occasion.com\/wp-content\/uploads\/2025\/06\/D5F5F4D2-C072-4C86-88EA-702E78C1A451.jpg","thumbnail_image_url":"https:\/\/handicapcar-occasion.com\/wp-content\/uploads\/2025\/06\/D5F5F4D2-C072-4C86-88EA-702E78C1A451-150x150.jpg","large_srcset":"https:\/\/handicapcar-occasion.com\/wp-content\/uploads\/2025\/06\/D5F5F4D2-C072-4C86-88EA-702E78C1A451.jpg 1024w, https:\/\/handicapcar-occasion.com\/wp-content\/uploads\/2025\/06\/D5F5F4D2-C072-4C86-88EA-702E78C1A451-480x480.jpg 480w, https:\/\/handicapcar-occasion.com\/wp-content\/uploads\/2025\/06\/D5F5F4D2-C072-4C86-88EA-702E78C1A451-150x150.jpg 150w, https:\/\/handicapcar-occasion.com\/wp-content\/uploads\/2025\/06\/D5F5F4D2-C072-4C86-88EA-702E78C1A451-768x768.jpg 768w","medium_srcset":"https:\/\/handicapcar-occasion.com\/wp-content\/uploads\/2025\/06\/D5F5F4D2-C072-4C86-88EA-702E78C1A451-480x480.jpg 480w, https:\/\/handicapcar-occasion.com\/wp-content\/uploads\/2025\/06\/D5F5F4D2-C072-4C86-88EA-702E78C1A451-150x150.jpg 150w, https:\/\/handicapcar-occasion.com\/wp-content\/uploads\/2025\/06\/D5F5F4D2-C072-4C86-88EA-702E78C1A451-768x768.jpg 768w, https:\/\/handicapcar-occasion.com\/wp-content\/uploads\/2025\/06\/D5F5F4D2-C072-4C86-88EA-702E78C1A451.jpg 1024w","media_details":{"width":1024,"height":1024,"sizes":{"medium":{"file":"D5F5F4D2-C072-4C86-88EA-702E78C1A451-480x480.jpg","width":480,"height":480,"mime-type":"image\/jpeg","filesize":30064,"source_url":"https:\/\/handicapcar-occasion.com\/wp-content\/uploads\/2025\/06\/D5F5F4D2-C072-4C86-88EA-702E78C1A451-480x480.jpg"},"thumbnail":{"file":"D5F5F4D2-C072-4C86-88EA-702E78C1A451-150x150.jpg","width":150,"height":150,"mime-type":"image\/jpeg","filesize":4941,"source_url":"https:\/\/handicapcar-occasion.com\/wp-content\/uploads\/2025\/06\/D5F5F4D2-C072-4C86-88EA-702E78C1A451-150x150.jpg"},"medium_large":{"file":"D5F5F4D2-C072-4C86-88EA-702E78C1A451-768x768.jpg","width":768,"height":768,"mime-type":"image\/jpeg","filesize":69952,"source_url":"https:\/\/handicapcar-occasion.com\/wp-content\/uploads\/2025\/06\/D5F5F4D2-C072-4C86-88EA-702E78C1A451-768x768.jpg"}}},"alt_text":"","url":"","target":""},{"id":5278,"title":"Ford grand tourneo connect 2025 TPMR 7 places + 1 fauteuil roulant","caption":"Ford grand tourneo connect diesel 122 ch 2025 7 places + 1 fauteuil roulant ","full_image_url":"https:\/\/handicapcar-occasion.com\/wp-content\/uploads\/2025\/06\/659ACF81-58E4-428B-B620-E79721D5682E.jpg","thumbnail_image_url":"https:\/\/handicapcar-occasion.com\/wp-content\/uploads\/2025\/06\/659ACF81-58E4-428B-B620-E79721D5682E-150x150.jpg","large_srcset":"https:\/\/handicapcar-occasion.com\/wp-content\/uploads\/2025\/06\/659ACF81-58E4-428B-B620-E79721D5682E-1024x683.jpg 1024w, https:\/\/handicapcar-occasion.com\/wp-content\/uploads\/2025\/06\/659ACF81-58E4-428B-B620-E79721D5682E-480x320.jpg 480w, https:\/\/handicapcar-occasion.com\/wp-content\/uploads\/2025\/06\/659ACF81-58E4-428B-B620-E79721D5682E-768x512.jpg 768w, https:\/\/handicapcar-occasion.com\/wp-content\/uploads\/2025\/06\/659ACF81-58E4-428B-B620-E79721D5682E.jpg 1200w","medium_srcset":"https:\/\/handicapcar-occasion.com\/wp-content\/uploads\/2025\/06\/659ACF81-58E4-428B-B620-E79721D5682E-480x320.jpg 480w, https:\/\/handicapcar-occasion.com\/wp-content\/uploads\/2025\/06\/659ACF81-58E4-428B-B620-E79721D5682E-1024x683.jpg 1024w, https:\/\/handicapcar-occasion.com\/wp-content\/uploads\/2025\/06\/659ACF81-58E4-428B-B620-E79721D5682E-768x512.jpg 768w, https:\/\/handicapcar-occasion.com\/wp-content\/uploads\/2025\/06\/659ACF81-58E4-428B-B620-E79721D5682E.jpg 1200w","media_details":{"width":1200,"height":800,"sizes":{"medium":{"file":"659ACF81-58E4-428B-B620-E79721D5682E-480x320.jpg","width":480,"height":320,"mime-type":"image\/jpeg","filesize":14075,"source_url":"https:\/\/handicapcar-occasion.com\/wp-content\/uploads\/2025\/06\/659ACF81-58E4-428B-B620-E79721D5682E-480x320.jpg"},"large":{"file":"659ACF81-58E4-428B-B620-E79721D5682E-1024x683.jpg","width":1024,"height":683,"mime-type":"image\/jpeg","filesize":50674,"source_url":"https:\/\/handicapcar-occasion.com\/wp-content\/uploads\/2025\/06\/659ACF81-58E4-428B-B620-E79721D5682E-1024x683.jpg"},"thumbnail":{"file":"659ACF81-58E4-428B-B620-E79721D5682E-150x150.jpg","width":150,"height":150,"mime-type":"image\/jpeg","filesize":3640,"source_url":"https:\/\/handicapcar-occasion.com\/wp-content\/uploads\/2025\/06\/659ACF81-58E4-428B-B620-E79721D5682E-150x150.jpg"},"medium_large":{"file":"659ACF81-58E4-428B-B620-E79721D5682E-768x512.jpg","width":768,"height":512,"mime-type":"image\/jpeg","filesize":30670,"source_url":"https:\/\/handicapcar-occasion.com\/wp-content\/uploads\/2025\/06\/659ACF81-58E4-428B-B620-E79721D5682E-768x512.jpg"}}},"alt_text":"Ford grand tourneo connect diesel 122 ch 2025 7 places + 1 fauteuil roulant","url":"","target":""},{"id":5287,"title":"ford-tourneo-eu-09_V761_Tourneo_Con_Int_Fr_Cockpit_1_wheel-16x9-2160x1215.jpg.renditions.original.png","caption":"","full_image_url":"https:\/\/handicapcar-occasion.com\/wp-content\/uploads\/2025\/06\/ford-tourneo-eu-09_V761_Tourneo_Con_Int_Fr_Cockpit_1_wheel-16x9-2160x1215.jpg.renditions.original.png.jpeg","thumbnail_image_url":"https:\/\/handicapcar-occasion.com\/wp-content\/uploads\/2025\/06\/ford-tourneo-eu-09_V761_Tourneo_Con_Int_Fr_Cockpit_1_wheel-16x9-2160x1215.jpg.renditions.original.png-150x150.jpeg","large_srcset":"https:\/\/handicapcar-occasion.com\/wp-content\/uploads\/2025\/06\/ford-tourneo-eu-09_V761_Tourneo_Con_Int_Fr_Cockpit_1_wheel-16x9-2160x1215.jpg.renditions.original.png-1024x576.jpeg 1024w, https:\/\/handicapcar-occasion.com\/wp-content\/uploads\/2025\/06\/ford-tourneo-eu-09_V761_Tourneo_Con_Int_Fr_Cockpit_1_wheel-16x9-2160x1215.jpg.renditions.original.png-480x270.jpeg 480w, https:\/\/handicapcar-occasion.com\/wp-content\/uploads\/2025\/06\/ford-tourneo-eu-09_V761_Tourneo_Con_Int_Fr_Cockpit_1_wheel-16x9-2160x1215.jpg.renditions.original.png-768x432.jpeg 768w, https:\/\/handicapcar-occasion.com\/wp-content\/uploads\/2025\/06\/ford-tourneo-eu-09_V761_Tourneo_Con_Int_Fr_Cockpit_1_wheel-16x9-2160x1215.jpg.renditions.original.png.jpeg 1200w","medium_srcset":"https:\/\/handicapcar-occasion.com\/wp-content\/uploads\/2025\/06\/ford-tourneo-eu-09_V761_Tourneo_Con_Int_Fr_Cockpit_1_wheel-16x9-2160x1215.jpg.renditions.original.png-480x270.jpeg 480w, https:\/\/handicapcar-occasion.com\/wp-content\/uploads\/2025\/06\/ford-tourneo-eu-09_V761_Tourneo_Con_Int_Fr_Cockpit_1_wheel-16x9-2160x1215.jpg.renditions.original.png-1024x576.jpeg 1024w, https:\/\/handicapcar-occasion.com\/wp-content\/uploads\/2025\/06\/ford-tourneo-eu-09_V761_Tourneo_Con_Int_Fr_Cockpit_1_wheel-16x9-2160x1215.jpg.renditions.original.png-768x432.jpeg 768w, https:\/\/handicapcar-occasion.com\/wp-content\/uploads\/2025\/06\/ford-tourneo-eu-09_V761_Tourneo_Con_Int_Fr_Cockpit_1_wheel-16x9-2160x1215.jpg.renditions.original.png.jpeg 1200w","media_details":{"width":1200,"height":675,"sizes":{"medium":{"file":"ford-tourneo-eu-09_V761_Tourneo_Con_Int_Fr_Cockpit_1_wheel-16x9-2160x1215.jpg.renditions.original.png-480x270.jpeg","width":480,"height":270,"mime-type":"image\/jpeg","filesize":20051,"source_url":"https:\/\/handicapcar-occasion.com\/wp-content\/uploads\/2025\/06\/ford-tourneo-eu-09_V761_Tourneo_Con_Int_Fr_Cockpit_1_wheel-16x9-2160x1215.jpg.renditions.original.png-480x270.jpeg"},"large":{"file":"ford-tourneo-eu-09_V761_Tourneo_Con_Int_Fr_Cockpit_1_wheel-16x9-2160x1215.jpg.renditions.original.png-1024x576.jpeg","width":1024,"height":576,"mime-type":"image\/jpeg","filesize":67802,"source_url":"https:\/\/handicapcar-occasion.com\/wp-content\/uploads\/2025\/06\/ford-tourneo-eu-09_V761_Tourneo_Con_Int_Fr_Cockpit_1_wheel-16x9-2160x1215.jpg.renditions.original.png-1024x576.jpeg"},"thumbnail":{"file":"ford-tourneo-eu-09_V761_Tourneo_Con_Int_Fr_Cockpit_1_wheel-16x9-2160x1215.jpg.renditions.original.png-150x150.jpeg","width":150,"height":150,"mime-type":"image\/jpeg","filesize":4738,"source_url":"https:\/\/handicapcar-occasion.com\/wp-content\/uploads\/2025\/06\/ford-tourneo-eu-09_V761_Tourneo_Con_Int_Fr_Cockpit_1_wheel-16x9-2160x1215.jpg.renditions.original.png-150x150.jpeg"},"medium_large":{"file":"ford-tourneo-eu-09_V761_Tourneo_Con_Int_Fr_Cockpit_1_wheel-16x9-2160x1215.jpg.renditions.original.png-768x432.jpeg","width":768,"height":432,"mime-type":"image\/jpeg","filesize":42893,"source_url":"https:\/\/handicapcar-occasion.com\/wp-content\/uploads\/2025\/06\/ford-tourneo-eu-09_V761_Tourneo_Con_Int_Fr_Cockpit_1_wheel-16x9-2160x1215.jpg.renditions.original.png-768x432.jpeg"}}},"alt_text":"","url":"","target":""},{"id":5292,"title":"interieur ford tourn\u00e9eo connect central","caption":"","full_image_url":"https:\/\/handicapcar-occasion.com\/wp-content\/uploads\/2025\/06\/interieur-ford-tourneeo-connect-central.jpg","thumbnail_image_url":"https:\/\/handicapcar-occasion.com\/wp-content\/uploads\/2025\/06\/interieur-ford-tourneeo-connect-central-150x150.jpg","large_srcset":"https:\/\/handicapcar-occasion.com\/wp-content\/uploads\/2025\/06\/interieur-ford-tourneeo-connect-central.jpg 767w, https:\/\/handicapcar-occasion.com\/wp-content\/uploads\/2025\/06\/interieur-ford-tourneeo-connect-central-480x426.jpg 480w","medium_srcset":"https:\/\/handicapcar-occasion.com\/wp-content\/uploads\/2025\/06\/interieur-ford-tourneeo-connect-central-480x426.jpg 480w, https:\/\/handicapcar-occasion.com\/wp-content\/uploads\/2025\/06\/interieur-ford-tourneeo-connect-central.jpg 767w","media_details":{"width":767,"height":681,"sizes":{"medium":{"file":"interieur-ford-tourneeo-connect-central-480x426.jpg","width":480,"height":426,"mime-type":"image\/jpeg","filesize":24458,"source_url":"https:\/\/handicapcar-occasion.com\/wp-content\/uploads\/2025\/06\/interieur-ford-tourneeo-connect-central-480x426.jpg"},"thumbnail":{"file":"interieur-ford-tourneeo-connect-central-150x150.jpg","width":150,"height":150,"mime-type":"image\/jpeg","filesize":4105,"source_url":"https:\/\/handicapcar-occasion.com\/wp-content\/uploads\/2025\/06\/interieur-ford-tourneeo-connect-central-150x150.jpg"}}},"alt_text":"","url":"","target":""},{"id":5283,"title":"interieur ford tourn\u00e9eo connect","caption":"options int\u00e9rieur ford grand tourneo connect tpmr 2025 ","full_image_url":"https:\/\/handicapcar-occasion.com\/wp-content\/uploads\/2025\/06\/ecran-interieur-ford-tourneeo-connect.jpeg","thumbnail_image_url":"https:\/\/handicapcar-occasion.com\/wp-content\/uploads\/2025\/06\/ecran-interieur-ford-tourneeo-connect-150x150.jpeg","large_srcset":"https:\/\/handicapcar-occasion.com\/wp-content\/uploads\/2025\/06\/ecran-interieur-ford-tourneeo-connect-1024x576.jpeg 1024w, https:\/\/handicapcar-occasion.com\/wp-content\/uploads\/2025\/06\/ecran-interieur-ford-tourneeo-connect-480x270.jpeg 480w, https:\/\/handicapcar-occasion.com\/wp-content\/uploads\/2025\/06\/ecran-interieur-ford-tourneeo-connect-768x432.jpeg 768w, https:\/\/handicapcar-occasion.com\/wp-content\/uploads\/2025\/06\/ecran-interieur-ford-tourneeo-connect.jpeg 1200w","medium_srcset":"https:\/\/handicapcar-occasion.com\/wp-content\/uploads\/2025\/06\/ecran-interieur-ford-tourneeo-connect-480x270.jpeg 480w, https:\/\/handicapcar-occasion.com\/wp-content\/uploads\/2025\/06\/ecran-interieur-ford-tourneeo-connect-1024x576.jpeg 1024w, https:\/\/handicapcar-occasion.com\/wp-content\/uploads\/2025\/06\/ecran-interieur-ford-tourneeo-connect-768x432.jpeg 768w, https:\/\/handicapcar-occasion.com\/wp-content\/uploads\/2025\/06\/ecran-interieur-ford-tourneeo-connect.jpeg 1200w","media_details":{"width":1200,"height":675,"sizes":{"medium":{"file":"ecran-interieur-ford-tourneeo-connect-480x270.jpeg","width":480,"height":270,"mime-type":"image\/jpeg","filesize":22834,"source_url":"https:\/\/handicapcar-occasion.com\/wp-content\/uploads\/2025\/06\/ecran-interieur-ford-tourneeo-connect-480x270.jpeg"},"large":{"file":"ecran-interieur-ford-tourneeo-connect-1024x576.jpeg","width":1024,"height":576,"mime-type":"image\/jpeg","filesize":79522,"source_url":"https:\/\/handicapcar-occasion.com\/wp-content\/uploads\/2025\/06\/ecran-interieur-ford-tourneeo-connect-1024x576.jpeg"},"thumbnail":{"file":"ecran-interieur-ford-tourneeo-connect-150x150.jpeg","width":150,"height":150,"mime-type":"image\/jpeg","filesize":6296,"source_url":"https:\/\/handicapcar-occasion.com\/wp-content\/uploads\/2025\/06\/ecran-interieur-ford-tourneeo-connect-150x150.jpeg"},"medium_large":{"file":"ecran-interieur-ford-tourneeo-connect-768x432.jpeg","width":768,"height":432,"mime-type":"image\/jpeg","filesize":49085,"source_url":"https:\/\/handicapcar-occasion.com\/wp-content\/uploads\/2025\/06\/ecran-interieur-ford-tourneeo-connect-768x432.jpeg"}}},"alt_text":"options ford grand tourneo connect tpmr 2025","url":"","target":""},{"id":5288,"title":"ford-tourneo-eu-citivan-phone_charging-16x9-2160x1215.png.renditions.small.png","caption":"","full_image_url":"https:\/\/handicapcar-occasion.com\/wp-content\/uploads\/2025\/06\/ford-tourneo-eu-citivan-phone_charging-16x9-2160x1215.png.renditions.small_.png.jpeg","thumbnail_image_url":"https:\/\/handicapcar-occasion.com\/wp-content\/uploads\/2025\/06\/ford-tourneo-eu-citivan-phone_charging-16x9-2160x1215.png.renditions.small_.png-150x150.jpeg","large_srcset":"https:\/\/handicapcar-occasion.com\/wp-content\/uploads\/2025\/06\/ford-tourneo-eu-citivan-phone_charging-16x9-2160x1215.png.renditions.small_.png.jpeg 767w, https:\/\/handicapcar-occasion.com\/wp-content\/uploads\/2025\/06\/ford-tourneo-eu-citivan-phone_charging-16x9-2160x1215.png.renditions.small_.png-480x270.jpeg 480w","medium_srcset":"https:\/\/handicapcar-occasion.com\/wp-content\/uploads\/2025\/06\/ford-tourneo-eu-citivan-phone_charging-16x9-2160x1215.png.renditions.small_.png-480x270.jpeg 480w, https:\/\/handicapcar-occasion.com\/wp-content\/uploads\/2025\/06\/ford-tourneo-eu-citivan-phone_charging-16x9-2160x1215.png.renditions.small_.png.jpeg 767w","media_details":{"width":767,"height":431,"sizes":{"medium":{"file":"ford-tourneo-eu-citivan-phone_charging-16x9-2160x1215.png.renditions.small_.png-480x270.jpeg","width":480,"height":270,"mime-type":"image\/jpeg","filesize":9050,"source_url":"https:\/\/handicapcar-occasion.com\/wp-content\/uploads\/2025\/06\/ford-tourneo-eu-citivan-phone_charging-16x9-2160x1215.png.renditions.small_.png-480x270.jpeg"},"thumbnail":{"file":"ford-tourneo-eu-citivan-phone_charging-16x9-2160x1215.png.renditions.small_.png-150x150.jpeg","width":150,"height":150,"mime-type":"image\/jpeg","filesize":3330,"source_url":"https:\/\/handicapcar-occasion.com\/wp-content\/uploads\/2025\/06\/ford-tourneo-eu-citivan-phone_charging-16x9-2160x1215.png.renditions.small_.png-150x150.jpeg"}}},"alt_text":"","url":"","target":""},{"id":5285,"title":"2 si\u00e8ges arri\u00e8re strapontin","caption":"2 si\u00e8ges arri\u00e8re strapontin Ford grand tourneo 7 places diesel id\u00e9al taxi pour le transport de personne \u00e0 mobilit\u00e9 r\u00e9duite ","full_image_url":"https:\/\/handicapcar-occasion.com\/wp-content\/uploads\/2025\/06\/F06B8B63-127F-4465-B483-1DA50B755FdAD.jpg","thumbnail_image_url":"https:\/\/handicapcar-occasion.com\/wp-content\/uploads\/2025\/06\/F06B8B63-127F-4465-B483-1DA50B755FdAD-150x150.jpg","large_srcset":"https:\/\/handicapcar-occasion.com\/wp-content\/uploads\/2025\/06\/F06B8B63-127F-4465-B483-1DA50B755FdAD-1024x683.jpg 1024w, https:\/\/handicapcar-occasion.com\/wp-content\/uploads\/2025\/06\/F06B8B63-127F-4465-B483-1DA50B755FdAD-480x320.jpg 480w, https:\/\/handicapcar-occasion.com\/wp-content\/uploads\/2025\/06\/F06B8B63-127F-4465-B483-1DA50B755FdAD-768x512.jpg 768w, https:\/\/handicapcar-occasion.com\/wp-content\/uploads\/2025\/06\/F06B8B63-127F-4465-B483-1DA50B755FdAD.jpg 1200w","medium_srcset":"https:\/\/handicapcar-occasion.com\/wp-content\/uploads\/2025\/06\/F06B8B63-127F-4465-B483-1DA50B755FdAD-480x320.jpg 480w, https:\/\/handicapcar-occasion.com\/wp-content\/uploads\/2025\/06\/F06B8B63-127F-4465-B483-1DA50B755FdAD-1024x683.jpg 1024w, https:\/\/handicapcar-occasion.com\/wp-content\/uploads\/2025\/06\/F06B8B63-127F-4465-B483-1DA50B755FdAD-768x512.jpg 768w, https:\/\/handicapcar-occasion.com\/wp-content\/uploads\/2025\/06\/F06B8B63-127F-4465-B483-1DA50B755FdAD.jpg 1200w","media_details":{"width":1200,"height":800,"sizes":{"medium":{"file":"F06B8B63-127F-4465-B483-1DA50B755FdAD-480x320.jpg","width":480,"height":320,"mime-type":"image\/jpeg","filesize":21316,"source_url":"https:\/\/handicapcar-occasion.com\/wp-content\/uploads\/2025\/06\/F06B8B63-127F-4465-B483-1DA50B755FdAD-480x320.jpg"},"large":{"file":"F06B8B63-127F-4465-B483-1DA50B755FdAD-1024x683.jpg","width":1024,"height":683,"mime-type":"image\/jpeg","filesize":79303,"source_url":"https:\/\/handicapcar-occasion.com\/wp-content\/uploads\/2025\/06\/F06B8B63-127F-4465-B483-1DA50B755FdAD-1024x683.jpg"},"thumbnail":{"file":"F06B8B63-127F-4465-B483-1DA50B755FdAD-150x150.jpg","width":150,"height":150,"mime-type":"image\/jpeg","filesize":4186,"source_url":"https:\/\/handicapcar-occasion.com\/wp-content\/uploads\/2025\/06\/F06B8B63-127F-4465-B483-1DA50B755FdAD-150x150.jpg"},"medium_large":{"file":"F06B8B63-127F-4465-B483-1DA50B755FdAD-768x512.jpg","width":768,"height":512,"mime-type":"image\/jpeg","filesize":46720,"source_url":"https:\/\/handicapcar-occasion.com\/wp-content\/uploads\/2025\/06\/F06B8B63-127F-4465-B483-1DA50B755FdAD-768x512.jpg"}}},"alt_text":"2 si\u00e8ges arri\u00e8re strapontin Ford grand tourneo 7 places diesel id\u00e9al taxi pour le transport de personne \u00e0 mobilit\u00e9 r\u00e9duite","url":"","target":""},{"id":5286,"title":"F424D143-3C14-4B0B-91FD-F460F6DA2869","caption":"","full_image_url":"https:\/\/handicapcar-occasion.com\/wp-content\/uploads\/2025\/06\/F424D143-3C14-4B0B-91FD-F460F6DA2869.jpg","thumbnail_image_url":"https:\/\/handicapcar-occasion.com\/wp-content\/uploads\/2025\/06\/F424D143-3C14-4B0B-91FD-F460F6DA2869-150x150.jpg","large_srcset":"https:\/\/handicapcar-occasion.com\/wp-content\/uploads\/2025\/06\/F424D143-3C14-4B0B-91FD-F460F6DA2869-1024x621.jpg 1024w, https:\/\/handicapcar-occasion.com\/wp-content\/uploads\/2025\/06\/F424D143-3C14-4B0B-91FD-F460F6DA2869-480x291.jpg 480w, https:\/\/handicapcar-occasion.com\/wp-content\/uploads\/2025\/06\/F424D143-3C14-4B0B-91FD-F460F6DA2869-768x466.jpg 768w, https:\/\/handicapcar-occasion.com\/wp-content\/uploads\/2025\/06\/F424D143-3C14-4B0B-91FD-F460F6DA2869.jpg 1200w","medium_srcset":"https:\/\/handicapcar-occasion.com\/wp-content\/uploads\/2025\/06\/F424D143-3C14-4B0B-91FD-F460F6DA2869-480x291.jpg 480w, https:\/\/handicapcar-occasion.com\/wp-content\/uploads\/2025\/06\/F424D143-3C14-4B0B-91FD-F460F6DA2869-1024x621.jpg 1024w, https:\/\/handicapcar-occasion.com\/wp-content\/uploads\/2025\/06\/F424D143-3C14-4B0B-91FD-F460F6DA2869-768x466.jpg 768w, https:\/\/handicapcar-occasion.com\/wp-content\/uploads\/2025\/06\/F424D143-3C14-4B0B-91FD-F460F6DA2869.jpg 1200w","media_details":{"width":1200,"height":728,"sizes":{"medium":{"file":"F424D143-3C14-4B0B-91FD-F460F6DA2869-480x291.jpg","width":480,"height":291,"mime-type":"image\/jpeg","filesize":20213,"source_url":"https:\/\/handicapcar-occasion.com\/wp-content\/uploads\/2025\/06\/F424D143-3C14-4B0B-91FD-F460F6DA2869-480x291.jpg"},"large":{"file":"F424D143-3C14-4B0B-91FD-F460F6DA2869-1024x621.jpg","width":1024,"height":621,"mime-type":"image\/jpeg","filesize":67816,"source_url":"https:\/\/handicapcar-occasion.com\/wp-content\/uploads\/2025\/06\/F424D143-3C14-4B0B-91FD-F460F6DA2869-1024x621.jpg"},"thumbnail":{"file":"F424D143-3C14-4B0B-91FD-F460F6DA2869-150x150.jpg","width":150,"height":150,"mime-type":"image\/jpeg","filesize":4144,"source_url":"https:\/\/handicapcar-occasion.com\/wp-content\/uploads\/2025\/06\/F424D143-3C14-4B0B-91FD-F460F6DA2869-150x150.jpg"},"medium_large":{"file":"F424D143-3C14-4B0B-91FD-F460F6DA2869-768x466.jpg","width":768,"height":466,"mime-type":"image\/jpeg","filesize":42603,"source_url":"https:\/\/handicapcar-occasion.com\/wp-content\/uploads\/2025\/06\/F424D143-3C14-4B0B-91FD-F460F6DA2869-768x466.jpg"}}},"alt_text":"","url":"","target":""}],[{"id":5287,"title":"ford-tourneo-eu-09_V761_Tourneo_Con_Int_Fr_Cockpit_1_wheel-16x9-2160x1215.jpg.renditions.original.png","caption":"","full_image_url":"https:\/\/handicapcar-occasion.com\/wp-content\/uploads\/2025\/06\/ford-tourneo-eu-09_V761_Tourneo_Con_Int_Fr_Cockpit_1_wheel-16x9-2160x1215.jpg.renditions.original.png.jpeg","thumbnail_image_url":"https:\/\/handicapcar-occasion.com\/wp-content\/uploads\/2025\/06\/ford-tourneo-eu-09_V761_Tourneo_Con_Int_Fr_Cockpit_1_wheel-16x9-2160x1215.jpg.renditions.original.png-150x150.jpeg","large_srcset":"https:\/\/handicapcar-occasion.com\/wp-content\/uploads\/2025\/06\/ford-tourneo-eu-09_V761_Tourneo_Con_Int_Fr_Cockpit_1_wheel-16x9-2160x1215.jpg.renditions.original.png-1024x576.jpeg 1024w, https:\/\/handicapcar-occasion.com\/wp-content\/uploads\/2025\/06\/ford-tourneo-eu-09_V761_Tourneo_Con_Int_Fr_Cockpit_1_wheel-16x9-2160x1215.jpg.renditions.original.png-480x270.jpeg 480w, https:\/\/handicapcar-occasion.com\/wp-content\/uploads\/2025\/06\/ford-tourneo-eu-09_V761_Tourneo_Con_Int_Fr_Cockpit_1_wheel-16x9-2160x1215.jpg.renditions.original.png-768x432.jpeg 768w, https:\/\/handicapcar-occasion.com\/wp-content\/uploads\/2025\/06\/ford-tourneo-eu-09_V761_Tourneo_Con_Int_Fr_Cockpit_1_wheel-16x9-2160x1215.jpg.renditions.original.png.jpeg 1200w","medium_srcset":"https:\/\/handicapcar-occasion.com\/wp-content\/uploads\/2025\/06\/ford-tourneo-eu-09_V761_Tourneo_Con_Int_Fr_Cockpit_1_wheel-16x9-2160x1215.jpg.renditions.original.png-480x270.jpeg 480w, https:\/\/handicapcar-occasion.com\/wp-content\/uploads\/2025\/06\/ford-tourneo-eu-09_V761_Tourneo_Con_Int_Fr_Cockpit_1_wheel-16x9-2160x1215.jpg.renditions.original.png-1024x576.jpeg 1024w, https:\/\/handicapcar-occasion.com\/wp-content\/uploads\/2025\/06\/ford-tourneo-eu-09_V761_Tourneo_Con_Int_Fr_Cockpit_1_wheel-16x9-2160x1215.jpg.renditions.original.png-768x432.jpeg 768w, https:\/\/handicapcar-occasion.com\/wp-content\/uploads\/2025\/06\/ford-tourneo-eu-09_V761_Tourneo_Con_Int_Fr_Cockpit_1_wheel-16x9-2160x1215.jpg.renditions.original.png.jpeg 1200w","media_details":{"width":1200,"height":675,"sizes":{"medium":{"file":"ford-tourneo-eu-09_V761_Tourneo_Con_Int_Fr_Cockpit_1_wheel-16x9-2160x1215.jpg.renditions.original.png-480x270.jpeg","width":480,"height":270,"mime-type":"image\/jpeg","filesize":20051,"source_url":"https:\/\/handicapcar-occasion.com\/wp-content\/uploads\/2025\/06\/ford-tourneo-eu-09_V761_Tourneo_Con_Int_Fr_Cockpit_1_wheel-16x9-2160x1215.jpg.renditions.original.png-480x270.jpeg"},"large":{"file":"ford-tourneo-eu-09_V761_Tourneo_Con_Int_Fr_Cockpit_1_wheel-16x9-2160x1215.jpg.renditions.original.png-1024x576.jpeg","width":1024,"height":576,"mime-type":"image\/jpeg","filesize":67802,"source_url":"https:\/\/handicapcar-occasion.com\/wp-content\/uploads\/2025\/06\/ford-tourneo-eu-09_V761_Tourneo_Con_Int_Fr_Cockpit_1_wheel-16x9-2160x1215.jpg.renditions.original.png-1024x576.jpeg"},"thumbnail":{"file":"ford-tourneo-eu-09_V761_Tourneo_Con_Int_Fr_Cockpit_1_wheel-16x9-2160x1215.jpg.renditions.original.png-150x150.jpeg","width":150,"height":150,"mime-type":"image\/jpeg","filesize":4738,"source_url":"https:\/\/handicapcar-occasion.com\/wp-content\/uploads\/2025\/06\/ford-tourneo-eu-09_V761_Tourneo_Con_Int_Fr_Cockpit_1_wheel-16x9-2160x1215.jpg.renditions.original.png-150x150.jpeg"},"medium_large":{"file":"ford-tourneo-eu-09_V761_Tourneo_Con_Int_Fr_Cockpit_1_wheel-16x9-2160x1215.jpg.renditions.original.png-768x432.jpeg","width":768,"height":432,"mime-type":"image\/jpeg","filesize":42893,"source_url":"https:\/\/handicapcar-occasion.com\/wp-content\/uploads\/2025\/06\/ford-tourneo-eu-09_V761_Tourneo_Con_Int_Fr_Cockpit_1_wheel-16x9-2160x1215.jpg.renditions.original.png-768x432.jpeg"}}},"alt_text":"","url":"","target":""},{"id":5292,"title":"interieur ford tourn\u00e9eo connect central","caption":"","full_image_url":"https:\/\/handicapcar-occasion.com\/wp-content\/uploads\/2025\/06\/interieur-ford-tourneeo-connect-central.jpg","thumbnail_image_url":"https:\/\/handicapcar-occasion.com\/wp-content\/uploads\/2025\/06\/interieur-ford-tourneeo-connect-central-150x150.jpg","large_srcset":"https:\/\/handicapcar-occasion.com\/wp-content\/uploads\/2025\/06\/interieur-ford-tourneeo-connect-central.jpg 767w, https:\/\/handicapcar-occasion.com\/wp-content\/uploads\/2025\/06\/interieur-ford-tourneeo-connect-central-480x426.jpg 480w","medium_srcset":"https:\/\/handicapcar-occasion.com\/wp-content\/uploads\/2025\/06\/interieur-ford-tourneeo-connect-central-480x426.jpg 480w, https:\/\/handicapcar-occasion.com\/wp-content\/uploads\/2025\/06\/interieur-ford-tourneeo-connect-central.jpg 767w","media_details":{"width":767,"height":681,"sizes":{"medium":{"file":"interieur-ford-tourneeo-connect-central-480x426.jpg","width":480,"height":426,"mime-type":"image\/jpeg","filesize":24458,"source_url":"https:\/\/handicapcar-occasion.com\/wp-content\/uploads\/2025\/06\/interieur-ford-tourneeo-connect-central-480x426.jpg"},"thumbnail":{"file":"interieur-ford-tourneeo-connect-central-150x150.jpg","width":150,"height":150,"mime-type":"image\/jpeg","filesize":4105,"source_url":"https:\/\/handicapcar-occasion.com\/wp-content\/uploads\/2025\/06\/interieur-ford-tourneeo-connect-central-150x150.jpg"}}},"alt_text":"","url":"","target":""},{"id":5283,"title":"interieur ford tourn\u00e9eo connect","caption":"options int\u00e9rieur ford grand tourneo connect tpmr 2025 ","full_image_url":"https:\/\/handicapcar-occasion.com\/wp-content\/uploads\/2025\/06\/ecran-interieur-ford-tourneeo-connect.jpeg","thumbnail_image_url":"https:\/\/handicapcar-occasion.com\/wp-content\/uploads\/2025\/06\/ecran-interieur-ford-tourneeo-connect-150x150.jpeg","large_srcset":"https:\/\/handicapcar-occasion.com\/wp-content\/uploads\/2025\/06\/ecran-interieur-ford-tourneeo-connect-1024x576.jpeg 1024w, https:\/\/handicapcar-occasion.com\/wp-content\/uploads\/2025\/06\/ecran-interieur-ford-tourneeo-connect-480x270.jpeg 480w, https:\/\/handicapcar-occasion.com\/wp-content\/uploads\/2025\/06\/ecran-interieur-ford-tourneeo-connect-768x432.jpeg 768w, https:\/\/handicapcar-occasion.com\/wp-content\/uploads\/2025\/06\/ecran-interieur-ford-tourneeo-connect.jpeg 1200w","medium_srcset":"https:\/\/handicapcar-occasion.com\/wp-content\/uploads\/2025\/06\/ecran-interieur-ford-tourneeo-connect-480x270.jpeg 480w, https:\/\/handicapcar-occasion.com\/wp-content\/uploads\/2025\/06\/ecran-interieur-ford-tourneeo-connect-1024x576.jpeg 1024w, https:\/\/handicapcar-occasion.com\/wp-content\/uploads\/2025\/06\/ecran-interieur-ford-tourneeo-connect-768x432.jpeg 768w, https:\/\/handicapcar-occasion.com\/wp-content\/uploads\/2025\/06\/ecran-interieur-ford-tourneeo-connect.jpeg 1200w","media_details":{"width":1200,"height":675,"sizes":{"medium":{"file":"ecran-interieur-ford-tourneeo-connect-480x270.jpeg","width":480,"height":270,"mime-type":"image\/jpeg","filesize":22834,"source_url":"https:\/\/handicapcar-occasion.com\/wp-content\/uploads\/2025\/06\/ecran-interieur-ford-tourneeo-connect-480x270.jpeg"},"large":{"file":"ecran-interieur-ford-tourneeo-connect-1024x576.jpeg","width":1024,"height":576,"mime-type":"image\/jpeg","filesize":79522,"source_url":"https:\/\/handicapcar-occasion.com\/wp-content\/uploads\/2025\/06\/ecran-interieur-ford-tourneeo-connect-1024x576.jpeg"},"thumbnail":{"file":"ecran-interieur-ford-tourneeo-connect-150x150.jpeg","width":150,"height":150,"mime-type":"image\/jpeg","filesize":6296,"source_url":"https:\/\/handicapcar-occasion.com\/wp-content\/uploads\/2025\/06\/ecran-interieur-ford-tourneeo-connect-150x150.jpeg"},"medium_large":{"file":"ecran-interieur-ford-tourneeo-connect-768x432.jpeg","width":768,"height":432,"mime-type":"image\/jpeg","filesize":49085,"source_url":"https:\/\/handicapcar-occasion.com\/wp-content\/uploads\/2025\/06\/ecran-interieur-ford-tourneeo-connect-768x432.jpeg"}}},"alt_text":"options ford grand tourneo connect tpmr 2025","url":"","target":""},{"id":5288,"title":"ford-tourneo-eu-citivan-phone_charging-16x9-2160x1215.png.renditions.small.png","caption":"","full_image_url":"https:\/\/handicapcar-occasion.com\/wp-content\/uploads\/2025\/06\/ford-tourneo-eu-citivan-phone_charging-16x9-2160x1215.png.renditions.small_.png.jpeg","thumbnail_image_url":"https:\/\/handicapcar-occasion.com\/wp-content\/uploads\/2025\/06\/ford-tourneo-eu-citivan-phone_charging-16x9-2160x1215.png.renditions.small_.png-150x150.jpeg","large_srcset":"https:\/\/handicapcar-occasion.com\/wp-content\/uploads\/2025\/06\/ford-tourneo-eu-citivan-phone_charging-16x9-2160x1215.png.renditions.small_.png.jpeg 767w, https:\/\/handicapcar-occasion.com\/wp-content\/uploads\/2025\/06\/ford-tourneo-eu-citivan-phone_charging-16x9-2160x1215.png.renditions.small_.png-480x270.jpeg 480w","medium_srcset":"https:\/\/handicapcar-occasion.com\/wp-content\/uploads\/2025\/06\/ford-tourneo-eu-citivan-phone_charging-16x9-2160x1215.png.renditions.small_.png-480x270.jpeg 480w, https:\/\/handicapcar-occasion.com\/wp-content\/uploads\/2025\/06\/ford-tourneo-eu-citivan-phone_charging-16x9-2160x1215.png.renditions.small_.png.jpeg 767w","media_details":{"width":767,"height":431,"sizes":{"medium":{"file":"ford-tourneo-eu-citivan-phone_charging-16x9-2160x1215.png.renditions.small_.png-480x270.jpeg","width":480,"height":270,"mime-type":"image\/jpeg","filesize":9050,"source_url":"https:\/\/handicapcar-occasion.com\/wp-content\/uploads\/2025\/06\/ford-tourneo-eu-citivan-phone_charging-16x9-2160x1215.png.renditions.small_.png-480x270.jpeg"},"thumbnail":{"file":"ford-tourneo-eu-citivan-phone_charging-16x9-2160x1215.png.renditions.small_.png-150x150.jpeg","width":150,"height":150,"mime-type":"image\/jpeg","filesize":3330,"source_url":"https:\/\/handicapcar-occasion.com\/wp-content\/uploads\/2025\/06\/ford-tourneo-eu-citivan-phone_charging-16x9-2160x1215.png.renditions.small_.png-150x150.jpeg"}}},"alt_text":"","url":"","target":""}]]}},"yoast_head":"<!-- This site is optimized with the Yoast SEO plugin v27.5 - https:\/\/yoast.com\/product\/yoast-seo-wordpress\/ -->\n<title>TPMR - FORD GRAND TOURNEO CONNECT - NEUF 2025 - HandicapCar Occasion<\/title>\n<meta name=\"description\" content=\"V\u00e9hicule adapt\u00e9 neuf TPMR - FORD GRAND TOURNEO CONNECT - NEUF 2025 2.0 EcoBlue Diesel 122 CH. Nous contacter pour plus d&#039;informations\" \/>\n<meta name=\"robots\" content=\"index, follow, max-snippet:-1, max-image-preview:large, max-video-preview:-1\" \/>\n<link rel=\"canonical\" href=\"https:\/\/handicapcar-occasion.com\/pt\/vehicule-tpmr-neuf\/tpmr-ford-grand-tourneo-connect-neuf-2025\/\" \/>\n<meta property=\"og:locale\" content=\"pt_PT\" \/>\n<meta property=\"og:type\" content=\"article\" \/>\n<meta property=\"og:title\" content=\"TPMR - FORD GRAND TOURNEO CONNECT - NEUF 2025 - HandicapCar Occasion\" \/>\n<meta property=\"og:description\" content=\"V\u00e9hicule adapt\u00e9 neuf TPMR - FORD GRAND TOURNEO CONNECT - NEUF 2025 2.0 EcoBlue Diesel 122 CH. Nous contacter pour plus d&#039;informations\" \/>\n<meta property=\"og:url\" content=\"https:\/\/handicapcar-occasion.com\/pt\/vehicule-tpmr-neuf\/tpmr-ford-grand-tourneo-connect-neuf-2025\/\" \/>\n<meta property=\"og:site_name\" content=\"HandicapCar Occasion\" \/>\n<meta property=\"article:publisher\" content=\"https:\/\/www.facebook.com\/handicapcar.occasion\" \/>\n<meta property=\"article:modified_time\" content=\"2025-06-26T17:23:18+00:00\" \/>\n<meta property=\"og:image\" content=\"https:\/\/handicapcar-occasion.com\/wp-content\/uploads\/2025\/06\/IMG_0577.jpg\" \/>\n\t<meta property=\"og:image:width\" content=\"1200\" \/>\n\t<meta property=\"og:image:height\" content=\"800\" \/>\n\t<meta property=\"og:image:type\" content=\"image\/jpeg\" \/>\n<meta name=\"twitter:card\" content=\"summary_large_image\" \/>\n<script type=\"application\/ld+json\" class=\"yoast-schema-graph\">{\"@context\":\"https:\\\/\\\/schema.org\",\"@graph\":[{\"@type\":\"WebPage\",\"@id\":\"https:\\\/\\\/handicapcar-occasion.com\\\/vehicule-tpmr-neuf\\\/tpmr-ford-grand-tourneo-connect-neuf-2025\\\/\",\"url\":\"https:\\\/\\\/handicapcar-occasion.com\\\/vehicule-tpmr-neuf\\\/tpmr-ford-grand-tourneo-connect-neuf-2025\\\/\",\"name\":\"TPMR - FORD GRAND TOURNEO CONNECT - NEUF 2025 - HandicapCar Occasion\",\"isPartOf\":{\"@id\":\"https:\\\/\\\/handicapcar-occasion.com\\\/#website\"},\"primaryImageOfPage\":{\"@id\":\"https:\\\/\\\/handicapcar-occasion.com\\\/vehicule-tpmr-neuf\\\/tpmr-ford-grand-tourneo-connect-neuf-2025\\\/#primaryimage\"},\"image\":{\"@id\":\"https:\\\/\\\/handicapcar-occasion.com\\\/vehicule-tpmr-neuf\\\/tpmr-ford-grand-tourneo-connect-neuf-2025\\\/#primaryimage\"},\"thumbnailUrl\":\"https:\\\/\\\/handicapcar-occasion.com\\\/wp-content\\\/uploads\\\/2025\\\/06\\\/IMG_0577.jpg\",\"datePublished\":\"2025-06-26T13:06:09+00:00\",\"dateModified\":\"2025-06-26T17:23:18+00:00\",\"description\":\"V\u00e9hicule adapt\u00e9 neuf TPMR - FORD GRAND TOURNEO CONNECT - NEUF 2025 2.0 EcoBlue Diesel 122 CH. Nous contacter pour plus d'informations\",\"breadcrumb\":{\"@id\":\"https:\\\/\\\/handicapcar-occasion.com\\\/vehicule-tpmr-neuf\\\/tpmr-ford-grand-tourneo-connect-neuf-2025\\\/#breadcrumb\"},\"inLanguage\":\"pt-PT\",\"potentialAction\":[{\"@type\":\"ReadAction\",\"target\":[\"https:\\\/\\\/handicapcar-occasion.com\\\/vehicule-tpmr-neuf\\\/tpmr-ford-grand-tourneo-connect-neuf-2025\\\/\"]}]},{\"@type\":\"ImageObject\",\"inLanguage\":\"pt-PT\",\"@id\":\"https:\\\/\\\/handicapcar-occasion.com\\\/vehicule-tpmr-neuf\\\/tpmr-ford-grand-tourneo-connect-neuf-2025\\\/#primaryimage\",\"url\":\"https:\\\/\\\/handicapcar-occasion.com\\\/wp-content\\\/uploads\\\/2025\\\/06\\\/IMG_0577.jpg\",\"contentUrl\":\"https:\\\/\\\/handicapcar-occasion.com\\\/wp-content\\\/uploads\\\/2025\\\/06\\\/IMG_0577.jpg\",\"width\":1200,\"height\":800,\"caption\":\"Achat neuf 2025 Ford grand tourneo Connect am\u00e9nag\u00e9 pour le transport d'une personne en fauteuil roulant\"},{\"@type\":\"BreadcrumbList\",\"@id\":\"https:\\\/\\\/handicapcar-occasion.com\\\/vehicule-tpmr-neuf\\\/tpmr-ford-grand-tourneo-connect-neuf-2025\\\/#breadcrumb\",\"itemListElement\":[{\"@type\":\"ListItem\",\"position\":1,\"name\":\"Accueil\",\"item\":\"https:\\\/\\\/handicapcar-occasion.com\\\/\"},{\"@type\":\"ListItem\",\"position\":2,\"name\":\"V\u00e9hicules neufs\",\"item\":\"https:\\\/\\\/handicapcar-occasion.com\\\/vehicule-tpmr-neuf\\\/\"},{\"@type\":\"ListItem\",\"position\":3,\"name\":\"TPMR &#8211; FORD GRAND TOURNEO CONNECT &#8211; NEUF 2025\"}]},{\"@type\":\"WebSite\",\"@id\":\"https:\\\/\\\/handicapcar-occasion.com\\\/#website\",\"url\":\"https:\\\/\\\/handicapcar-occasion.com\\\/\",\"name\":\"HandicapCar Occasion\",\"description\":\"Achat Vente Location TPMR\",\"publisher\":{\"@id\":\"https:\\\/\\\/handicapcar-occasion.com\\\/#organization\"},\"potentialAction\":[{\"@type\":\"SearchAction\",\"target\":{\"@type\":\"EntryPoint\",\"urlTemplate\":\"https:\\\/\\\/handicapcar-occasion.com\\\/?s={search_term_string}\"},\"query-input\":{\"@type\":\"PropertyValueSpecification\",\"valueRequired\":true,\"valueName\":\"search_term_string\"}}],\"inLanguage\":\"pt-PT\"},{\"@type\":\"Organization\",\"@id\":\"https:\\\/\\\/handicapcar-occasion.com\\\/#organization\",\"name\":\"HandicapCar Occasion\",\"url\":\"https:\\\/\\\/handicapcar-occasion.com\\\/\",\"logo\":{\"@type\":\"ImageObject\",\"inLanguage\":\"pt-PT\",\"@id\":\"https:\\\/\\\/handicapcar-occasion.com\\\/#\\\/schema\\\/logo\\\/image\\\/\",\"url\":\"https:\\\/\\\/handicapcar-occasion.com\\\/wp-content\\\/uploads\\\/2020\\\/07\\\/Logo-Handicapcar-Occasion-web.png\",\"contentUrl\":\"https:\\\/\\\/handicapcar-occasion.com\\\/wp-content\\\/uploads\\\/2020\\\/07\\\/Logo-Handicapcar-Occasion-web.png\",\"width\":512,\"height\":158,\"caption\":\"HandicapCar Occasion\"},\"image\":{\"@id\":\"https:\\\/\\\/handicapcar-occasion.com\\\/#\\\/schema\\\/logo\\\/image\\\/\"},\"sameAs\":[\"https:\\\/\\\/www.facebook.com\\\/handicapcar.occasion\"]}]}<\/script>\n<!-- \/ Yoast SEO plugin. -->","yoast_head_json":{"title":"TPMR - FORD GRAND TOURNEO CONNECT - NEUF 2025 - HandicapCar Occasion","description":"V\u00e9hicule adapt\u00e9 neuf TPMR - FORD GRAND TOURNEO CONNECT - NEUF 2025 2.0 EcoBlue Diesel 122 CH. Nous contacter pour plus d'informations","robots":{"index":"index","follow":"follow","max-snippet":"max-snippet:-1","max-image-preview":"max-image-preview:large","max-video-preview":"max-video-preview:-1"},"canonical":"https:\/\/handicapcar-occasion.com\/pt\/vehicule-tpmr-neuf\/tpmr-ford-grand-tourneo-connect-neuf-2025\/","og_locale":"pt_PT","og_type":"article","og_title":"TPMR - FORD GRAND TOURNEO CONNECT - NEUF 2025 - HandicapCar Occasion","og_description":"V\u00e9hicule adapt\u00e9 neuf TPMR - FORD GRAND TOURNEO CONNECT - NEUF 2025 2.0 EcoBlue Diesel 122 CH. Nous contacter pour plus d'informations","og_url":"https:\/\/handicapcar-occasion.com\/pt\/vehicule-tpmr-neuf\/tpmr-ford-grand-tourneo-connect-neuf-2025\/","og_site_name":"HandicapCar Occasion","article_publisher":"https:\/\/www.facebook.com\/handicapcar.occasion","article_modified_time":"2025-06-26T17:23:18+00:00","og_image":[{"width":1200,"height":800,"url":"https:\/\/handicapcar-occasion.com\/wp-content\/uploads\/2025\/06\/IMG_0577.jpg","type":"image\/jpeg"}],"twitter_card":"summary_large_image","schema":{"@context":"https:\/\/schema.org","@graph":[{"@type":"WebPage","@id":"https:\/\/handicapcar-occasion.com\/vehicule-tpmr-neuf\/tpmr-ford-grand-tourneo-connect-neuf-2025\/","url":"https:\/\/handicapcar-occasion.com\/vehicule-tpmr-neuf\/tpmr-ford-grand-tourneo-connect-neuf-2025\/","name":"TPMR - FORD GRAND TOURNEO CONNECT - NEUF 2025 - HandicapCar Occasion","isPartOf":{"@id":"https:\/\/handicapcar-occasion.com\/#website"},"primaryImageOfPage":{"@id":"https:\/\/handicapcar-occasion.com\/vehicule-tpmr-neuf\/tpmr-ford-grand-tourneo-connect-neuf-2025\/#primaryimage"},"image":{"@id":"https:\/\/handicapcar-occasion.com\/vehicule-tpmr-neuf\/tpmr-ford-grand-tourneo-connect-neuf-2025\/#primaryimage"},"thumbnailUrl":"https:\/\/handicapcar-occasion.com\/wp-content\/uploads\/2025\/06\/IMG_0577.jpg","datePublished":"2025-06-26T13:06:09+00:00","dateModified":"2025-06-26T17:23:18+00:00","description":"V\u00e9hicule adapt\u00e9 neuf TPMR - FORD GRAND TOURNEO CONNECT - NEUF 2025 2.0 EcoBlue Diesel 122 CH. Nous contacter pour plus d'informations","breadcrumb":{"@id":"https:\/\/handicapcar-occasion.com\/vehicule-tpmr-neuf\/tpmr-ford-grand-tourneo-connect-neuf-2025\/#breadcrumb"},"inLanguage":"pt-PT","potentialAction":[{"@type":"ReadAction","target":["https:\/\/handicapcar-occasion.com\/vehicule-tpmr-neuf\/tpmr-ford-grand-tourneo-connect-neuf-2025\/"]}]},{"@type":"ImageObject","inLanguage":"pt-PT","@id":"https:\/\/handicapcar-occasion.com\/vehicule-tpmr-neuf\/tpmr-ford-grand-tourneo-connect-neuf-2025\/#primaryimage","url":"https:\/\/handicapcar-occasion.com\/wp-content\/uploads\/2025\/06\/IMG_0577.jpg","contentUrl":"https:\/\/handicapcar-occasion.com\/wp-content\/uploads\/2025\/06\/IMG_0577.jpg","width":1200,"height":800,"caption":"Achat neuf 2025 Ford grand tourneo Connect am\u00e9nag\u00e9 pour le transport d'une personne en fauteuil roulant"},{"@type":"BreadcrumbList","@id":"https:\/\/handicapcar-occasion.com\/vehicule-tpmr-neuf\/tpmr-ford-grand-tourneo-connect-neuf-2025\/#breadcrumb","itemListElement":[{"@type":"ListItem","position":1,"name":"Accueil","item":"https:\/\/handicapcar-occasion.com\/"},{"@type":"ListItem","position":2,"name":"V\u00e9hicules neufs","item":"https:\/\/handicapcar-occasion.com\/vehicule-tpmr-neuf\/"},{"@type":"ListItem","position":3,"name":"TPMR &#8211; FORD GRAND TOURNEO CONNECT &#8211; NEUF 2025"}]},{"@type":"WebSite","@id":"https:\/\/handicapcar-occasion.com\/#website","url":"https:\/\/handicapcar-occasion.com\/","name":"HandicapCar Occasion","description":"Achat Vente Location TPMR","publisher":{"@id":"https:\/\/handicapcar-occasion.com\/#organization"},"potentialAction":[{"@type":"SearchAction","target":{"@type":"EntryPoint","urlTemplate":"https:\/\/handicapcar-occasion.com\/?s={search_term_string}"},"query-input":{"@type":"PropertyValueSpecification","valueRequired":true,"valueName":"search_term_string"}}],"inLanguage":"pt-PT"},{"@type":"Organization","@id":"https:\/\/handicapcar-occasion.com\/#organization","name":"HandicapCar Occasion","url":"https:\/\/handicapcar-occasion.com\/","logo":{"@type":"ImageObject","inLanguage":"pt-PT","@id":"https:\/\/handicapcar-occasion.com\/#\/schema\/logo\/image\/","url":"https:\/\/handicapcar-occasion.com\/wp-content\/uploads\/2020\/07\/Logo-Handicapcar-Occasion-web.png","contentUrl":"https:\/\/handicapcar-occasion.com\/wp-content\/uploads\/2020\/07\/Logo-Handicapcar-Occasion-web.png","width":512,"height":158,"caption":"HandicapCar Occasion"},"image":{"@id":"https:\/\/handicapcar-occasion.com\/#\/schema\/logo\/image\/"},"sameAs":["https:\/\/www.facebook.com\/handicapcar.occasion"]}]}},"_links":{"self":[{"href":"https:\/\/handicapcar-occasion.com\/pt\/wp-json\/wp\/v2\/vehicule-tpmr-neuf\/5295","targetHints":{"allow":["GET"]}}],"collection":[{"href":"https:\/\/handicapcar-occasion.com\/pt\/wp-json\/wp\/v2\/vehicule-tpmr-neuf"}],"about":[{"href":"https:\/\/handicapcar-occasion.com\/pt\/wp-json\/wp\/v2\/types\/vehicule-tpmr-neuf"}],"wp:featuredmedia":[{"embeddable":true,"href":"https:\/\/handicapcar-occasion.com\/pt\/wp-json\/wp\/v2\/media\/5291"}],"wp:attachment":[{"href":"https:\/\/handicapcar-occasion.com\/pt\/wp-json\/wp\/v2\/media?parent=5295"}],"wp:term":[{"taxonomy":"category","embeddable":true,"href":"https:\/\/handicapcar-occasion.com\/pt\/wp-json\/wp\/v2\/categories?post=5295"}],"curies":[{"name":"wp","href":"https:\/\/api.w.org\/{rel}","templated":true}]}}