{"id":5300,"date":"2025-06-26T15:56:27","date_gmt":"2025-06-26T13:56:27","guid":{"rendered":"https:\/\/handicapcar-occasion.fr\/?post_type=vehicule-tpmr-neuf&#038;p=5300"},"modified":"2025-06-26T19:24:09","modified_gmt":"2025-06-26T17:24:09","slug":"tpmr-ford-grand-tourneo-connect-neuf","status":"publish","type":"vehicule-tpmr-neuf","link":"https:\/\/handicapcar-occasion.com\/pt\/vehicule-tpmr-neuf\/tpmr-ford-grand-tourneo-connect-neuf\/","title":{"rendered":"TPMR \u2013 FORD GRAND TOURNEO CONNECT \u2013 NOVO 2025"},"excerpt":{"rendered":"<p>Le Ford Grand Tourneo Connect accessible en fauteuil roulant est le compagnon id\u00e9al pour les familles en qu\u00eate de libert\u00e9. Avec ses 5 vraies places assises + 1 emplacement pour une<br \/>\npersonne en fauteuil roulant, chacun trouve sa place dans un habitacle spacieux, moderne et lumineux.<br \/>\n\u2022 Que ce sois pour accompagner les enfants \u00e0 l\u2019\u00e9cole, partir en week-end ou simplement faire les courses, il s\u2019adapte \u00e0 toutes vos envies comme \u00e0 vos besoins.<\/p>","protected":false},"featured_media":5305,"template":"","meta":{"_acf_changed":false,"site-sidebar-layout":"default","site-content-layout":"","ast-site-content-layout":"default","site-content-style":"default","site-sidebar-style":"default","ast-global-header-display":"","ast-banner-title-visibility":"","ast-main-header-display":"","ast-hfb-above-header-display":"","ast-hfb-below-header-display":"","ast-hfb-mobile-header-display":"","site-post-title":"","ast-breadcrumbs-content":"","ast-featured-img":"","footer-sml-layout":"","ast-disable-related-posts":"","theme-transparent-header-meta":"default","adv-header-id-meta":"","stick-header-meta":"","header-above-stick-meta":"","header-main-stick-meta":"","header-below-stick-meta":"","astra-migrate-meta-layouts":"set","ast-page-background-enabled":"default","ast-page-background-meta":{"desktop":{"background-color":"var(--ast-global-color-5)","background-image":"","background-repeat":"repeat","background-position":"center center","background-size":"auto","background-attachment":"scroll","background-type":"","background-media":"","overlay-type":"","overlay-color":"","overlay-opacity":"","overlay-gradient":""},"tablet":{"background-color":"","background-image":"","background-repeat":"repeat","background-position":"center center","background-size":"auto","background-attachment":"scroll","background-type":"","background-media":"","overlay-type":"","overlay-color":"","overlay-opacity":"","overlay-gradient":""},"mobile":{"background-color":"","background-image":"","background-repeat":"repeat","background-position":"center center","background-size":"auto","background-attachment":"scroll","background-type":"","background-media":"","overlay-type":"","overlay-color":"","overlay-opacity":"","overlay-gradient":""}},"ast-content-background-meta":{"desktop":{"background-color":"var(--ast-global-color-4)","background-image":"","background-repeat":"repeat","background-position":"center center","background-size":"auto","background-attachment":"scroll","background-type":"","background-media":"","overlay-type":"","overlay-color":"","overlay-opacity":"","overlay-gradient":""},"tablet":{"background-color":"var(--ast-global-color-4)","background-image":"","background-repeat":"repeat","background-position":"center center","background-size":"auto","background-attachment":"scroll","background-type":"","background-media":"","overlay-type":"","overlay-color":"","overlay-opacity":"","overlay-gradient":""},"mobile":{"background-color":"var(--ast-global-color-4)","background-image":"","background-repeat":"repeat","background-position":"center center","background-size":"auto","background-attachment":"scroll","background-type":"","background-media":"","overlay-type":"","overlay-color":"","overlay-opacity":"","overlay-gradient":""}}},"categories":[],"class_list":["post-5300","vehicule-tpmr-neuf","type-vehicule-tpmr-neuf","status-publish","has-post-thumbnail","hentry"],"acf":{"photo_gallery":{"photos_du_vehicule":[[{"id":5308,"title":"ED50D2A0-9E0D-4EBB-BA53-1B43D10D3DBA","caption":"","full_image_url":"https:\/\/handicapcar-occasion.com\/wp-content\/uploads\/2025\/06\/ED50D2A0-9E0D-4EBB-BA53-1B43D10D3DBA.jpg","thumbnail_image_url":"https:\/\/handicapcar-occasion.com\/wp-content\/uploads\/2025\/06\/ED50D2A0-9E0D-4EBB-BA53-1B43D10D3DBA-150x150.jpg","large_srcset":"https:\/\/handicapcar-occasion.com\/wp-content\/uploads\/2025\/06\/ED50D2A0-9E0D-4EBB-BA53-1B43D10D3DBA-1024x683.jpg 1024w, https:\/\/handicapcar-occasion.com\/wp-content\/uploads\/2025\/06\/ED50D2A0-9E0D-4EBB-BA53-1B43D10D3DBA-480x320.jpg 480w, https:\/\/handicapcar-occasion.com\/wp-content\/uploads\/2025\/06\/ED50D2A0-9E0D-4EBB-BA53-1B43D10D3DBA-768x512.jpg 768w, https:\/\/handicapcar-occasion.com\/wp-content\/uploads\/2025\/06\/ED50D2A0-9E0D-4EBB-BA53-1B43D10D3DBA.jpg 1200w","medium_srcset":"https:\/\/handicapcar-occasion.com\/wp-content\/uploads\/2025\/06\/ED50D2A0-9E0D-4EBB-BA53-1B43D10D3DBA-480x320.jpg 480w, https:\/\/handicapcar-occasion.com\/wp-content\/uploads\/2025\/06\/ED50D2A0-9E0D-4EBB-BA53-1B43D10D3DBA-1024x683.jpg 1024w, https:\/\/handicapcar-occasion.com\/wp-content\/uploads\/2025\/06\/ED50D2A0-9E0D-4EBB-BA53-1B43D10D3DBA-768x512.jpg 768w, https:\/\/handicapcar-occasion.com\/wp-content\/uploads\/2025\/06\/ED50D2A0-9E0D-4EBB-BA53-1B43D10D3DBA.jpg 1200w","media_details":{"width":1200,"height":800,"sizes":{"medium":{"file":"ED50D2A0-9E0D-4EBB-BA53-1B43D10D3DBA-480x320.jpg","width":480,"height":320,"mime-type":"image\/jpeg","filesize":18631,"source_url":"https:\/\/handicapcar-occasion.com\/wp-content\/uploads\/2025\/06\/ED50D2A0-9E0D-4EBB-BA53-1B43D10D3DBA-480x320.jpg"},"large":{"file":"ED50D2A0-9E0D-4EBB-BA53-1B43D10D3DBA-1024x683.jpg","width":1024,"height":683,"mime-type":"image\/jpeg","filesize":63698,"source_url":"https:\/\/handicapcar-occasion.com\/wp-content\/uploads\/2025\/06\/ED50D2A0-9E0D-4EBB-BA53-1B43D10D3DBA-1024x683.jpg"},"thumbnail":{"file":"ED50D2A0-9E0D-4EBB-BA53-1B43D10D3DBA-150x150.jpg","width":150,"height":150,"mime-type":"image\/jpeg","filesize":4327,"source_url":"https:\/\/handicapcar-occasion.com\/wp-content\/uploads\/2025\/06\/ED50D2A0-9E0D-4EBB-BA53-1B43D10D3DBA-150x150.jpg"},"medium_large":{"file":"ED50D2A0-9E0D-4EBB-BA53-1B43D10D3DBA-768x512.jpg","width":768,"height":512,"mime-type":"image\/jpeg","filesize":39578,"source_url":"https:\/\/handicapcar-occasion.com\/wp-content\/uploads\/2025\/06\/ED50D2A0-9E0D-4EBB-BA53-1B43D10D3DBA-768x512.jpg"}}},"alt_text":"","url":"","target":""},{"id":5306,"title":"B98879EC-40FC-40C4-BFD6-778B18808D61","caption":"","full_image_url":"https:\/\/handicapcar-occasion.com\/wp-content\/uploads\/2025\/06\/B98879EC-40FC-40C4-BFD6-778B18808D61.jpg","thumbnail_image_url":"https:\/\/handicapcar-occasion.com\/wp-content\/uploads\/2025\/06\/B98879EC-40FC-40C4-BFD6-778B18808D61-150x150.jpg","large_srcset":"https:\/\/handicapcar-occasion.com\/wp-content\/uploads\/2025\/06\/B98879EC-40FC-40C4-BFD6-778B18808D61.jpg 1024w, https:\/\/handicapcar-occasion.com\/wp-content\/uploads\/2025\/06\/B98879EC-40FC-40C4-BFD6-778B18808D61-480x480.jpg 480w, https:\/\/handicapcar-occasion.com\/wp-content\/uploads\/2025\/06\/B98879EC-40FC-40C4-BFD6-778B18808D61-150x150.jpg 150w, https:\/\/handicapcar-occasion.com\/wp-content\/uploads\/2025\/06\/B98879EC-40FC-40C4-BFD6-778B18808D61-768x768.jpg 768w","medium_srcset":"https:\/\/handicapcar-occasion.com\/wp-content\/uploads\/2025\/06\/B98879EC-40FC-40C4-BFD6-778B18808D61-480x480.jpg 480w, https:\/\/handicapcar-occasion.com\/wp-content\/uploads\/2025\/06\/B98879EC-40FC-40C4-BFD6-778B18808D61-150x150.jpg 150w, https:\/\/handicapcar-occasion.com\/wp-content\/uploads\/2025\/06\/B98879EC-40FC-40C4-BFD6-778B18808D61-768x768.jpg 768w, https:\/\/handicapcar-occasion.com\/wp-content\/uploads\/2025\/06\/B98879EC-40FC-40C4-BFD6-778B18808D61.jpg 1024w","media_details":{"width":1024,"height":1024,"sizes":{"medium":{"file":"B98879EC-40FC-40C4-BFD6-778B18808D61-480x480.jpg","width":480,"height":480,"mime-type":"image\/jpeg","filesize":22811,"source_url":"https:\/\/handicapcar-occasion.com\/wp-content\/uploads\/2025\/06\/B98879EC-40FC-40C4-BFD6-778B18808D61-480x480.jpg"},"thumbnail":{"file":"B98879EC-40FC-40C4-BFD6-778B18808D61-150x150.jpg","width":150,"height":150,"mime-type":"image\/jpeg","filesize":3815,"source_url":"https:\/\/handicapcar-occasion.com\/wp-content\/uploads\/2025\/06\/B98879EC-40FC-40C4-BFD6-778B18808D61-150x150.jpg"},"medium_large":{"file":"B98879EC-40FC-40C4-BFD6-778B18808D61-768x768.jpg","width":768,"height":768,"mime-type":"image\/jpeg","filesize":52497,"source_url":"https:\/\/handicapcar-occasion.com\/wp-content\/uploads\/2025\/06\/B98879EC-40FC-40C4-BFD6-778B18808D61-768x768.jpg"}}},"alt_text":"","url":"","target":""},{"id":5301,"title":"65CA0FA0-2A5B-4880-8C94-0F3CD9D9A2FB","caption":"","full_image_url":"https:\/\/handicapcar-occasion.com\/wp-content\/uploads\/2025\/06\/65CA0FA0-2A5B-4880-8C94-0F3CD9D9A2FB.jpg","thumbnail_image_url":"https:\/\/handicapcar-occasion.com\/wp-content\/uploads\/2025\/06\/65CA0FA0-2A5B-4880-8C94-0F3CD9D9A2FB-150x150.jpg","large_srcset":"https:\/\/handicapcar-occasion.com\/wp-content\/uploads\/2025\/06\/65CA0FA0-2A5B-4880-8C94-0F3CD9D9A2FB.jpg 1024w, https:\/\/handicapcar-occasion.com\/wp-content\/uploads\/2025\/06\/65CA0FA0-2A5B-4880-8C94-0F3CD9D9A2FB-480x445.jpg 480w, https:\/\/handicapcar-occasion.com\/wp-content\/uploads\/2025\/06\/65CA0FA0-2A5B-4880-8C94-0F3CD9D9A2FB-768x713.jpg 768w","medium_srcset":"https:\/\/handicapcar-occasion.com\/wp-content\/uploads\/2025\/06\/65CA0FA0-2A5B-4880-8C94-0F3CD9D9A2FB-480x445.jpg 480w, https:\/\/handicapcar-occasion.com\/wp-content\/uploads\/2025\/06\/65CA0FA0-2A5B-4880-8C94-0F3CD9D9A2FB-768x713.jpg 768w, https:\/\/handicapcar-occasion.com\/wp-content\/uploads\/2025\/06\/65CA0FA0-2A5B-4880-8C94-0F3CD9D9A2FB.jpg 1024w","media_details":{"width":1024,"height":950,"sizes":{"medium":{"file":"65CA0FA0-2A5B-4880-8C94-0F3CD9D9A2FB-480x445.jpg","width":480,"height":445,"mime-type":"image\/jpeg","filesize":19828,"source_url":"https:\/\/handicapcar-occasion.com\/wp-content\/uploads\/2025\/06\/65CA0FA0-2A5B-4880-8C94-0F3CD9D9A2FB-480x445.jpg"},"thumbnail":{"file":"65CA0FA0-2A5B-4880-8C94-0F3CD9D9A2FB-150x150.jpg","width":150,"height":150,"mime-type":"image\/jpeg","filesize":3453,"source_url":"https:\/\/handicapcar-occasion.com\/wp-content\/uploads\/2025\/06\/65CA0FA0-2A5B-4880-8C94-0F3CD9D9A2FB-150x150.jpg"},"medium_large":{"file":"65CA0FA0-2A5B-4880-8C94-0F3CD9D9A2FB-768x713.jpg","width":768,"height":713,"mime-type":"image\/jpeg","filesize":45770,"source_url":"https:\/\/handicapcar-occasion.com\/wp-content\/uploads\/2025\/06\/65CA0FA0-2A5B-4880-8C94-0F3CD9D9A2FB-768x713.jpg"}}},"alt_text":"","url":"","target":""},{"id":5303,"title":"7462E6B5-9104-4E04-93B4-414D44C49C86","caption":"","full_image_url":"https:\/\/handicapcar-occasion.com\/wp-content\/uploads\/2025\/06\/7462E6B5-9104-4E04-93B4-414D44C49C86.jpg","thumbnail_image_url":"https:\/\/handicapcar-occasion.com\/wp-content\/uploads\/2025\/06\/7462E6B5-9104-4E04-93B4-414D44C49C86-150x150.jpg","large_srcset":"https:\/\/handicapcar-occasion.com\/wp-content\/uploads\/2025\/06\/7462E6B5-9104-4E04-93B4-414D44C49C86.jpg 1024w, https:\/\/handicapcar-occasion.com\/wp-content\/uploads\/2025\/06\/7462E6B5-9104-4E04-93B4-414D44C49C86-480x445.jpg 480w, https:\/\/handicapcar-occasion.com\/wp-content\/uploads\/2025\/06\/7462E6B5-9104-4E04-93B4-414D44C49C86-768x712.jpg 768w","medium_srcset":"https:\/\/handicapcar-occasion.com\/wp-content\/uploads\/2025\/06\/7462E6B5-9104-4E04-93B4-414D44C49C86-480x445.jpg 480w, https:\/\/handicapcar-occasion.com\/wp-content\/uploads\/2025\/06\/7462E6B5-9104-4E04-93B4-414D44C49C86-768x712.jpg 768w, https:\/\/handicapcar-occasion.com\/wp-content\/uploads\/2025\/06\/7462E6B5-9104-4E04-93B4-414D44C49C86.jpg 1024w","media_details":{"width":1024,"height":949,"sizes":{"medium":{"file":"7462E6B5-9104-4E04-93B4-414D44C49C86-480x445.jpg","width":480,"height":445,"mime-type":"image\/jpeg","filesize":18925,"source_url":"https:\/\/handicapcar-occasion.com\/wp-content\/uploads\/2025\/06\/7462E6B5-9104-4E04-93B4-414D44C49C86-480x445.jpg"},"thumbnail":{"file":"7462E6B5-9104-4E04-93B4-414D44C49C86-150x150.jpg","width":150,"height":150,"mime-type":"image\/jpeg","filesize":3287,"source_url":"https:\/\/handicapcar-occasion.com\/wp-content\/uploads\/2025\/06\/7462E6B5-9104-4E04-93B4-414D44C49C86-150x150.jpg"},"medium_large":{"file":"7462E6B5-9104-4E04-93B4-414D44C49C86-768x712.jpg","width":768,"height":712,"mime-type":"image\/jpeg","filesize":42934,"source_url":"https:\/\/handicapcar-occasion.com\/wp-content\/uploads\/2025\/06\/7462E6B5-9104-4E04-93B4-414D44C49C86-768x712.jpg"}}},"alt_text":"","url":"","target":""},{"id":5302,"title":"809D630F-80F8-4FD9-B397-3E70F41A650F","caption":"","full_image_url":"https:\/\/handicapcar-occasion.com\/wp-content\/uploads\/2025\/06\/809D630F-80F8-4FD9-B397-3E70F41A650F.jpg","thumbnail_image_url":"https:\/\/handicapcar-occasion.com\/wp-content\/uploads\/2025\/06\/809D630F-80F8-4FD9-B397-3E70F41A650F-150x150.jpg","large_srcset":"https:\/\/handicapcar-occasion.com\/wp-content\/uploads\/2025\/06\/809D630F-80F8-4FD9-B397-3E70F41A650F.jpg 1024w, https:\/\/handicapcar-occasion.com\/wp-content\/uploads\/2025\/06\/809D630F-80F8-4FD9-B397-3E70F41A650F-480x480.jpg 480w, https:\/\/handicapcar-occasion.com\/wp-content\/uploads\/2025\/06\/809D630F-80F8-4FD9-B397-3E70F41A650F-150x150.jpg 150w, https:\/\/handicapcar-occasion.com\/wp-content\/uploads\/2025\/06\/809D630F-80F8-4FD9-B397-3E70F41A650F-768x768.jpg 768w","medium_srcset":"https:\/\/handicapcar-occasion.com\/wp-content\/uploads\/2025\/06\/809D630F-80F8-4FD9-B397-3E70F41A650F-480x480.jpg 480w, https:\/\/handicapcar-occasion.com\/wp-content\/uploads\/2025\/06\/809D630F-80F8-4FD9-B397-3E70F41A650F-150x150.jpg 150w, https:\/\/handicapcar-occasion.com\/wp-content\/uploads\/2025\/06\/809D630F-80F8-4FD9-B397-3E70F41A650F-768x768.jpg 768w, https:\/\/handicapcar-occasion.com\/wp-content\/uploads\/2025\/06\/809D630F-80F8-4FD9-B397-3E70F41A650F.jpg 1024w","media_details":{"width":1024,"height":1024,"sizes":{"medium":{"file":"809D630F-80F8-4FD9-B397-3E70F41A650F-480x480.jpg","width":480,"height":480,"mime-type":"image\/jpeg","filesize":26324,"source_url":"https:\/\/handicapcar-occasion.com\/wp-content\/uploads\/2025\/06\/809D630F-80F8-4FD9-B397-3E70F41A650F-480x480.jpg"},"thumbnail":{"file":"809D630F-80F8-4FD9-B397-3E70F41A650F-150x150.jpg","width":150,"height":150,"mime-type":"image\/jpeg","filesize":4385,"source_url":"https:\/\/handicapcar-occasion.com\/wp-content\/uploads\/2025\/06\/809D630F-80F8-4FD9-B397-3E70F41A650F-150x150.jpg"},"medium_large":{"file":"809D630F-80F8-4FD9-B397-3E70F41A650F-768x768.jpg","width":768,"height":768,"mime-type":"image\/jpeg","filesize":61247,"source_url":"https:\/\/handicapcar-occasion.com\/wp-content\/uploads\/2025\/06\/809D630F-80F8-4FD9-B397-3E70F41A650F-768x768.jpg"}}},"alt_text":"","url":"","target":""},{"id":5304,"title":"B9CC6FE7-374C-417A-9A74-5A1834EB3343","caption":"","full_image_url":"https:\/\/handicapcar-occasion.com\/wp-content\/uploads\/2025\/06\/B9CC6FE7-374C-417A-9A74-5A1834EB3343.jpg","thumbnail_image_url":"https:\/\/handicapcar-occasion.com\/wp-content\/uploads\/2025\/06\/B9CC6FE7-374C-417A-9A74-5A1834EB3343-150x150.jpg","large_srcset":"https:\/\/handicapcar-occasion.com\/wp-content\/uploads\/2025\/06\/B9CC6FE7-374C-417A-9A74-5A1834EB3343.jpg 1024w, https:\/\/handicapcar-occasion.com\/wp-content\/uploads\/2025\/06\/B9CC6FE7-374C-417A-9A74-5A1834EB3343-480x480.jpg 480w, https:\/\/handicapcar-occasion.com\/wp-content\/uploads\/2025\/06\/B9CC6FE7-374C-417A-9A74-5A1834EB3343-150x150.jpg 150w, https:\/\/handicapcar-occasion.com\/wp-content\/uploads\/2025\/06\/B9CC6FE7-374C-417A-9A74-5A1834EB3343-768x768.jpg 768w","medium_srcset":"https:\/\/handicapcar-occasion.com\/wp-content\/uploads\/2025\/06\/B9CC6FE7-374C-417A-9A74-5A1834EB3343-480x480.jpg 480w, https:\/\/handicapcar-occasion.com\/wp-content\/uploads\/2025\/06\/B9CC6FE7-374C-417A-9A74-5A1834EB3343-150x150.jpg 150w, https:\/\/handicapcar-occasion.com\/wp-content\/uploads\/2025\/06\/B9CC6FE7-374C-417A-9A74-5A1834EB3343-768x768.jpg 768w, https:\/\/handicapcar-occasion.com\/wp-content\/uploads\/2025\/06\/B9CC6FE7-374C-417A-9A74-5A1834EB3343.jpg 1024w","media_details":{"width":1024,"height":1024,"sizes":{"medium":{"file":"B9CC6FE7-374C-417A-9A74-5A1834EB3343-480x480.jpg","width":480,"height":480,"mime-type":"image\/jpeg","filesize":29588,"source_url":"https:\/\/handicapcar-occasion.com\/wp-content\/uploads\/2025\/06\/B9CC6FE7-374C-417A-9A74-5A1834EB3343-480x480.jpg"},"thumbnail":{"file":"B9CC6FE7-374C-417A-9A74-5A1834EB3343-150x150.jpg","width":150,"height":150,"mime-type":"image\/jpeg","filesize":4910,"source_url":"https:\/\/handicapcar-occasion.com\/wp-content\/uploads\/2025\/06\/B9CC6FE7-374C-417A-9A74-5A1834EB3343-150x150.jpg"},"medium_large":{"file":"B9CC6FE7-374C-417A-9A74-5A1834EB3343-768x768.jpg","width":768,"height":768,"mime-type":"image\/jpeg","filesize":69123,"source_url":"https:\/\/handicapcar-occasion.com\/wp-content\/uploads\/2025\/06\/B9CC6FE7-374C-417A-9A74-5A1834EB3343-768x768.jpg"}}},"alt_text":"","url":"","target":""},{"id":5307,"title":"C082272F-D09C-45B8-B38B-62D3A757307A","caption":"","full_image_url":"https:\/\/handicapcar-occasion.com\/wp-content\/uploads\/2025\/06\/C082272F-D09C-45B8-B38B-62D3A757307A.jpg","thumbnail_image_url":"https:\/\/handicapcar-occasion.com\/wp-content\/uploads\/2025\/06\/C082272F-D09C-45B8-B38B-62D3A757307A-150x150.jpg","large_srcset":"https:\/\/handicapcar-occasion.com\/wp-content\/uploads\/2025\/06\/C082272F-D09C-45B8-B38B-62D3A757307A.jpg 1024w, https:\/\/handicapcar-occasion.com\/wp-content\/uploads\/2025\/06\/C082272F-D09C-45B8-B38B-62D3A757307A-480x480.jpg 480w, https:\/\/handicapcar-occasion.com\/wp-content\/uploads\/2025\/06\/C082272F-D09C-45B8-B38B-62D3A757307A-150x150.jpg 150w, https:\/\/handicapcar-occasion.com\/wp-content\/uploads\/2025\/06\/C082272F-D09C-45B8-B38B-62D3A757307A-768x768.jpg 768w","medium_srcset":"https:\/\/handicapcar-occasion.com\/wp-content\/uploads\/2025\/06\/C082272F-D09C-45B8-B38B-62D3A757307A-480x480.jpg 480w, https:\/\/handicapcar-occasion.com\/wp-content\/uploads\/2025\/06\/C082272F-D09C-45B8-B38B-62D3A757307A-150x150.jpg 150w, https:\/\/handicapcar-occasion.com\/wp-content\/uploads\/2025\/06\/C082272F-D09C-45B8-B38B-62D3A757307A-768x768.jpg 768w, https:\/\/handicapcar-occasion.com\/wp-content\/uploads\/2025\/06\/C082272F-D09C-45B8-B38B-62D3A757307A.jpg 1024w","media_details":{"width":1024,"height":1024,"sizes":{"medium":{"file":"C082272F-D09C-45B8-B38B-62D3A757307A-480x480.jpg","width":480,"height":480,"mime-type":"image\/jpeg","filesize":19016,"source_url":"https:\/\/handicapcar-occasion.com\/wp-content\/uploads\/2025\/06\/C082272F-D09C-45B8-B38B-62D3A757307A-480x480.jpg"},"thumbnail":{"file":"C082272F-D09C-45B8-B38B-62D3A757307A-150x150.jpg","width":150,"height":150,"mime-type":"image\/jpeg","filesize":3200,"source_url":"https:\/\/handicapcar-occasion.com\/wp-content\/uploads\/2025\/06\/C082272F-D09C-45B8-B38B-62D3A757307A-150x150.jpg"},"medium_large":{"file":"C082272F-D09C-45B8-B38B-62D3A757307A-768x768.jpg","width":768,"height":768,"mime-type":"image\/jpeg","filesize":45134,"source_url":"https:\/\/handicapcar-occasion.com\/wp-content\/uploads\/2025\/06\/C082272F-D09C-45B8-B38B-62D3A757307A-768x768.jpg"}}},"alt_text":"","url":"","target":""},{"id":5287,"title":"ford-tourneo-eu-09_V761_Tourneo_Con_Int_Fr_Cockpit_1_wheel-16x9-2160x1215.jpg.renditions.original.png","caption":"","full_image_url":"https:\/\/handicapcar-occasion.com\/wp-content\/uploads\/2025\/06\/ford-tourneo-eu-09_V761_Tourneo_Con_Int_Fr_Cockpit_1_wheel-16x9-2160x1215.jpg.renditions.original.png.jpeg","thumbnail_image_url":"https:\/\/handicapcar-occasion.com\/wp-content\/uploads\/2025\/06\/ford-tourneo-eu-09_V761_Tourneo_Con_Int_Fr_Cockpit_1_wheel-16x9-2160x1215.jpg.renditions.original.png-150x150.jpeg","large_srcset":"https:\/\/handicapcar-occasion.com\/wp-content\/uploads\/2025\/06\/ford-tourneo-eu-09_V761_Tourneo_Con_Int_Fr_Cockpit_1_wheel-16x9-2160x1215.jpg.renditions.original.png-1024x576.jpeg 1024w, https:\/\/handicapcar-occasion.com\/wp-content\/uploads\/2025\/06\/ford-tourneo-eu-09_V761_Tourneo_Con_Int_Fr_Cockpit_1_wheel-16x9-2160x1215.jpg.renditions.original.png-480x270.jpeg 480w, https:\/\/handicapcar-occasion.com\/wp-content\/uploads\/2025\/06\/ford-tourneo-eu-09_V761_Tourneo_Con_Int_Fr_Cockpit_1_wheel-16x9-2160x1215.jpg.renditions.original.png-768x432.jpeg 768w, https:\/\/handicapcar-occasion.com\/wp-content\/uploads\/2025\/06\/ford-tourneo-eu-09_V761_Tourneo_Con_Int_Fr_Cockpit_1_wheel-16x9-2160x1215.jpg.renditions.original.png.jpeg 1200w","medium_srcset":"https:\/\/handicapcar-occasion.com\/wp-content\/uploads\/2025\/06\/ford-tourneo-eu-09_V761_Tourneo_Con_Int_Fr_Cockpit_1_wheel-16x9-2160x1215.jpg.renditions.original.png-480x270.jpeg 480w, https:\/\/handicapcar-occasion.com\/wp-content\/uploads\/2025\/06\/ford-tourneo-eu-09_V761_Tourneo_Con_Int_Fr_Cockpit_1_wheel-16x9-2160x1215.jpg.renditions.original.png-1024x576.jpeg 1024w, https:\/\/handicapcar-occasion.com\/wp-content\/uploads\/2025\/06\/ford-tourneo-eu-09_V761_Tourneo_Con_Int_Fr_Cockpit_1_wheel-16x9-2160x1215.jpg.renditions.original.png-768x432.jpeg 768w, https:\/\/handicapcar-occasion.com\/wp-content\/uploads\/2025\/06\/ford-tourneo-eu-09_V761_Tourneo_Con_Int_Fr_Cockpit_1_wheel-16x9-2160x1215.jpg.renditions.original.png.jpeg 1200w","media_details":{"width":1200,"height":675,"sizes":{"medium":{"file":"ford-tourneo-eu-09_V761_Tourneo_Con_Int_Fr_Cockpit_1_wheel-16x9-2160x1215.jpg.renditions.original.png-480x270.jpeg","width":480,"height":270,"mime-type":"image\/jpeg","filesize":20051,"source_url":"https:\/\/handicapcar-occasion.com\/wp-content\/uploads\/2025\/06\/ford-tourneo-eu-09_V761_Tourneo_Con_Int_Fr_Cockpit_1_wheel-16x9-2160x1215.jpg.renditions.original.png-480x270.jpeg"},"large":{"file":"ford-tourneo-eu-09_V761_Tourneo_Con_Int_Fr_Cockpit_1_wheel-16x9-2160x1215.jpg.renditions.original.png-1024x576.jpeg","width":1024,"height":576,"mime-type":"image\/jpeg","filesize":67802,"source_url":"https:\/\/handicapcar-occasion.com\/wp-content\/uploads\/2025\/06\/ford-tourneo-eu-09_V761_Tourneo_Con_Int_Fr_Cockpit_1_wheel-16x9-2160x1215.jpg.renditions.original.png-1024x576.jpeg"},"thumbnail":{"file":"ford-tourneo-eu-09_V761_Tourneo_Con_Int_Fr_Cockpit_1_wheel-16x9-2160x1215.jpg.renditions.original.png-150x150.jpeg","width":150,"height":150,"mime-type":"image\/jpeg","filesize":4738,"source_url":"https:\/\/handicapcar-occasion.com\/wp-content\/uploads\/2025\/06\/ford-tourneo-eu-09_V761_Tourneo_Con_Int_Fr_Cockpit_1_wheel-16x9-2160x1215.jpg.renditions.original.png-150x150.jpeg"},"medium_large":{"file":"ford-tourneo-eu-09_V761_Tourneo_Con_Int_Fr_Cockpit_1_wheel-16x9-2160x1215.jpg.renditions.original.png-768x432.jpeg","width":768,"height":432,"mime-type":"image\/jpeg","filesize":42893,"source_url":"https:\/\/handicapcar-occasion.com\/wp-content\/uploads\/2025\/06\/ford-tourneo-eu-09_V761_Tourneo_Con_Int_Fr_Cockpit_1_wheel-16x9-2160x1215.jpg.renditions.original.png-768x432.jpeg"}}},"alt_text":"","url":"","target":""},{"id":5292,"title":"interieur ford tourn\u00e9eo connect central","caption":"","full_image_url":"https:\/\/handicapcar-occasion.com\/wp-content\/uploads\/2025\/06\/interieur-ford-tourneeo-connect-central.jpg","thumbnail_image_url":"https:\/\/handicapcar-occasion.com\/wp-content\/uploads\/2025\/06\/interieur-ford-tourneeo-connect-central-150x150.jpg","large_srcset":"https:\/\/handicapcar-occasion.com\/wp-content\/uploads\/2025\/06\/interieur-ford-tourneeo-connect-central.jpg 767w, https:\/\/handicapcar-occasion.com\/wp-content\/uploads\/2025\/06\/interieur-ford-tourneeo-connect-central-480x426.jpg 480w","medium_srcset":"https:\/\/handicapcar-occasion.com\/wp-content\/uploads\/2025\/06\/interieur-ford-tourneeo-connect-central-480x426.jpg 480w, https:\/\/handicapcar-occasion.com\/wp-content\/uploads\/2025\/06\/interieur-ford-tourneeo-connect-central.jpg 767w","media_details":{"width":767,"height":681,"sizes":{"medium":{"file":"interieur-ford-tourneeo-connect-central-480x426.jpg","width":480,"height":426,"mime-type":"image\/jpeg","filesize":24458,"source_url":"https:\/\/handicapcar-occasion.com\/wp-content\/uploads\/2025\/06\/interieur-ford-tourneeo-connect-central-480x426.jpg"},"thumbnail":{"file":"interieur-ford-tourneeo-connect-central-150x150.jpg","width":150,"height":150,"mime-type":"image\/jpeg","filesize":4105,"source_url":"https:\/\/handicapcar-occasion.com\/wp-content\/uploads\/2025\/06\/interieur-ford-tourneeo-connect-central-150x150.jpg"}}},"alt_text":"","url":"","target":""},{"id":5283,"title":"interieur ford tourn\u00e9eo connect","caption":"options int\u00e9rieur ford grand tourneo connect tpmr 2025 ","full_image_url":"https:\/\/handicapcar-occasion.com\/wp-content\/uploads\/2025\/06\/ecran-interieur-ford-tourneeo-connect.jpeg","thumbnail_image_url":"https:\/\/handicapcar-occasion.com\/wp-content\/uploads\/2025\/06\/ecran-interieur-ford-tourneeo-connect-150x150.jpeg","large_srcset":"https:\/\/handicapcar-occasion.com\/wp-content\/uploads\/2025\/06\/ecran-interieur-ford-tourneeo-connect-1024x576.jpeg 1024w, https:\/\/handicapcar-occasion.com\/wp-content\/uploads\/2025\/06\/ecran-interieur-ford-tourneeo-connect-480x270.jpeg 480w, https:\/\/handicapcar-occasion.com\/wp-content\/uploads\/2025\/06\/ecran-interieur-ford-tourneeo-connect-768x432.jpeg 768w, https:\/\/handicapcar-occasion.com\/wp-content\/uploads\/2025\/06\/ecran-interieur-ford-tourneeo-connect.jpeg 1200w","medium_srcset":"https:\/\/handicapcar-occasion.com\/wp-content\/uploads\/2025\/06\/ecran-interieur-ford-tourneeo-connect-480x270.jpeg 480w, https:\/\/handicapcar-occasion.com\/wp-content\/uploads\/2025\/06\/ecran-interieur-ford-tourneeo-connect-1024x576.jpeg 1024w, https:\/\/handicapcar-occasion.com\/wp-content\/uploads\/2025\/06\/ecran-interieur-ford-tourneeo-connect-768x432.jpeg 768w, https:\/\/handicapcar-occasion.com\/wp-content\/uploads\/2025\/06\/ecran-interieur-ford-tourneeo-connect.jpeg 1200w","media_details":{"width":1200,"height":675,"sizes":{"medium":{"file":"ecran-interieur-ford-tourneeo-connect-480x270.jpeg","width":480,"height":270,"mime-type":"image\/jpeg","filesize":22834,"source_url":"https:\/\/handicapcar-occasion.com\/wp-content\/uploads\/2025\/06\/ecran-interieur-ford-tourneeo-connect-480x270.jpeg"},"large":{"file":"ecran-interieur-ford-tourneeo-connect-1024x576.jpeg","width":1024,"height":576,"mime-type":"image\/jpeg","filesize":79522,"source_url":"https:\/\/handicapcar-occasion.com\/wp-content\/uploads\/2025\/06\/ecran-interieur-ford-tourneeo-connect-1024x576.jpeg"},"thumbnail":{"file":"ecran-interieur-ford-tourneeo-connect-150x150.jpeg","width":150,"height":150,"mime-type":"image\/jpeg","filesize":6296,"source_url":"https:\/\/handicapcar-occasion.com\/wp-content\/uploads\/2025\/06\/ecran-interieur-ford-tourneeo-connect-150x150.jpeg"},"medium_large":{"file":"ecran-interieur-ford-tourneeo-connect-768x432.jpeg","width":768,"height":432,"mime-type":"image\/jpeg","filesize":49085,"source_url":"https:\/\/handicapcar-occasion.com\/wp-content\/uploads\/2025\/06\/ecran-interieur-ford-tourneeo-connect-768x432.jpeg"}}},"alt_text":"options ford grand tourneo connect tpmr 2025","url":"","target":""},{"id":5288,"title":"ford-tourneo-eu-citivan-phone_charging-16x9-2160x1215.png.renditions.small.png","caption":"","full_image_url":"https:\/\/handicapcar-occasion.com\/wp-content\/uploads\/2025\/06\/ford-tourneo-eu-citivan-phone_charging-16x9-2160x1215.png.renditions.small_.png.jpeg","thumbnail_image_url":"https:\/\/handicapcar-occasion.com\/wp-content\/uploads\/2025\/06\/ford-tourneo-eu-citivan-phone_charging-16x9-2160x1215.png.renditions.small_.png-150x150.jpeg","large_srcset":"https:\/\/handicapcar-occasion.com\/wp-content\/uploads\/2025\/06\/ford-tourneo-eu-citivan-phone_charging-16x9-2160x1215.png.renditions.small_.png.jpeg 767w, https:\/\/handicapcar-occasion.com\/wp-content\/uploads\/2025\/06\/ford-tourneo-eu-citivan-phone_charging-16x9-2160x1215.png.renditions.small_.png-480x270.jpeg 480w","medium_srcset":"https:\/\/handicapcar-occasion.com\/wp-content\/uploads\/2025\/06\/ford-tourneo-eu-citivan-phone_charging-16x9-2160x1215.png.renditions.small_.png-480x270.jpeg 480w, https:\/\/handicapcar-occasion.com\/wp-content\/uploads\/2025\/06\/ford-tourneo-eu-citivan-phone_charging-16x9-2160x1215.png.renditions.small_.png.jpeg 767w","media_details":{"width":767,"height":431,"sizes":{"medium":{"file":"ford-tourneo-eu-citivan-phone_charging-16x9-2160x1215.png.renditions.small_.png-480x270.jpeg","width":480,"height":270,"mime-type":"image\/jpeg","filesize":9050,"source_url":"https:\/\/handicapcar-occasion.com\/wp-content\/uploads\/2025\/06\/ford-tourneo-eu-citivan-phone_charging-16x9-2160x1215.png.renditions.small_.png-480x270.jpeg"},"thumbnail":{"file":"ford-tourneo-eu-citivan-phone_charging-16x9-2160x1215.png.renditions.small_.png-150x150.jpeg","width":150,"height":150,"mime-type":"image\/jpeg","filesize":3330,"source_url":"https:\/\/handicapcar-occasion.com\/wp-content\/uploads\/2025\/06\/ford-tourneo-eu-citivan-phone_charging-16x9-2160x1215.png.renditions.small_.png-150x150.jpeg"}}},"alt_text":"","url":"","target":""}]],"photos_supplementaires":[[{"id":5308,"title":"ED50D2A0-9E0D-4EBB-BA53-1B43D10D3DBA","caption":"","full_image_url":"https:\/\/handicapcar-occasion.com\/wp-content\/uploads\/2025\/06\/ED50D2A0-9E0D-4EBB-BA53-1B43D10D3DBA.jpg","thumbnail_image_url":"https:\/\/handicapcar-occasion.com\/wp-content\/uploads\/2025\/06\/ED50D2A0-9E0D-4EBB-BA53-1B43D10D3DBA-150x150.jpg","large_srcset":"https:\/\/handicapcar-occasion.com\/wp-content\/uploads\/2025\/06\/ED50D2A0-9E0D-4EBB-BA53-1B43D10D3DBA-1024x683.jpg 1024w, https:\/\/handicapcar-occasion.com\/wp-content\/uploads\/2025\/06\/ED50D2A0-9E0D-4EBB-BA53-1B43D10D3DBA-480x320.jpg 480w, https:\/\/handicapcar-occasion.com\/wp-content\/uploads\/2025\/06\/ED50D2A0-9E0D-4EBB-BA53-1B43D10D3DBA-768x512.jpg 768w, https:\/\/handicapcar-occasion.com\/wp-content\/uploads\/2025\/06\/ED50D2A0-9E0D-4EBB-BA53-1B43D10D3DBA.jpg 1200w","medium_srcset":"https:\/\/handicapcar-occasion.com\/wp-content\/uploads\/2025\/06\/ED50D2A0-9E0D-4EBB-BA53-1B43D10D3DBA-480x320.jpg 480w, https:\/\/handicapcar-occasion.com\/wp-content\/uploads\/2025\/06\/ED50D2A0-9E0D-4EBB-BA53-1B43D10D3DBA-1024x683.jpg 1024w, https:\/\/handicapcar-occasion.com\/wp-content\/uploads\/2025\/06\/ED50D2A0-9E0D-4EBB-BA53-1B43D10D3DBA-768x512.jpg 768w, https:\/\/handicapcar-occasion.com\/wp-content\/uploads\/2025\/06\/ED50D2A0-9E0D-4EBB-BA53-1B43D10D3DBA.jpg 1200w","media_details":{"width":1200,"height":800,"sizes":{"medium":{"file":"ED50D2A0-9E0D-4EBB-BA53-1B43D10D3DBA-480x320.jpg","width":480,"height":320,"mime-type":"image\/jpeg","filesize":18631,"source_url":"https:\/\/handicapcar-occasion.com\/wp-content\/uploads\/2025\/06\/ED50D2A0-9E0D-4EBB-BA53-1B43D10D3DBA-480x320.jpg"},"large":{"file":"ED50D2A0-9E0D-4EBB-BA53-1B43D10D3DBA-1024x683.jpg","width":1024,"height":683,"mime-type":"image\/jpeg","filesize":63698,"source_url":"https:\/\/handicapcar-occasion.com\/wp-content\/uploads\/2025\/06\/ED50D2A0-9E0D-4EBB-BA53-1B43D10D3DBA-1024x683.jpg"},"thumbnail":{"file":"ED50D2A0-9E0D-4EBB-BA53-1B43D10D3DBA-150x150.jpg","width":150,"height":150,"mime-type":"image\/jpeg","filesize":4327,"source_url":"https:\/\/handicapcar-occasion.com\/wp-content\/uploads\/2025\/06\/ED50D2A0-9E0D-4EBB-BA53-1B43D10D3DBA-150x150.jpg"},"medium_large":{"file":"ED50D2A0-9E0D-4EBB-BA53-1B43D10D3DBA-768x512.jpg","width":768,"height":512,"mime-type":"image\/jpeg","filesize":39578,"source_url":"https:\/\/handicapcar-occasion.com\/wp-content\/uploads\/2025\/06\/ED50D2A0-9E0D-4EBB-BA53-1B43D10D3DBA-768x512.jpg"}}},"alt_text":"","url":"","target":""},{"id":5306,"title":"B98879EC-40FC-40C4-BFD6-778B18808D61","caption":"","full_image_url":"https:\/\/handicapcar-occasion.com\/wp-content\/uploads\/2025\/06\/B98879EC-40FC-40C4-BFD6-778B18808D61.jpg","thumbnail_image_url":"https:\/\/handicapcar-occasion.com\/wp-content\/uploads\/2025\/06\/B98879EC-40FC-40C4-BFD6-778B18808D61-150x150.jpg","large_srcset":"https:\/\/handicapcar-occasion.com\/wp-content\/uploads\/2025\/06\/B98879EC-40FC-40C4-BFD6-778B18808D61.jpg 1024w, https:\/\/handicapcar-occasion.com\/wp-content\/uploads\/2025\/06\/B98879EC-40FC-40C4-BFD6-778B18808D61-480x480.jpg 480w, https:\/\/handicapcar-occasion.com\/wp-content\/uploads\/2025\/06\/B98879EC-40FC-40C4-BFD6-778B18808D61-150x150.jpg 150w, https:\/\/handicapcar-occasion.com\/wp-content\/uploads\/2025\/06\/B98879EC-40FC-40C4-BFD6-778B18808D61-768x768.jpg 768w","medium_srcset":"https:\/\/handicapcar-occasion.com\/wp-content\/uploads\/2025\/06\/B98879EC-40FC-40C4-BFD6-778B18808D61-480x480.jpg 480w, https:\/\/handicapcar-occasion.com\/wp-content\/uploads\/2025\/06\/B98879EC-40FC-40C4-BFD6-778B18808D61-150x150.jpg 150w, https:\/\/handicapcar-occasion.com\/wp-content\/uploads\/2025\/06\/B98879EC-40FC-40C4-BFD6-778B18808D61-768x768.jpg 768w, https:\/\/handicapcar-occasion.com\/wp-content\/uploads\/2025\/06\/B98879EC-40FC-40C4-BFD6-778B18808D61.jpg 1024w","media_details":{"width":1024,"height":1024,"sizes":{"medium":{"file":"B98879EC-40FC-40C4-BFD6-778B18808D61-480x480.jpg","width":480,"height":480,"mime-type":"image\/jpeg","filesize":22811,"source_url":"https:\/\/handicapcar-occasion.com\/wp-content\/uploads\/2025\/06\/B98879EC-40FC-40C4-BFD6-778B18808D61-480x480.jpg"},"thumbnail":{"file":"B98879EC-40FC-40C4-BFD6-778B18808D61-150x150.jpg","width":150,"height":150,"mime-type":"image\/jpeg","filesize":3815,"source_url":"https:\/\/handicapcar-occasion.com\/wp-content\/uploads\/2025\/06\/B98879EC-40FC-40C4-BFD6-778B18808D61-150x150.jpg"},"medium_large":{"file":"B98879EC-40FC-40C4-BFD6-778B18808D61-768x768.jpg","width":768,"height":768,"mime-type":"image\/jpeg","filesize":52497,"source_url":"https:\/\/handicapcar-occasion.com\/wp-content\/uploads\/2025\/06\/B98879EC-40FC-40C4-BFD6-778B18808D61-768x768.jpg"}}},"alt_text":"","url":"","target":""},{"id":5301,"title":"65CA0FA0-2A5B-4880-8C94-0F3CD9D9A2FB","caption":"","full_image_url":"https:\/\/handicapcar-occasion.com\/wp-content\/uploads\/2025\/06\/65CA0FA0-2A5B-4880-8C94-0F3CD9D9A2FB.jpg","thumbnail_image_url":"https:\/\/handicapcar-occasion.com\/wp-content\/uploads\/2025\/06\/65CA0FA0-2A5B-4880-8C94-0F3CD9D9A2FB-150x150.jpg","large_srcset":"https:\/\/handicapcar-occasion.com\/wp-content\/uploads\/2025\/06\/65CA0FA0-2A5B-4880-8C94-0F3CD9D9A2FB.jpg 1024w, https:\/\/handicapcar-occasion.com\/wp-content\/uploads\/2025\/06\/65CA0FA0-2A5B-4880-8C94-0F3CD9D9A2FB-480x445.jpg 480w, https:\/\/handicapcar-occasion.com\/wp-content\/uploads\/2025\/06\/65CA0FA0-2A5B-4880-8C94-0F3CD9D9A2FB-768x713.jpg 768w","medium_srcset":"https:\/\/handicapcar-occasion.com\/wp-content\/uploads\/2025\/06\/65CA0FA0-2A5B-4880-8C94-0F3CD9D9A2FB-480x445.jpg 480w, https:\/\/handicapcar-occasion.com\/wp-content\/uploads\/2025\/06\/65CA0FA0-2A5B-4880-8C94-0F3CD9D9A2FB-768x713.jpg 768w, https:\/\/handicapcar-occasion.com\/wp-content\/uploads\/2025\/06\/65CA0FA0-2A5B-4880-8C94-0F3CD9D9A2FB.jpg 1024w","media_details":{"width":1024,"height":950,"sizes":{"medium":{"file":"65CA0FA0-2A5B-4880-8C94-0F3CD9D9A2FB-480x445.jpg","width":480,"height":445,"mime-type":"image\/jpeg","filesize":19828,"source_url":"https:\/\/handicapcar-occasion.com\/wp-content\/uploads\/2025\/06\/65CA0FA0-2A5B-4880-8C94-0F3CD9D9A2FB-480x445.jpg"},"thumbnail":{"file":"65CA0FA0-2A5B-4880-8C94-0F3CD9D9A2FB-150x150.jpg","width":150,"height":150,"mime-type":"image\/jpeg","filesize":3453,"source_url":"https:\/\/handicapcar-occasion.com\/wp-content\/uploads\/2025\/06\/65CA0FA0-2A5B-4880-8C94-0F3CD9D9A2FB-150x150.jpg"},"medium_large":{"file":"65CA0FA0-2A5B-4880-8C94-0F3CD9D9A2FB-768x713.jpg","width":768,"height":713,"mime-type":"image\/jpeg","filesize":45770,"source_url":"https:\/\/handicapcar-occasion.com\/wp-content\/uploads\/2025\/06\/65CA0FA0-2A5B-4880-8C94-0F3CD9D9A2FB-768x713.jpg"}}},"alt_text":"","url":"","target":""},{"id":5303,"title":"7462E6B5-9104-4E04-93B4-414D44C49C86","caption":"","full_image_url":"https:\/\/handicapcar-occasion.com\/wp-content\/uploads\/2025\/06\/7462E6B5-9104-4E04-93B4-414D44C49C86.jpg","thumbnail_image_url":"https:\/\/handicapcar-occasion.com\/wp-content\/uploads\/2025\/06\/7462E6B5-9104-4E04-93B4-414D44C49C86-150x150.jpg","large_srcset":"https:\/\/handicapcar-occasion.com\/wp-content\/uploads\/2025\/06\/7462E6B5-9104-4E04-93B4-414D44C49C86.jpg 1024w, https:\/\/handicapcar-occasion.com\/wp-content\/uploads\/2025\/06\/7462E6B5-9104-4E04-93B4-414D44C49C86-480x445.jpg 480w, https:\/\/handicapcar-occasion.com\/wp-content\/uploads\/2025\/06\/7462E6B5-9104-4E04-93B4-414D44C49C86-768x712.jpg 768w","medium_srcset":"https:\/\/handicapcar-occasion.com\/wp-content\/uploads\/2025\/06\/7462E6B5-9104-4E04-93B4-414D44C49C86-480x445.jpg 480w, https:\/\/handicapcar-occasion.com\/wp-content\/uploads\/2025\/06\/7462E6B5-9104-4E04-93B4-414D44C49C86-768x712.jpg 768w, https:\/\/handicapcar-occasion.com\/wp-content\/uploads\/2025\/06\/7462E6B5-9104-4E04-93B4-414D44C49C86.jpg 1024w","media_details":{"width":1024,"height":949,"sizes":{"medium":{"file":"7462E6B5-9104-4E04-93B4-414D44C49C86-480x445.jpg","width":480,"height":445,"mime-type":"image\/jpeg","filesize":18925,"source_url":"https:\/\/handicapcar-occasion.com\/wp-content\/uploads\/2025\/06\/7462E6B5-9104-4E04-93B4-414D44C49C86-480x445.jpg"},"thumbnail":{"file":"7462E6B5-9104-4E04-93B4-414D44C49C86-150x150.jpg","width":150,"height":150,"mime-type":"image\/jpeg","filesize":3287,"source_url":"https:\/\/handicapcar-occasion.com\/wp-content\/uploads\/2025\/06\/7462E6B5-9104-4E04-93B4-414D44C49C86-150x150.jpg"},"medium_large":{"file":"7462E6B5-9104-4E04-93B4-414D44C49C86-768x712.jpg","width":768,"height":712,"mime-type":"image\/jpeg","filesize":42934,"source_url":"https:\/\/handicapcar-occasion.com\/wp-content\/uploads\/2025\/06\/7462E6B5-9104-4E04-93B4-414D44C49C86-768x712.jpg"}}},"alt_text":"","url":"","target":""},{"id":5302,"title":"809D630F-80F8-4FD9-B397-3E70F41A650F","caption":"","full_image_url":"https:\/\/handicapcar-occasion.com\/wp-content\/uploads\/2025\/06\/809D630F-80F8-4FD9-B397-3E70F41A650F.jpg","thumbnail_image_url":"https:\/\/handicapcar-occasion.com\/wp-content\/uploads\/2025\/06\/809D630F-80F8-4FD9-B397-3E70F41A650F-150x150.jpg","large_srcset":"https:\/\/handicapcar-occasion.com\/wp-content\/uploads\/2025\/06\/809D630F-80F8-4FD9-B397-3E70F41A650F.jpg 1024w, https:\/\/handicapcar-occasion.com\/wp-content\/uploads\/2025\/06\/809D630F-80F8-4FD9-B397-3E70F41A650F-480x480.jpg 480w, https:\/\/handicapcar-occasion.com\/wp-content\/uploads\/2025\/06\/809D630F-80F8-4FD9-B397-3E70F41A650F-150x150.jpg 150w, https:\/\/handicapcar-occasion.com\/wp-content\/uploads\/2025\/06\/809D630F-80F8-4FD9-B397-3E70F41A650F-768x768.jpg 768w","medium_srcset":"https:\/\/handicapcar-occasion.com\/wp-content\/uploads\/2025\/06\/809D630F-80F8-4FD9-B397-3E70F41A650F-480x480.jpg 480w, https:\/\/handicapcar-occasion.com\/wp-content\/uploads\/2025\/06\/809D630F-80F8-4FD9-B397-3E70F41A650F-150x150.jpg 150w, https:\/\/handicapcar-occasion.com\/wp-content\/uploads\/2025\/06\/809D630F-80F8-4FD9-B397-3E70F41A650F-768x768.jpg 768w, https:\/\/handicapcar-occasion.com\/wp-content\/uploads\/2025\/06\/809D630F-80F8-4FD9-B397-3E70F41A650F.jpg 1024w","media_details":{"width":1024,"height":1024,"sizes":{"medium":{"file":"809D630F-80F8-4FD9-B397-3E70F41A650F-480x480.jpg","width":480,"height":480,"mime-type":"image\/jpeg","filesize":26324,"source_url":"https:\/\/handicapcar-occasion.com\/wp-content\/uploads\/2025\/06\/809D630F-80F8-4FD9-B397-3E70F41A650F-480x480.jpg"},"thumbnail":{"file":"809D630F-80F8-4FD9-B397-3E70F41A650F-150x150.jpg","width":150,"height":150,"mime-type":"image\/jpeg","filesize":4385,"source_url":"https:\/\/handicapcar-occasion.com\/wp-content\/uploads\/2025\/06\/809D630F-80F8-4FD9-B397-3E70F41A650F-150x150.jpg"},"medium_large":{"file":"809D630F-80F8-4FD9-B397-3E70F41A650F-768x768.jpg","width":768,"height":768,"mime-type":"image\/jpeg","filesize":61247,"source_url":"https:\/\/handicapcar-occasion.com\/wp-content\/uploads\/2025\/06\/809D630F-80F8-4FD9-B397-3E70F41A650F-768x768.jpg"}}},"alt_text":"","url":"","target":""},{"id":5304,"title":"B9CC6FE7-374C-417A-9A74-5A1834EB3343","caption":"","full_image_url":"https:\/\/handicapcar-occasion.com\/wp-content\/uploads\/2025\/06\/B9CC6FE7-374C-417A-9A74-5A1834EB3343.jpg","thumbnail_image_url":"https:\/\/handicapcar-occasion.com\/wp-content\/uploads\/2025\/06\/B9CC6FE7-374C-417A-9A74-5A1834EB3343-150x150.jpg","large_srcset":"https:\/\/handicapcar-occasion.com\/wp-content\/uploads\/2025\/06\/B9CC6FE7-374C-417A-9A74-5A1834EB3343.jpg 1024w, https:\/\/handicapcar-occasion.com\/wp-content\/uploads\/2025\/06\/B9CC6FE7-374C-417A-9A74-5A1834EB3343-480x480.jpg 480w, https:\/\/handicapcar-occasion.com\/wp-content\/uploads\/2025\/06\/B9CC6FE7-374C-417A-9A74-5A1834EB3343-150x150.jpg 150w, https:\/\/handicapcar-occasion.com\/wp-content\/uploads\/2025\/06\/B9CC6FE7-374C-417A-9A74-5A1834EB3343-768x768.jpg 768w","medium_srcset":"https:\/\/handicapcar-occasion.com\/wp-content\/uploads\/2025\/06\/B9CC6FE7-374C-417A-9A74-5A1834EB3343-480x480.jpg 480w, https:\/\/handicapcar-occasion.com\/wp-content\/uploads\/2025\/06\/B9CC6FE7-374C-417A-9A74-5A1834EB3343-150x150.jpg 150w, https:\/\/handicapcar-occasion.com\/wp-content\/uploads\/2025\/06\/B9CC6FE7-374C-417A-9A74-5A1834EB3343-768x768.jpg 768w, https:\/\/handicapcar-occasion.com\/wp-content\/uploads\/2025\/06\/B9CC6FE7-374C-417A-9A74-5A1834EB3343.jpg 1024w","media_details":{"width":1024,"height":1024,"sizes":{"medium":{"file":"B9CC6FE7-374C-417A-9A74-5A1834EB3343-480x480.jpg","width":480,"height":480,"mime-type":"image\/jpeg","filesize":29588,"source_url":"https:\/\/handicapcar-occasion.com\/wp-content\/uploads\/2025\/06\/B9CC6FE7-374C-417A-9A74-5A1834EB3343-480x480.jpg"},"thumbnail":{"file":"B9CC6FE7-374C-417A-9A74-5A1834EB3343-150x150.jpg","width":150,"height":150,"mime-type":"image\/jpeg","filesize":4910,"source_url":"https:\/\/handicapcar-occasion.com\/wp-content\/uploads\/2025\/06\/B9CC6FE7-374C-417A-9A74-5A1834EB3343-150x150.jpg"},"medium_large":{"file":"B9CC6FE7-374C-417A-9A74-5A1834EB3343-768x768.jpg","width":768,"height":768,"mime-type":"image\/jpeg","filesize":69123,"source_url":"https:\/\/handicapcar-occasion.com\/wp-content\/uploads\/2025\/06\/B9CC6FE7-374C-417A-9A74-5A1834EB3343-768x768.jpg"}}},"alt_text":"","url":"","target":""},{"id":5307,"title":"C082272F-D09C-45B8-B38B-62D3A757307A","caption":"","full_image_url":"https:\/\/handicapcar-occasion.com\/wp-content\/uploads\/2025\/06\/C082272F-D09C-45B8-B38B-62D3A757307A.jpg","thumbnail_image_url":"https:\/\/handicapcar-occasion.com\/wp-content\/uploads\/2025\/06\/C082272F-D09C-45B8-B38B-62D3A757307A-150x150.jpg","large_srcset":"https:\/\/handicapcar-occasion.com\/wp-content\/uploads\/2025\/06\/C082272F-D09C-45B8-B38B-62D3A757307A.jpg 1024w, https:\/\/handicapcar-occasion.com\/wp-content\/uploads\/2025\/06\/C082272F-D09C-45B8-B38B-62D3A757307A-480x480.jpg 480w, https:\/\/handicapcar-occasion.com\/wp-content\/uploads\/2025\/06\/C082272F-D09C-45B8-B38B-62D3A757307A-150x150.jpg 150w, https:\/\/handicapcar-occasion.com\/wp-content\/uploads\/2025\/06\/C082272F-D09C-45B8-B38B-62D3A757307A-768x768.jpg 768w","medium_srcset":"https:\/\/handicapcar-occasion.com\/wp-content\/uploads\/2025\/06\/C082272F-D09C-45B8-B38B-62D3A757307A-480x480.jpg 480w, https:\/\/handicapcar-occasion.com\/wp-content\/uploads\/2025\/06\/C082272F-D09C-45B8-B38B-62D3A757307A-150x150.jpg 150w, https:\/\/handicapcar-occasion.com\/wp-content\/uploads\/2025\/06\/C082272F-D09C-45B8-B38B-62D3A757307A-768x768.jpg 768w, https:\/\/handicapcar-occasion.com\/wp-content\/uploads\/2025\/06\/C082272F-D09C-45B8-B38B-62D3A757307A.jpg 1024w","media_details":{"width":1024,"height":1024,"sizes":{"medium":{"file":"C082272F-D09C-45B8-B38B-62D3A757307A-480x480.jpg","width":480,"height":480,"mime-type":"image\/jpeg","filesize":19016,"source_url":"https:\/\/handicapcar-occasion.com\/wp-content\/uploads\/2025\/06\/C082272F-D09C-45B8-B38B-62D3A757307A-480x480.jpg"},"thumbnail":{"file":"C082272F-D09C-45B8-B38B-62D3A757307A-150x150.jpg","width":150,"height":150,"mime-type":"image\/jpeg","filesize":3200,"source_url":"https:\/\/handicapcar-occasion.com\/wp-content\/uploads\/2025\/06\/C082272F-D09C-45B8-B38B-62D3A757307A-150x150.jpg"},"medium_large":{"file":"C082272F-D09C-45B8-B38B-62D3A757307A-768x768.jpg","width":768,"height":768,"mime-type":"image\/jpeg","filesize":45134,"source_url":"https:\/\/handicapcar-occasion.com\/wp-content\/uploads\/2025\/06\/C082272F-D09C-45B8-B38B-62D3A757307A-768x768.jpg"}}},"alt_text":"","url":"","target":""},{"id":5287,"title":"ford-tourneo-eu-09_V761_Tourneo_Con_Int_Fr_Cockpit_1_wheel-16x9-2160x1215.jpg.renditions.original.png","caption":"","full_image_url":"https:\/\/handicapcar-occasion.com\/wp-content\/uploads\/2025\/06\/ford-tourneo-eu-09_V761_Tourneo_Con_Int_Fr_Cockpit_1_wheel-16x9-2160x1215.jpg.renditions.original.png.jpeg","thumbnail_image_url":"https:\/\/handicapcar-occasion.com\/wp-content\/uploads\/2025\/06\/ford-tourneo-eu-09_V761_Tourneo_Con_Int_Fr_Cockpit_1_wheel-16x9-2160x1215.jpg.renditions.original.png-150x150.jpeg","large_srcset":"https:\/\/handicapcar-occasion.com\/wp-content\/uploads\/2025\/06\/ford-tourneo-eu-09_V761_Tourneo_Con_Int_Fr_Cockpit_1_wheel-16x9-2160x1215.jpg.renditions.original.png-1024x576.jpeg 1024w, https:\/\/handicapcar-occasion.com\/wp-content\/uploads\/2025\/06\/ford-tourneo-eu-09_V761_Tourneo_Con_Int_Fr_Cockpit_1_wheel-16x9-2160x1215.jpg.renditions.original.png-480x270.jpeg 480w, https:\/\/handicapcar-occasion.com\/wp-content\/uploads\/2025\/06\/ford-tourneo-eu-09_V761_Tourneo_Con_Int_Fr_Cockpit_1_wheel-16x9-2160x1215.jpg.renditions.original.png-768x432.jpeg 768w, https:\/\/handicapcar-occasion.com\/wp-content\/uploads\/2025\/06\/ford-tourneo-eu-09_V761_Tourneo_Con_Int_Fr_Cockpit_1_wheel-16x9-2160x1215.jpg.renditions.original.png.jpeg 1200w","medium_srcset":"https:\/\/handicapcar-occasion.com\/wp-content\/uploads\/2025\/06\/ford-tourneo-eu-09_V761_Tourneo_Con_Int_Fr_Cockpit_1_wheel-16x9-2160x1215.jpg.renditions.original.png-480x270.jpeg 480w, https:\/\/handicapcar-occasion.com\/wp-content\/uploads\/2025\/06\/ford-tourneo-eu-09_V761_Tourneo_Con_Int_Fr_Cockpit_1_wheel-16x9-2160x1215.jpg.renditions.original.png-1024x576.jpeg 1024w, https:\/\/handicapcar-occasion.com\/wp-content\/uploads\/2025\/06\/ford-tourneo-eu-09_V761_Tourneo_Con_Int_Fr_Cockpit_1_wheel-16x9-2160x1215.jpg.renditions.original.png-768x432.jpeg 768w, https:\/\/handicapcar-occasion.com\/wp-content\/uploads\/2025\/06\/ford-tourneo-eu-09_V761_Tourneo_Con_Int_Fr_Cockpit_1_wheel-16x9-2160x1215.jpg.renditions.original.png.jpeg 1200w","media_details":{"width":1200,"height":675,"sizes":{"medium":{"file":"ford-tourneo-eu-09_V761_Tourneo_Con_Int_Fr_Cockpit_1_wheel-16x9-2160x1215.jpg.renditions.original.png-480x270.jpeg","width":480,"height":270,"mime-type":"image\/jpeg","filesize":20051,"source_url":"https:\/\/handicapcar-occasion.com\/wp-content\/uploads\/2025\/06\/ford-tourneo-eu-09_V761_Tourneo_Con_Int_Fr_Cockpit_1_wheel-16x9-2160x1215.jpg.renditions.original.png-480x270.jpeg"},"large":{"file":"ford-tourneo-eu-09_V761_Tourneo_Con_Int_Fr_Cockpit_1_wheel-16x9-2160x1215.jpg.renditions.original.png-1024x576.jpeg","width":1024,"height":576,"mime-type":"image\/jpeg","filesize":67802,"source_url":"https:\/\/handicapcar-occasion.com\/wp-content\/uploads\/2025\/06\/ford-tourneo-eu-09_V761_Tourneo_Con_Int_Fr_Cockpit_1_wheel-16x9-2160x1215.jpg.renditions.original.png-1024x576.jpeg"},"thumbnail":{"file":"ford-tourneo-eu-09_V761_Tourneo_Con_Int_Fr_Cockpit_1_wheel-16x9-2160x1215.jpg.renditions.original.png-150x150.jpeg","width":150,"height":150,"mime-type":"image\/jpeg","filesize":4738,"source_url":"https:\/\/handicapcar-occasion.com\/wp-content\/uploads\/2025\/06\/ford-tourneo-eu-09_V761_Tourneo_Con_Int_Fr_Cockpit_1_wheel-16x9-2160x1215.jpg.renditions.original.png-150x150.jpeg"},"medium_large":{"file":"ford-tourneo-eu-09_V761_Tourneo_Con_Int_Fr_Cockpit_1_wheel-16x9-2160x1215.jpg.renditions.original.png-768x432.jpeg","width":768,"height":432,"mime-type":"image\/jpeg","filesize":42893,"source_url":"https:\/\/handicapcar-occasion.com\/wp-content\/uploads\/2025\/06\/ford-tourneo-eu-09_V761_Tourneo_Con_Int_Fr_Cockpit_1_wheel-16x9-2160x1215.jpg.renditions.original.png-768x432.jpeg"}}},"alt_text":"","url":"","target":""},{"id":5292,"title":"interieur ford tourn\u00e9eo connect central","caption":"","full_image_url":"https:\/\/handicapcar-occasion.com\/wp-content\/uploads\/2025\/06\/interieur-ford-tourneeo-connect-central.jpg","thumbnail_image_url":"https:\/\/handicapcar-occasion.com\/wp-content\/uploads\/2025\/06\/interieur-ford-tourneeo-connect-central-150x150.jpg","large_srcset":"https:\/\/handicapcar-occasion.com\/wp-content\/uploads\/2025\/06\/interieur-ford-tourneeo-connect-central.jpg 767w, https:\/\/handicapcar-occasion.com\/wp-content\/uploads\/2025\/06\/interieur-ford-tourneeo-connect-central-480x426.jpg 480w","medium_srcset":"https:\/\/handicapcar-occasion.com\/wp-content\/uploads\/2025\/06\/interieur-ford-tourneeo-connect-central-480x426.jpg 480w, https:\/\/handicapcar-occasion.com\/wp-content\/uploads\/2025\/06\/interieur-ford-tourneeo-connect-central.jpg 767w","media_details":{"width":767,"height":681,"sizes":{"medium":{"file":"interieur-ford-tourneeo-connect-central-480x426.jpg","width":480,"height":426,"mime-type":"image\/jpeg","filesize":24458,"source_url":"https:\/\/handicapcar-occasion.com\/wp-content\/uploads\/2025\/06\/interieur-ford-tourneeo-connect-central-480x426.jpg"},"thumbnail":{"file":"interieur-ford-tourneeo-connect-central-150x150.jpg","width":150,"height":150,"mime-type":"image\/jpeg","filesize":4105,"source_url":"https:\/\/handicapcar-occasion.com\/wp-content\/uploads\/2025\/06\/interieur-ford-tourneeo-connect-central-150x150.jpg"}}},"alt_text":"","url":"","target":""},{"id":5283,"title":"interieur ford tourn\u00e9eo connect","caption":"options int\u00e9rieur ford grand tourneo connect tpmr 2025 ","full_image_url":"https:\/\/handicapcar-occasion.com\/wp-content\/uploads\/2025\/06\/ecran-interieur-ford-tourneeo-connect.jpeg","thumbnail_image_url":"https:\/\/handicapcar-occasion.com\/wp-content\/uploads\/2025\/06\/ecran-interieur-ford-tourneeo-connect-150x150.jpeg","large_srcset":"https:\/\/handicapcar-occasion.com\/wp-content\/uploads\/2025\/06\/ecran-interieur-ford-tourneeo-connect-1024x576.jpeg 1024w, https:\/\/handicapcar-occasion.com\/wp-content\/uploads\/2025\/06\/ecran-interieur-ford-tourneeo-connect-480x270.jpeg 480w, https:\/\/handicapcar-occasion.com\/wp-content\/uploads\/2025\/06\/ecran-interieur-ford-tourneeo-connect-768x432.jpeg 768w, https:\/\/handicapcar-occasion.com\/wp-content\/uploads\/2025\/06\/ecran-interieur-ford-tourneeo-connect.jpeg 1200w","medium_srcset":"https:\/\/handicapcar-occasion.com\/wp-content\/uploads\/2025\/06\/ecran-interieur-ford-tourneeo-connect-480x270.jpeg 480w, https:\/\/handicapcar-occasion.com\/wp-content\/uploads\/2025\/06\/ecran-interieur-ford-tourneeo-connect-1024x576.jpeg 1024w, https:\/\/handicapcar-occasion.com\/wp-content\/uploads\/2025\/06\/ecran-interieur-ford-tourneeo-connect-768x432.jpeg 768w, https:\/\/handicapcar-occasion.com\/wp-content\/uploads\/2025\/06\/ecran-interieur-ford-tourneeo-connect.jpeg 1200w","media_details":{"width":1200,"height":675,"sizes":{"medium":{"file":"ecran-interieur-ford-tourneeo-connect-480x270.jpeg","width":480,"height":270,"mime-type":"image\/jpeg","filesize":22834,"source_url":"https:\/\/handicapcar-occasion.com\/wp-content\/uploads\/2025\/06\/ecran-interieur-ford-tourneeo-connect-480x270.jpeg"},"large":{"file":"ecran-interieur-ford-tourneeo-connect-1024x576.jpeg","width":1024,"height":576,"mime-type":"image\/jpeg","filesize":79522,"source_url":"https:\/\/handicapcar-occasion.com\/wp-content\/uploads\/2025\/06\/ecran-interieur-ford-tourneeo-connect-1024x576.jpeg"},"thumbnail":{"file":"ecran-interieur-ford-tourneeo-connect-150x150.jpeg","width":150,"height":150,"mime-type":"image\/jpeg","filesize":6296,"source_url":"https:\/\/handicapcar-occasion.com\/wp-content\/uploads\/2025\/06\/ecran-interieur-ford-tourneeo-connect-150x150.jpeg"},"medium_large":{"file":"ecran-interieur-ford-tourneeo-connect-768x432.jpeg","width":768,"height":432,"mime-type":"image\/jpeg","filesize":49085,"source_url":"https:\/\/handicapcar-occasion.com\/wp-content\/uploads\/2025\/06\/ecran-interieur-ford-tourneeo-connect-768x432.jpeg"}}},"alt_text":"options ford grand tourneo connect tpmr 2025","url":"","target":""},{"id":5288,"title":"ford-tourneo-eu-citivan-phone_charging-16x9-2160x1215.png.renditions.small.png","caption":"","full_image_url":"https:\/\/handicapcar-occasion.com\/wp-content\/uploads\/2025\/06\/ford-tourneo-eu-citivan-phone_charging-16x9-2160x1215.png.renditions.small_.png.jpeg","thumbnail_image_url":"https:\/\/handicapcar-occasion.com\/wp-content\/uploads\/2025\/06\/ford-tourneo-eu-citivan-phone_charging-16x9-2160x1215.png.renditions.small_.png-150x150.jpeg","large_srcset":"https:\/\/handicapcar-occasion.com\/wp-content\/uploads\/2025\/06\/ford-tourneo-eu-citivan-phone_charging-16x9-2160x1215.png.renditions.small_.png.jpeg 767w, https:\/\/handicapcar-occasion.com\/wp-content\/uploads\/2025\/06\/ford-tourneo-eu-citivan-phone_charging-16x9-2160x1215.png.renditions.small_.png-480x270.jpeg 480w","medium_srcset":"https:\/\/handicapcar-occasion.com\/wp-content\/uploads\/2025\/06\/ford-tourneo-eu-citivan-phone_charging-16x9-2160x1215.png.renditions.small_.png-480x270.jpeg 480w, https:\/\/handicapcar-occasion.com\/wp-content\/uploads\/2025\/06\/ford-tourneo-eu-citivan-phone_charging-16x9-2160x1215.png.renditions.small_.png.jpeg 767w","media_details":{"width":767,"height":431,"sizes":{"medium":{"file":"ford-tourneo-eu-citivan-phone_charging-16x9-2160x1215.png.renditions.small_.png-480x270.jpeg","width":480,"height":270,"mime-type":"image\/jpeg","filesize":9050,"source_url":"https:\/\/handicapcar-occasion.com\/wp-content\/uploads\/2025\/06\/ford-tourneo-eu-citivan-phone_charging-16x9-2160x1215.png.renditions.small_.png-480x270.jpeg"},"thumbnail":{"file":"ford-tourneo-eu-citivan-phone_charging-16x9-2160x1215.png.renditions.small_.png-150x150.jpeg","width":150,"height":150,"mime-type":"image\/jpeg","filesize":3330,"source_url":"https:\/\/handicapcar-occasion.com\/wp-content\/uploads\/2025\/06\/ford-tourneo-eu-citivan-phone_charging-16x9-2160x1215.png.renditions.small_.png-150x150.jpeg"}}},"alt_text":"","url":"","target":""}],[{"id":5287,"title":"ford-tourneo-eu-09_V761_Tourneo_Con_Int_Fr_Cockpit_1_wheel-16x9-2160x1215.jpg.renditions.original.png","caption":"","full_image_url":"https:\/\/handicapcar-occasion.com\/wp-content\/uploads\/2025\/06\/ford-tourneo-eu-09_V761_Tourneo_Con_Int_Fr_Cockpit_1_wheel-16x9-2160x1215.jpg.renditions.original.png.jpeg","thumbnail_image_url":"https:\/\/handicapcar-occasion.com\/wp-content\/uploads\/2025\/06\/ford-tourneo-eu-09_V761_Tourneo_Con_Int_Fr_Cockpit_1_wheel-16x9-2160x1215.jpg.renditions.original.png-150x150.jpeg","large_srcset":"https:\/\/handicapcar-occasion.com\/wp-content\/uploads\/2025\/06\/ford-tourneo-eu-09_V761_Tourneo_Con_Int_Fr_Cockpit_1_wheel-16x9-2160x1215.jpg.renditions.original.png-1024x576.jpeg 1024w, https:\/\/handicapcar-occasion.com\/wp-content\/uploads\/2025\/06\/ford-tourneo-eu-09_V761_Tourneo_Con_Int_Fr_Cockpit_1_wheel-16x9-2160x1215.jpg.renditions.original.png-480x270.jpeg 480w, https:\/\/handicapcar-occasion.com\/wp-content\/uploads\/2025\/06\/ford-tourneo-eu-09_V761_Tourneo_Con_Int_Fr_Cockpit_1_wheel-16x9-2160x1215.jpg.renditions.original.png-768x432.jpeg 768w, https:\/\/handicapcar-occasion.com\/wp-content\/uploads\/2025\/06\/ford-tourneo-eu-09_V761_Tourneo_Con_Int_Fr_Cockpit_1_wheel-16x9-2160x1215.jpg.renditions.original.png.jpeg 1200w","medium_srcset":"https:\/\/handicapcar-occasion.com\/wp-content\/uploads\/2025\/06\/ford-tourneo-eu-09_V761_Tourneo_Con_Int_Fr_Cockpit_1_wheel-16x9-2160x1215.jpg.renditions.original.png-480x270.jpeg 480w, https:\/\/handicapcar-occasion.com\/wp-content\/uploads\/2025\/06\/ford-tourneo-eu-09_V761_Tourneo_Con_Int_Fr_Cockpit_1_wheel-16x9-2160x1215.jpg.renditions.original.png-1024x576.jpeg 1024w, https:\/\/handicapcar-occasion.com\/wp-content\/uploads\/2025\/06\/ford-tourneo-eu-09_V761_Tourneo_Con_Int_Fr_Cockpit_1_wheel-16x9-2160x1215.jpg.renditions.original.png-768x432.jpeg 768w, https:\/\/handicapcar-occasion.com\/wp-content\/uploads\/2025\/06\/ford-tourneo-eu-09_V761_Tourneo_Con_Int_Fr_Cockpit_1_wheel-16x9-2160x1215.jpg.renditions.original.png.jpeg 1200w","media_details":{"width":1200,"height":675,"sizes":{"medium":{"file":"ford-tourneo-eu-09_V761_Tourneo_Con_Int_Fr_Cockpit_1_wheel-16x9-2160x1215.jpg.renditions.original.png-480x270.jpeg","width":480,"height":270,"mime-type":"image\/jpeg","filesize":20051,"source_url":"https:\/\/handicapcar-occasion.com\/wp-content\/uploads\/2025\/06\/ford-tourneo-eu-09_V761_Tourneo_Con_Int_Fr_Cockpit_1_wheel-16x9-2160x1215.jpg.renditions.original.png-480x270.jpeg"},"large":{"file":"ford-tourneo-eu-09_V761_Tourneo_Con_Int_Fr_Cockpit_1_wheel-16x9-2160x1215.jpg.renditions.original.png-1024x576.jpeg","width":1024,"height":576,"mime-type":"image\/jpeg","filesize":67802,"source_url":"https:\/\/handicapcar-occasion.com\/wp-content\/uploads\/2025\/06\/ford-tourneo-eu-09_V761_Tourneo_Con_Int_Fr_Cockpit_1_wheel-16x9-2160x1215.jpg.renditions.original.png-1024x576.jpeg"},"thumbnail":{"file":"ford-tourneo-eu-09_V761_Tourneo_Con_Int_Fr_Cockpit_1_wheel-16x9-2160x1215.jpg.renditions.original.png-150x150.jpeg","width":150,"height":150,"mime-type":"image\/jpeg","filesize":4738,"source_url":"https:\/\/handicapcar-occasion.com\/wp-content\/uploads\/2025\/06\/ford-tourneo-eu-09_V761_Tourneo_Con_Int_Fr_Cockpit_1_wheel-16x9-2160x1215.jpg.renditions.original.png-150x150.jpeg"},"medium_large":{"file":"ford-tourneo-eu-09_V761_Tourneo_Con_Int_Fr_Cockpit_1_wheel-16x9-2160x1215.jpg.renditions.original.png-768x432.jpeg","width":768,"height":432,"mime-type":"image\/jpeg","filesize":42893,"source_url":"https:\/\/handicapcar-occasion.com\/wp-content\/uploads\/2025\/06\/ford-tourneo-eu-09_V761_Tourneo_Con_Int_Fr_Cockpit_1_wheel-16x9-2160x1215.jpg.renditions.original.png-768x432.jpeg"}}},"alt_text":"","url":"","target":""},{"id":5292,"title":"interieur ford tourn\u00e9eo connect central","caption":"","full_image_url":"https:\/\/handicapcar-occasion.com\/wp-content\/uploads\/2025\/06\/interieur-ford-tourneeo-connect-central.jpg","thumbnail_image_url":"https:\/\/handicapcar-occasion.com\/wp-content\/uploads\/2025\/06\/interieur-ford-tourneeo-connect-central-150x150.jpg","large_srcset":"https:\/\/handicapcar-occasion.com\/wp-content\/uploads\/2025\/06\/interieur-ford-tourneeo-connect-central.jpg 767w, https:\/\/handicapcar-occasion.com\/wp-content\/uploads\/2025\/06\/interieur-ford-tourneeo-connect-central-480x426.jpg 480w","medium_srcset":"https:\/\/handicapcar-occasion.com\/wp-content\/uploads\/2025\/06\/interieur-ford-tourneeo-connect-central-480x426.jpg 480w, https:\/\/handicapcar-occasion.com\/wp-content\/uploads\/2025\/06\/interieur-ford-tourneeo-connect-central.jpg 767w","media_details":{"width":767,"height":681,"sizes":{"medium":{"file":"interieur-ford-tourneeo-connect-central-480x426.jpg","width":480,"height":426,"mime-type":"image\/jpeg","filesize":24458,"source_url":"https:\/\/handicapcar-occasion.com\/wp-content\/uploads\/2025\/06\/interieur-ford-tourneeo-connect-central-480x426.jpg"},"thumbnail":{"file":"interieur-ford-tourneeo-connect-central-150x150.jpg","width":150,"height":150,"mime-type":"image\/jpeg","filesize":4105,"source_url":"https:\/\/handicapcar-occasion.com\/wp-content\/uploads\/2025\/06\/interieur-ford-tourneeo-connect-central-150x150.jpg"}}},"alt_text":"","url":"","target":""},{"id":5283,"title":"interieur ford tourn\u00e9eo connect","caption":"options int\u00e9rieur ford grand tourneo connect tpmr 2025 ","full_image_url":"https:\/\/handicapcar-occasion.com\/wp-content\/uploads\/2025\/06\/ecran-interieur-ford-tourneeo-connect.jpeg","thumbnail_image_url":"https:\/\/handicapcar-occasion.com\/wp-content\/uploads\/2025\/06\/ecran-interieur-ford-tourneeo-connect-150x150.jpeg","large_srcset":"https:\/\/handicapcar-occasion.com\/wp-content\/uploads\/2025\/06\/ecran-interieur-ford-tourneeo-connect-1024x576.jpeg 1024w, https:\/\/handicapcar-occasion.com\/wp-content\/uploads\/2025\/06\/ecran-interieur-ford-tourneeo-connect-480x270.jpeg 480w, https:\/\/handicapcar-occasion.com\/wp-content\/uploads\/2025\/06\/ecran-interieur-ford-tourneeo-connect-768x432.jpeg 768w, https:\/\/handicapcar-occasion.com\/wp-content\/uploads\/2025\/06\/ecran-interieur-ford-tourneeo-connect.jpeg 1200w","medium_srcset":"https:\/\/handicapcar-occasion.com\/wp-content\/uploads\/2025\/06\/ecran-interieur-ford-tourneeo-connect-480x270.jpeg 480w, https:\/\/handicapcar-occasion.com\/wp-content\/uploads\/2025\/06\/ecran-interieur-ford-tourneeo-connect-1024x576.jpeg 1024w, https:\/\/handicapcar-occasion.com\/wp-content\/uploads\/2025\/06\/ecran-interieur-ford-tourneeo-connect-768x432.jpeg 768w, https:\/\/handicapcar-occasion.com\/wp-content\/uploads\/2025\/06\/ecran-interieur-ford-tourneeo-connect.jpeg 1200w","media_details":{"width":1200,"height":675,"sizes":{"medium":{"file":"ecran-interieur-ford-tourneeo-connect-480x270.jpeg","width":480,"height":270,"mime-type":"image\/jpeg","filesize":22834,"source_url":"https:\/\/handicapcar-occasion.com\/wp-content\/uploads\/2025\/06\/ecran-interieur-ford-tourneeo-connect-480x270.jpeg"},"large":{"file":"ecran-interieur-ford-tourneeo-connect-1024x576.jpeg","width":1024,"height":576,"mime-type":"image\/jpeg","filesize":79522,"source_url":"https:\/\/handicapcar-occasion.com\/wp-content\/uploads\/2025\/06\/ecran-interieur-ford-tourneeo-connect-1024x576.jpeg"},"thumbnail":{"file":"ecran-interieur-ford-tourneeo-connect-150x150.jpeg","width":150,"height":150,"mime-type":"image\/jpeg","filesize":6296,"source_url":"https:\/\/handicapcar-occasion.com\/wp-content\/uploads\/2025\/06\/ecran-interieur-ford-tourneeo-connect-150x150.jpeg"},"medium_large":{"file":"ecran-interieur-ford-tourneeo-connect-768x432.jpeg","width":768,"height":432,"mime-type":"image\/jpeg","filesize":49085,"source_url":"https:\/\/handicapcar-occasion.com\/wp-content\/uploads\/2025\/06\/ecran-interieur-ford-tourneeo-connect-768x432.jpeg"}}},"alt_text":"options ford grand tourneo connect tpmr 2025","url":"","target":""},{"id":5288,"title":"ford-tourneo-eu-citivan-phone_charging-16x9-2160x1215.png.renditions.small.png","caption":"","full_image_url":"https:\/\/handicapcar-occasion.com\/wp-content\/uploads\/2025\/06\/ford-tourneo-eu-citivan-phone_charging-16x9-2160x1215.png.renditions.small_.png.jpeg","thumbnail_image_url":"https:\/\/handicapcar-occasion.com\/wp-content\/uploads\/2025\/06\/ford-tourneo-eu-citivan-phone_charging-16x9-2160x1215.png.renditions.small_.png-150x150.jpeg","large_srcset":"https:\/\/handicapcar-occasion.com\/wp-content\/uploads\/2025\/06\/ford-tourneo-eu-citivan-phone_charging-16x9-2160x1215.png.renditions.small_.png.jpeg 767w, https:\/\/handicapcar-occasion.com\/wp-content\/uploads\/2025\/06\/ford-tourneo-eu-citivan-phone_charging-16x9-2160x1215.png.renditions.small_.png-480x270.jpeg 480w","medium_srcset":"https:\/\/handicapcar-occasion.com\/wp-content\/uploads\/2025\/06\/ford-tourneo-eu-citivan-phone_charging-16x9-2160x1215.png.renditions.small_.png-480x270.jpeg 480w, https:\/\/handicapcar-occasion.com\/wp-content\/uploads\/2025\/06\/ford-tourneo-eu-citivan-phone_charging-16x9-2160x1215.png.renditions.small_.png.jpeg 767w","media_details":{"width":767,"height":431,"sizes":{"medium":{"file":"ford-tourneo-eu-citivan-phone_charging-16x9-2160x1215.png.renditions.small_.png-480x270.jpeg","width":480,"height":270,"mime-type":"image\/jpeg","filesize":9050,"source_url":"https:\/\/handicapcar-occasion.com\/wp-content\/uploads\/2025\/06\/ford-tourneo-eu-citivan-phone_charging-16x9-2160x1215.png.renditions.small_.png-480x270.jpeg"},"thumbnail":{"file":"ford-tourneo-eu-citivan-phone_charging-16x9-2160x1215.png.renditions.small_.png-150x150.jpeg","width":150,"height":150,"mime-type":"image\/jpeg","filesize":3330,"source_url":"https:\/\/handicapcar-occasion.com\/wp-content\/uploads\/2025\/06\/ford-tourneo-eu-citivan-phone_charging-16x9-2160x1215.png.renditions.small_.png-150x150.jpeg"}}},"alt_text":"","url":"","target":""}]]}},"yoast_head":"<!-- This site is optimized with the Yoast SEO plugin v27.5 - https:\/\/yoast.com\/product\/yoast-seo-wordpress\/ -->\n<title>TPMR - FORD GRAND TOURNEO CONNECT - NEUF 2025 - HandicapCar Occasion<\/title>\n<meta name=\"description\" content=\"V\u00e9hicule adapt\u00e9 neuf TPMR - FORD GRAND TOURNEO CONNECT - NEUF 2025 1.5 EcoBoost Essence 115 CH. Nous contacter pour plus d&#039;informations\" \/>\n<meta name=\"robots\" content=\"index, follow, max-snippet:-1, max-image-preview:large, max-video-preview:-1\" \/>\n<link rel=\"canonical\" href=\"https:\/\/handicapcar-occasion.com\/pt\/vehicule-tpmr-neuf\/tpmr-ford-grand-tourneo-connect-neuf\/\" \/>\n<meta property=\"og:locale\" content=\"pt_PT\" \/>\n<meta property=\"og:type\" content=\"article\" \/>\n<meta property=\"og:title\" content=\"TPMR - FORD GRAND TOURNEO CONNECT - NEUF 2025 - HandicapCar Occasion\" \/>\n<meta property=\"og:description\" content=\"V\u00e9hicule adapt\u00e9 neuf TPMR - FORD GRAND TOURNEO CONNECT - NEUF 2025 1.5 EcoBoost Essence 115 CH. Nous contacter pour plus d&#039;informations\" \/>\n<meta property=\"og:url\" content=\"https:\/\/handicapcar-occasion.com\/pt\/vehicule-tpmr-neuf\/tpmr-ford-grand-tourneo-connect-neuf\/\" \/>\n<meta property=\"og:site_name\" content=\"HandicapCar Occasion\" \/>\n<meta property=\"article:publisher\" content=\"https:\/\/www.facebook.com\/handicapcar.occasion\" \/>\n<meta property=\"article:modified_time\" content=\"2025-06-26T17:24:09+00:00\" \/>\n<meta property=\"og:image\" content=\"https:\/\/handicapcar-occasion.com\/wp-content\/uploads\/2025\/06\/B55E40EB-695D-4DD8-9152-D9B427B7DA16.jpg\" \/>\n\t<meta property=\"og:image:width\" content=\"1200\" \/>\n\t<meta property=\"og:image:height\" content=\"800\" \/>\n\t<meta property=\"og:image:type\" content=\"image\/jpeg\" \/>\n<meta name=\"twitter:card\" content=\"summary_large_image\" \/>\n<script type=\"application\/ld+json\" class=\"yoast-schema-graph\">{\"@context\":\"https:\\\/\\\/schema.org\",\"@graph\":[{\"@type\":\"WebPage\",\"@id\":\"https:\\\/\\\/handicapcar-occasion.com\\\/vehicule-tpmr-neuf\\\/tpmr-ford-grand-tourneo-connect-neuf\\\/\",\"url\":\"https:\\\/\\\/handicapcar-occasion.com\\\/vehicule-tpmr-neuf\\\/tpmr-ford-grand-tourneo-connect-neuf\\\/\",\"name\":\"TPMR - FORD GRAND TOURNEO CONNECT - NEUF 2025 - HandicapCar Occasion\",\"isPartOf\":{\"@id\":\"https:\\\/\\\/handicapcar-occasion.com\\\/#website\"},\"primaryImageOfPage\":{\"@id\":\"https:\\\/\\\/handicapcar-occasion.com\\\/vehicule-tpmr-neuf\\\/tpmr-ford-grand-tourneo-connect-neuf\\\/#primaryimage\"},\"image\":{\"@id\":\"https:\\\/\\\/handicapcar-occasion.com\\\/vehicule-tpmr-neuf\\\/tpmr-ford-grand-tourneo-connect-neuf\\\/#primaryimage\"},\"thumbnailUrl\":\"https:\\\/\\\/handicapcar-occasion.com\\\/wp-content\\\/uploads\\\/2025\\\/06\\\/B55E40EB-695D-4DD8-9152-D9B427B7DA16.jpg\",\"datePublished\":\"2025-06-26T13:56:27+00:00\",\"dateModified\":\"2025-06-26T17:24:09+00:00\",\"description\":\"V\u00e9hicule adapt\u00e9 neuf TPMR - FORD GRAND TOURNEO CONNECT - NEUF 2025 1.5 EcoBoost Essence 115 CH. Nous contacter pour plus d'informations\",\"breadcrumb\":{\"@id\":\"https:\\\/\\\/handicapcar-occasion.com\\\/vehicule-tpmr-neuf\\\/tpmr-ford-grand-tourneo-connect-neuf\\\/#breadcrumb\"},\"inLanguage\":\"pt-PT\",\"potentialAction\":[{\"@type\":\"ReadAction\",\"target\":[\"https:\\\/\\\/handicapcar-occasion.com\\\/vehicule-tpmr-neuf\\\/tpmr-ford-grand-tourneo-connect-neuf\\\/\"]}]},{\"@type\":\"ImageObject\",\"inLanguage\":\"pt-PT\",\"@id\":\"https:\\\/\\\/handicapcar-occasion.com\\\/vehicule-tpmr-neuf\\\/tpmr-ford-grand-tourneo-connect-neuf\\\/#primaryimage\",\"url\":\"https:\\\/\\\/handicapcar-occasion.com\\\/wp-content\\\/uploads\\\/2025\\\/06\\\/B55E40EB-695D-4DD8-9152-D9B427B7DA16.jpg\",\"contentUrl\":\"https:\\\/\\\/handicapcar-occasion.com\\\/wp-content\\\/uploads\\\/2025\\\/06\\\/B55E40EB-695D-4DD8-9152-D9B427B7DA16.jpg\",\"width\":1200,\"height\":800,\"caption\":\"Achat neuf particulier Ford grand tourneo connect TPMR 2025 essence 5 places + 1 fauteuil roulant boite automatique\"},{\"@type\":\"BreadcrumbList\",\"@id\":\"https:\\\/\\\/handicapcar-occasion.com\\\/vehicule-tpmr-neuf\\\/tpmr-ford-grand-tourneo-connect-neuf\\\/#breadcrumb\",\"itemListElement\":[{\"@type\":\"ListItem\",\"position\":1,\"name\":\"Accueil\",\"item\":\"https:\\\/\\\/handicapcar-occasion.com\\\/\"},{\"@type\":\"ListItem\",\"position\":2,\"name\":\"V\u00e9hicules neufs\",\"item\":\"https:\\\/\\\/handicapcar-occasion.com\\\/vehicule-tpmr-neuf\\\/\"},{\"@type\":\"ListItem\",\"position\":3,\"name\":\"TPMR &#8211; FORD GRAND TOURNEO CONNECT &#8211; NEUF 2025\"}]},{\"@type\":\"WebSite\",\"@id\":\"https:\\\/\\\/handicapcar-occasion.com\\\/#website\",\"url\":\"https:\\\/\\\/handicapcar-occasion.com\\\/\",\"name\":\"HandicapCar Occasion\",\"description\":\"Achat Vente Location TPMR\",\"publisher\":{\"@id\":\"https:\\\/\\\/handicapcar-occasion.com\\\/#organization\"},\"potentialAction\":[{\"@type\":\"SearchAction\",\"target\":{\"@type\":\"EntryPoint\",\"urlTemplate\":\"https:\\\/\\\/handicapcar-occasion.com\\\/?s={search_term_string}\"},\"query-input\":{\"@type\":\"PropertyValueSpecification\",\"valueRequired\":true,\"valueName\":\"search_term_string\"}}],\"inLanguage\":\"pt-PT\"},{\"@type\":\"Organization\",\"@id\":\"https:\\\/\\\/handicapcar-occasion.com\\\/#organization\",\"name\":\"HandicapCar Occasion\",\"url\":\"https:\\\/\\\/handicapcar-occasion.com\\\/\",\"logo\":{\"@type\":\"ImageObject\",\"inLanguage\":\"pt-PT\",\"@id\":\"https:\\\/\\\/handicapcar-occasion.com\\\/#\\\/schema\\\/logo\\\/image\\\/\",\"url\":\"https:\\\/\\\/handicapcar-occasion.com\\\/wp-content\\\/uploads\\\/2020\\\/07\\\/Logo-Handicapcar-Occasion-web.png\",\"contentUrl\":\"https:\\\/\\\/handicapcar-occasion.com\\\/wp-content\\\/uploads\\\/2020\\\/07\\\/Logo-Handicapcar-Occasion-web.png\",\"width\":512,\"height\":158,\"caption\":\"HandicapCar Occasion\"},\"image\":{\"@id\":\"https:\\\/\\\/handicapcar-occasion.com\\\/#\\\/schema\\\/logo\\\/image\\\/\"},\"sameAs\":[\"https:\\\/\\\/www.facebook.com\\\/handicapcar.occasion\"]}]}<\/script>\n<!-- \/ Yoast SEO plugin. -->","yoast_head_json":{"title":"TPMR - FORD GRAND TOURNEO CONNECT - NEUF 2025 - HandicapCar Occasion","description":"V\u00e9hicule adapt\u00e9 neuf TPMR - FORD GRAND TOURNEO CONNECT - NEUF 2025 1.5 EcoBoost Essence 115 CH. Nous contacter pour plus d'informations","robots":{"index":"index","follow":"follow","max-snippet":"max-snippet:-1","max-image-preview":"max-image-preview:large","max-video-preview":"max-video-preview:-1"},"canonical":"https:\/\/handicapcar-occasion.com\/pt\/vehicule-tpmr-neuf\/tpmr-ford-grand-tourneo-connect-neuf\/","og_locale":"pt_PT","og_type":"article","og_title":"TPMR - FORD GRAND TOURNEO CONNECT - NEUF 2025 - HandicapCar Occasion","og_description":"V\u00e9hicule adapt\u00e9 neuf TPMR - FORD GRAND TOURNEO CONNECT - NEUF 2025 1.5 EcoBoost Essence 115 CH. Nous contacter pour plus d'informations","og_url":"https:\/\/handicapcar-occasion.com\/pt\/vehicule-tpmr-neuf\/tpmr-ford-grand-tourneo-connect-neuf\/","og_site_name":"HandicapCar Occasion","article_publisher":"https:\/\/www.facebook.com\/handicapcar.occasion","article_modified_time":"2025-06-26T17:24:09+00:00","og_image":[{"width":1200,"height":800,"url":"https:\/\/handicapcar-occasion.com\/wp-content\/uploads\/2025\/06\/B55E40EB-695D-4DD8-9152-D9B427B7DA16.jpg","type":"image\/jpeg"}],"twitter_card":"summary_large_image","schema":{"@context":"https:\/\/schema.org","@graph":[{"@type":"WebPage","@id":"https:\/\/handicapcar-occasion.com\/vehicule-tpmr-neuf\/tpmr-ford-grand-tourneo-connect-neuf\/","url":"https:\/\/handicapcar-occasion.com\/vehicule-tpmr-neuf\/tpmr-ford-grand-tourneo-connect-neuf\/","name":"TPMR - FORD GRAND TOURNEO CONNECT - NEUF 2025 - HandicapCar Occasion","isPartOf":{"@id":"https:\/\/handicapcar-occasion.com\/#website"},"primaryImageOfPage":{"@id":"https:\/\/handicapcar-occasion.com\/vehicule-tpmr-neuf\/tpmr-ford-grand-tourneo-connect-neuf\/#primaryimage"},"image":{"@id":"https:\/\/handicapcar-occasion.com\/vehicule-tpmr-neuf\/tpmr-ford-grand-tourneo-connect-neuf\/#primaryimage"},"thumbnailUrl":"https:\/\/handicapcar-occasion.com\/wp-content\/uploads\/2025\/06\/B55E40EB-695D-4DD8-9152-D9B427B7DA16.jpg","datePublished":"2025-06-26T13:56:27+00:00","dateModified":"2025-06-26T17:24:09+00:00","description":"V\u00e9hicule adapt\u00e9 neuf TPMR - FORD GRAND TOURNEO CONNECT - NEUF 2025 1.5 EcoBoost Essence 115 CH. Nous contacter pour plus d'informations","breadcrumb":{"@id":"https:\/\/handicapcar-occasion.com\/vehicule-tpmr-neuf\/tpmr-ford-grand-tourneo-connect-neuf\/#breadcrumb"},"inLanguage":"pt-PT","potentialAction":[{"@type":"ReadAction","target":["https:\/\/handicapcar-occasion.com\/vehicule-tpmr-neuf\/tpmr-ford-grand-tourneo-connect-neuf\/"]}]},{"@type":"ImageObject","inLanguage":"pt-PT","@id":"https:\/\/handicapcar-occasion.com\/vehicule-tpmr-neuf\/tpmr-ford-grand-tourneo-connect-neuf\/#primaryimage","url":"https:\/\/handicapcar-occasion.com\/wp-content\/uploads\/2025\/06\/B55E40EB-695D-4DD8-9152-D9B427B7DA16.jpg","contentUrl":"https:\/\/handicapcar-occasion.com\/wp-content\/uploads\/2025\/06\/B55E40EB-695D-4DD8-9152-D9B427B7DA16.jpg","width":1200,"height":800,"caption":"Achat neuf particulier Ford grand tourneo connect TPMR 2025 essence 5 places + 1 fauteuil roulant boite automatique"},{"@type":"BreadcrumbList","@id":"https:\/\/handicapcar-occasion.com\/vehicule-tpmr-neuf\/tpmr-ford-grand-tourneo-connect-neuf\/#breadcrumb","itemListElement":[{"@type":"ListItem","position":1,"name":"Accueil","item":"https:\/\/handicapcar-occasion.com\/"},{"@type":"ListItem","position":2,"name":"V\u00e9hicules neufs","item":"https:\/\/handicapcar-occasion.com\/vehicule-tpmr-neuf\/"},{"@type":"ListItem","position":3,"name":"TPMR &#8211; FORD GRAND TOURNEO CONNECT &#8211; NEUF 2025"}]},{"@type":"WebSite","@id":"https:\/\/handicapcar-occasion.com\/#website","url":"https:\/\/handicapcar-occasion.com\/","name":"HandicapCar Occasion","description":"Achat Vente Location TPMR","publisher":{"@id":"https:\/\/handicapcar-occasion.com\/#organization"},"potentialAction":[{"@type":"SearchAction","target":{"@type":"EntryPoint","urlTemplate":"https:\/\/handicapcar-occasion.com\/?s={search_term_string}"},"query-input":{"@type":"PropertyValueSpecification","valueRequired":true,"valueName":"search_term_string"}}],"inLanguage":"pt-PT"},{"@type":"Organization","@id":"https:\/\/handicapcar-occasion.com\/#organization","name":"HandicapCar Occasion","url":"https:\/\/handicapcar-occasion.com\/","logo":{"@type":"ImageObject","inLanguage":"pt-PT","@id":"https:\/\/handicapcar-occasion.com\/#\/schema\/logo\/image\/","url":"https:\/\/handicapcar-occasion.com\/wp-content\/uploads\/2020\/07\/Logo-Handicapcar-Occasion-web.png","contentUrl":"https:\/\/handicapcar-occasion.com\/wp-content\/uploads\/2020\/07\/Logo-Handicapcar-Occasion-web.png","width":512,"height":158,"caption":"HandicapCar Occasion"},"image":{"@id":"https:\/\/handicapcar-occasion.com\/#\/schema\/logo\/image\/"},"sameAs":["https:\/\/www.facebook.com\/handicapcar.occasion"]}]}},"_links":{"self":[{"href":"https:\/\/handicapcar-occasion.com\/pt\/wp-json\/wp\/v2\/vehicule-tpmr-neuf\/5300","targetHints":{"allow":["GET"]}}],"collection":[{"href":"https:\/\/handicapcar-occasion.com\/pt\/wp-json\/wp\/v2\/vehicule-tpmr-neuf"}],"about":[{"href":"https:\/\/handicapcar-occasion.com\/pt\/wp-json\/wp\/v2\/types\/vehicule-tpmr-neuf"}],"wp:featuredmedia":[{"embeddable":true,"href":"https:\/\/handicapcar-occasion.com\/pt\/wp-json\/wp\/v2\/media\/5305"}],"wp:attachment":[{"href":"https:\/\/handicapcar-occasion.com\/pt\/wp-json\/wp\/v2\/media?parent=5300"}],"wp:term":[{"taxonomy":"category","embeddable":true,"href":"https:\/\/handicapcar-occasion.com\/pt\/wp-json\/wp\/v2\/categories?post=5300"}],"curies":[{"name":"wp","href":"https:\/\/api.w.org\/{rel}","templated":true}]}}